{"id":1173,"date":"2021-10-25T07:30:28","date_gmt":"2021-10-25T07:30:28","guid":{"rendered":"https:\/\/gedeonapartman.hu\/?page_id=1173"},"modified":"2024-01-22T16:17:08","modified_gmt":"2024-01-22T16:17:08","slug":"terms-conditions","status":"publish","type":"page","link":"https:\/\/gedeonapartman.hu\/de\/terms-conditions\/","title":{"rendered":"\u00c1ltal\u00e1nos Szerz\u0151d\u00e9si Felt\u00e9telek"},"content":{"rendered":"<div data-elementor-type=\"wp-page\" data-elementor-id=\"1173\" class=\"elementor elementor-1173\" data-elementor-post-type=\"page\">\n\t\t\t\t\t\t<section class=\"elementor-section elementor-top-section elementor-element elementor-element-cbda4a2 elementor-section-height-min-height elementor-section-boxed elementor-section-height-default elementor-section-items-middle\" data-id=\"cbda4a2\" data-element_type=\"section\">\n\t\t\t\t\t\t<div class=\"elementor-container elementor-column-gap-default\">\n\t\t\t\t\t<div class=\"elementor-column elementor-col-100 elementor-top-column elementor-element elementor-element-4003bab0\" data-id=\"4003bab0\" data-element_type=\"column\" data-settings=\"{&quot;background_background&quot;:&quot;classic&quot;}\">\n\t\t\t<div class=\"elementor-widget-wrap elementor-element-populated\">\n\t\t\t\t\t\t<div class=\"elementor-element elementor-element-152b5bdd elementor-widget elementor-widget-heading\" data-id=\"152b5bdd\" data-element_type=\"widget\" data-widget_type=\"heading.default\">\n\t\t\t\t<div class=\"elementor-widget-container\">\n\t\t\t<h2 class=\"elementor-heading-title elementor-size-default\">\u00c1ltal\u00e1nos Szerz\u0151d\u00e9si Felt\u00e9telek ( \u00c1SZF)<\/h2>\t\t<\/div>\n\t\t\t\t<\/div>\n\t\t\t\t<div class=\"elementor-element elementor-element-63a08749 elementor-widget elementor-widget-text-editor\" data-id=\"63a08749\" data-element_type=\"widget\" data-widget_type=\"text-editor.default\">\n\t\t\t\t<div class=\"elementor-widget-container\">\n\t\t\t\t\t\t\t<p class=\"MsoNormal\" style=\"text-align: center;\" align=\"center\">\n<\/p><p class=\"MsoNormal\" style=\"text-align: justify;\"><span style=\"font-size: 12.0pt; line-height: 107%; mso-bidi-font-family: Calibri; mso-bidi-theme-font: minor-latin;\">Az \u00c1ltal\u00e1nos Szerz\u0151d\u00e9si Felt\u00e9telek r\u00f6gz\u00edtik <b>a Gedeon Apartman<\/b> sz\u00e1ll\u00e1shely szolg\u00e1ltat\u00e1sinak felt\u00e9teleit.<\/span><\/p>\n<p class=\"MsoNormal\" style=\"text-align: justify;\"><b><span style=\"font-size: 12.0pt; line-height: 107%; mso-bidi-font-family: Calibri; mso-bidi-theme-font: minor-latin;\">\u00dczemeltet\u0151, szolg\u00e1ltat\u00e1st v\u00e9gz\u0151 neve:<\/span><\/b><span style=\"font-size: 12.0pt; line-height: 107%; mso-bidi-font-family: Calibri; mso-bidi-theme-font: minor-latin;\"> Gedeon Apartman d.o.o.<\/span><\/p>\n<p style=\"font-size: 16px; font-variant-ligatures: normal; orphans: 2; widows: 2; text-decoration-thickness: initial; text-decoration-style: initial; text-decoration-color: initial;\">K\u00e9rj\u00fck, hogy olvassa el figyelmesen az \u00c1ltal\u00e1nos Szerz\u0151d\u00e9si Felt\u00e9teleinket<\/p>\n<ol style=\"font-size: 16px; background-color: rgb(255, 255, 255); font-variant-ligatures: normal; orphans: 2; widows: 2; text-decoration-thickness: initial; text-decoration-style: initial; text-decoration-color: initial;\">\n<li style=\"font-size: 16px; background-image: none; background-color: rgb(255, 255, 255);\"><span style=\"font-weight: bolder;\">Bevezet\u00e9s<\/span><\/li>\n<\/ol>\n<p style=\"font-size: 16px; font-variant-ligatures: normal; orphans: 2; widows: 2; text-decoration-thickness: initial; text-decoration-style: initial; text-decoration-color: initial;\">Az \u00c1ltal\u00e1nos Szerz\u0151d\u00e9si Felt\u00e9telek (tov\u00e1bbiakban \u00c1SZF) azt a szerz\u0151d\u00e9ses tartalmat foglalj\u00e1k \u00f6ssze, melyek alapj\u00e1n a&nbsp;<span style=\"font-weight: bolder;\">Gedeon Apartman d.o.o&nbsp;<\/span>(sz\u00e9khely: 23234 Vir Soldatica VIII 14.), a tov\u00e1bbiakban: mint&nbsp;<span style=\"font-weight: bolder;\">Szolg\u00e1ltat\u00f3<\/span>\u2013 elsz\u00e1ll\u00e1sol\u00e1si szerz\u0151d\u00e9st k\u00f6t a&nbsp;<span style=\"font-weight: bolder;\">Vend\u00e9geivel&nbsp;<\/span>illetve a&nbsp;<span style=\"font-weight: bolder;\">Sz\u00e1ll\u00e1s-foglal\u00f3kkal&nbsp;<\/span>a vend\u00e9g-h\u00e1zunkban a szoba foglal\u00e1sakor<\/p>\n<ol style=\"font-size: 16px; background-color: rgb(255, 255, 255); font-variant-ligatures: normal; orphans: 2; widows: 2; text-decoration-thickness: initial; text-decoration-style: initial; text-decoration-color: initial;\">\n<li style=\"font-size: 16px; background-image: none; background-color: rgb(255, 255, 255);\"><span style=\"font-weight: bolder;\">Szerz\u0151d\u0151 felek<\/span><\/li>\n<li style=\"font-size: 16px; background-image: none; background-color: rgb(255, 255, 255);\">A Szolg\u00e1ltat\u00f3 \u00e1ltal ny\u00fajtott szolg\u00e1ltat\u00e1sokat a Vend\u00e9g veszi ig\u00e9nybe. Amennyiben a<br>szolg\u00e1ltat\u00e1sokra vonatkoz\u00f3 megrendel\u00e9st a Vend\u00e9g k\u00f6zvetlen\u00fcl a Szolg\u00e1ltat\u00f3nak adja le,<br>\u00fagy a Vend\u00e9g lesz a Szerz\u0151d\u0151 f\u00e9l. A&nbsp;<span style=\"font-weight: bolder;\">Szolg\u00e1ltat\u00f3&nbsp;<\/span>\u00e9s a&nbsp;<span style=\"font-weight: bolder;\">Vend\u00e9g&nbsp;<\/span>egy\u00fcttesen, amennyiben a<br>felt\u00e9telek teljes\u00fclnek, szerz\u0151d\u00e9ses felekk\u00e9 v\u00e1lnak (tov\u00e1bbiakban:&nbsp;<span style=\"font-weight: bolder;\">Szerz\u0151d\u0151 Felek<\/span>).<\/li>\n<li style=\"font-size: 16px; background-image: none; background-color: rgb(255, 255, 255);\">Amennyiben a szolg\u00e1ltat\u00e1sokra vonatkoz\u00f3 megrendel\u00e9st a Vend\u00e9g megb\u00edz\u00e1s\u00e1b\u00f3l egy<br>harmadik szem\u00e9ly (tov\u00e1bbiakban K\u00f6zvet\u00edt\u0151) adja le a Szolg\u00e1ltat\u00f3nak, az egy\u00fcttm\u0171k\u00f6d\u00e9s<br>felt\u00e9teleit a Szolg\u00e1ltat\u00f3 \u00e9s a K\u00f6zvet\u00edt\u0151 k\u00f6z\u00f6tti meg\u00e1llapod\u00e1s szab\u00e1lyozza. Ebben az<br>esetben a Szolg\u00e1ltat\u00f3 nem k\u00f6teles vizsg\u00e1lni, hogy a harmadik szem\u00e9ly jogszer\u0171en<br>k\u00e9pviseli-e a Vend\u00e9get.<\/li>\n<\/ol>\n<p style=\"font-size: 16px; font-variant-ligatures: normal; orphans: 2; widows: 2; text-decoration-thickness: initial; text-decoration-style: initial; text-decoration-color: initial;\"><span style=\"font-weight: bolder;\">III. A szolg\u00e1ltat\u00e1s ig\u00e9nybev\u00e9tel\u00e9nek m\u00f3dja \u00e9s felt\u00e9telei<\/span><\/p>\n<ol style=\"font-size: 16px; background-color: rgb(255, 255, 255); font-variant-ligatures: normal; orphans: 2; widows: 2; text-decoration-thickness: initial; text-decoration-style: initial; text-decoration-color: initial;\">\n<li style=\"font-size: 16px; background-image: none; background-color: rgb(255, 255, 255);\">A Vend\u00e9g sz\u00f3beli vagy \u00edr\u00e1sbeli aj\u00e1nlatk\u00e9r\u00e9s\u00e9re a Szolg\u00e1ltat\u00f3 minden esetben \u00edr\u00e1sbeli<br>aj\u00e1nlatot k\u00fcld. Amennyiben az aj\u00e1nlat elk\u00fcld\u00e9s\u00e9t\u0151l sz\u00e1m\u00edtott 24 \u00f3r\u00e1n bel\u00fcl nem \u00e9rkezik konkr\u00e9t megrendel\u00e9s, \u00fagy a Szolg\u00e1ltat\u00f3 aj\u00e1nlati k\u00f6t\u00f6tts\u00e9ge megsz\u0171nik.<\/li>\n<li style=\"font-size: 16px; background-image: none; background-color: rgb(255, 255, 255);\">A Szerz\u0151d\u00e9s kiz\u00e1r\u00f3lag a Vend\u00e9g \u00edr\u00e1sban leadott foglal\u00e1s\u00e1nak a Szolg\u00e1ltat\u00f3 \u00e1ltali \u00edr\u00e1sban<br>megk\u00fcld\u00f6tt visszaigazol\u00e1s\u00e1val j\u00f6n l\u00e9tre, \u00e9s \u00edgy \u00edr\u00e1sban megk\u00f6t\u00f6tt Szerz\u0151d\u00e9snek min\u0151s\u00fcl.<\/li>\n<li style=\"font-size: 16px; background-image: none; background-color: rgb(255, 255, 255);\">Sz\u00f3ban leadott foglal\u00e1s, meg\u00e1llapod\u00e1s, m\u00f3dos\u00edt\u00e1s, vagy annak a Szolg\u00e1ltat\u00f3 \u00e1ltali<br>sz\u00f3beli visszaigazol\u00e1sa nem min\u0151s\u00fcl szerz\u0151d\u00e9snek.<\/li>\n<li style=\"font-size: 16px; background-image: none; background-color: rgb(255, 255, 255);\">A sz\u00e1ll\u00e1s-szolg\u00e1ltat\u00e1s ig\u00e9nybev\u00e9tel\u00e9r\u0151l sz\u00f3l\u00f3 Szerz\u0151d\u00e9s meghat\u00e1rozott id\u0151tartamra sz\u00f3l.<\/li>\n<li style=\"font-size: 16px; background-image: none; background-color: rgb(255, 255, 255);\">Ha a Vend\u00e9g a meghat\u00e1rozott id\u0151tartam lej\u00e1rta el\u0151tt v\u00e9glegesen elhagyja az apartmant, a<br>Szolg\u00e1ltat\u00f3 jogosult a Szerz\u0151d\u00e9sben kik\u00f6t\u00f6tt szolg\u00e1ltat\u00e1s teljes ellen\u00e9rt\u00e9k\u00e9re. A lej\u00e1rati id\u0151<br>el\u0151tt meg\u00fcresedett apartmant a Szolg\u00e1ltat\u00f3 jogosult \u00fajra \u00e9rt\u00e9kes\u00edteni.<\/li>\n<li style=\"font-size: 16px; background-image: none; background-color: rgb(255, 255, 255);\">A sz\u00e1ll\u00e1s-szolg\u00e1ltat\u00e1s ig\u00e9nybev\u00e9tel\u00e9nek Vend\u00e9g \u00e1ltal kezdem\u00e9nyezett<br>meghosszabb\u00edt\u00e1s\u00e1hoz a Szolg\u00e1ltat\u00f3 el\u0151zetes hozz\u00e1j\u00e1rul\u00e1sa sz\u00fcks\u00e9ges. Ebben az esetben<br>a Szolg\u00e1ltat\u00f3 kik\u00f6theti a m\u00e1r teljes\u00edtett szolg\u00e1ltat\u00e1s d\u00edj\u00e1nak megt\u00e9r\u00edt\u00e9s\u00e9t.<\/li>\n<li style=\"font-size: 16px; background-image: none; background-color: rgb(255, 255, 255);\">A sz\u00e1ll\u00e1s-szolg\u00e1ltat\u00e1s ig\u00e9nybev\u00e9tel\u00e9nek felt\u00e9tele, hogy a Vend\u00e9gek<br>szem\u00e9lyazonoss\u00e1gukat a t\u00f6rv\u00e9nyes el\u0151\u00edr\u00e1soknak megfelel\u0151en, az apartman elfoglal\u00e1sa el\u0151tt<br>igazolj\u00e1k. A apartmanban bejelent\u00e9s n\u00e9lk\u00fcl senki sem lakhat.<\/li>\n<li style=\"font-size: 16px; background-image: none; background-color: rgb(255, 255, 255);\">A Szerz\u0151d\u00e9s m\u00f3dos\u00edt\u00e1s\u00e1hoz \u00e9s\/vagy kieg\u00e9sz\u00edt\u00e9s\u00e9hez a Felek \u00e1ltal al\u00e1\u00edrt \u00edr\u00e1sbeli<br>meg\u00e1llapod\u00e1s sz\u00fcks\u00e9ges.<\/li>\n<li style=\"font-size: 16px; background-image: none; background-color: rgb(255, 255, 255);\"><span style=\"font-weight: bolder;\">Az elsz\u00e1ll\u00e1sol\u00e1s kezdete \u00e9s v\u00e9ge<\/span><\/li>\n<li style=\"font-size: 16px; background-image: none; background-color: rgb(255, 255, 255);\">Az apartmanokat az \u00e9rkez\u00e9s napj\u00e1n 15.00 \u00f3r\u00e1t\u00f3l biztos\u00edtjuk, a kor\u00e1bbi \u00e9rkez\u00e9sre el\u0151zetes<br>egyeztet\u00e9s \u00e9s visszaigazol\u00e1st k\u00f6vet\u0151en van lehet\u0151s\u00e9g.<\/li>\n<li style=\"font-size: 16px; background-image: none; background-color: rgb(255, 255, 255);\">A Szolg\u00e1ltat\u00f3nak abban az esetben, ha a Vend\u00e9g nem jelenik meg a meg\u00e1llapod\u00e1s<br>szerinti nap 22.00 \u00f3r\u00e1ig, joga van arra, hogy visszal\u00e9pjen a szerz\u0151d\u00e9st\u0151l kiv\u00e9ve, ha k\u00e9s\u0151bbi \u00e9rkez\u00e9si id\u0151pont ker\u00fclt kik\u00f6t\u00e9sre.<\/li>\n<li style=\"font-size: 16px; background-image: none; background-color: rgb(255, 255, 255);\">Az apartmanokat a t\u00e1voz\u00e1s napj\u00e1n legk\u00e9s\u0151bb 9.00 \u00f3r\u00e1ig k\u00f6teles a Vend\u00e9g elhagyni. K\u00e9r\u00e9sre, d\u00edjmentes csomag meg\u0151rz\u00e9st is biztos\u00edtunk.<\/li>\n<li style=\"font-size: 16px; background-image: none; background-color: rgb(255, 255, 255);\"><span style=\"font-weight: bolder;\">Az elsz\u00e1ll\u00e1sol\u00e1s meghosszabb\u00edt\u00e1sa<\/span><\/li>\n<li style=\"font-size: 16px; background-image: none; background-color: rgb(255, 255, 255);\">A tart\u00f3zkod\u00e1s Vend\u00e9g \u00e1ltali meghosszabb\u00edt\u00e1s\u00e1hoz a Szolg\u00e1ltat\u00f3 el\u0151zetes hozz\u00e1j\u00e1rul\u00e1sa sz\u00fcks\u00e9ges.<\/li>\n<li style=\"font-size: 16px; background-image: none; background-color: rgb(255, 255, 255);\">Amennyiben a Vend\u00e9g az apartmant a bejelentkez\u00e9skor a t\u00e1voz\u00e1s napjak\u00e9nt felt\u00fcntetett napon 9.00 \u00f3r\u00e1ig nem \u00fcr\u00edti ki \u00e9s a tart\u00f3zkod\u00e1s meghosszabb\u00edt\u00e1s\u00e1hoz a Szolg\u00e1ltat\u00f3 el\u0151zetesen nem j\u00e1rult hozz\u00e1, \u00fagy a Szolg\u00e1ltat\u00f3 jogosult az apartman \u00e1rat egy tov\u00e1bbi napra is kisz\u00e1ml\u00e1zni \u00e9s ezzel egyidej\u0171leg a Szolg\u00e1ltat\u00f3 szolg\u00e1ltat\u00e1si k\u00f6telezetts\u00e9ge is megsz\u0171nik.<\/li>\n<li style=\"font-size: 16px; background-image: none; background-color: rgb(255, 255, 255);\"><span style=\"font-weight: bolder;\">Vend\u00e9gl\u00e1t\u00e1s<\/span><\/li>\n<\/ol>\n<p style=\"font-size: 16px; font-variant-ligatures: normal; orphans: 2; widows: 2; text-decoration-thickness: initial; text-decoration-style: initial; text-decoration-color: initial;\">A reggeli minden szobat\u00edpusn\u00e1l megoldhat\u00f3 \u00d6N er\u0151b\u0151l (k\u00f6z\u00f6ss\u00e9gi ny\u00e1ri konyha van).<\/p>\n<p style=\"font-size: 16px; font-variant-ligatures: normal; orphans: 2; widows: 2; text-decoration-thickness: initial; text-decoration-style: initial; text-decoration-color: initial;\"><span style=\"font-weight: bolder;\">VII. Az \u00e1rak, \u00e1rgarancia<\/span><\/p>\n<p style=\"font-size: 16px; font-variant-ligatures: normal; orphans: 2; widows: 2; text-decoration-thickness: initial; text-decoration-style: initial; text-decoration-color: initial;\">Az aktu\u00e1lis (szezon) \u00e1rak a https:\/\/gedeonapartman.hu oldalon &nbsp;megtal\u00e1lhat\u00f3ak.<\/p>\n<p style=\"font-size: 16px; font-variant-ligatures: normal; orphans: 2; widows: 2; text-decoration-thickness: initial; text-decoration-style: initial; text-decoration-color: initial;\">Amennyiben a Vend\u00e9g sz\u00e1ll\u00e1st foglalt \u00e9s azt a Szolg\u00e1ltat\u00f3 \u00edr\u00e1sban visszaigazolta, \u00fagy ezen a&nbsp;<span style=\"font-weight: bolder;\">sz\u00e1ll\u00e1s\u00e1ron<\/span>&nbsp;a Szolg\u00e1ltat\u00f3 m\u00e1r nem v\u00e1ltoztathat.<\/p>\n<p style=\"font-size: 16px; font-variant-ligatures: normal; orphans: 2; widows: 2; text-decoration-thickness: initial; text-decoration-style: initial; text-decoration-color: initial;\">Az \u00e1rak k\u00f6zl\u00e9sekor a Szolg\u00e1ltat\u00f3 megjel\u00f6li az \u00e1rak ad\u00f3tartalm\u00e1nak (, IFA)<br>aj\u00e1nlatt\u00e9telkor \u00e9rv\u00e9nyes, t\u00f6rv\u00e9ny \u00e1ltal szab\u00e1lyozott m\u00e9rt\u00e9k\u00e9t. A k\u00f6zz\u00e9tett \u00e1rak nem tartalmazz\u00e1k a t\u00f6rv\u00e9nyben meghat\u00e1rozott &nbsp;idegenforgalmi ad\u00f3t (IFA).<br>A Szolg\u00e1ltat\u00f3 a hat\u00e1lyos ad\u00f3-t\u00f6rv\u00e9ny (IFA) m\u00f3dosul\u00e1sa miatt<br>a t\u00f6bbletterheket, el\u0151zetes \u00e9rtes\u00edt\u00e9s mellett, \u00e1th\u00e1r\u00edtja a Szerz\u0151d\u0151 f\u00e9lre.<\/p>\n<p style=\"font-size: 16px; font-variant-ligatures: normal; orphans: 2; widows: 2; text-decoration-thickness: initial; text-decoration-style: initial; text-decoration-color: initial;\">Az \u00e1raink az \u00c1FA-t nem tartalmazz\u00e1k mivel sz\u00e1ll\u00e1sunk alanyi ad\u00f3mentes.<\/p>\n<p style=\"font-size: 16px; font-variant-ligatures: normal; orphans: 2; widows: 2; text-decoration-thickness: initial; text-decoration-style: initial; text-decoration-color: initial;\"><span style=\"font-weight: bolder;\">VIII. Foglal\u00e1si Szab\u00e1lyzat<\/span><\/p>\n<p style=\"font-size: 16px; font-variant-ligatures: normal; orphans: 2; widows: 2; text-decoration-thickness: initial; text-decoration-style: initial; text-decoration-color: initial;\">A Szolg\u00e1ltat\u00f3 \u00e1ltal email-ben adott \u00e1raj\u00e1nlatot apartman foglal\u00e1sra, illetve az online foglal\u00e1s a www.gedeonapartman.hu oldalon kereszt\u00fcl megval\u00f3sul\u00f3 foglal\u00e1sokat \u2013 \u00d6nnek mint Sz\u00e1ll\u00e1s-foglal\u00f3nak meg kell er\u0151s\u00edteni ezt az el\u0151re-fizet\u00e9ssel (let\u00e9t) utal\u00e1s\u00e1val. Ez a szobafoglal\u00e1s brutt\u00f3 \u00e9rt\u00e9k\u00e9nek a 50%-ka.&nbsp;<span style=\"font-weight: bolder;\">El\u0151refizet\u00e9s hi\u00e1ny\u00e1ban az \u00d6n foglal\u00e1sa t\u00f6rl\u00e9sre ker\u00fclhet.<\/span><\/p>\n<p style=\"font-size: 16px; font-variant-ligatures: normal; orphans: 2; widows: 2; text-decoration-thickness: initial; text-decoration-style: initial; text-decoration-color: initial;\">Fizet\u00e9s m\u00f3dja, fizet\u00e9si felt\u00e9telek<\/p>\n<ol style=\"font-size: 16px; background-color: rgb(255, 255, 255); font-variant-ligatures: normal; orphans: 2; widows: 2; text-decoration-thickness: initial; text-decoration-style: initial; text-decoration-color: initial;\">\n<li style=\"font-size: 16px; background-image: none; background-color: rgb(255, 255, 255);\"><span style=\"font-weight: bolder;\">EL\u0150RE-FIZET\u00c9S:&nbsp;<\/span>A szobafoglal\u00e1s (brutt\u00f3) \u00f6sszeg\u00e9nek 50%-\u00e1t \u00e1t kell utalni tetsz\u0151leges id\u0151pontban (1-3 napon bel\u00fcl). Az el\u0151refizet\u00e9ssel (let\u00e9t utal\u00e1ssal) \u2013 \u00d6n mint a&nbsp;<span style=\"font-weight: bolder;\">Sz\u00e1ll\u00e1s-foglal\u00f3&nbsp;<\/span>meger\u0151s\u00edti ezt a foglal\u00e1st. Az el\u0151leg be\u00e9rkez\u00e9s\u00e9vel a Szolg\u00e1ltat\u00f3 egy&nbsp;<span style=\"font-weight: bolder;\">visszaigazol\u00f3 emailt<\/span>&nbsp;fog k\u00fcldeni a tranzakci\u00f3r\u00f3l \u00e9s a hotel-szoba&nbsp;<span style=\"font-weight: bolder;\">foglal\u00e1sr\u00f3l<\/span>.<\/li>\n<\/ol>\n<p style=\"font-size: 16px; font-variant-ligatures: normal; orphans: 2; widows: 2; text-decoration-thickness: initial; text-decoration-style: initial; text-decoration-color: initial;\"><span style=\"font-weight: bolder;\">LET\u00c9T:<\/span>&nbsp;a gyakorlatban egyfajta&nbsp;<em>k\u00f6tb\u00e9rt<\/em>&nbsp;jelent, amely a sz\u00e1ll\u00e1s \u00f6sszeg\u00e9be a kiegyenl\u00edt\u00e9skor belesz\u00e1m\u00edt, de a foglal\u00e1s hat\u00e1rid\u0151n t\u00fali visszamond\u00e1sa eset\u00e9n elv\u00e9sz<\/p>\n<ul style=\"font-size: 16px; background-color: rgb(255, 255, 255); font-variant-ligatures: normal; orphans: 2; widows: 2; text-decoration-thickness: initial; text-decoration-style: initial; text-decoration-color: initial;\">\n<li style=\"font-size: 16px; background-image: none; background-color: rgb(255, 255, 255);\"><span style=\"font-weight: bolder;\"><u>UTAL\u00c1SHOZ:<\/u><\/span><\/li>\n<li style=\"font-size: 16px; background-image: none; background-color: rgb(255, 255, 255);\"><span style=\"font-weight: bolder;\">Kedvezm\u00e9nyezett neve: Gedeon Apartman&nbsp;<\/span><\/li>\n<li style=\"font-size: 16px; background-image: none; background-color: rgb(255, 255, 255);\"><span style=\"font-weight: bolder;\">IBAN: HR 91 &nbsp;2402 0063 2111 2693 6<\/span><\/li>\n<li style=\"font-size: 16px; background-image: none; background-color: rgb(255, 255, 255);\"><span style=\"font-weight: bolder;\">BIC\/ Swift : ESBCHR22<\/span><\/li>\n<\/ul>\n<p style=\"font-size: 16px; font-variant-ligatures: normal; orphans: 2; widows: 2; text-decoration-thickness: initial; text-decoration-style: initial; text-decoration-color: initial;\"><span style=\"font-weight: bolder;\">&nbsp;<\/span><\/p>\n<p style=\"font-size: 16px; font-variant-ligatures: normal; orphans: 2; widows: 2; text-decoration-thickness: initial; text-decoration-style: initial; text-decoration-color: initial;\"><em>Mi az az el\u0151legsz\u00e1mla?<\/em><\/p>\n<p style=\"font-size: 16px; font-variant-ligatures: normal; orphans: 2; widows: 2; text-decoration-thickness: initial; text-decoration-style: initial; text-decoration-color: initial;\"><em>Az el\u0151legsz\u00e1mla egy&nbsp;<span style=\"font-weight: bolder;\">D\u00edjbek\u00e9r\u0151<\/span>, amelyet a szoba rendel\u00e9sekor el\u0151re kifizetett \u00f6sszegr\u0151l kapsz, mint egy&nbsp;<span style=\"font-weight: bolder;\">igazol\u00e1s<\/span>&nbsp;(online bankk\u00e1rty\u00e1s, el\u0151re utal\u00e1sos fizet\u00e9s eset\u00e9n). Az el\u0151leg sz\u00e1ml\u00e1d a szoba\u00e1r kifizet\u00e9se (\u00e9rkez\u00e9si napon v\u00e9gsz\u00e1mla) \u2013 ker\u00fcl ki\u00e1ll\u00edt\u00e1sra, mert a megrendel\u00e9sed \u00e9s a a teljes\u00fcl\u00e9s id\u0151pontja elk\u00fcl\u00f6n\u00fcl egym\u00e1st\u00f3l.<\/em><\/p>\n<p style=\"font-size: 16px; font-variant-ligatures: normal; orphans: 2; widows: 2; text-decoration-thickness: initial; text-decoration-style: initial; text-decoration-color: initial;\"><em>V\u00e9gsz\u00e1mla: a szolg\u00e1ltat\u00e1s (szoba\u00e1r brutt\u00f3 \u00e1r) teljes \u00e1r\u00e1t tartalmazza majd [teljes \u00e1r m\u00ednusz&nbsp;az el\u0151legk\u00e9nt bek\u00e9rt \u00f6sszeg]<\/em><\/p>\n<ol start=\"2\" style=\"font-size: 16px; background-color: rgb(255, 255, 255); font-variant-ligatures: normal; orphans: 2; widows: 2; text-decoration-thickness: initial; text-decoration-style: initial; text-decoration-color: initial;\">\n<li style=\"font-size: 16px; background-image: none; background-color: rgb(255, 255, 255);\">A megrendelt szolg\u00e1ltat\u00e1s, apartmanok ellen\u00e9rt\u00e9ke fizethet\u0151 a helysz\u00ednen k\u00e9szp\u00e9nzzel Euro-ban, illetve a helysz\u00ednre \u00e9rkez\u00e9s el\u0151tt a fennmarad\u00f3 r\u00e9sz utal\u00e1s\u00e1val.<\/li>\n<li style=\"font-size: 16px; background-image: none; background-color: rgb(255, 255, 255);\"><span style=\"font-weight: bolder;\">FIZET\u00c9S:<\/span>a fennmarad\u00f3 \u00f6sszeget (az aktu\u00e1lis apartman let\u00e9t \u00f6sszeg\u00e9vel cs\u00f6kkentve) \u2013 a helysz\u00ednen k\u00e9rj\u00fck rendezni az&nbsp;<span style=\"font-weight: bolder;\">[\u00e9rkez\u00e9s napj\u00e1n]<\/span>: k\u00e9szp\u00e9nzzel vagy az \u00e9rkez\u00e9s megel\u0151z\u0151en \u00e1tutal\u00e1ssal<\/li>\n<\/ol>\n<p style=\"font-size: 16px; font-variant-ligatures: normal; orphans: 2; widows: 2; text-decoration-thickness: initial; text-decoration-style: initial; text-decoration-color: initial;\">Az \u00e9rkez\u00e9si d\u00e1tumon alapul\u00f3&nbsp;<span style=\"font-weight: bolder;\">v\u00e9gsz\u00e1ml\u00e1t<\/span>&nbsp;\u00e1ll\u00edtunk ki a vend\u00e9gnek.<\/p>\n<ol style=\"font-size: 16px; background-color: rgb(255, 255, 255); font-variant-ligatures: normal; orphans: 2; widows: 2; text-decoration-thickness: initial; text-decoration-style: initial; text-decoration-color: initial;\">\n<li style=\"font-size: 16px; background-image: none; background-color: rgb(255, 255, 255);\"><span style=\"font-weight: bolder;\">Lemond\u00e1si felt\u00e9telek<\/span><br>Amennyiben a sz\u00e1lloda aj\u00e1nlat\u00e1ban m\u00e1s felt\u00e9telt nem hat\u00e1rozott meg, a lemond\u00e1si \u00e9s m\u00f3dos\u00edt\u00e1si felt\u00e9telek a k\u00f6vetkez\u0151k:<\/li>\n<\/ol>\n<ul style=\"font-size: 16px; background-color: rgb(255, 255, 255); font-variant-ligatures: normal; orphans: 2; widows: 2; text-decoration-thickness: initial; text-decoration-style: initial; text-decoration-color: initial;\">\n<li style=\"font-size: 16px; background-image: none; background-color: rgb(255, 255, 255);\">Az apartman foglal\u00e1sa nem lemondhat\u00f3, azonban \u00e9rkez\u00e9s el\u0151tt 14 nappal szabadon m\u00f3dos\u00edthat\u00f3 az id\u0151pont. A foglal\u00f3 \u00f6sszeg\u00e9t a szolg\u00e1ltat\u00f3 lemond\u00e1s eset\u00e9n nem t\u00e9r\u00edti vissza.<\/li>\n<\/ul>\n<ol style=\"font-size: 16px; background-color: rgb(255, 255, 255); font-variant-ligatures: normal; orphans: 2; widows: 2; text-decoration-thickness: initial; text-decoration-style: initial; text-decoration-color: initial;\">\n<li style=\"font-size: 16px; background-image: none; background-color: rgb(255, 255, 255);\"><span style=\"font-weight: bolder;\">A szerz\u0151d\u00e9s teljes\u00edt\u00e9s\u00e9nek elutas\u00edt\u00e1sa, a szolg\u00e1ltat\u00e1si k\u00f6telezetts\u00e9g<\/span><span style=\"font-weight: bolder;\">megsz\u0171n\u00e9se<\/span><\/li>\n<li style=\"font-size: 16px; background-image: none; background-color: rgb(255, 255, 255);\">A Szolg\u00e1ltat\u00f3 jogosult a sz\u00e1ll\u00e1s szolg\u00e1ltat\u00e1sra sz\u00f3l\u00f3 Szerz\u0151d\u00e9st azonnali hat\u00e1llyal felmondani, \u00edgy a szolg\u00e1ltat\u00e1sok ny\u00fajt\u00e1s\u00e1t megtagadni, ha:<br><ul style=\"font-size: 16px; background-image: none; background-color: rgb(255, 255, 255);\">\n<li style=\"font-size: 16px; background-image: none; background-color: rgb(255, 255, 255);\">a Vend\u00e9g nem rendeltet\u00e9sszer\u0171en haszn\u00e1lja a rendelkez\u00e9sre bocs\u00e1tott apartmant, illetve a l\u00e9tes\u00edtm\u00e9nyt;<\/li>\n<li style=\"font-size: 16px; background-image: none; background-color: rgb(255, 255, 255);\">a Szerz\u0151d\u0151 f\u00e9l nem teljes\u00edti a Szerz\u0151d\u00e9sben meghat\u00e1rozott \u2013&nbsp;<span style=\"font-weight: bolder;\">el\u0151legfizet\u00e9si k\u00f6telezetts\u00e9g\u00e9t&nbsp;<\/span>a k\u00f6tb\u00e9rt \u2013 a meghat\u00e1rozott id\u0151pontig.<\/li>\n<\/ul>\n<\/li>\n<li style=\"font-size: 16px; background-image: none; background-color: rgb(255, 255, 255);\">A Vend\u00e9g az apartmant a bejelentkez\u00e9skor a t\u00e1voz\u00e1s napjak\u00e9nt felt\u00fcntetett napon 9.00 \u00f3r\u00e1ig nem \u00fcr\u00edti ki \u00e9s a tart\u00f3zkod\u00e1s meghosszabb\u00edt\u00e1s\u00e1hoz a Szolg\u00e1ltat\u00f3 el\u0151zetesen nem j\u00e1rult hozz\u00e1.<\/li>\n<li style=\"font-size: 16px; background-image: none; background-color: rgb(255, 255, 255);\"><span style=\"font-weight: bolder;\">A Vend\u00e9g k\u00f6teless\u00e9gei<\/span><\/li>\n<li style=\"font-size: 16px; background-image: none; background-color: rgb(255, 255, 255);\">A meg\u00e1llapod\u00e1s szerinti&nbsp;<span style=\"font-weight: bolder;\">d\u00edj<\/span>megfizet\u00e9se: a visszaigazol\u00e1sban r\u00f6gz\u00edtett hat\u00e1rid\u0151ig, vagy a sz\u00e1ll\u00e1s-szolg\u00e1ltat\u00e1si szerz\u0151d\u00e9s befejez\u0151d\u00e9sekor esed\u00e9kes.<\/li>\n<li style=\"font-size: 16px; background-image: none; background-color: rgb(255, 255, 255);\">A Vend\u00e9gek \u00e1ltal sz\u00e1ll\u00e1shelyre behozott olyan elektromos k\u00e9sz\u00fcl\u00e9kek \u00fczembe helyez\u00e9se el\u0151tt, melyek nem tartoznak a megszokott utaz\u00e1si sz\u00fcks\u00e9gletek k\u00f6z\u00e9, ki kell k\u00e9rni a Szolg\u00e1ltat\u00f3 hozz\u00e1j\u00e1rul\u00e1s\u00e1t.<\/li>\n<li style=\"font-size: 16px; background-image: none; background-color: rgb(255, 255, 255);\">A szob\u00e1kat \u00e9s az Apartmanh\u00e1z k\u00f6z\u00f6s haszn\u00e1lat\u00fa eszk\u00f6zeit, berendez\u00e9si t\u00e1rgyait k\u00f6z\u00f6sen haszn\u00e1l\u00f3 Vend\u00e9gek a rendeltet\u00e9sellenes haszn\u00e1lat sor\u00e1n bek\u00f6vetkezett k\u00e1rokoz\u00e1s\u00e9rt egyetemlegesen felelnek.<\/li>\n<li style=\"font-size: 16px; background-image: none; background-color: rgb(255, 255, 255);\"><span style=\"font-weight: bolder;\">H\u00c1ZIREND&nbsp;<\/span>betart\u00e1sa \u2013 a szobai-mapp\u00e1ban elhelyezett [h\u00e1zirend] elolvas\u00e1sa illetve tudom\u00e1sul v\u00e9tele minden Vend\u00e9g sz\u00e1m\u00e1ra \u2013 k\u00f6telez\u0151 \u00e9rv\u00e9ny\u0171.<\/li>\n<li style=\"font-size: 16px; background-image: none; background-color: rgb(255, 255, 255);\">Elutaz\u00e1skor a Vend\u00e9g k\u00f6teles a szobakulcsot a tulajdonosn\u00e1l leadni. Ennek elmulaszt\u00e1sa, illetve a kulcs(ok) elveszt\u00e9se vagy megsemmis\u00fcl\u00e9se eset\u00e9n a Szolg\u00e1ltat\u00f3 jogosult az adott szobakulcs(ok) ut\u00e1n k\u00e1rt\u00e9r\u00edt\u00e9si d\u00edjat felsz\u00e1m\u00edtani, melyet a Vend\u00e9g t\u00e1voz\u00e1skor k\u00f6teles megfizetni.<\/li>\n<li style=\"font-size: 16px; background-image: none; background-color: rgb(255, 255, 255);\">A Vend\u00e9g mindazon k\u00e1rok\u00e9rt \u00e9s h\u00e1tr\u00e1nyok\u00e9rt felel\u0151s, melyeket a Szolg\u00e1ltat\u00f3 a Vend\u00e9g vagy k\u00eds\u00e9r\u0151je, vagy az \u0151 felel\u0151ss\u00e9ge al\u00e1 tartoz\u00f3 m\u00e1s szem\u00e9lyek hib\u00e1j\u00e1b\u00f3l elszenved. A Vend\u00e9g felel\u0151ss\u00e9ggel tartozik az \u00e1ltala okozott k\u00e1rt a Szolg\u00e1ltat\u00f3nak megfizetni (pl. extra takar\u00edt\u00e1s: min. 50 eur\u00f3 \u00e1rt\u00f3l, a helyzet s\u00falyoss\u00e1g\u00e1t\u00f3l f\u00fcgg\u0151en).<\/li>\n<\/ol>\n<p style=\"font-size: 16px; font-variant-ligatures: normal; orphans: 2; widows: 2; text-decoration-thickness: initial; text-decoration-style: initial; text-decoration-color: initial;\"><span style=\"font-weight: bolder;\">XII. A Vend\u00e9g jogai<\/span><\/p>\n<ol style=\"font-size: 16px; background-color: rgb(255, 255, 255); font-variant-ligatures: normal; orphans: 2; widows: 2; text-decoration-thickness: initial; text-decoration-style: initial; text-decoration-color: initial;\">\n<li style=\"font-size: 16px; background-image: none; background-color: rgb(255, 255, 255);\">A sz\u00e1ll\u00e1s szolg\u00e1ltat\u00e1si szerz\u0151d\u00e9s megk\u00f6t\u00e9s\u00e9vel a Vend\u00e9g jogosults\u00e1got szerez a b\u00e9relt helyis\u00e9gek szob\u00e1k \u00e9s a hozz\u00e1juk tartoz\u00f3 egy\u00e9b helyek-helyis\u00e9gek szok\u00e1sos haszn\u00e1lat\u00e1ra.<\/li>\n<li style=\"font-size: 16px; background-image: none; background-color: rgb(255, 255, 255);\">A Vend\u00e9g a Szolg\u00e1ltat\u00f3 \u00e1ltal ny\u00fajtott szolg\u00e1ltat\u00e1sok teljes\u00edt\u00e9s\u00e9vel kapcsolatban panasszal \u00e9lhet a sz\u00e1ll\u00e1shelyen val\u00f3 tart\u00f3zkod\u00e1s id\u0151tartama alatt. A Szolg\u00e1ltat\u00f3 ezen id\u0151szakban hozz\u00e1 \u00edr\u00e1sban igazoltan eljuttatott (vagy \u00e1ltala jegyz\u0151k\u00f6nyvbe felvett) panasz kezel\u00e9s\u00e9re v\u00e1llal k\u00f6telezetts\u00e9get.<\/li>\n<\/ol>\n<p style=\"font-size: 16px; font-variant-ligatures: normal; orphans: 2; widows: 2; text-decoration-thickness: initial; text-decoration-style: initial; text-decoration-color: initial;\"><span style=\"font-weight: bolder;\">XIII. Szolg\u00e1ltat\u00e1sok<\/span><\/p>\n<p style=\"font-size: 16px; font-variant-ligatures: normal; orphans: 2; widows: 2; text-decoration-thickness: initial; text-decoration-style: initial; text-decoration-color: initial;\">A Gedeon Apartmanh\u00e1z&nbsp;<span style=\"font-weight: bolder;\">ingyenes<\/span>&nbsp;szolg\u00e1ltat\u00e1sai:<\/p>\n<ul style=\"font-size: 16px; background-color: rgb(255, 255, 255); font-variant-ligatures: normal; orphans: 2; widows: 2; text-decoration-thickness: initial; text-decoration-style: initial; text-decoration-color: initial;\">\n<li style=\"font-size: 16px; background-image: none; background-color: rgb(255, 255, 255);\">D\u00edjmentes parkol\u00e1s a udvari parkol\u00f3ban<\/li>\n<li style=\"font-size: 16px; background-image: none; background-color: rgb(255, 255, 255);\">WIFI kapcsolat az apartmanokban,<\/li>\n<li style=\"font-size: 16px; background-image: none; background-color: rgb(255, 255, 255);\">Kl\u00edma haszn\u00e1lata<\/li>\n<li style=\"font-size: 16px; background-image: none; background-color: rgb(255, 255, 255);\">Magyar nyelv\u0171 tv csatorn\u00e1k<\/li>\n<li style=\"font-size: 16px; background-image: none; background-color: rgb(255, 255, 255);\">Sz\u00e9f haszn\u00e1lata<\/li>\n<\/ul>\n<p style=\"font-size: 16px; font-variant-ligatures: normal; orphans: 2; widows: 2; text-decoration-thickness: initial; text-decoration-style: initial; text-decoration-color: initial;\"><span style=\"font-weight: bolder;\">XIV. A Szolg\u00e1ltat\u00f3 k\u00e1rt\u00e9r\u00edt\u00e9si felel\u0151ss\u00e9ge<\/span><\/p>\n<ol style=\"font-size: 16px; background-color: rgb(255, 255, 255); font-variant-ligatures: normal; orphans: 2; widows: 2; text-decoration-thickness: initial; text-decoration-style: initial; text-decoration-color: initial;\">\n<li style=\"font-size: 16px; background-image: none; background-color: rgb(255, 255, 255);\">\u00c9rt\u00e9kt\u00e1rgyak\u00e9rt, \u00e9rt\u00e9kpap\u00edrok\u00e9rt \u00e9s k\u00e9szp\u00e9nz\u00e9rt a Szolg\u00e1ltat\u00f3 csak akkor felel\u0151s, ha a dolgot meg\u0151rz\u00e9sre kifejezetten \u00e1tvette, vagy a meg\u0151rz\u00e9sre \u00e1tv\u00e9telt kifejezetten megtagadta, vagy a k\u00e1r olyan okb\u00f3l k\u00f6vetkezett be, amely\u00e9rt az \u00e1ltal\u00e1nos szab\u00e1lyok szerint felel\u0151ss\u00e9ggel tartozik. Ebben az esetben a bizony\u00edt\u00e1s a Vend\u00e9get terheli.<br>Nem felel tov\u00e1bb\u00e1 a Szolg\u00e1ltat\u00f3 a nem rendeltet\u00e9sszer\u0171 haszn\u00e1latb\u00f3l ered\u0151 k\u00e1rok\u00e9rt<\/li>\n<li style=\"font-size: 16px; background-image: none; background-color: rgb(255, 255, 255);\">A Vend\u00e9gnek az \u0151t \u00e9rt k\u00e1rt azonnal jelentenie kell a sz\u00e1llod\u00e1ban, \u00e9s minden sz\u00fcks\u00e9ges adatot a sz\u00e1lloda rendelkez\u00e9s\u00e9re kell bocs\u00e1tania, amely a k\u00e1reset k\u00f6r\u00fclm\u00e9nyeinek tiszt\u00e1z\u00e1s\u00e1hoz, esetleg a rend\u0151rs\u00e9gi jegyz\u0151k\u00f6nyv felv\u00e9tel\u00e9hez\/rend\u0151rs\u00e9gi elj\u00e1r\u00e1shoz sz\u00fcks\u00e9ges.<\/li>\n<li style=\"font-size: 16px; background-image: none; background-color: rgb(255, 255, 255);\"><span style=\"font-weight: bolder;\">A Szolg\u00e1ltat\u00f3 k\u00f6telezetts\u00e9gei<\/span><\/li>\n<li style=\"font-size: 16px; background-image: none; background-color: rgb(255, 255, 255);\">A szerz\u0151d\u00e9s alapj\u00e1n megrendelt sz\u00e1ll\u00e1s \u00e9s egy\u00e9b szolg\u00e1ltat\u00e1sok az \u00e9rv\u00e9nyes el\u0151\u00edr\u00e1sok, szolg\u00e1ltat\u00e1s szerinti teljes\u00edt\u00e9se.<\/li>\n<li style=\"font-size: 16px; background-image: none; background-color: rgb(255, 255, 255);\">A Vend\u00e9g \u00edr\u00e1sos panasz\u00e1nak kivizsg\u00e1l\u00e1sa \u00e9s a probl\u00e9ma kezel\u00e9s\u00e9hez sz\u00fcks\u00e9ges l\u00e9p\u00e9sek megt\u00e9tele, azok \u00edr\u00e1sban t\u00f6rt\u00e9n\u0151 r\u00f6gz\u00edt\u00e9se.<\/li>\n<\/ol>\n<p style=\"font-size: 16px; font-variant-ligatures: normal; orphans: 2; widows: 2; text-decoration-thickness: initial; text-decoration-style: initial; text-decoration-color: initial;\"><span style=\"font-weight: bolder;\">XVI. Aj\u00e1nlatok, kedvezm\u00e9nyek<\/span><\/p>\n<ol style=\"font-size: 16px; background-color: rgb(255, 255, 255); font-variant-ligatures: normal; orphans: 2; widows: 2; text-decoration-thickness: initial; text-decoration-style: initial; text-decoration-color: initial;\">\n<li style=\"font-size: 16px; background-image: none; background-color: rgb(255, 255, 255);\">Az aktu\u00e1lis aj\u00e1nlatok, kedvezm\u00e9nyek a www.gedeonapartman.hu oldalon folyamatosan<br>meghirdet\u00e9sre ker\u00fclnek. A meghirdetett kedvezm\u00e9nyek mindig egy\u00e9ni szobafoglal\u00e1sra vonatkoznak.<\/li>\n<\/ol>\n<p style=\"font-size: 16px; font-variant-ligatures: normal; orphans: 2; widows: 2; text-decoration-thickness: initial; text-decoration-style: initial; text-decoration-color: initial;\"><span style=\"font-weight: bolder;\">XVII. A p\u00f3t\u00e1gyra vonatkoz\u00f3 felt\u00e9telek<\/span><\/p>\n<p style=\"font-size: 16px; font-variant-ligatures: normal; orphans: 2; widows: 2; text-decoration-thickness: initial; text-decoration-style: initial; text-decoration-color: initial;\"><span style=\"font-weight: bolder;\">Szob\u00e1ink ,apartmanjaink nem p\u00f3t\u00e1gyazhat\u00f3ak.<\/span><\/p>\n<p style=\"font-size: 16px; font-variant-ligatures: normal; orphans: 2; widows: 2; text-decoration-thickness: initial; text-decoration-style: initial; text-decoration-color: initial;\"><span style=\"font-weight: bolder;\">XVIII. Panaszkezel\u00e9s<\/span><\/p>\n<ol style=\"font-size: 16px; background-color: rgb(255, 255, 255); font-variant-ligatures: normal; orphans: 2; widows: 2; text-decoration-thickness: initial; text-decoration-style: initial; text-decoration-color: initial;\">\n<li style=\"font-size: 16px; background-image: none; background-color: rgb(255, 255, 255);\">A Szolg\u00e1ltat\u00f3 \u00e9s a Vend\u00e9g k\u00f6z\u00f6tti jogviszonyra a magyar jogszab\u00e1lyok rendelkez\u00e9sei az ir\u00e1nyad\u00f3ak.<\/li>\n<li style=\"font-size: 16px; background-image: none; background-color: rgb(255, 255, 255);\">Vend\u00e9g a sz\u00e1lloda m\u0171k\u00f6d\u00e9s\u00e9vel, a foglal\u00e1sokkal, szolg\u00e1ltat\u00e1sokkal kapcsolatos k\u00e9rd\u00e9seivel \u00e9s esetleges panaszaival az al\u00e1bbi el\u00e9rhet\u0151s\u00e9geken:<br>Elektronikus levelez\u00e9si c\u00edm: info@gedeonapartman.hu<\/li>\n<li style=\"font-size: 16px; background-image: none; background-color: rgb(255, 255, 255);\">A jelen \u00c1ltal\u00e1nos Szerz\u0151d\u00e9si Felt\u00e9telekben nem szab\u00e1lyozott k\u00e9rd\u00e9sekre a Ptk., valamint a t\u00e1voll\u00e9v\u0151k k\u00f6z\u00f6tt k\u00f6t\u00f6tt szerz\u0151d\u00e9sekr\u0151l sz\u00f3l\u00f3 45\/2014. (II.26.) Korm\u00e1nyrendelet szab\u00e1lyai \u00e9s az elektronikus kereskedelmi szolg\u00e1ltat\u00e1sok, az inform\u00e1ci\u00f3s t\u00e1rsadalommal \u00f6sszef\u00fcgg\u0151 szolg\u00e1ltat\u00e1sok egyes k\u00e9rd\u00e9seir\u0151l sz\u00f3l 2000. \u00e9vi CVIII. t\u00f6rv\u00e9ny, valamint az 1997. \u00e9vi CLV. t\u00f6rv\u00e9ny rendelkez\u00e9sei az ir\u00e1nyad\u00f3ak.<\/li>\n<\/ol>\n<p style=\"font-size: 16px; font-variant-ligatures: normal; orphans: 2; widows: 2; text-decoration-thickness: initial; text-decoration-style: initial; text-decoration-color: initial;\"><span style=\"font-weight: bolder;\">Jogi Nyilatkozat<\/span><br>Felh\u00edvjuk sz\u00edves figyelm\u00e9t arra, hogy a honlapunkon megjelen\u0151 adatok,<br>dokumentumok, inform\u00e1ci\u00f3k, k\u00e9pek, \u00e1br\u00e1k, \u00edr\u00e1sok, \u00e9s grafik\u00e1k, illetve a honlap \u00d6n k\u00e9perny\u0151j\u00e9n megjelen\u0151 kialak\u00edt\u00e1sa a szerz\u0151i jogr\u00f3l sz\u00f3l\u00f3 1999. \u00e9vi LXXVI. t\u00f6rv\u00e9ny, illetve a Polg\u00e1ri T\u00f6rv\u00e9nyk\u00f6nyvr\u0151l sz\u00f3l\u00f3 2013. \u00e9vi V. t\u00f6rv\u00e9ny rendelkez\u00e9sei \u00e9rtelm\u00e9ben v\u00e9delem alatt \u00e1llnak.<\/p>\n<p style=\"font-size: 16px; font-variant-ligatures: normal; orphans: 2; widows: 2; text-decoration-thickness: initial; text-decoration-style: initial; text-decoration-color: initial;\"><span style=\"font-weight: bolder;\">A sz\u00e1ll\u00e1s-szolg\u00e1ltat\u00e1si szerz\u0151d\u00e9s megk\u00f6t\u00e9se eset\u00e9n \u00d6n elfogadja, hogy elolvasta \u00e9s meg\u00e9rtette a fenti felt\u00e9teleket \u00e9s szab\u00e1lyokat, \u00e9s egyet\u00e9rt az azokban foglaltakkal.<\/span><\/p>\n<p style=\"font-size: 16px; font-variant-ligatures: normal; orphans: 2; widows: 2; text-decoration-thickness: initial; text-decoration-style: initial; text-decoration-color: initial;\">Az \u00c1SZF a k\u00e9s\u0151bbiek sor\u00e1n m\u00f3dosulhat, mely m\u00f3dos\u00edt\u00e1st a Szolg\u00e1ltat\u00f3 a Gedeon apartman honlapj\u00e1n t\u00fcntet fel.<\/p>\n<p style=\"font-size: 16px; font-variant-ligatures: normal; orphans: 2; widows: 2; text-decoration-thickness: initial; text-decoration-style: initial; text-decoration-color: initial;\">Kelt: Vir, 2024.01.01.<\/p>\n<p style=\"font-size: 16px; font-variant-ligatures: normal; orphans: 2; widows: 2; text-decoration-thickness: initial; text-decoration-style: initial; text-decoration-color: initial;\">*&nbsp;Az&nbsp;<a href=\"https:\/\/gedeonapartman.hu\/adatkezelesi-tajekoztato\/\" style=\"text-decoration: underline;\">adatkezel\u00e9si nyilatkozatot<\/a>&nbsp;elolvastam \u00e9s elfogadom.<\/p>\n<p style=\"font-size: 16px; font-variant-ligatures: normal; orphans: 2; widows: 2; text-decoration-thickness: initial; text-decoration-style: initial; text-decoration-color: initial;\">*&nbsp;&nbsp;A checkbox kipip\u00e1l\u00e1s\u00e1val \u2013 az Eur\u00f3pai Parlament \u00e9s a Tan\u00e1cs (EU) 2016\/679 sz\u00e1m\u00fa rendelet\u00e9nek (a tov\u00e1bbiakban: \u201eGDPR\u201d) 6. cikk (1) bekezd\u00e9s a) pontja, tov\u00e1bb\u00e1 a 7. cikk rendelkez\u00e9se alapj\u00e1n \u2013 hozz\u00e1j\u00e1rulok, hogy a Gedeon Apartman D.o.o. a most megadott szem\u00e9lyes adataimat a GDPR, tov\u00e1bb\u00e1 a weboldalon elhelyezett adatkezel\u00e9si t\u00e1j\u00e9koztat\u00f3j\u00e1nak felt\u00e9telei szerint kezelje. Tudom\u00e1sul veszem, hogy a GDPR 7. cikk (3) bekezd\u00e9se szerint a hozz\u00e1j\u00e1rul\u00e1somat b\u00e1rmikor visszavonhatom.<\/p>\n<p class=\"MsoNormal\" style=\"text-align: justify; line-height: normal; background-image: initial; background-position: initial; background-size: initial; background-repeat: initial; background-attachment: initial; background-origin: initial; background-clip: initial;\"><span style=\"font-size: 12.0pt; mso-fareast-font-family: 'Times New Roman'; mso-bidi-font-family: Calibri; mso-bidi-theme-font: minor-latin; color: #37383c; mso-fareast-language: HU;\">&nbsp;<\/span><\/p>\n<p class=\"MsoNormal\" style=\"text-align: justify; line-height: normal; background-image: initial; background-position: initial; background-size: initial; background-repeat: initial; background-attachment: initial; background-origin: initial; background-clip: initial;\"><span style=\"font-size: 12.0pt; mso-fareast-font-family: 'Times New Roman'; mso-bidi-font-family: Calibri; mso-bidi-theme-font: minor-latin; color: #37383c; mso-fareast-language: HU;\">&nbsp;<\/span><\/p>\t\t\t\t\t\t<\/div>\n\t\t\t\t<\/div>\n\t\t\t\t<div class=\"elementor-element elementor-element-2045ae9c elementor-align-center elementor-widget elementor-widget-button\" data-id=\"2045ae9c\" data-element_type=\"widget\" data-widget_type=\"button.default\">\n\t\t\t\t<div class=\"elementor-widget-container\">\n\t\t\t\t\t<div class=\"elementor-button-wrapper\">\n\t\t\t<a class=\"elementor-button elementor-button-link elementor-size-md\" href=\"https:\/\/gedeonapartman.hu\/\">\n\t\t\t\t\t\t<span class=\"elementor-button-content-wrapper\">\n\t\t\t\t\t\t\t\t\t<span class=\"elementor-button-text\">Vissza a f\u0151oldalra<\/span>\n\t\t\t\t\t<\/span>\n\t\t\t\t\t<\/a>\n\t\t<\/div>\n\t\t\t\t<\/div>\n\t\t\t\t<\/div>\n\t\t\t\t\t<\/div>\n\t\t<\/div>\n\t\t\t\t\t<\/div>\n\t\t<\/section>\n\t\t\t\t<\/div>","protected":false},"excerpt":{"rendered":"<p>\u00c1ltal\u00e1nos Szerz\u0151d\u00e9si Felt\u00e9telek ( \u00c1SZF) Az \u00c1ltal\u00e1nos Szerz\u0151d\u00e9si Felt\u00e9telek r\u00f6gz\u00edtik a Gedeon Apartman sz\u00e1ll\u00e1shely szolg\u00e1ltat\u00e1sinak felt\u00e9teleit. \u00dczemeltet\u0151, szolg\u00e1ltat\u00e1st v\u00e9gz\u0151 neve: Gedeon Apartman d.o.o. K\u00e9rj\u00fck, hogy olvassa el figyelmesen az \u00c1ltal\u00e1nos Szerz\u0151d\u00e9si Felt\u00e9teleinket Bevezet\u00e9s Az \u00c1ltal\u00e1nos Szerz\u0151d\u00e9si Felt\u00e9telek (tov\u00e1bbiakban \u00c1SZF) azt a szerz\u0151d\u00e9ses tartalmat foglalj\u00e1k \u00f6ssze, melyek alapj\u00e1n a&nbsp;Gedeon Apartman d.o.o&nbsp;(sz\u00e9khely: 23234 Vir Soldatica VIII 14.), [&hellip;]<\/p>","protected":false},"author":1,"featured_media":0,"parent":0,"menu_order":0,"comment_status":"closed","ping_status":"closed","template":"","meta":{"_seopress_robots_primary_cat":"","_seopress_titles_title":"","_seopress_titles_desc":"","_seopress_robots_index":"","footnotes":""},"class_list":["post-1173","page","type-page","status-publish","hentry"],"_links":{"self":[{"href":"https:\/\/gedeonapartman.hu\/de\/wp-json\/wp\/v2\/pages\/1173","targetHints":{"allow":["GET"]}}],"collection":[{"href":"https:\/\/gedeonapartman.hu\/de\/wp-json\/wp\/v2\/pages"}],"about":[{"href":"https:\/\/gedeonapartman.hu\/de\/wp-json\/wp\/v2\/types\/page"}],"author":[{"embeddable":true,"href":"https:\/\/gedeonapartman.hu\/de\/wp-json\/wp\/v2\/users\/1"}],"replies":[{"embeddable":true,"href":"https:\/\/gedeonapartman.hu\/de\/wp-json\/wp\/v2\/comments?post=1173"}],"version-history":[{"count":47,"href":"https:\/\/gedeonapartman.hu\/de\/wp-json\/wp\/v2\/pages\/1173\/revisions"}],"predecessor-version":[{"id":24576,"href":"https:\/\/gedeonapartman.hu\/de\/wp-json\/wp\/v2\/pages\/1173\/revisions\/24576"}],"wp:attachment":[{"href":"https:\/\/gedeonapartman.hu\/de\/wp-json\/wp\/v2\/media?parent=1173"}],"curies":[{"name":"wp","href":"https:\/\/api.w.org\/{rel}","templated":true}]}}