{"id":23494,"date":"2023-11-07T12:35:26","date_gmt":"2023-11-07T12:35:26","guid":{"rendered":"https:\/\/gedeonapartman.hu\/?page_id=23494"},"modified":"2024-04-15T11:12:56","modified_gmt":"2024-04-15T11:12:56","slug":"gyakori-kerdesek","status":"publish","type":"page","link":"https:\/\/gedeonapartman.hu\/de\/gyakori-kerdesek\/","title":{"rendered":"HGF"},"content":{"rendered":"<div data-elementor-type=\"wp-page\" data-elementor-id=\"23494\" class=\"elementor elementor-23494\" data-elementor-post-type=\"page\">\n\t\t\t\t\t\t<section class=\"elementor-section elementor-top-section elementor-element elementor-element-e4dc38b elementor-section-boxed elementor-section-height-default elementor-section-height-default\" data-id=\"e4dc38b\" data-element_type=\"section\" data-settings=\"{&quot;background_background&quot;:&quot;gradient&quot;,&quot;animation_mobile&quot;:&quot;none&quot;}\">\n\t\t\t\t\t\t\t<div class=\"elementor-background-overlay\"><\/div>\n\t\t\t\t\t\t\t<div class=\"elementor-container elementor-column-gap-custom\">\n\t\t\t\t\t<div class=\"elementor-column elementor-col-100 elementor-top-column elementor-element elementor-element-223f44e\" data-id=\"223f44e\" data-element_type=\"column\" data-settings=\"{&quot;animation_mobile&quot;:&quot;none&quot;}\">\n\t\t\t<div class=\"elementor-widget-wrap elementor-element-populated\">\n\t\t\t\t\t\t<div class=\"elementor-element elementor-element-fbe30e7 elementor-headline--style-highlight elementor-widget elementor-widget-animated-headline\" data-id=\"fbe30e7\" data-element_type=\"widget\" data-settings=\"{&quot;marker&quot;:&quot;curly&quot;,&quot;highlighted_text&quot;:&quot;k\\u00e9rd\\u00e9sek&quot;,&quot;headline_style&quot;:&quot;highlight&quot;,&quot;loop&quot;:&quot;yes&quot;,&quot;highlight_animation_duration&quot;:1200,&quot;highlight_iteration_delay&quot;:8000}\" data-widget_type=\"animated-headline.default\">\n\t\t\t\t<div class=\"elementor-widget-container\">\n\t\t\t\t\t<h2 class=\"elementor-headline\">\n\t\t\t\t\t<span class=\"elementor-headline-plain-text elementor-headline-text-wrapper\">Gyakori <\/span>\n\t\t\t\t<span class=\"elementor-headline-dynamic-wrapper elementor-headline-text-wrapper\">\n\t\t\t\t\t<span class=\"elementor-headline-dynamic-text elementor-headline-text-active\">k\u00e9rd\u00e9sek<\/span>\n\t\t\t\t<\/span>\n\t\t\t\t<\/h2>\n\t\t\t\t<\/div>\n\t\t\t\t<\/div>\n\t\t\t\t<div class=\"elementor-element elementor-element-95eb00c elementor-hidden-mobile elementor-widget elementor-widget-bdt-breadcrumbs\" data-id=\"95eb00c\" data-element_type=\"widget\" data-widget_type=\"bdt-breadcrumbs.default\">\n\t\t\t\t<div class=\"elementor-widget-container\">\n\t\t\t<div class='bdt-ep-breadcrumbs-wrapper'><ul class=\"bdt-ep-breadcrumb breadcrumb-align-left\"><li><a href=\"https:\/\/gedeonapartman.hu\/de\/\"><span class=\"bdt-ep-breadcrumbs-home-icon\"> <i aria-hidden=\"true\" class=\"fas fa-home\"><\/i> <\/span>Gedeon Apartman Vir<\/a><\/li>\n<li><span> Seite<\/span><\/li>\n<\/ul><\/div>\t\t<\/div>\n\t\t\t\t<\/div>\n\t\t\t\t\t<\/div>\n\t\t<\/div>\n\t\t\t\t\t<\/div>\n\t\t<\/section>\n\t\t\t\t<section class=\"elementor-section elementor-top-section elementor-element elementor-element-b6f0962 elementor-section-boxed elementor-section-height-default elementor-section-height-default\" data-id=\"b6f0962\" data-element_type=\"section\">\n\t\t\t\t\t\t<div class=\"elementor-container elementor-column-gap-default\">\n\t\t\t\t\t<div class=\"elementor-column elementor-col-50 elementor-top-column elementor-element elementor-element-eed0613\" data-id=\"eed0613\" data-element_type=\"column\">\n\t\t\t<div class=\"elementor-widget-wrap elementor-element-populated\">\n\t\t\t\t\t\t<div class=\"elementor-element elementor-element-8c6f13b elementor-widget elementor-widget-bdt-accordion\" data-id=\"8c6f13b\" data-element_type=\"widget\" data-widget_type=\"bdt-accordion.default\">\n\t\t\t\t<div class=\"elementor-widget-container\">\n\t\t\t        <div class=\"bdt-ep-accordion-container\">\n            <div id=\"bdt-ep-accordion-8c6f13b\" class=\"bdt-ep-accordion bdt-accordion\" data-bdt-accordion=\"{&quot;collapsible&quot;:true,&quot;multiple&quot;:false,&quot;transition&quot;:&quot;ease-in-out&quot;}\" data-settings=\"{&quot;id&quot;:&quot;bdt-ep-accordion-8c6f13b&quot;,&quot;activeHash&quot;:&quot;no&quot;,&quot;activeScrollspy&quot;:null,&quot;hashTopOffset&quot;:false,&quot;hashScrollspyTime&quot;:false}\">\n                                    <div class=\"bdt-ep-accordion-item\">\n                        <div class=\"bdt-ep-accordion-title bdt-accordion-title bdt-flex bdt-flex-middle bdt-flex-between\" id=\"bdt-ep-accordion-milyen-felszereltsgek-az-apartmanok\" data-accordion-index=\"0\" data-title=\"milyen-felszerelts-g-ek-az-apartmanok\" role=\"heading\">\n\n                                                            <span class=\"bdt-ep-accordion-icon bdt-flex-align-right\" aria-hidden=\"true\">\n\n                                                                            <span class=\"bdt-ep-accordion-icon-closed\">\n                                            <i aria-hidden=\"true\" class=\"fa-fw fas fa-plus\"><\/i>                                        <\/span>\n                                    \n                                                                            <span class=\"bdt-ep-accordion-icon-opened\">\n                                            <i aria-hidden=\"true\" class=\"fa-fw fas fa-minus\"><\/i>                                        <\/span>\n                                    \n                                <\/span>\n                            \n                            <span class=\"bdt-ep-title-text bdt-flex bdt-flex-middle\">\n\n                                                                Milyen felszerelts\u00e9g\u0171ek az apartmanok?                            <\/span>\n\n                        <\/div>\n                        <div class=\"bdt-ep-accordion-content bdt-accordion-content\">\n                            <p>Apartmanjaink modernek, karbantartottak \u00e9s j\u00f3l felszereltek. Minden apartmanunkban megtal\u00e1lhat\u00f3:<\/p><ul><li>Mikrohull\u00e1m\u00fa s\u00fct\u0151, fagyaszt\u00f3val ell\u00e1tott h\u0171t\u0151szekr\u00e9ny, v\u00edzforral\u00f3, g\u00e1z vagy villanyt\u0171zhely, g\u00e1zpalackos grills\u00fct\u0151<\/li><li>P\u00e1rna, takar\u00f3<\/li><li>D\u00edjmentes WIFI, Magyar nyelv\u0171 TV csatorn\u00e1k<\/li><li>D\u00edjmentes kl\u00edmahaszn\u00e1lat<\/li><li>Poharak, cs\u00e9sz\u00e9k, t\u00e1ny\u00e9rok,ed\u00e9nyek, ev\u0151eszk\u00f6z\u00f6k, szed\u0151kanalak, fakanalak, bornyit\u00f3k<\/li><\/ul><p><strong>Fontos, hogy \u00e1gynem\u0171huzatot \u00e9s t\u00f6r\u00f6lk\u00f6z\u0151t hozz magaddal mert ezeket jelenleg nem biztos\u00edtjuk.<\/strong><\/p>                        <\/div>\n                    <\/div>\n                                    <div class=\"bdt-ep-accordion-item\">\n                        <div class=\"bdt-ep-accordion-title bdt-accordion-title bdt-flex bdt-flex-middle bdt-flex-between\" id=\"bdt-ep-accordion-milyen-kzel-van-az-apartman-a-tengerhez-szabadstrandhoz\" data-accordion-index=\"1\" data-title=\"milyen-k-zel-van-az-apartman-a-tengerhez-szabadstrandhoz\" role=\"heading\">\n\n                                                            <span class=\"bdt-ep-accordion-icon bdt-flex-align-right\" aria-hidden=\"true\">\n\n                                                                            <span class=\"bdt-ep-accordion-icon-closed\">\n                                            <i aria-hidden=\"true\" class=\"fa-fw fas fa-plus\"><\/i>                                        <\/span>\n                                    \n                                                                            <span class=\"bdt-ep-accordion-icon-opened\">\n                                            <i aria-hidden=\"true\" class=\"fa-fw fas fa-minus\"><\/i>                                        <\/span>\n                                    \n                                <\/span>\n                            \n                            <span class=\"bdt-ep-title-text bdt-flex bdt-flex-middle\">\n\n                                                                Milyen k\u00f6zel van az apartman a tengerhez, szabadstrandhoz?                            <\/span>\n\n                        <\/div>\n                        <div class=\"bdt-ep-accordion-content bdt-accordion-content\">\n                            <p>Minden apartmanh\u00e1zunkhoz k\u00f6zel, maximum 3-4 perc s\u00e9t\u00e1ra, kb 50-100 m\u00e9terre tal\u00e1lhat\u00f3 ingyenes szabadstrand.<\/p>                        <\/div>\n                    <\/div>\n                                    <div class=\"bdt-ep-accordion-item\">\n                        <div class=\"bdt-ep-accordion-title bdt-accordion-title bdt-flex bdt-flex-middle bdt-flex-between\" id=\"bdt-ep-accordion-mit-csinljunk-ha-a-nyarals-alatt-lebetegsznk\" data-accordion-index=\"2\" data-title=\"mit-csin-ljunk-ha-a-nyaral-s-alatt-lebetegsz-nk\" role=\"heading\">\n\n                                                            <span class=\"bdt-ep-accordion-icon bdt-flex-align-right\" aria-hidden=\"true\">\n\n                                                                            <span class=\"bdt-ep-accordion-icon-closed\">\n                                            <i aria-hidden=\"true\" class=\"fa-fw fas fa-plus\"><\/i>                                        <\/span>\n                                    \n                                                                            <span class=\"bdt-ep-accordion-icon-opened\">\n                                            <i aria-hidden=\"true\" class=\"fa-fw fas fa-minus\"><\/i>                                        <\/span>\n                                    \n                                <\/span>\n                            \n                            <span class=\"bdt-ep-title-text bdt-flex bdt-flex-middle\">\n\n                                                                Mit csin\u00e1ljunk ha a nyaral\u00e1s alatt lebetegsz\u00fcnk?                            <\/span>\n\n                        <\/div>\n                        <div class=\"bdt-ep-accordion-content bdt-accordion-content\">\n                            <ul><li>M\u00e9g az indul\u00e1s megkezd\u00e9se el\u0151tt 1-2 munkanappal \u00e9rdemes utasbiztos\u00edt\u00e1st k\u00f6tni, lehet\u0151leg olyat, amelyben orvosi ell\u00e1t\u00e1s is szerepel. A legt\u00f6bb biztos\u00edt\u00f3n\u00e1l van erre lehet\u0151s\u00e9g, baj eset\u00e9n a biztos\u00edt\u00f3t kell \u00e9rtes\u00edteni, aki megszervezi az orvosi ell\u00e1t\u00e1st ak\u00e1r a sz\u00e1ll\u00edt\u00e1ssal egy\u00fctt. \u00cdgy anyanyelv\u00fcnk\u00f6n int\u00e9zhetj\u00fck a biztos\u00edt\u00f3n kereszt\u00fcl az ell\u00e1t\u00e1sunkat \u00e9s a biztos\u00edt\u00f3 \u00e1llja az ell\u00e1t\u00e1s d\u00edj\u00e1t is.<\/li><\/ul>                        <\/div>\n                    <\/div>\n                            <\/div>\n        <\/div>\n\t\t<\/div>\n\t\t\t\t<\/div>\n\t\t\t\t<div class=\"elementor-element elementor-element-93386fd elementor-widget elementor-widget-bdt-accordion\" data-id=\"93386fd\" data-element_type=\"widget\" data-widget_type=\"bdt-accordion.default\">\n\t\t\t\t<div class=\"elementor-widget-container\">\n\t\t\t        <div class=\"bdt-ep-accordion-container\">\n            <div id=\"bdt-ep-accordion-93386fd\" class=\"bdt-ep-accordion bdt-accordion\" data-bdt-accordion=\"{&quot;collapsible&quot;:true,&quot;multiple&quot;:false,&quot;transition&quot;:&quot;ease-in-out&quot;}\" data-settings=\"{&quot;id&quot;:&quot;bdt-ep-accordion-93386fd&quot;,&quot;activeHash&quot;:&quot;no&quot;,&quot;activeScrollspy&quot;:null,&quot;hashTopOffset&quot;:false,&quot;hashScrollspyTime&quot;:false}\">\n                                    <div class=\"bdt-ep-accordion-item\">\n                        <div class=\"bdt-ep-accordion-title bdt-accordion-title bdt-flex bdt-flex-middle bdt-flex-between\" id=\"bdt-ep-accordion-kell-e-idegenforgalmi-adt-fizetnem\" data-accordion-index=\"0\" data-title=\"kell-e-idegenforgalmi-ad-t-fizetnem\" role=\"heading\">\n\n                                                            <span class=\"bdt-ep-accordion-icon bdt-flex-align-right\" aria-hidden=\"true\">\n\n                                                                            <span class=\"bdt-ep-accordion-icon-closed\">\n                                            <i aria-hidden=\"true\" class=\"fa-fw fas fa-plus\"><\/i>                                        <\/span>\n                                    \n                                                                            <span class=\"bdt-ep-accordion-icon-opened\">\n                                            <i aria-hidden=\"true\" class=\"fa-fw fas fa-minus\"><\/i>                                        <\/span>\n                                    \n                                <\/span>\n                            \n                            <span class=\"bdt-ep-title-text bdt-flex bdt-flex-middle\">\n\n                                                                Kell-e idegenforgalmi ad\u00f3t fizetnem?                            <\/span>\n\n                        <\/div>\n                        <div class=\"bdt-ep-accordion-content bdt-accordion-content\">\n                            <p>Igen. Az al\u00e1bbi d\u00edjszab\u00e1s szerint:<\/p><ul><li>0-12 \u00e9ves korig d\u00edjmentes.<\/li><li>12 \u00e9ves kor felett 1,5 Eur\u00f3 \/ f\u0151 \/ nap.<\/li><\/ul>                        <\/div>\n                    <\/div>\n                            <\/div>\n        <\/div>\n\t\t<\/div>\n\t\t\t\t<\/div>\n\t\t\t\t\t<\/div>\n\t\t<\/div>\n\t\t\t\t<div class=\"elementor-column elementor-col-50 elementor-top-column elementor-element elementor-element-f485fa5\" data-id=\"f485fa5\" data-element_type=\"column\">\n\t\t\t<div class=\"elementor-widget-wrap elementor-element-populated\">\n\t\t\t\t\t\t<div class=\"elementor-element elementor-element-f1c808e elementor-widget elementor-widget-bdt-accordion\" data-id=\"f1c808e\" data-element_type=\"widget\" data-widget_type=\"bdt-accordion.default\">\n\t\t\t\t<div class=\"elementor-widget-container\">\n\t\t\t        <div class=\"bdt-ep-accordion-container\">\n            <div id=\"bdt-ep-accordion-f1c808e\" class=\"bdt-ep-accordion bdt-accordion\" data-bdt-accordion=\"{&quot;collapsible&quot;:true,&quot;multiple&quot;:false,&quot;transition&quot;:&quot;ease-in-out&quot;}\" data-settings=\"{&quot;id&quot;:&quot;bdt-ep-accordion-f1c808e&quot;,&quot;activeHash&quot;:&quot;no&quot;,&quot;activeScrollspy&quot;:null,&quot;hashTopOffset&quot;:false,&quot;hashScrollspyTime&quot;:false}\">\n                                    <div class=\"bdt-ep-accordion-item\">\n                        <div class=\"bdt-ep-accordion-title bdt-accordion-title bdt-flex bdt-flex-middle bdt-flex-between\" id=\"bdt-ep-accordion-van-e-lehetsg-parkolsra-a-kzelben-illetve-az-apartmanhoz-tartoz-parkolhely\" data-accordion-index=\"0\" data-title=\"van-e-lehet-s-g-parkol-sra-a-k-zelben-illetve-az-apartmanhoz-tartoz-parkol-hely\" role=\"heading\">\n\n                                                            <span class=\"bdt-ep-accordion-icon bdt-flex-align-right\" aria-hidden=\"true\">\n\n                                                                            <span class=\"bdt-ep-accordion-icon-closed\">\n                                            <i aria-hidden=\"true\" class=\"fa-fw fas fa-plus\"><\/i>                                        <\/span>\n                                    \n                                                                            <span class=\"bdt-ep-accordion-icon-opened\">\n                                            <i aria-hidden=\"true\" class=\"fa-fw fas fa-minus\"><\/i>                                        <\/span>\n                                    \n                                <\/span>\n                            \n                            <span class=\"bdt-ep-title-text bdt-flex bdt-flex-middle\">\n\n                                                                Van-e lehet\u0151s\u00e9g parkol\u00e1sra a k\u00f6zelben, illetve az apartmanhoz tartoz\u00f3 parkol\u00f3hely?                            <\/span>\n\n                        <\/div>\n                        <div class=\"bdt-ep-accordion-content bdt-accordion-content\">\n                            <ul><li>Igen, van lehet\u0151s\u00e9g d\u00edjmentes parkol\u00e1sra az apartmanh\u00e1z el\u0151tt. Minden apartmanhoz saj\u00e1t parkol\u00f3 tartozik. Csak \u00e9s kiz\u00e1r\u00f3lag a kijel\u00f6lt parkol\u00f3helyen szabad parkolni a konfliktusok elker\u00fcl\u00e9se \u00e9rdek\u00e9ben.<\/li><\/ul>                        <\/div>\n                    <\/div>\n                                    <div class=\"bdt-ep-accordion-item\">\n                        <div class=\"bdt-ep-accordion-title bdt-accordion-title bdt-flex bdt-flex-middle bdt-flex-between\" id=\"bdt-ep-accordion-van-e-a-kzelben-bevsrlsi-lehetsg-pksg-tterem\" data-accordion-index=\"1\" data-title=\"van-e-a-k-zelben-bev-s-rl-si-lehet-s-g-p-ks-g-tterem\" role=\"heading\">\n\n                                                            <span class=\"bdt-ep-accordion-icon bdt-flex-align-right\" aria-hidden=\"true\">\n\n                                                                            <span class=\"bdt-ep-accordion-icon-closed\">\n                                            <i aria-hidden=\"true\" class=\"fa-fw fas fa-plus\"><\/i>                                        <\/span>\n                                    \n                                                                            <span class=\"bdt-ep-accordion-icon-opened\">\n                                            <i aria-hidden=\"true\" class=\"fa-fw fas fa-minus\"><\/i>                                        <\/span>\n                                    \n                                <\/span>\n                            \n                            <span class=\"bdt-ep-title-text bdt-flex bdt-flex-middle\">\n\n                                                                Van-e a k\u00f6zelben bev\u00e1s\u00e1rl\u00e1si lehet\u0151s\u00e9g, p\u00e9ks\u00e9g, \u00e9tterem?                            <\/span>\n\n                        <\/div>\n                        <div class=\"bdt-ep-accordion-content bdt-accordion-content\">\n                            <ul><li>Minden apartmanh\u00e1zunk k\u00f6rny\u00e9k\u00e9n tal\u00e1lhat\u00f3 \u00e9lelmiszerbolt, p\u00e9ks\u00e9g \u00e9s \u00e9tterem, amelyek el\u00e9rhet\u0151ek \u00e1ltal\u00e1ban 10-15 perces s\u00e9t\u00e1val vagy 3-5 percen bel\u00fcl aut\u00f3val.<\/li><\/ul>                        <\/div>\n                    <\/div>\n                                    <div class=\"bdt-ep-accordion-item\">\n                        <div class=\"bdt-ep-accordion-title bdt-accordion-title bdt-flex bdt-flex-middle bdt-flex-between\" id=\"bdt-ep-accordion-hny-rtl-lehet-elfoglalni-az-apartmanokat\" data-accordion-index=\"2\" data-title=\"h-ny-r-t-l-lehet-elfoglalni-az-apartmanokat\" role=\"heading\">\n\n                                                            <span class=\"bdt-ep-accordion-icon bdt-flex-align-right\" aria-hidden=\"true\">\n\n                                                                            <span class=\"bdt-ep-accordion-icon-closed\">\n                                            <i aria-hidden=\"true\" class=\"fa-fw fas fa-plus\"><\/i>                                        <\/span>\n                                    \n                                                                            <span class=\"bdt-ep-accordion-icon-opened\">\n                                            <i aria-hidden=\"true\" class=\"fa-fw fas fa-minus\"><\/i>                                        <\/span>\n                                    \n                                <\/span>\n                            \n                            <span class=\"bdt-ep-title-text bdt-flex bdt-flex-middle\">\n\n                                                                H\u00e1ny \u00f3r\u00e1t\u00f3l lehet elfoglalni az apartmanokat?                             <\/span>\n\n                        <\/div>\n                        <div class=\"bdt-ep-accordion-content bdt-accordion-content\">\n                            <p>\u00c1ltal\u00e1ban a bejelentkez\u00e9s 15:00 \u00f3r\u00e1t\u00f3l a kijelentkez\u00e9s 09:00 \u00f3r\u00e1ig t\u00f6rt\u00e9nik. Egy\u00e9b lehet\u0151s\u00e9gekre egyeztet\u00e9st k\u00f6vet\u0151en ker\u00fclhet sor.<\/p>                        <\/div>\n                    <\/div>\n                                    <div class=\"bdt-ep-accordion-item\">\n                        <div class=\"bdt-ep-accordion-title bdt-accordion-title bdt-flex bdt-flex-middle bdt-flex-between\" id=\"bdt-ep-accordion-mikrobuszra-transzferszolgltatsra-van-szksgem-elrhet-nlatok\" data-accordion-index=\"3\" data-title=\"mikrobuszra-transzferszolg-ltat-sra-van-sz-ks-gem-el-rhet-n-latok\" role=\"heading\">\n\n                                                            <span class=\"bdt-ep-accordion-icon bdt-flex-align-right\" aria-hidden=\"true\">\n\n                                                                            <span class=\"bdt-ep-accordion-icon-closed\">\n                                            <i aria-hidden=\"true\" class=\"fa-fw fas fa-plus\"><\/i>                                        <\/span>\n                                    \n                                                                            <span class=\"bdt-ep-accordion-icon-opened\">\n                                            <i aria-hidden=\"true\" class=\"fa-fw fas fa-minus\"><\/i>                                        <\/span>\n                                    \n                                <\/span>\n                            \n                            <span class=\"bdt-ep-title-text bdt-flex bdt-flex-middle\">\n\n                                                                Mikrobuszra, transzferszolg\u00e1ltat\u00e1sra van sz\u00fcks\u00e9gem. El\u00e9rhet\u0151 n\u00e1latok?                            <\/span>\n\n                        <\/div>\n                        <div class=\"bdt-ep-accordion-content bdt-accordion-content\">\n                            <p>Bizonyos esetekben igen. K\u00e9rj\u00fck \u00e9rdekl\u0151dj err\u0151l \u00edr\u00e1sban az info@gedeonapartman.hu e-mail c\u00edmen.<\/p>                        <\/div>\n                    <\/div>\n                            <\/div>\n        <\/div>\n\t\t<\/div>\n\t\t\t\t<\/div>\n\t\t\t\t\t<\/div>\n\t\t<\/div>\n\t\t\t\t\t<\/div>\n\t\t<\/section>\n\t\t\t\t<\/div>","protected":false},"excerpt":{"rendered":"<p>Gyakori k\u00e9rd\u00e9sek Gedeon Apartman Vir Oldal Milyen felszerelts\u00e9g\u0171ek az apartmanok? Apartmanjaink modernek, karbantartottak \u00e9s j\u00f3l felszereltek. Minden apartmanunkban megtal\u00e1lhat\u00f3: Mikrohull\u00e1m\u00fa s\u00fct\u0151, fagyaszt\u00f3val ell\u00e1tott h\u0171t\u0151szekr\u00e9ny, v\u00edzforral\u00f3, g\u00e1z vagy villanyt\u0171zhely, g\u00e1zpalackos grills\u00fct\u0151 P\u00e1rna, takar\u00f3 D\u00edjmentes WIFI, Magyar nyelv\u0171 TV csatorn\u00e1k D\u00edjmentes kl\u00edmahaszn\u00e1lat Poharak, cs\u00e9sz\u00e9k, t\u00e1ny\u00e9rok,ed\u00e9nyek, ev\u0151eszk\u00f6z\u00f6k, szed\u0151kanalak, fakanalak, bornyit\u00f3k Fontos, hogy \u00e1gynem\u0171huzatot \u00e9s t\u00f6r\u00f6lk\u00f6z\u0151t hozz magaddal mert [&hellip;]<\/p>","protected":false},"author":1,"featured_media":0,"parent":0,"menu_order":0,"comment_status":"closed","ping_status":"closed","template":"","meta":{"_seopress_robots_primary_cat":"","_seopress_titles_title":"","_seopress_titles_desc":"","_seopress_robots_index":"","footnotes":""},"class_list":["post-23494","page","type-page","status-publish","hentry"],"_links":{"self":[{"href":"https:\/\/gedeonapartman.hu\/de\/wp-json\/wp\/v2\/pages\/23494","targetHints":{"allow":["GET"]}}],"collection":[{"href":"https:\/\/gedeonapartman.hu\/de\/wp-json\/wp\/v2\/pages"}],"about":[{"href":"https:\/\/gedeonapartman.hu\/de\/wp-json\/wp\/v2\/types\/page"}],"author":[{"embeddable":true,"href":"https:\/\/gedeonapartman.hu\/de\/wp-json\/wp\/v2\/users\/1"}],"replies":[{"embeddable":true,"href":"https:\/\/gedeonapartman.hu\/de\/wp-json\/wp\/v2\/comments?post=23494"}],"version-history":[{"count":82,"href":"https:\/\/gedeonapartman.hu\/de\/wp-json\/wp\/v2\/pages\/23494\/revisions"}],"predecessor-version":[{"id":24746,"href":"https:\/\/gedeonapartman.hu\/de\/wp-json\/wp\/v2\/pages\/23494\/revisions\/24746"}],"wp:attachment":[{"href":"https:\/\/gedeonapartman.hu\/de\/wp-json\/wp\/v2\/media?parent=23494"}],"curies":[{"name":"wp","href":"https:\/\/api.w.org\/{rel}","templated":true}]}}