{"id":8,"date":"2021-10-22T10:42:04","date_gmt":"2021-10-22T10:42:04","guid":{"rendered":"https:\/\/gedeonapartman.hu\/szallashelyek\/"},"modified":"2024-02-02T11:58:22","modified_gmt":"2024-02-02T11:58:22","slug":"szallashelyek","status":"publish","type":"page","link":"https:\/\/gedeonapartman.hu\/de\/szallashelyek\/","title":{"rendered":"Wohnungen"},"content":{"rendered":"<div data-elementor-type=\"wp-page\" data-elementor-id=\"8\" class=\"elementor elementor-8\" data-elementor-post-type=\"page\">\n\t\t\t\t\t\t<section class=\"elementor-section elementor-top-section elementor-element elementor-element-7ce1c510 elementor-section-boxed elementor-section-height-default elementor-section-height-default\" data-id=\"7ce1c510\" data-element_type=\"section\" data-settings=\"{&quot;background_background&quot;:&quot;gradient&quot;}\">\n\t\t\t\t\t\t\t<div class=\"elementor-background-overlay\"><\/div>\n\t\t\t\t\t\t\t<div class=\"elementor-container elementor-column-gap-default\">\n\t\t\t\t\t<div class=\"elementor-column elementor-col-100 elementor-top-column elementor-element elementor-element-196665f2\" data-id=\"196665f2\" data-element_type=\"column\" data-settings=\"{&quot;background_background&quot;:&quot;classic&quot;}\">\n\t\t\t<div class=\"elementor-widget-wrap elementor-element-populated\">\n\t\t\t\t\t\t<div class=\"elementor-element elementor-element-1fef7fc7 elementor-widget elementor-widget-shortcode\" data-id=\"1fef7fc7\" data-element_type=\"widget\" data-widget_type=\"shortcode.default\">\n\t\t\t\t<div class=\"elementor-widget-container\">\n\t\t\t\t\t<div class=\"elementor-shortcode\"><div class=\"mphb_sc_rooms-wrapper mphb-room-types\">\n<div class=\"mphb-room-type post-25490 mphb_room_type type-mphb_room_type status-publish mphb_room_type_category-apartman-1 mphb_room_type_category-apartman-2 mphb-room-type-adults-1 mphb-room-type-children-0\">\n\n\t\n\t\n<h2 class=\"mphb-room-type-title entry-title\">\n\n<a class=\"mphb-room-type-title\" href=\"https:\/\/gedeonapartman.hu\/de\/accommodation\/mikrobusz\/\">Mikrobusz b\u00e9rl\u00e9s<\/a>\n\n<\/h2>\n\n<p>Mikrobuszunkat k\u00fcl\u00f6n szolg\u00e1ltat\u00e1sk\u00e9nt kib\u00e9relheti. \u00c9rdekl\u0151dj\u00f6n e-mailben. Ford Transit Custom 9 f\u0151s mikrobusz Kisbusz b\u00e9rl\u00e9s sof\u0151r n\u00e9lk\u00fcl: \u00c1r (1 \u2013 10 nap): 20.000 Ft \/ nap \u00c1r (11- 20 nap): 19.000 Ft\/ nap \u00c1r (21-napt\u00f3l) : 18.000 Ft\/nap A b\u00e9rleti d\u00edj 300 km\/nap fut\u00e1st tartalmaz. T\u00falfut\u00e1s eset\u00e9n 50 Ft+ \u00e1fa \/km Kauci\u00f3: 150.000 HUF Az \u00e1rak [&hellip;]<\/p>\n\n\n<h3 class=\"mphb-room-type-details-title\">Details<\/h3><ul class=\"mphb-loop-room-type-attributes\">\n\n\n\t<li class=\"mphb-room-type-adults-capacity\"><span class=\"mphb-attribute-title mphb-adults-title\">Erwachsene:<\/span><span class=\"mphb-attribute-value\">\n\t1\n\t<\/span><\/li>\n\t\n\n\n\n\n\n\n\n\n\n\t<li class=\"mphb-room-type-categories\"><span class=\"mphb-attribute-title mphb-categories-title\">Kategorien:<\/span><span class=\"mphb-attribute-value\"> <span class=\"category-apartman-1\"><a href=\"https:\/\/gedeonapartman.hu\/de\/accommodation-category\/apartman-1\/\">Apartman #1<\/a><\/span>, <span class=\"category-apartman-2\"><a href=\"https:\/\/gedeonapartman.hu\/de\/accommodation-category\/apartman-2\/\">Apartman #2<\/a><\/span><\/span><\/li>\n\t\n<\/ul>\n\n<p class=\"mphb-view-details-button-wrapper\">\n<a class=\"button mphb-view-details-button\" href=\"https:\/\/gedeonapartman.hu\/de\/accommodation\/mikrobusz\/\" >Details ansehen<\/a>\n<\/p>\n<div class=\"mphb-to-book-btn-wrapper\">\n<form action=\"https:\/\/gedeonapartman.hu\/de\/accommodation\/mikrobusz\/#booking-form-25490\" method=\"get\" data-trp-original-action=\"https:\/\/gedeonapartman.hu\/de\/accommodation\/mikrobusz\/#booking-form-25490\" ><button type=\"submit\" class=\"button mphb-book-button\" >Buchen<\/button><input type=\"hidden\" name=\"trp-form-language\" value=\"de\"\/><\/form>\n<br\/><\/div>\n\t\n<\/div>\n\n<div class=\"mphb-room-type post-25007 mphb_room_type type-mphb_room_type status-publish mphb_room_type_category-apartman-2 mphb-room-type-adults-6 mphb-room-type-children-5 has-taxes-and-fees\">\n\n\t\n\t\n<h2 class=\"mphb-room-type-title entry-title\">\n\n<a class=\"mphb-room-type-title\" href=\"https:\/\/gedeonapartman.hu\/de\/accommodation\/gedeon-apartmanhaz-2-emelet-6\/\">Gedeon Apartmanh\u00e1z #2 emelet #6<\/a>\n\n<\/h2>\n\n<p>V\u00e1laszthat\u00f3 Sz\u00e1ll\u00e1shelyeink Gedeon Apartmanh\u00e1z #1 Gedeon Apartamanh\u00e1z #2 V\u00e1laszthat\u00f3 Apartmanok F\u00f6ldszint #1 F\u00f6ldszint #2 F\u00f6ldszint #3 F\u00f6ldszint #4 Emelet #5 Emelet #6 Emelet #7 Emelet #8 Emelet #6 Apartmanh\u00e1z # 2 &#xE934;&#xE934;&#xE934;&#xE934;&#xE934; 4.5\/5 V\u00e1laszthat\u00f3 Apartmanok F\u00f6ldszint #1 F\u00f6ldszint #2 F\u00f6ldszint #3 F\u00f6ldszint #4 Emelet #5 Emelet #6 Emelet #7 Emelet #8 A #1 \u00e9s a [&hellip;]<\/p>\n\n\n<h3 class=\"mphb-room-type-details-title\">Details<\/h3><ul class=\"mphb-loop-room-type-attributes\">\n\t<li class=\"mphb-room-type-total-capacity\"><span class=\"mphb-attribute-title mphb-total-capacity-title\">G\u00e4ste:<\/span><span class=\"mphb-attribute-value\">\n\t6\n\t<\/span><\/li>\t\n\n\n\n\n\n\n\n\n\n\n\t<li class=\"mphb-room-type-categories\"><span class=\"mphb-attribute-title mphb-categories-title\">Kategorien:<\/span><span class=\"mphb-attribute-value\"> <span class=\"category-apartman-2\"><a href=\"https:\/\/gedeonapartman.hu\/de\/accommodation-category\/apartman-2\/\">Apartman #2<\/a><\/span><\/span><\/li>\n\t\n<\/ul>\n\n\t<p class=\"mphb-regular-price\"><strong>Preis von:<\/strong>\n\t<span class=\"mphb-price\">480&nbsp;<span class=\"mphb-currency\">&euro;<\/span><\/span> <span class=\"mphb-price-period\" title=\"W\u00e4hlen Sie Daten, um relevante Preise zu sehen\">f\u00fcr 4 N\u00e4chte<\/span><span class=\"mphb-tax-information taxes-included\"> (+Steuern und Geb\u00fchren)<\/span>\n\t<\/p>\n\t\n<p class=\"mphb-view-details-button-wrapper\">\n<a class=\"button mphb-view-details-button\" href=\"https:\/\/gedeonapartman.hu\/de\/accommodation\/gedeon-apartmanhaz-2-emelet-6\/\" >Details ansehen<\/a>\n<\/p>\n<div class=\"mphb-to-book-btn-wrapper\">\n<form action=\"https:\/\/gedeonapartman.hu\/de\/accommodation\/gedeon-apartmanhaz-2-emelet-6\/#booking-form-25007\" method=\"get\" data-trp-original-action=\"https:\/\/gedeonapartman.hu\/de\/accommodation\/gedeon-apartmanhaz-2-emelet-6\/#booking-form-25007\" ><button type=\"submit\" class=\"button mphb-book-button\" >Buchen<\/button><input type=\"hidden\" name=\"trp-form-language\" value=\"de\"\/><\/form>\n<br\/><\/div>\n\t\n<\/div>\n\n<div class=\"mphb-room-type post-24978 mphb_room_type type-mphb_room_type status-publish has-post-thumbnail mphb_room_type_category-apartman-2 mphb-room-type-adults-6 mphb-room-type-children-5 has-taxes-and-fees\">\n\n\t\n\t\n\n\t<div class=\"mphb-room-type-images\">\n\t<div id='mphb-flexslider-gallery-1' class='gallery-columns-1 gallery-size-large mphb-gallery-main-slider mphb-flexslider-gallery-wrapper mphb-room-type-gallery-wrapper mphb-gallery-main-slider-69ee7bd0e0d09' data-flexslider-atts='{\"animation\":\"slide\",\"controlNav\":false,\"animationLoop\":true,\"smoothHeight\":true,\"slideshow\":false}' data-group='69ee7bd0e0d09'><ul class=\"slides\"><li class='gallery-item'><span class='gallery-icon landscape'>\n\t\t\t\t<a href=\"https:\/\/gedeonapartman.hu\/de\/accommodation\/gedeon-apartmanhaz-2-foldszint-1\/\"><img fetchpriority=\"high\" decoding=\"async\" width=\"800\" height=\"600\" src=\"https:\/\/gedeonapartman.hu\/wp-content\/uploads\/2024\/04\/kint-1024x768.jpg\" class=\"attachment-large size-large\" alt=\"\" srcset=\"https:\/\/gedeonapartman.hu\/wp-content\/uploads\/2024\/04\/kint-1024x768.jpg 1024w, https:\/\/gedeonapartman.hu\/wp-content\/uploads\/2024\/04\/kint-700x525.jpg 700w, https:\/\/gedeonapartman.hu\/wp-content\/uploads\/2024\/04\/kint-768x576.jpg 768w, https:\/\/gedeonapartman.hu\/wp-content\/uploads\/2024\/04\/kint-1536x1152.jpg 1536w, https:\/\/gedeonapartman.hu\/wp-content\/uploads\/2024\/04\/kint-16x12.jpg 16w, https:\/\/gedeonapartman.hu\/wp-content\/uploads\/2024\/04\/kint-600x450.jpg 600w, https:\/\/gedeonapartman.hu\/wp-content\/uploads\/2024\/04\/kint.jpg 1600w\" sizes=\"(max-width: 800px) 100vw, 800px\" \/><\/a>\n\t\t\t<\/span><\/li><li class='gallery-item'><span class='gallery-icon portrait'>\n\t\t\t\t<a href=\"https:\/\/gedeonapartman.hu\/de\/accommodation\/gedeon-apartmanhaz-2-foldszint-1\/\"><img decoding=\"async\" width=\"600\" height=\"800\" src=\"https:\/\/gedeonapartman.hu\/wp-content\/uploads\/2024\/04\/furdo.jpg\" class=\"attachment-large size-large\" alt=\"\" srcset=\"https:\/\/gedeonapartman.hu\/wp-content\/uploads\/2024\/04\/furdo.jpg 600w, https:\/\/gedeonapartman.hu\/wp-content\/uploads\/2024\/04\/furdo-525x700.jpg 525w, https:\/\/gedeonapartman.hu\/wp-content\/uploads\/2024\/04\/furdo-9x12.jpg 9w\" sizes=\"(max-width: 600px) 100vw, 600px\" \/><\/a>\n\t\t\t<\/span><\/li><li class='gallery-item'><span class='gallery-icon landscape'>\n\t\t\t\t<a href=\"https:\/\/gedeonapartman.hu\/de\/accommodation\/gedeon-apartmanhaz-2-foldszint-1\/\"><img decoding=\"async\" width=\"800\" height=\"600\" src=\"https:\/\/gedeonapartman.hu\/wp-content\/uploads\/2024\/04\/bent3.jpg\" class=\"attachment-large size-large\" alt=\"\" srcset=\"https:\/\/gedeonapartman.hu\/wp-content\/uploads\/2024\/04\/bent3.jpg 800w, https:\/\/gedeonapartman.hu\/wp-content\/uploads\/2024\/04\/bent3-700x525.jpg 700w, https:\/\/gedeonapartman.hu\/wp-content\/uploads\/2024\/04\/bent3-768x576.jpg 768w, https:\/\/gedeonapartman.hu\/wp-content\/uploads\/2024\/04\/bent3-16x12.jpg 16w, https:\/\/gedeonapartman.hu\/wp-content\/uploads\/2024\/04\/bent3-600x450.jpg 600w\" sizes=\"(max-width: 800px) 100vw, 800px\" \/><\/a>\n\t\t\t<\/span><\/li><li class='gallery-item'><span class='gallery-icon portrait'>\n\t\t\t\t<a href=\"https:\/\/gedeonapartman.hu\/de\/accommodation\/gedeon-apartmanhaz-2-foldszint-1\/\"><img loading=\"lazy\" decoding=\"async\" width=\"600\" height=\"800\" src=\"https:\/\/gedeonapartman.hu\/wp-content\/uploads\/2024\/04\/bent2.jpg\" class=\"attachment-large size-large\" alt=\"\" srcset=\"https:\/\/gedeonapartman.hu\/wp-content\/uploads\/2024\/04\/bent2.jpg 600w, https:\/\/gedeonapartman.hu\/wp-content\/uploads\/2024\/04\/bent2-525x700.jpg 525w, https:\/\/gedeonapartman.hu\/wp-content\/uploads\/2024\/04\/bent2-9x12.jpg 9w\" sizes=\"(max-width: 600px) 100vw, 600px\" \/><\/a>\n\t\t\t<\/span><\/li><li class='gallery-item'><span class='gallery-icon portrait'>\n\t\t\t\t<a href=\"https:\/\/gedeonapartman.hu\/de\/accommodation\/gedeon-apartmanhaz-2-foldszint-1\/\"><img loading=\"lazy\" decoding=\"async\" width=\"600\" height=\"800\" src=\"https:\/\/gedeonapartman.hu\/wp-content\/uploads\/2024\/04\/bent1.jpg\" class=\"attachment-large size-large\" alt=\"\" srcset=\"https:\/\/gedeonapartman.hu\/wp-content\/uploads\/2024\/04\/bent1.jpg 600w, https:\/\/gedeonapartman.hu\/wp-content\/uploads\/2024\/04\/bent1-525x700.jpg 525w, https:\/\/gedeonapartman.hu\/wp-content\/uploads\/2024\/04\/bent1-9x12.jpg 9w\" sizes=\"(max-width: 600px) 100vw, 600px\" \/><\/a>\n\t\t\t<\/span><\/li><\/ul>\n\t\t<\/div>\n<div id='mphb-flexslider-gallery-2' class='gallery-columns-4 gallery-size-thumbnail mphb-gallery-thumbnail-slider mphb-flexslider-gallery-wrapper mphb-room-type-gallery-wrapper mphb-gallery-thumbnail-slider-69ee7bd0e0d09' data-flexslider-atts='{\"animation\":\"slide\",\"controlNav\":false,\"animationLoop\":true,\"slideshow\":false,\"itemMargin\":5}' data-group='69ee7bd0e0d09'><ul class=\"slides\"><li class='gallery-item'><span class='gallery-icon landscape'>\n\t\t\t\t<a href='https:\/\/gedeonapartman.hu\/de\/kint\/'><img loading=\"lazy\" decoding=\"async\" width=\"150\" height=\"150\" src=\"https:\/\/gedeonapartman.hu\/wp-content\/uploads\/2024\/04\/kint-150x150.jpg\" class=\"attachment-thumbnail size-thumbnail\" alt=\"\" srcset=\"https:\/\/gedeonapartman.hu\/wp-content\/uploads\/2024\/04\/kint-150x150.jpg 150w, https:\/\/gedeonapartman.hu\/wp-content\/uploads\/2024\/04\/kint-300x300.jpg 300w, https:\/\/gedeonapartman.hu\/wp-content\/uploads\/2024\/04\/kint-100x100.jpg 100w\" sizes=\"(max-width: 150px) 100vw, 150px\" \/><\/a>\n\t\t\t<\/span><\/li><li class='gallery-item'><span class='gallery-icon portrait'>\n\t\t\t\t<a href='https:\/\/gedeonapartman.hu\/de\/furdo\/'><img loading=\"lazy\" decoding=\"async\" width=\"150\" height=\"150\" src=\"https:\/\/gedeonapartman.hu\/wp-content\/uploads\/2024\/04\/furdo-150x150.jpg\" class=\"attachment-thumbnail size-thumbnail\" alt=\"\" srcset=\"https:\/\/gedeonapartman.hu\/wp-content\/uploads\/2024\/04\/furdo-150x150.jpg 150w, https:\/\/gedeonapartman.hu\/wp-content\/uploads\/2024\/04\/furdo-300x300.jpg 300w, https:\/\/gedeonapartman.hu\/wp-content\/uploads\/2024\/04\/furdo-100x100.jpg 100w\" sizes=\"(max-width: 150px) 100vw, 150px\" \/><\/a>\n\t\t\t<\/span><\/li><li class='gallery-item'><span class='gallery-icon landscape'>\n\t\t\t\t<a href='https:\/\/gedeonapartman.hu\/de\/bent3\/'><img loading=\"lazy\" decoding=\"async\" width=\"150\" height=\"150\" src=\"https:\/\/gedeonapartman.hu\/wp-content\/uploads\/2024\/04\/bent3-150x150.jpg\" class=\"attachment-thumbnail size-thumbnail\" alt=\"\" srcset=\"https:\/\/gedeonapartman.hu\/wp-content\/uploads\/2024\/04\/bent3-150x150.jpg 150w, https:\/\/gedeonapartman.hu\/wp-content\/uploads\/2024\/04\/bent3-300x300.jpg 300w, https:\/\/gedeonapartman.hu\/wp-content\/uploads\/2024\/04\/bent3-100x100.jpg 100w\" sizes=\"(max-width: 150px) 100vw, 150px\" \/><\/a>\n\t\t\t<\/span><\/li><li class='gallery-item'><span class='gallery-icon portrait'>\n\t\t\t\t<a href='https:\/\/gedeonapartman.hu\/de\/bent2\/'><img loading=\"lazy\" decoding=\"async\" width=\"150\" height=\"150\" src=\"https:\/\/gedeonapartman.hu\/wp-content\/uploads\/2024\/04\/bent2-150x150.jpg\" class=\"attachment-thumbnail size-thumbnail\" alt=\"\" srcset=\"https:\/\/gedeonapartman.hu\/wp-content\/uploads\/2024\/04\/bent2-150x150.jpg 150w, https:\/\/gedeonapartman.hu\/wp-content\/uploads\/2024\/04\/bent2-300x300.jpg 300w, https:\/\/gedeonapartman.hu\/wp-content\/uploads\/2024\/04\/bent2-100x100.jpg 100w\" sizes=\"(max-width: 150px) 100vw, 150px\" \/><\/a>\n\t\t\t<\/span><\/li><li class='gallery-item'><span class='gallery-icon portrait'>\n\t\t\t\t<a href='https:\/\/gedeonapartman.hu\/de\/bent1\/'><img loading=\"lazy\" decoding=\"async\" width=\"150\" height=\"150\" src=\"https:\/\/gedeonapartman.hu\/wp-content\/uploads\/2024\/04\/bent1-150x150.jpg\" class=\"attachment-thumbnail size-thumbnail\" alt=\"\" srcset=\"https:\/\/gedeonapartman.hu\/wp-content\/uploads\/2024\/04\/bent1-150x150.jpg 150w, https:\/\/gedeonapartman.hu\/wp-content\/uploads\/2024\/04\/bent1-300x300.jpg 300w, https:\/\/gedeonapartman.hu\/wp-content\/uploads\/2024\/04\/bent1-100x100.jpg 100w\" sizes=\"(max-width: 150px) 100vw, 150px\" \/><\/a>\n\t\t\t<\/span><\/li><\/ul>\n\t\t<\/div>\n\n\t<\/div>\n\t\n<h2 class=\"mphb-room-type-title entry-title\">\n\n<a class=\"mphb-room-type-title\" href=\"https:\/\/gedeonapartman.hu\/de\/accommodation\/gedeon-apartmanhaz-2-foldszint-1\/\">Gedeon Apartmanh\u00e1z #2 f\u00f6ldszint #1<\/a>\n\n<\/h2>\n\n<p>V\u00e1laszthat\u00f3 Sz\u00e1ll\u00e1shelyeink Gedeon Apartmanh\u00e1z #1 Gedeon Apartamanh\u00e1z #2 V\u00e1laszthat\u00f3 Apartmanok F\u00f6ldszint #1 F\u00f6ldszint #2 F\u00f6ldszint #3 F\u00f6ldszint #4 Emelet #5 Emelet #6 Emelet #7 Emelet #8 F\u00f6ldszint #1 Apartmanh\u00e1z # 2 &#xE934;&#xE934;&#xE934;&#xE934;&#xE934; 4.5\/5 V\u00e1laszthat\u00f3 Apartmanok F\u00f6ldszint #1 F\u00f6ldszint #2 F\u00f6ldszint #3 F\u00f6ldszint #4 Emelet #5 Emelet #6 Emelet #7 Emelet #8 A #1 \u00e9s a [&hellip;]<\/p>\n\n\n<h3 class=\"mphb-room-type-details-title\">Details<\/h3><ul class=\"mphb-loop-room-type-attributes\">\n\t<li class=\"mphb-room-type-total-capacity\"><span class=\"mphb-attribute-title mphb-total-capacity-title\">G\u00e4ste:<\/span><span class=\"mphb-attribute-value\">\n\t6\n\t<\/span><\/li>\t\n\n\n\n\n\n\n\n\n\n\n\t<li class=\"mphb-room-type-categories\"><span class=\"mphb-attribute-title mphb-categories-title\">Kategorien:<\/span><span class=\"mphb-attribute-value\"> <span class=\"category-apartman-2\"><a href=\"https:\/\/gedeonapartman.hu\/de\/accommodation-category\/apartman-2\/\">Apartman #2<\/a><\/span><\/span><\/li>\n\t\n<\/ul>\n\n\t<p class=\"mphb-regular-price\"><strong>Preis von:<\/strong>\n\t<span class=\"mphb-price\">480&nbsp;<span class=\"mphb-currency\">&euro;<\/span><\/span> <span class=\"mphb-price-period\" title=\"W\u00e4hlen Sie Daten, um relevante Preise zu sehen\">f\u00fcr 4 N\u00e4chte<\/span><span class=\"mphb-tax-information taxes-included\"> (+Steuern und Geb\u00fchren)<\/span>\n\t<\/p>\n\t\n<p class=\"mphb-view-details-button-wrapper\">\n<a class=\"button mphb-view-details-button\" href=\"https:\/\/gedeonapartman.hu\/de\/accommodation\/gedeon-apartmanhaz-2-foldszint-1\/\" >Details ansehen<\/a>\n<\/p>\n<div class=\"mphb-to-book-btn-wrapper\">\n<form action=\"https:\/\/gedeonapartman.hu\/de\/accommodation\/gedeon-apartmanhaz-2-foldszint-1\/#booking-form-24978\" method=\"get\" data-trp-original-action=\"https:\/\/gedeonapartman.hu\/de\/accommodation\/gedeon-apartmanhaz-2-foldszint-1\/#booking-form-24978\" ><button type=\"submit\" class=\"button mphb-book-button\" >Buchen<\/button><input type=\"hidden\" name=\"trp-form-language\" value=\"de\"\/><\/form>\n<br\/><\/div>\n\t\n<\/div>\n\n<div class=\"mphb-room-type post-24847 mphb_room_type type-mphb_room_type status-publish has-post-thumbnail mphb_room_type_category-apartman-2 mphb-room-type-adults-6 mphb-room-type-children-5 has-taxes-and-fees\">\n\n\t\n\t\n\n\t<div class=\"mphb-room-type-images\">\n\t<div id='mphb-flexslider-gallery-3' class='gallery-columns-1 gallery-size-large mphb-gallery-main-slider mphb-flexslider-gallery-wrapper mphb-room-type-gallery-wrapper mphb-gallery-main-slider-69ee7bd0e227a' data-flexslider-atts='{\"animation\":\"slide\",\"controlNav\":false,\"animationLoop\":true,\"smoothHeight\":true,\"slideshow\":false}' data-group='69ee7bd0e227a'><ul class=\"slides\"><li class='gallery-item'><span class='gallery-icon landscape'>\n\t\t\t\t<a href=\"https:\/\/gedeonapartman.hu\/de\/accommodation\/gedeon-apartmanhaz-2-emelet-5\/\"><img fetchpriority=\"high\" decoding=\"async\" width=\"800\" height=\"600\" src=\"https:\/\/gedeonapartman.hu\/wp-content\/uploads\/2024\/04\/kint-1024x768.jpg\" class=\"attachment-large size-large\" alt=\"\" srcset=\"https:\/\/gedeonapartman.hu\/wp-content\/uploads\/2024\/04\/kint-1024x768.jpg 1024w, https:\/\/gedeonapartman.hu\/wp-content\/uploads\/2024\/04\/kint-700x525.jpg 700w, https:\/\/gedeonapartman.hu\/wp-content\/uploads\/2024\/04\/kint-768x576.jpg 768w, https:\/\/gedeonapartman.hu\/wp-content\/uploads\/2024\/04\/kint-1536x1152.jpg 1536w, https:\/\/gedeonapartman.hu\/wp-content\/uploads\/2024\/04\/kint-16x12.jpg 16w, https:\/\/gedeonapartman.hu\/wp-content\/uploads\/2024\/04\/kint-600x450.jpg 600w, https:\/\/gedeonapartman.hu\/wp-content\/uploads\/2024\/04\/kint.jpg 1600w\" sizes=\"(max-width: 800px) 100vw, 800px\" \/><\/a>\n\t\t\t<\/span><\/li><li class='gallery-item'><span class='gallery-icon portrait'>\n\t\t\t\t<a href=\"https:\/\/gedeonapartman.hu\/de\/accommodation\/gedeon-apartmanhaz-2-emelet-5\/\"><img decoding=\"async\" width=\"600\" height=\"800\" src=\"https:\/\/gedeonapartman.hu\/wp-content\/uploads\/2024\/04\/furdo.jpg\" class=\"attachment-large size-large\" alt=\"\" srcset=\"https:\/\/gedeonapartman.hu\/wp-content\/uploads\/2024\/04\/furdo.jpg 600w, https:\/\/gedeonapartman.hu\/wp-content\/uploads\/2024\/04\/furdo-525x700.jpg 525w, https:\/\/gedeonapartman.hu\/wp-content\/uploads\/2024\/04\/furdo-9x12.jpg 9w\" sizes=\"(max-width: 600px) 100vw, 600px\" \/><\/a>\n\t\t\t<\/span><\/li><li class='gallery-item'><span class='gallery-icon landscape'>\n\t\t\t\t<a href=\"https:\/\/gedeonapartman.hu\/de\/accommodation\/gedeon-apartmanhaz-2-emelet-5\/\"><img decoding=\"async\" width=\"800\" height=\"600\" src=\"https:\/\/gedeonapartman.hu\/wp-content\/uploads\/2024\/04\/bent3.jpg\" class=\"attachment-large size-large\" alt=\"\" srcset=\"https:\/\/gedeonapartman.hu\/wp-content\/uploads\/2024\/04\/bent3.jpg 800w, https:\/\/gedeonapartman.hu\/wp-content\/uploads\/2024\/04\/bent3-700x525.jpg 700w, https:\/\/gedeonapartman.hu\/wp-content\/uploads\/2024\/04\/bent3-768x576.jpg 768w, https:\/\/gedeonapartman.hu\/wp-content\/uploads\/2024\/04\/bent3-16x12.jpg 16w, https:\/\/gedeonapartman.hu\/wp-content\/uploads\/2024\/04\/bent3-600x450.jpg 600w\" sizes=\"(max-width: 800px) 100vw, 800px\" \/><\/a>\n\t\t\t<\/span><\/li><li class='gallery-item'><span class='gallery-icon portrait'>\n\t\t\t\t<a href=\"https:\/\/gedeonapartman.hu\/de\/accommodation\/gedeon-apartmanhaz-2-emelet-5\/\"><img loading=\"lazy\" decoding=\"async\" width=\"600\" height=\"800\" src=\"https:\/\/gedeonapartman.hu\/wp-content\/uploads\/2024\/04\/bent2.jpg\" class=\"attachment-large size-large\" alt=\"\" srcset=\"https:\/\/gedeonapartman.hu\/wp-content\/uploads\/2024\/04\/bent2.jpg 600w, https:\/\/gedeonapartman.hu\/wp-content\/uploads\/2024\/04\/bent2-525x700.jpg 525w, https:\/\/gedeonapartman.hu\/wp-content\/uploads\/2024\/04\/bent2-9x12.jpg 9w\" sizes=\"(max-width: 600px) 100vw, 600px\" \/><\/a>\n\t\t\t<\/span><\/li><li class='gallery-item'><span class='gallery-icon portrait'>\n\t\t\t\t<a href=\"https:\/\/gedeonapartman.hu\/de\/accommodation\/gedeon-apartmanhaz-2-emelet-5\/\"><img loading=\"lazy\" decoding=\"async\" width=\"600\" height=\"800\" src=\"https:\/\/gedeonapartman.hu\/wp-content\/uploads\/2024\/04\/bent1.jpg\" class=\"attachment-large size-large\" alt=\"\" srcset=\"https:\/\/gedeonapartman.hu\/wp-content\/uploads\/2024\/04\/bent1.jpg 600w, https:\/\/gedeonapartman.hu\/wp-content\/uploads\/2024\/04\/bent1-525x700.jpg 525w, https:\/\/gedeonapartman.hu\/wp-content\/uploads\/2024\/04\/bent1-9x12.jpg 9w\" sizes=\"(max-width: 600px) 100vw, 600px\" \/><\/a>\n\t\t\t<\/span><\/li><\/ul>\n\t\t<\/div>\n<div id='mphb-flexslider-gallery-4' class='gallery-columns-4 gallery-size-thumbnail mphb-gallery-thumbnail-slider mphb-flexslider-gallery-wrapper mphb-room-type-gallery-wrapper mphb-gallery-thumbnail-slider-69ee7bd0e227a' data-flexslider-atts='{\"animation\":\"slide\",\"controlNav\":false,\"animationLoop\":true,\"slideshow\":false,\"itemMargin\":5}' data-group='69ee7bd0e227a'><ul class=\"slides\"><li class='gallery-item'><span class='gallery-icon landscape'>\n\t\t\t\t<a href='https:\/\/gedeonapartman.hu\/de\/kint\/'><img loading=\"lazy\" decoding=\"async\" width=\"150\" height=\"150\" src=\"https:\/\/gedeonapartman.hu\/wp-content\/uploads\/2024\/04\/kint-150x150.jpg\" class=\"attachment-thumbnail size-thumbnail\" alt=\"\" srcset=\"https:\/\/gedeonapartman.hu\/wp-content\/uploads\/2024\/04\/kint-150x150.jpg 150w, https:\/\/gedeonapartman.hu\/wp-content\/uploads\/2024\/04\/kint-300x300.jpg 300w, https:\/\/gedeonapartman.hu\/wp-content\/uploads\/2024\/04\/kint-100x100.jpg 100w\" sizes=\"(max-width: 150px) 100vw, 150px\" \/><\/a>\n\t\t\t<\/span><\/li><li class='gallery-item'><span class='gallery-icon portrait'>\n\t\t\t\t<a href='https:\/\/gedeonapartman.hu\/de\/furdo\/'><img loading=\"lazy\" decoding=\"async\" width=\"150\" height=\"150\" src=\"https:\/\/gedeonapartman.hu\/wp-content\/uploads\/2024\/04\/furdo-150x150.jpg\" class=\"attachment-thumbnail size-thumbnail\" alt=\"\" srcset=\"https:\/\/gedeonapartman.hu\/wp-content\/uploads\/2024\/04\/furdo-150x150.jpg 150w, https:\/\/gedeonapartman.hu\/wp-content\/uploads\/2024\/04\/furdo-300x300.jpg 300w, https:\/\/gedeonapartman.hu\/wp-content\/uploads\/2024\/04\/furdo-100x100.jpg 100w\" sizes=\"(max-width: 150px) 100vw, 150px\" \/><\/a>\n\t\t\t<\/span><\/li><li class='gallery-item'><span class='gallery-icon landscape'>\n\t\t\t\t<a href='https:\/\/gedeonapartman.hu\/de\/bent3\/'><img loading=\"lazy\" decoding=\"async\" width=\"150\" height=\"150\" src=\"https:\/\/gedeonapartman.hu\/wp-content\/uploads\/2024\/04\/bent3-150x150.jpg\" class=\"attachment-thumbnail size-thumbnail\" alt=\"\" srcset=\"https:\/\/gedeonapartman.hu\/wp-content\/uploads\/2024\/04\/bent3-150x150.jpg 150w, https:\/\/gedeonapartman.hu\/wp-content\/uploads\/2024\/04\/bent3-300x300.jpg 300w, https:\/\/gedeonapartman.hu\/wp-content\/uploads\/2024\/04\/bent3-100x100.jpg 100w\" sizes=\"(max-width: 150px) 100vw, 150px\" \/><\/a>\n\t\t\t<\/span><\/li><li class='gallery-item'><span class='gallery-icon portrait'>\n\t\t\t\t<a href='https:\/\/gedeonapartman.hu\/de\/bent2\/'><img loading=\"lazy\" decoding=\"async\" width=\"150\" height=\"150\" src=\"https:\/\/gedeonapartman.hu\/wp-content\/uploads\/2024\/04\/bent2-150x150.jpg\" class=\"attachment-thumbnail size-thumbnail\" alt=\"\" srcset=\"https:\/\/gedeonapartman.hu\/wp-content\/uploads\/2024\/04\/bent2-150x150.jpg 150w, https:\/\/gedeonapartman.hu\/wp-content\/uploads\/2024\/04\/bent2-300x300.jpg 300w, https:\/\/gedeonapartman.hu\/wp-content\/uploads\/2024\/04\/bent2-100x100.jpg 100w\" sizes=\"(max-width: 150px) 100vw, 150px\" \/><\/a>\n\t\t\t<\/span><\/li><li class='gallery-item'><span class='gallery-icon portrait'>\n\t\t\t\t<a href='https:\/\/gedeonapartman.hu\/de\/bent1\/'><img loading=\"lazy\" decoding=\"async\" width=\"150\" height=\"150\" src=\"https:\/\/gedeonapartman.hu\/wp-content\/uploads\/2024\/04\/bent1-150x150.jpg\" class=\"attachment-thumbnail size-thumbnail\" alt=\"\" srcset=\"https:\/\/gedeonapartman.hu\/wp-content\/uploads\/2024\/04\/bent1-150x150.jpg 150w, https:\/\/gedeonapartman.hu\/wp-content\/uploads\/2024\/04\/bent1-300x300.jpg 300w, https:\/\/gedeonapartman.hu\/wp-content\/uploads\/2024\/04\/bent1-100x100.jpg 100w\" sizes=\"(max-width: 150px) 100vw, 150px\" \/><\/a>\n\t\t\t<\/span><\/li><\/ul>\n\t\t<\/div>\n\n\t<\/div>\n\t\n<h2 class=\"mphb-room-type-title entry-title\">\n\n<a class=\"mphb-room-type-title\" href=\"https:\/\/gedeonapartman.hu\/de\/accommodation\/gedeon-apartmanhaz-2-emelet-5\/\">Gedeon Apartmanh\u00e1z #2 emelet #5<\/a>\n\n<\/h2>\n\n<p>A #2 \u00e9s a #5 apartman k\u00e9t egyforma berendez\u00e9s\u0171 apartman. Mindkett\u0151 teljesen egyforma sz\u00e1ll\u00e1shely. K\u00fcl\u00f6n-k\u00fcl\u00f6n is foglalhat\u00f3. Elrendez\u00e9s: K\u00e9t k\u00fcl\u00f6n szoba + amerikai konyh\u00e1s nappali \u00e9s zuhanykabinos f\u00fcrd\u0151szoba.<\/p>\n\n\n<h3 class=\"mphb-room-type-details-title\">Details<\/h3><ul class=\"mphb-loop-room-type-attributes\">\n\t<li class=\"mphb-room-type-total-capacity\"><span class=\"mphb-attribute-title mphb-total-capacity-title\">G\u00e4ste:<\/span><span class=\"mphb-attribute-value\">\n\t6\n\t<\/span><\/li>\t\n\n\n\n\n\n\n\n\t<li class=\"mphb-room-type-size\"><span class=\"mphb-attribute-title mphb-size-title\">Gr\u00f6\u00dfe:<\/span><span class=\"mphb-attribute-value\">\n\t40m\u00b2\n\t<\/span><\/li>\n\t\n\n\n\n\t<li class=\"mphb-room-type-categories\"><span class=\"mphb-attribute-title mphb-categories-title\">Kategorien:<\/span><span class=\"mphb-attribute-value\"> <span class=\"category-apartman-2\"><a href=\"https:\/\/gedeonapartman.hu\/de\/accommodation-category\/apartman-2\/\">Apartman #2<\/a><\/span><\/span><\/li>\n\t\n<\/ul>\n\n\t<p class=\"mphb-regular-price\"><strong>Preis von:<\/strong>\n\t<span class=\"mphb-price\">480&nbsp;<span class=\"mphb-currency\">&euro;<\/span><\/span> <span class=\"mphb-price-period\" title=\"W\u00e4hlen Sie Daten, um relevante Preise zu sehen\">f\u00fcr 4 N\u00e4chte<\/span><span class=\"mphb-tax-information taxes-included\"> (+Steuern und Geb\u00fchren)<\/span>\n\t<\/p>\n\t\n<p class=\"mphb-view-details-button-wrapper\">\n<a class=\"button mphb-view-details-button\" href=\"https:\/\/gedeonapartman.hu\/de\/accommodation\/gedeon-apartmanhaz-2-emelet-5\/\" >Details ansehen<\/a>\n<\/p>\n<div class=\"mphb-to-book-btn-wrapper\">\n<form action=\"https:\/\/gedeonapartman.hu\/de\/accommodation\/gedeon-apartmanhaz-2-emelet-5\/#booking-form-24847\" method=\"get\" data-trp-original-action=\"https:\/\/gedeonapartman.hu\/de\/accommodation\/gedeon-apartmanhaz-2-emelet-5\/#booking-form-24847\" ><button type=\"submit\" class=\"button mphb-book-button\" >Buchen<\/button><input type=\"hidden\" name=\"trp-form-language\" value=\"de\"\/><\/form>\n<br\/><\/div>\n\t\n<\/div>\n\n<div class=\"mphb-room-type post-24788 mphb_room_type type-mphb_room_type status-publish has-post-thumbnail mphb_room_type_category-apartman-2 mphb-room-type-adults-6 mphb-room-type-children-5 has-taxes-and-fees\">\n\n\t\n\t\n\n\t<div class=\"mphb-room-type-images\">\n\t<div id='mphb-flexslider-gallery-5' class='gallery-columns-1 gallery-size-large mphb-gallery-main-slider mphb-flexslider-gallery-wrapper mphb-room-type-gallery-wrapper mphb-gallery-main-slider-69ee7bd0e3233' data-flexslider-atts='{\"animation\":\"slide\",\"controlNav\":false,\"animationLoop\":true,\"smoothHeight\":true,\"slideshow\":false}' data-group='69ee7bd0e3233'><ul class=\"slides\"><li class='gallery-item'><span class='gallery-icon landscape'>\n\t\t\t\t<a href=\"https:\/\/gedeonapartman.hu\/de\/accommodation\/gedeon-apartmanhaz-2-foldszint-2\/\"><img fetchpriority=\"high\" decoding=\"async\" width=\"800\" height=\"600\" src=\"https:\/\/gedeonapartman.hu\/wp-content\/uploads\/2024\/04\/kint-1024x768.jpg\" class=\"attachment-large size-large\" alt=\"\" srcset=\"https:\/\/gedeonapartman.hu\/wp-content\/uploads\/2024\/04\/kint-1024x768.jpg 1024w, https:\/\/gedeonapartman.hu\/wp-content\/uploads\/2024\/04\/kint-700x525.jpg 700w, https:\/\/gedeonapartman.hu\/wp-content\/uploads\/2024\/04\/kint-768x576.jpg 768w, https:\/\/gedeonapartman.hu\/wp-content\/uploads\/2024\/04\/kint-1536x1152.jpg 1536w, https:\/\/gedeonapartman.hu\/wp-content\/uploads\/2024\/04\/kint-16x12.jpg 16w, https:\/\/gedeonapartman.hu\/wp-content\/uploads\/2024\/04\/kint-600x450.jpg 600w, https:\/\/gedeonapartman.hu\/wp-content\/uploads\/2024\/04\/kint.jpg 1600w\" sizes=\"(max-width: 800px) 100vw, 800px\" \/><\/a>\n\t\t\t<\/span><\/li><li class='gallery-item'><span class='gallery-icon portrait'>\n\t\t\t\t<a href=\"https:\/\/gedeonapartman.hu\/de\/accommodation\/gedeon-apartmanhaz-2-foldszint-2\/\"><img decoding=\"async\" width=\"600\" height=\"800\" src=\"https:\/\/gedeonapartman.hu\/wp-content\/uploads\/2024\/04\/furdo.jpg\" class=\"attachment-large size-large\" alt=\"\" srcset=\"https:\/\/gedeonapartman.hu\/wp-content\/uploads\/2024\/04\/furdo.jpg 600w, https:\/\/gedeonapartman.hu\/wp-content\/uploads\/2024\/04\/furdo-525x700.jpg 525w, https:\/\/gedeonapartman.hu\/wp-content\/uploads\/2024\/04\/furdo-9x12.jpg 9w\" sizes=\"(max-width: 600px) 100vw, 600px\" \/><\/a>\n\t\t\t<\/span><\/li><li class='gallery-item'><span class='gallery-icon landscape'>\n\t\t\t\t<a href=\"https:\/\/gedeonapartman.hu\/de\/accommodation\/gedeon-apartmanhaz-2-foldszint-2\/\"><img decoding=\"async\" width=\"800\" height=\"600\" src=\"https:\/\/gedeonapartman.hu\/wp-content\/uploads\/2024\/04\/bent3.jpg\" class=\"attachment-large size-large\" alt=\"\" srcset=\"https:\/\/gedeonapartman.hu\/wp-content\/uploads\/2024\/04\/bent3.jpg 800w, https:\/\/gedeonapartman.hu\/wp-content\/uploads\/2024\/04\/bent3-700x525.jpg 700w, https:\/\/gedeonapartman.hu\/wp-content\/uploads\/2024\/04\/bent3-768x576.jpg 768w, https:\/\/gedeonapartman.hu\/wp-content\/uploads\/2024\/04\/bent3-16x12.jpg 16w, https:\/\/gedeonapartman.hu\/wp-content\/uploads\/2024\/04\/bent3-600x450.jpg 600w\" sizes=\"(max-width: 800px) 100vw, 800px\" \/><\/a>\n\t\t\t<\/span><\/li><li class='gallery-item'><span class='gallery-icon portrait'>\n\t\t\t\t<a href=\"https:\/\/gedeonapartman.hu\/de\/accommodation\/gedeon-apartmanhaz-2-foldszint-2\/\"><img loading=\"lazy\" decoding=\"async\" width=\"600\" height=\"800\" src=\"https:\/\/gedeonapartman.hu\/wp-content\/uploads\/2024\/04\/bent2.jpg\" class=\"attachment-large size-large\" alt=\"\" srcset=\"https:\/\/gedeonapartman.hu\/wp-content\/uploads\/2024\/04\/bent2.jpg 600w, https:\/\/gedeonapartman.hu\/wp-content\/uploads\/2024\/04\/bent2-525x700.jpg 525w, https:\/\/gedeonapartman.hu\/wp-content\/uploads\/2024\/04\/bent2-9x12.jpg 9w\" sizes=\"(max-width: 600px) 100vw, 600px\" \/><\/a>\n\t\t\t<\/span><\/li><li class='gallery-item'><span class='gallery-icon portrait'>\n\t\t\t\t<a href=\"https:\/\/gedeonapartman.hu\/de\/accommodation\/gedeon-apartmanhaz-2-foldszint-2\/\"><img loading=\"lazy\" decoding=\"async\" width=\"600\" height=\"800\" src=\"https:\/\/gedeonapartman.hu\/wp-content\/uploads\/2024\/04\/bent1.jpg\" class=\"attachment-large size-large\" alt=\"\" srcset=\"https:\/\/gedeonapartman.hu\/wp-content\/uploads\/2024\/04\/bent1.jpg 600w, https:\/\/gedeonapartman.hu\/wp-content\/uploads\/2024\/04\/bent1-525x700.jpg 525w, https:\/\/gedeonapartman.hu\/wp-content\/uploads\/2024\/04\/bent1-9x12.jpg 9w\" sizes=\"(max-width: 600px) 100vw, 600px\" \/><\/a>\n\t\t\t<\/span><\/li><\/ul>\n\t\t<\/div>\n<div id='mphb-flexslider-gallery-6' class='gallery-columns-4 gallery-size-thumbnail mphb-gallery-thumbnail-slider mphb-flexslider-gallery-wrapper mphb-room-type-gallery-wrapper mphb-gallery-thumbnail-slider-69ee7bd0e3233' data-flexslider-atts='{\"animation\":\"slide\",\"controlNav\":false,\"animationLoop\":true,\"slideshow\":false,\"itemMargin\":5}' data-group='69ee7bd0e3233'><ul class=\"slides\"><li class='gallery-item'><span class='gallery-icon landscape'>\n\t\t\t\t<a href='https:\/\/gedeonapartman.hu\/de\/kint\/'><img loading=\"lazy\" decoding=\"async\" width=\"150\" height=\"150\" src=\"https:\/\/gedeonapartman.hu\/wp-content\/uploads\/2024\/04\/kint-150x150.jpg\" class=\"attachment-thumbnail size-thumbnail\" alt=\"\" srcset=\"https:\/\/gedeonapartman.hu\/wp-content\/uploads\/2024\/04\/kint-150x150.jpg 150w, https:\/\/gedeonapartman.hu\/wp-content\/uploads\/2024\/04\/kint-300x300.jpg 300w, https:\/\/gedeonapartman.hu\/wp-content\/uploads\/2024\/04\/kint-100x100.jpg 100w\" sizes=\"(max-width: 150px) 100vw, 150px\" \/><\/a>\n\t\t\t<\/span><\/li><li class='gallery-item'><span class='gallery-icon portrait'>\n\t\t\t\t<a href='https:\/\/gedeonapartman.hu\/de\/furdo\/'><img loading=\"lazy\" decoding=\"async\" width=\"150\" height=\"150\" src=\"https:\/\/gedeonapartman.hu\/wp-content\/uploads\/2024\/04\/furdo-150x150.jpg\" class=\"attachment-thumbnail size-thumbnail\" alt=\"\" srcset=\"https:\/\/gedeonapartman.hu\/wp-content\/uploads\/2024\/04\/furdo-150x150.jpg 150w, https:\/\/gedeonapartman.hu\/wp-content\/uploads\/2024\/04\/furdo-300x300.jpg 300w, https:\/\/gedeonapartman.hu\/wp-content\/uploads\/2024\/04\/furdo-100x100.jpg 100w\" sizes=\"(max-width: 150px) 100vw, 150px\" \/><\/a>\n\t\t\t<\/span><\/li><li class='gallery-item'><span class='gallery-icon landscape'>\n\t\t\t\t<a href='https:\/\/gedeonapartman.hu\/de\/bent3\/'><img loading=\"lazy\" decoding=\"async\" width=\"150\" height=\"150\" src=\"https:\/\/gedeonapartman.hu\/wp-content\/uploads\/2024\/04\/bent3-150x150.jpg\" class=\"attachment-thumbnail size-thumbnail\" alt=\"\" srcset=\"https:\/\/gedeonapartman.hu\/wp-content\/uploads\/2024\/04\/bent3-150x150.jpg 150w, https:\/\/gedeonapartman.hu\/wp-content\/uploads\/2024\/04\/bent3-300x300.jpg 300w, https:\/\/gedeonapartman.hu\/wp-content\/uploads\/2024\/04\/bent3-100x100.jpg 100w\" sizes=\"(max-width: 150px) 100vw, 150px\" \/><\/a>\n\t\t\t<\/span><\/li><li class='gallery-item'><span class='gallery-icon portrait'>\n\t\t\t\t<a href='https:\/\/gedeonapartman.hu\/de\/bent2\/'><img loading=\"lazy\" decoding=\"async\" width=\"150\" height=\"150\" src=\"https:\/\/gedeonapartman.hu\/wp-content\/uploads\/2024\/04\/bent2-150x150.jpg\" class=\"attachment-thumbnail size-thumbnail\" alt=\"\" srcset=\"https:\/\/gedeonapartman.hu\/wp-content\/uploads\/2024\/04\/bent2-150x150.jpg 150w, https:\/\/gedeonapartman.hu\/wp-content\/uploads\/2024\/04\/bent2-300x300.jpg 300w, https:\/\/gedeonapartman.hu\/wp-content\/uploads\/2024\/04\/bent2-100x100.jpg 100w\" sizes=\"(max-width: 150px) 100vw, 150px\" \/><\/a>\n\t\t\t<\/span><\/li><li class='gallery-item'><span class='gallery-icon portrait'>\n\t\t\t\t<a href='https:\/\/gedeonapartman.hu\/de\/bent1\/'><img loading=\"lazy\" decoding=\"async\" width=\"150\" height=\"150\" src=\"https:\/\/gedeonapartman.hu\/wp-content\/uploads\/2024\/04\/bent1-150x150.jpg\" class=\"attachment-thumbnail size-thumbnail\" alt=\"\" srcset=\"https:\/\/gedeonapartman.hu\/wp-content\/uploads\/2024\/04\/bent1-150x150.jpg 150w, https:\/\/gedeonapartman.hu\/wp-content\/uploads\/2024\/04\/bent1-300x300.jpg 300w, https:\/\/gedeonapartman.hu\/wp-content\/uploads\/2024\/04\/bent1-100x100.jpg 100w\" sizes=\"(max-width: 150px) 100vw, 150px\" \/><\/a>\n\t\t\t<\/span><\/li><\/ul>\n\t\t<\/div>\n\n\t<\/div>\n\t\n<h2 class=\"mphb-room-type-title entry-title\">\n\n<a class=\"mphb-room-type-title\" href=\"https:\/\/gedeonapartman.hu\/de\/accommodation\/gedeon-apartmanhaz-2-foldszint-2\/\">Gedeon Apartmanh\u00e1z #2 F\u00f6ldszint #2<\/a>\n\n<\/h2>\n\n<p>Apartman 1-4 ig (f\u00f6ldszinten kett\u0151 \u00e9s az emeletten is kett\u0151). Mind a n\u00e9gy teljesen egyforma sz\u00e1ll\u00e1shely. K\u00fcl\u00f6n-k\u00fcl\u00f6n is foglalhat\u00f3. K\u00e9t k\u00fcl\u00f6n szoba + amerikai konyh\u00e1s nappali \u00e9s zuhanykabinos f\u00fcrd\u0151szoba.<\/p>\n\n\n<h3 class=\"mphb-room-type-details-title\">Details<\/h3><ul class=\"mphb-loop-room-type-attributes\">\n\t<li class=\"mphb-room-type-total-capacity\"><span class=\"mphb-attribute-title mphb-total-capacity-title\">G\u00e4ste:<\/span><span class=\"mphb-attribute-value\">\n\t6\n\t<\/span><\/li>\t\n\n\n\n\n\n\n\n\t<li class=\"mphb-room-type-size\"><span class=\"mphb-attribute-title mphb-size-title\">Gr\u00f6\u00dfe:<\/span><span class=\"mphb-attribute-value\">\n\t40m\u00b2\n\t<\/span><\/li>\n\t\n\n\n\n\t<li class=\"mphb-room-type-categories\"><span class=\"mphb-attribute-title mphb-categories-title\">Kategorien:<\/span><span class=\"mphb-attribute-value\"> <span class=\"category-apartman-2\"><a href=\"https:\/\/gedeonapartman.hu\/de\/accommodation-category\/apartman-2\/\">Apartman #2<\/a><\/span><\/span><\/li>\n\t\n<\/ul>\n\n\t<p class=\"mphb-regular-price\"><strong>Preis von:<\/strong>\n\t<span class=\"mphb-price\">480&nbsp;<span class=\"mphb-currency\">&euro;<\/span><\/span> <span class=\"mphb-price-period\" title=\"W\u00e4hlen Sie Daten, um relevante Preise zu sehen\">f\u00fcr 4 N\u00e4chte<\/span><span class=\"mphb-tax-information taxes-included\"> (+Steuern und Geb\u00fchren)<\/span>\n\t<\/p>\n\t\n<p class=\"mphb-view-details-button-wrapper\">\n<a class=\"button mphb-view-details-button\" href=\"https:\/\/gedeonapartman.hu\/de\/accommodation\/gedeon-apartmanhaz-2-foldszint-2\/\" >Details ansehen<\/a>\n<\/p>\n<div class=\"mphb-to-book-btn-wrapper\">\n<form action=\"https:\/\/gedeonapartman.hu\/de\/accommodation\/gedeon-apartmanhaz-2-foldszint-2\/#booking-form-24788\" method=\"get\" data-trp-original-action=\"https:\/\/gedeonapartman.hu\/de\/accommodation\/gedeon-apartmanhaz-2-foldszint-2\/#booking-form-24788\" ><button type=\"submit\" class=\"button mphb-book-button\" >Buchen<\/button><input type=\"hidden\" name=\"trp-form-language\" value=\"de\"\/><\/form>\n<br\/><\/div>\n\t\n<\/div>\n\n<div class=\"mphb-room-type post-24126 mphb_room_type type-mphb_room_type status-publish has-post-thumbnail mphb_room_type_category-apartman-2 mphb-room-type-adults-6 mphb-room-type-children-5 has-taxes-and-fees\">\n\n\t\n\t\n\n\t<div class=\"mphb-room-type-images\">\n\t<div id='mphb-flexslider-gallery-7' class='gallery-columns-1 gallery-size-large mphb-gallery-main-slider mphb-flexslider-gallery-wrapper mphb-room-type-gallery-wrapper mphb-gallery-main-slider-69ee7bd0e41c0' data-flexslider-atts='{\"animation\":\"slide\",\"controlNav\":false,\"animationLoop\":true,\"smoothHeight\":true,\"slideshow\":false}' data-group='69ee7bd0e41c0'><ul class=\"slides\"><li class='gallery-item'><span class='gallery-icon landscape'>\n\t\t\t\t<a href=\"https:\/\/gedeonapartman.hu\/de\/accommodation\/gedeon-apartamanhaz-2-emelet-bal-oldal-8\/\"><img loading=\"lazy\" decoding=\"async\" width=\"800\" height=\"600\" src=\"https:\/\/gedeonapartman.hu\/wp-content\/uploads\/2023\/10\/Apartman-Horvatorszag-12.jpg\" class=\"attachment-large size-large\" alt=\"Sz\u00e1ll\u00e1shely Horv\u00e1torsz\u00e1g Gedeon Apartmanh\u00e1z Vir sziget\u00e9n\" srcset=\"https:\/\/gedeonapartman.hu\/wp-content\/uploads\/2023\/10\/Apartman-Horvatorszag-12.jpg 853w, https:\/\/gedeonapartman.hu\/wp-content\/uploads\/2023\/10\/Apartman-Horvatorszag-12-700x525.jpg 700w, https:\/\/gedeonapartman.hu\/wp-content\/uploads\/2023\/10\/Apartman-Horvatorszag-12-768x576.jpg 768w, https:\/\/gedeonapartman.hu\/wp-content\/uploads\/2023\/10\/Apartman-Horvatorszag-12-600x450.jpg 600w\" sizes=\"(max-width: 800px) 100vw, 800px\" \/><\/a>\n\t\t\t<\/span><\/li><li class='gallery-item'><span class='gallery-icon landscape'>\n\t\t\t\t<a href=\"https:\/\/gedeonapartman.hu\/de\/accommodation\/gedeon-apartamanhaz-2-emelet-bal-oldal-8\/\"><img loading=\"lazy\" decoding=\"async\" width=\"800\" height=\"600\" src=\"https:\/\/gedeonapartman.hu\/wp-content\/uploads\/2023\/10\/Apartman-Horvatorszag-11.jpg\" class=\"attachment-large size-large\" alt=\"Sz\u00e1ll\u00e1shely Horv\u00e1torsz\u00e1g Gedeon Apartmanh\u00e1z Vir sziget\u00e9n\" srcset=\"https:\/\/gedeonapartman.hu\/wp-content\/uploads\/2023\/10\/Apartman-Horvatorszag-11.jpg 853w, https:\/\/gedeonapartman.hu\/wp-content\/uploads\/2023\/10\/Apartman-Horvatorszag-11-700x525.jpg 700w, https:\/\/gedeonapartman.hu\/wp-content\/uploads\/2023\/10\/Apartman-Horvatorszag-11-768x576.jpg 768w, https:\/\/gedeonapartman.hu\/wp-content\/uploads\/2023\/10\/Apartman-Horvatorszag-11-600x450.jpg 600w\" sizes=\"(max-width: 800px) 100vw, 800px\" \/><\/a>\n\t\t\t<\/span><\/li><li class='gallery-item'><span class='gallery-icon portrait'>\n\t\t\t\t<a href=\"https:\/\/gedeonapartman.hu\/de\/accommodation\/gedeon-apartamanhaz-2-emelet-bal-oldal-8\/\"><img loading=\"lazy\" decoding=\"async\" width=\"480\" height=\"640\" src=\"https:\/\/gedeonapartman.hu\/wp-content\/uploads\/2023\/10\/Apartman-Horvatorszag-10.jpg\" class=\"attachment-large size-large\" alt=\"Sz\u00e1ll\u00e1shely Horv\u00e1torsz\u00e1g Gedeon Apartmanh\u00e1z Vir sziget\u00e9n\" \/><\/a>\n\t\t\t<\/span><\/li><li class='gallery-item'><span class='gallery-icon portrait'>\n\t\t\t\t<a href=\"https:\/\/gedeonapartman.hu\/de\/accommodation\/gedeon-apartamanhaz-2-emelet-bal-oldal-8\/\"><img loading=\"lazy\" decoding=\"async\" width=\"480\" height=\"640\" src=\"https:\/\/gedeonapartman.hu\/wp-content\/uploads\/2023\/10\/Apartman-Horvatorszag-9.jpg\" class=\"attachment-large size-large\" alt=\"Sz\u00e1ll\u00e1shely Horv\u00e1torsz\u00e1g Gedeon Apartmanh\u00e1z Vir sziget\u00e9n\" \/><\/a>\n\t\t\t<\/span><\/li><li class='gallery-item'><span class='gallery-icon landscape'>\n\t\t\t\t<a href=\"https:\/\/gedeonapartman.hu\/de\/accommodation\/gedeon-apartamanhaz-2-emelet-bal-oldal-8\/\"><img loading=\"lazy\" decoding=\"async\" width=\"800\" height=\"600\" src=\"https:\/\/gedeonapartman.hu\/wp-content\/uploads\/2023\/10\/Apartman-Horvatorszag-8.jpg\" class=\"attachment-large size-large\" alt=\"Sz\u00e1ll\u00e1shely Horv\u00e1torsz\u00e1g Gedeon Apartmanh\u00e1z Vir sziget\u00e9n\" srcset=\"https:\/\/gedeonapartman.hu\/wp-content\/uploads\/2023\/10\/Apartman-Horvatorszag-8.jpg 853w, https:\/\/gedeonapartman.hu\/wp-content\/uploads\/2023\/10\/Apartman-Horvatorszag-8-700x525.jpg 700w, https:\/\/gedeonapartman.hu\/wp-content\/uploads\/2023\/10\/Apartman-Horvatorszag-8-768x576.jpg 768w, https:\/\/gedeonapartman.hu\/wp-content\/uploads\/2023\/10\/Apartman-Horvatorszag-8-600x450.jpg 600w\" sizes=\"(max-width: 800px) 100vw, 800px\" \/><\/a>\n\t\t\t<\/span><\/li><li class='gallery-item'><span class='gallery-icon portrait'>\n\t\t\t\t<a href=\"https:\/\/gedeonapartman.hu\/de\/accommodation\/gedeon-apartamanhaz-2-emelet-bal-oldal-8\/\"><img loading=\"lazy\" decoding=\"async\" width=\"480\" height=\"640\" src=\"https:\/\/gedeonapartman.hu\/wp-content\/uploads\/2023\/10\/Apartman-Horvatorszag-7.jpg\" class=\"attachment-large size-large\" alt=\"Sz\u00e1ll\u00e1shely Horv\u00e1torsz\u00e1g Gedeon Apartmanh\u00e1z Vir sziget\u00e9n\" \/><\/a>\n\t\t\t<\/span><\/li><li class='gallery-item'><span class='gallery-icon landscape'>\n\t\t\t\t<a href=\"https:\/\/gedeonapartman.hu\/de\/accommodation\/gedeon-apartamanhaz-2-emelet-bal-oldal-8\/\"><img loading=\"lazy\" decoding=\"async\" width=\"800\" height=\"600\" src=\"https:\/\/gedeonapartman.hu\/wp-content\/uploads\/2023\/10\/Apartman-Horvatorszag-6.jpg\" class=\"attachment-large size-large\" alt=\"Sz\u00e1ll\u00e1shely Horv\u00e1torsz\u00e1g Gedeon Apartmanh\u00e1z Vir sziget\u00e9n\" srcset=\"https:\/\/gedeonapartman.hu\/wp-content\/uploads\/2023\/10\/Apartman-Horvatorszag-6.jpg 853w, https:\/\/gedeonapartman.hu\/wp-content\/uploads\/2023\/10\/Apartman-Horvatorszag-6-700x525.jpg 700w, https:\/\/gedeonapartman.hu\/wp-content\/uploads\/2023\/10\/Apartman-Horvatorszag-6-768x576.jpg 768w, https:\/\/gedeonapartman.hu\/wp-content\/uploads\/2023\/10\/Apartman-Horvatorszag-6-600x450.jpg 600w\" sizes=\"(max-width: 800px) 100vw, 800px\" \/><\/a>\n\t\t\t<\/span><\/li><li class='gallery-item'><span class='gallery-icon landscape'>\n\t\t\t\t<a href=\"https:\/\/gedeonapartman.hu\/de\/accommodation\/gedeon-apartamanhaz-2-emelet-bal-oldal-8\/\"><img loading=\"lazy\" decoding=\"async\" width=\"800\" height=\"600\" src=\"https:\/\/gedeonapartman.hu\/wp-content\/uploads\/2023\/10\/Apartman-Horvatorszag-5.jpg\" class=\"attachment-large size-large\" alt=\"Sz\u00e1ll\u00e1shely Horv\u00e1torsz\u00e1g Gedeon Apartmanh\u00e1z Vir sziget\u00e9n\" srcset=\"https:\/\/gedeonapartman.hu\/wp-content\/uploads\/2023\/10\/Apartman-Horvatorszag-5.jpg 853w, https:\/\/gedeonapartman.hu\/wp-content\/uploads\/2023\/10\/Apartman-Horvatorszag-5-700x525.jpg 700w, https:\/\/gedeonapartman.hu\/wp-content\/uploads\/2023\/10\/Apartman-Horvatorszag-5-768x576.jpg 768w, https:\/\/gedeonapartman.hu\/wp-content\/uploads\/2023\/10\/Apartman-Horvatorszag-5-600x450.jpg 600w\" sizes=\"(max-width: 800px) 100vw, 800px\" \/><\/a>\n\t\t\t<\/span><\/li><li class='gallery-item'><span class='gallery-icon portrait'>\n\t\t\t\t<a href=\"https:\/\/gedeonapartman.hu\/de\/accommodation\/gedeon-apartamanhaz-2-emelet-bal-oldal-8\/\"><img loading=\"lazy\" decoding=\"async\" width=\"480\" height=\"640\" src=\"https:\/\/gedeonapartman.hu\/wp-content\/uploads\/2023\/10\/Apartman-Horvatorszag-4.jpg\" class=\"attachment-large size-large\" alt=\"Sz\u00e1ll\u00e1shely Horv\u00e1torsz\u00e1g Gedeon Apartmanh\u00e1z Vir sziget\u00e9n\" \/><\/a>\n\t\t\t<\/span><\/li><li class='gallery-item'><span class='gallery-icon landscape'>\n\t\t\t\t<a href=\"https:\/\/gedeonapartman.hu\/de\/accommodation\/gedeon-apartamanhaz-2-emelet-bal-oldal-8\/\"><img loading=\"lazy\" decoding=\"async\" width=\"800\" height=\"600\" src=\"https:\/\/gedeonapartman.hu\/wp-content\/uploads\/2023\/10\/Apartman-Horvatorszag-3.jpg\" class=\"attachment-large size-large\" alt=\"Sz\u00e1ll\u00e1shely Horv\u00e1torsz\u00e1g Gedeon Apartmanh\u00e1z Vir sziget\u00e9n\" srcset=\"https:\/\/gedeonapartman.hu\/wp-content\/uploads\/2023\/10\/Apartman-Horvatorszag-3.jpg 853w, https:\/\/gedeonapartman.hu\/wp-content\/uploads\/2023\/10\/Apartman-Horvatorszag-3-700x525.jpg 700w, https:\/\/gedeonapartman.hu\/wp-content\/uploads\/2023\/10\/Apartman-Horvatorszag-3-768x576.jpg 768w, https:\/\/gedeonapartman.hu\/wp-content\/uploads\/2023\/10\/Apartman-Horvatorszag-3-600x450.jpg 600w\" sizes=\"(max-width: 800px) 100vw, 800px\" \/><\/a>\n\t\t\t<\/span><\/li><li class='gallery-item'><span class='gallery-icon portrait'>\n\t\t\t\t<a href=\"https:\/\/gedeonapartman.hu\/de\/accommodation\/gedeon-apartamanhaz-2-emelet-bal-oldal-8\/\"><img loading=\"lazy\" decoding=\"async\" width=\"480\" height=\"640\" src=\"https:\/\/gedeonapartman.hu\/wp-content\/uploads\/2023\/10\/Apartman-Horvatorszag-1.jpg\" class=\"attachment-large size-large\" alt=\"Sz\u00e1ll\u00e1shely Horv\u00e1torsz\u00e1g Gedeon Apartmanh\u00e1z Vir sziget\u00e9n\" \/><\/a>\n\t\t\t<\/span><\/li><li class='gallery-item'><span class='gallery-icon landscape'>\n\t\t\t\t<a href=\"https:\/\/gedeonapartman.hu\/de\/accommodation\/gedeon-apartamanhaz-2-emelet-bal-oldal-8\/\"><img loading=\"lazy\" decoding=\"async\" width=\"800\" height=\"600\" src=\"https:\/\/gedeonapartman.hu\/wp-content\/uploads\/2023\/10\/Apartman-Horvatorszag-2.jpg\" class=\"attachment-large size-large\" alt=\"Sz\u00e1ll\u00e1shely Horv\u00e1torsz\u00e1g Gedeon Apartmanh\u00e1z Vir sziget\u00e9n\" srcset=\"https:\/\/gedeonapartman.hu\/wp-content\/uploads\/2023\/10\/Apartman-Horvatorszag-2.jpg 853w, https:\/\/gedeonapartman.hu\/wp-content\/uploads\/2023\/10\/Apartman-Horvatorszag-2-700x525.jpg 700w, https:\/\/gedeonapartman.hu\/wp-content\/uploads\/2023\/10\/Apartman-Horvatorszag-2-768x576.jpg 768w, https:\/\/gedeonapartman.hu\/wp-content\/uploads\/2023\/10\/Apartman-Horvatorszag-2-600x450.jpg 600w\" sizes=\"(max-width: 800px) 100vw, 800px\" \/><\/a>\n\t\t\t<\/span><\/li><\/ul>\n\t\t<\/div>\n<div id='mphb-flexslider-gallery-8' class='gallery-columns-4 gallery-size-thumbnail mphb-gallery-thumbnail-slider mphb-flexslider-gallery-wrapper mphb-room-type-gallery-wrapper mphb-gallery-thumbnail-slider-69ee7bd0e41c0' data-flexslider-atts='{\"animation\":\"slide\",\"controlNav\":false,\"animationLoop\":true,\"slideshow\":false,\"itemMargin\":5}' data-group='69ee7bd0e41c0'><ul class=\"slides\"><li class='gallery-item'><span class='gallery-icon landscape'>\n\t\t\t\t<a href='https:\/\/gedeonapartman.hu\/de\/home\/apartman-horvatorszag-12\/'><img loading=\"lazy\" decoding=\"async\" width=\"150\" height=\"150\" src=\"https:\/\/gedeonapartman.hu\/wp-content\/uploads\/2023\/10\/Apartman-Horvatorszag-12-150x150.jpg\" class=\"attachment-thumbnail size-thumbnail\" alt=\"Sz\u00e1ll\u00e1shely Horv\u00e1torsz\u00e1g Gedeon Apartmanh\u00e1z Vir sziget\u00e9n\" srcset=\"https:\/\/gedeonapartman.hu\/wp-content\/uploads\/2023\/10\/Apartman-Horvatorszag-12-150x150.jpg 150w, https:\/\/gedeonapartman.hu\/wp-content\/uploads\/2023\/10\/Apartman-Horvatorszag-12-300x300.jpg 300w, https:\/\/gedeonapartman.hu\/wp-content\/uploads\/2023\/10\/Apartman-Horvatorszag-12-100x100.jpg 100w\" sizes=\"(max-width: 150px) 100vw, 150px\" \/><\/a>\n\t\t\t<\/span><\/li><li class='gallery-item'><span class='gallery-icon landscape'>\n\t\t\t\t<a href='https:\/\/gedeonapartman.hu\/de\/home\/apartman-horvatorszag-11\/'><img loading=\"lazy\" decoding=\"async\" width=\"150\" height=\"150\" src=\"https:\/\/gedeonapartman.hu\/wp-content\/uploads\/2023\/10\/Apartman-Horvatorszag-11-150x150.jpg\" class=\"attachment-thumbnail size-thumbnail\" alt=\"Sz\u00e1ll\u00e1shely Horv\u00e1torsz\u00e1g Gedeon Apartmanh\u00e1z Vir sziget\u00e9n\" srcset=\"https:\/\/gedeonapartman.hu\/wp-content\/uploads\/2023\/10\/Apartman-Horvatorszag-11-150x150.jpg 150w, https:\/\/gedeonapartman.hu\/wp-content\/uploads\/2023\/10\/Apartman-Horvatorszag-11-300x300.jpg 300w, https:\/\/gedeonapartman.hu\/wp-content\/uploads\/2023\/10\/Apartman-Horvatorszag-11-100x100.jpg 100w\" sizes=\"(max-width: 150px) 100vw, 150px\" \/><\/a>\n\t\t\t<\/span><\/li><li class='gallery-item'><span class='gallery-icon portrait'>\n\t\t\t\t<a href='https:\/\/gedeonapartman.hu\/de\/home\/apartman-horvatorszag-10\/'><img loading=\"lazy\" decoding=\"async\" width=\"150\" height=\"150\" src=\"https:\/\/gedeonapartman.hu\/wp-content\/uploads\/2023\/10\/Apartman-Horvatorszag-10-150x150.jpg\" class=\"attachment-thumbnail size-thumbnail\" alt=\"Sz\u00e1ll\u00e1shely Horv\u00e1torsz\u00e1g Gedeon Apartmanh\u00e1z Vir sziget\u00e9n\" srcset=\"https:\/\/gedeonapartman.hu\/wp-content\/uploads\/2023\/10\/Apartman-Horvatorszag-10-150x150.jpg 150w, https:\/\/gedeonapartman.hu\/wp-content\/uploads\/2023\/10\/Apartman-Horvatorszag-10-300x300.jpg 300w, https:\/\/gedeonapartman.hu\/wp-content\/uploads\/2023\/10\/Apartman-Horvatorszag-10-100x100.jpg 100w\" sizes=\"(max-width: 150px) 100vw, 150px\" \/><\/a>\n\t\t\t<\/span><\/li><li class='gallery-item'><span class='gallery-icon portrait'>\n\t\t\t\t<a href='https:\/\/gedeonapartman.hu\/de\/home\/apartman-horvatorszag-9\/'><img loading=\"lazy\" decoding=\"async\" width=\"150\" height=\"150\" src=\"https:\/\/gedeonapartman.hu\/wp-content\/uploads\/2023\/10\/Apartman-Horvatorszag-9-150x150.jpg\" class=\"attachment-thumbnail size-thumbnail\" alt=\"Sz\u00e1ll\u00e1shely Horv\u00e1torsz\u00e1g Gedeon Apartmanh\u00e1z Vir sziget\u00e9n\" srcset=\"https:\/\/gedeonapartman.hu\/wp-content\/uploads\/2023\/10\/Apartman-Horvatorszag-9-150x150.jpg 150w, https:\/\/gedeonapartman.hu\/wp-content\/uploads\/2023\/10\/Apartman-Horvatorszag-9-300x300.jpg 300w, https:\/\/gedeonapartman.hu\/wp-content\/uploads\/2023\/10\/Apartman-Horvatorszag-9-100x100.jpg 100w\" sizes=\"(max-width: 150px) 100vw, 150px\" \/><\/a>\n\t\t\t<\/span><\/li><li class='gallery-item'><span class='gallery-icon landscape'>\n\t\t\t\t<a href='https:\/\/gedeonapartman.hu\/de\/home\/apartman-horvatorszag-8\/'><img loading=\"lazy\" decoding=\"async\" width=\"150\" height=\"150\" src=\"https:\/\/gedeonapartman.hu\/wp-content\/uploads\/2023\/10\/Apartman-Horvatorszag-8-150x150.jpg\" class=\"attachment-thumbnail size-thumbnail\" alt=\"Sz\u00e1ll\u00e1shely Horv\u00e1torsz\u00e1g Gedeon Apartmanh\u00e1z Vir sziget\u00e9n\" srcset=\"https:\/\/gedeonapartman.hu\/wp-content\/uploads\/2023\/10\/Apartman-Horvatorszag-8-150x150.jpg 150w, https:\/\/gedeonapartman.hu\/wp-content\/uploads\/2023\/10\/Apartman-Horvatorszag-8-300x300.jpg 300w, https:\/\/gedeonapartman.hu\/wp-content\/uploads\/2023\/10\/Apartman-Horvatorszag-8-100x100.jpg 100w\" sizes=\"(max-width: 150px) 100vw, 150px\" \/><\/a>\n\t\t\t<\/span><\/li><li class='gallery-item'><span class='gallery-icon portrait'>\n\t\t\t\t<a href='https:\/\/gedeonapartman.hu\/de\/home\/apartman-horvatorszag-7\/'><img loading=\"lazy\" decoding=\"async\" width=\"150\" height=\"150\" src=\"https:\/\/gedeonapartman.hu\/wp-content\/uploads\/2023\/10\/Apartman-Horvatorszag-7-150x150.jpg\" class=\"attachment-thumbnail size-thumbnail\" alt=\"Sz\u00e1ll\u00e1shely Horv\u00e1torsz\u00e1g Gedeon Apartmanh\u00e1z Vir sziget\u00e9n\" srcset=\"https:\/\/gedeonapartman.hu\/wp-content\/uploads\/2023\/10\/Apartman-Horvatorszag-7-150x150.jpg 150w, https:\/\/gedeonapartman.hu\/wp-content\/uploads\/2023\/10\/Apartman-Horvatorszag-7-300x300.jpg 300w, https:\/\/gedeonapartman.hu\/wp-content\/uploads\/2023\/10\/Apartman-Horvatorszag-7-100x100.jpg 100w\" sizes=\"(max-width: 150px) 100vw, 150px\" \/><\/a>\n\t\t\t<\/span><\/li><li class='gallery-item'><span class='gallery-icon landscape'>\n\t\t\t\t<a href='https:\/\/gedeonapartman.hu\/de\/home\/apartman-horvatorszag-6\/'><img loading=\"lazy\" decoding=\"async\" width=\"150\" height=\"150\" src=\"https:\/\/gedeonapartman.hu\/wp-content\/uploads\/2023\/10\/Apartman-Horvatorszag-6-150x150.jpg\" class=\"attachment-thumbnail size-thumbnail\" alt=\"Sz\u00e1ll\u00e1shely Horv\u00e1torsz\u00e1g Gedeon Apartmanh\u00e1z Vir sziget\u00e9n\" srcset=\"https:\/\/gedeonapartman.hu\/wp-content\/uploads\/2023\/10\/Apartman-Horvatorszag-6-150x150.jpg 150w, https:\/\/gedeonapartman.hu\/wp-content\/uploads\/2023\/10\/Apartman-Horvatorszag-6-300x300.jpg 300w, https:\/\/gedeonapartman.hu\/wp-content\/uploads\/2023\/10\/Apartman-Horvatorszag-6-100x100.jpg 100w\" sizes=\"(max-width: 150px) 100vw, 150px\" \/><\/a>\n\t\t\t<\/span><\/li><li class='gallery-item'><span class='gallery-icon landscape'>\n\t\t\t\t<a href='https:\/\/gedeonapartman.hu\/de\/home\/apartman-horvatorszag-5\/'><img loading=\"lazy\" decoding=\"async\" width=\"150\" height=\"150\" src=\"https:\/\/gedeonapartman.hu\/wp-content\/uploads\/2023\/10\/Apartman-Horvatorszag-5-150x150.jpg\" class=\"attachment-thumbnail size-thumbnail\" alt=\"Sz\u00e1ll\u00e1shely Horv\u00e1torsz\u00e1g Gedeon Apartmanh\u00e1z Vir sziget\u00e9n\" srcset=\"https:\/\/gedeonapartman.hu\/wp-content\/uploads\/2023\/10\/Apartman-Horvatorszag-5-150x150.jpg 150w, https:\/\/gedeonapartman.hu\/wp-content\/uploads\/2023\/10\/Apartman-Horvatorszag-5-300x300.jpg 300w, https:\/\/gedeonapartman.hu\/wp-content\/uploads\/2023\/10\/Apartman-Horvatorszag-5-100x100.jpg 100w\" sizes=\"(max-width: 150px) 100vw, 150px\" \/><\/a>\n\t\t\t<\/span><\/li><li class='gallery-item'><span class='gallery-icon portrait'>\n\t\t\t\t<a href='https:\/\/gedeonapartman.hu\/de\/home\/apartman-horvatorszag-4\/'><img loading=\"lazy\" decoding=\"async\" width=\"150\" height=\"150\" src=\"https:\/\/gedeonapartman.hu\/wp-content\/uploads\/2023\/10\/Apartman-Horvatorszag-4-150x150.jpg\" class=\"attachment-thumbnail size-thumbnail\" alt=\"Sz\u00e1ll\u00e1shely Horv\u00e1torsz\u00e1g Gedeon Apartmanh\u00e1z Vir sziget\u00e9n\" srcset=\"https:\/\/gedeonapartman.hu\/wp-content\/uploads\/2023\/10\/Apartman-Horvatorszag-4-150x150.jpg 150w, https:\/\/gedeonapartman.hu\/wp-content\/uploads\/2023\/10\/Apartman-Horvatorszag-4-300x300.jpg 300w, https:\/\/gedeonapartman.hu\/wp-content\/uploads\/2023\/10\/Apartman-Horvatorszag-4-100x100.jpg 100w\" sizes=\"(max-width: 150px) 100vw, 150px\" \/><\/a>\n\t\t\t<\/span><\/li><li class='gallery-item'><span class='gallery-icon landscape'>\n\t\t\t\t<a href='https:\/\/gedeonapartman.hu\/de\/home\/apartman-horvatorszag-3\/'><img loading=\"lazy\" decoding=\"async\" width=\"150\" height=\"150\" src=\"https:\/\/gedeonapartman.hu\/wp-content\/uploads\/2023\/10\/Apartman-Horvatorszag-3-150x150.jpg\" class=\"attachment-thumbnail size-thumbnail\" alt=\"Sz\u00e1ll\u00e1shely Horv\u00e1torsz\u00e1g Gedeon Apartmanh\u00e1z Vir sziget\u00e9n\" srcset=\"https:\/\/gedeonapartman.hu\/wp-content\/uploads\/2023\/10\/Apartman-Horvatorszag-3-150x150.jpg 150w, https:\/\/gedeonapartman.hu\/wp-content\/uploads\/2023\/10\/Apartman-Horvatorszag-3-300x300.jpg 300w, https:\/\/gedeonapartman.hu\/wp-content\/uploads\/2023\/10\/Apartman-Horvatorszag-3-100x100.jpg 100w\" sizes=\"(max-width: 150px) 100vw, 150px\" \/><\/a>\n\t\t\t<\/span><\/li><li class='gallery-item'><span class='gallery-icon portrait'>\n\t\t\t\t<a href='https:\/\/gedeonapartman.hu\/de\/home\/apartman-horvatorszag-1\/'><img loading=\"lazy\" decoding=\"async\" width=\"150\" height=\"150\" src=\"https:\/\/gedeonapartman.hu\/wp-content\/uploads\/2023\/10\/Apartman-Horvatorszag-1-150x150.jpg\" class=\"attachment-thumbnail size-thumbnail\" alt=\"Sz\u00e1ll\u00e1shely Horv\u00e1torsz\u00e1g Gedeon Apartmanh\u00e1z Vir sziget\u00e9n\" srcset=\"https:\/\/gedeonapartman.hu\/wp-content\/uploads\/2023\/10\/Apartman-Horvatorszag-1-150x150.jpg 150w, https:\/\/gedeonapartman.hu\/wp-content\/uploads\/2023\/10\/Apartman-Horvatorszag-1-300x300.jpg 300w, https:\/\/gedeonapartman.hu\/wp-content\/uploads\/2023\/10\/Apartman-Horvatorszag-1-100x100.jpg 100w\" sizes=\"(max-width: 150px) 100vw, 150px\" \/><\/a>\n\t\t\t<\/span><\/li><li class='gallery-item'><span class='gallery-icon landscape'>\n\t\t\t\t<a href='https:\/\/gedeonapartman.hu\/de\/home\/apartman-horvatorszag-2\/'><img loading=\"lazy\" decoding=\"async\" width=\"150\" height=\"150\" src=\"https:\/\/gedeonapartman.hu\/wp-content\/uploads\/2023\/10\/Apartman-Horvatorszag-2-150x150.jpg\" class=\"attachment-thumbnail size-thumbnail\" alt=\"Sz\u00e1ll\u00e1shely Horv\u00e1torsz\u00e1g Gedeon Apartmanh\u00e1z Vir sziget\u00e9n\" srcset=\"https:\/\/gedeonapartman.hu\/wp-content\/uploads\/2023\/10\/Apartman-Horvatorszag-2-150x150.jpg 150w, https:\/\/gedeonapartman.hu\/wp-content\/uploads\/2023\/10\/Apartman-Horvatorszag-2-300x300.jpg 300w, https:\/\/gedeonapartman.hu\/wp-content\/uploads\/2023\/10\/Apartman-Horvatorszag-2-100x100.jpg 100w\" sizes=\"(max-width: 150px) 100vw, 150px\" \/><\/a>\n\t\t\t<\/span><\/li><\/ul>\n\t\t<\/div>\n\n\t<\/div>\n\t\n<h2 class=\"mphb-room-type-title entry-title\">\n\n<a class=\"mphb-room-type-title\" href=\"https:\/\/gedeonapartman.hu\/de\/accommodation\/gedeon-apartamanhaz-2-emelet-bal-oldal-8\/\">Gedeon Apartmanh\u00e1z #2 Emelet bal oldal #8<\/a>\n\n<\/h2>\n\n<p>Apartman 1-4 ig (f\u00f6ldszinten kett\u0151 \u00e9s az emeletten is kett\u0151). Mind a n\u00e9gy teljesen egyforma sz\u00e1ll\u00e1shely. K\u00fcl\u00f6n-k\u00fcl\u00f6n is foglalhat\u00f3. K\u00e9t k\u00fcl\u00f6n szoba + amerikai konyh\u00e1s nappali \u00e9s zuhanykabinos f\u00fcrd\u0151szoba.<\/p>\n\n\n<h3 class=\"mphb-room-type-details-title\">Details<\/h3><ul class=\"mphb-loop-room-type-attributes\">\n\t<li class=\"mphb-room-type-total-capacity\"><span class=\"mphb-attribute-title mphb-total-capacity-title\">G\u00e4ste:<\/span><span class=\"mphb-attribute-value\">\n\t6\n\t<\/span><\/li>\t\n\n\n\n\n\n\n\n\t<li class=\"mphb-room-type-size\"><span class=\"mphb-attribute-title mphb-size-title\">Gr\u00f6\u00dfe:<\/span><span class=\"mphb-attribute-value\">\n\t40m\u00b2\n\t<\/span><\/li>\n\t\n\n\n\n\t<li class=\"mphb-room-type-categories\"><span class=\"mphb-attribute-title mphb-categories-title\">Kategorien:<\/span><span class=\"mphb-attribute-value\"> <span class=\"category-apartman-2\"><a href=\"https:\/\/gedeonapartman.hu\/de\/accommodation-category\/apartman-2\/\">Apartman #2<\/a><\/span><\/span><\/li>\n\t\n<\/ul>\n\n\t<p class=\"mphb-regular-price\"><strong>Preis von:<\/strong>\n\t<span class=\"mphb-price\">480&nbsp;<span class=\"mphb-currency\">&euro;<\/span><\/span> <span class=\"mphb-price-period\" title=\"W\u00e4hlen Sie Daten, um relevante Preise zu sehen\">f\u00fcr 4 N\u00e4chte<\/span><span class=\"mphb-tax-information taxes-included\"> (+Steuern und Geb\u00fchren)<\/span>\n\t<\/p>\n\t\n<p class=\"mphb-view-details-button-wrapper\">\n<a class=\"button mphb-view-details-button\" href=\"https:\/\/gedeonapartman.hu\/de\/accommodation\/gedeon-apartamanhaz-2-emelet-bal-oldal-8\/\" >Details ansehen<\/a>\n<\/p>\n<div class=\"mphb-to-book-btn-wrapper\">\n<form action=\"https:\/\/gedeonapartman.hu\/de\/accommodation\/gedeon-apartamanhaz-2-emelet-bal-oldal-8\/#booking-form-24126\" method=\"get\" data-trp-original-action=\"https:\/\/gedeonapartman.hu\/de\/accommodation\/gedeon-apartamanhaz-2-emelet-bal-oldal-8\/#booking-form-24126\" ><button type=\"submit\" class=\"button mphb-book-button\" >Buchen<\/button><input type=\"hidden\" name=\"trp-form-language\" value=\"de\"\/><\/form>\n<br\/><\/div>\n\t\n<\/div>\n\n<div class=\"mphb-room-type post-24107 mphb_room_type type-mphb_room_type status-publish has-post-thumbnail mphb_room_type_category-apartman-2 mphb-room-type-adults-6 mphb-room-type-children-5 has-taxes-and-fees\">\n\n\t\n\t\n\n\t<div class=\"mphb-room-type-images\">\n\t<div id='mphb-flexslider-gallery-9' class='gallery-columns-1 gallery-size-large mphb-gallery-main-slider mphb-flexslider-gallery-wrapper mphb-room-type-gallery-wrapper mphb-gallery-main-slider-69ee7bd0e5a71' data-flexslider-atts='{\"animation\":\"slide\",\"controlNav\":false,\"animationLoop\":true,\"smoothHeight\":true,\"slideshow\":false}' data-group='69ee7bd0e5a71'><ul class=\"slides\"><li class='gallery-item'><span class='gallery-icon landscape'>\n\t\t\t\t<a href=\"https:\/\/gedeonapartman.hu\/de\/accommodation\/gedeon-apartamanhaz-2-emelet-jobb-oldal-7\/\"><img loading=\"lazy\" decoding=\"async\" width=\"800\" height=\"600\" src=\"https:\/\/gedeonapartman.hu\/wp-content\/uploads\/2023\/10\/Apartman-Horvatorszag-12.jpg\" class=\"attachment-large size-large\" alt=\"Sz\u00e1ll\u00e1shely Horv\u00e1torsz\u00e1g Gedeon Apartmanh\u00e1z Vir sziget\u00e9n\" srcset=\"https:\/\/gedeonapartman.hu\/wp-content\/uploads\/2023\/10\/Apartman-Horvatorszag-12.jpg 853w, https:\/\/gedeonapartman.hu\/wp-content\/uploads\/2023\/10\/Apartman-Horvatorszag-12-700x525.jpg 700w, https:\/\/gedeonapartman.hu\/wp-content\/uploads\/2023\/10\/Apartman-Horvatorszag-12-768x576.jpg 768w, https:\/\/gedeonapartman.hu\/wp-content\/uploads\/2023\/10\/Apartman-Horvatorszag-12-600x450.jpg 600w\" sizes=\"(max-width: 800px) 100vw, 800px\" \/><\/a>\n\t\t\t<\/span><\/li><li class='gallery-item'><span class='gallery-icon landscape'>\n\t\t\t\t<a href=\"https:\/\/gedeonapartman.hu\/de\/accommodation\/gedeon-apartamanhaz-2-emelet-jobb-oldal-7\/\"><img loading=\"lazy\" decoding=\"async\" width=\"800\" height=\"600\" src=\"https:\/\/gedeonapartman.hu\/wp-content\/uploads\/2023\/10\/Apartman-Horvatorszag-11.jpg\" class=\"attachment-large size-large\" alt=\"Sz\u00e1ll\u00e1shely Horv\u00e1torsz\u00e1g Gedeon Apartmanh\u00e1z Vir sziget\u00e9n\" srcset=\"https:\/\/gedeonapartman.hu\/wp-content\/uploads\/2023\/10\/Apartman-Horvatorszag-11.jpg 853w, https:\/\/gedeonapartman.hu\/wp-content\/uploads\/2023\/10\/Apartman-Horvatorszag-11-700x525.jpg 700w, https:\/\/gedeonapartman.hu\/wp-content\/uploads\/2023\/10\/Apartman-Horvatorszag-11-768x576.jpg 768w, https:\/\/gedeonapartman.hu\/wp-content\/uploads\/2023\/10\/Apartman-Horvatorszag-11-600x450.jpg 600w\" sizes=\"(max-width: 800px) 100vw, 800px\" \/><\/a>\n\t\t\t<\/span><\/li><li class='gallery-item'><span class='gallery-icon portrait'>\n\t\t\t\t<a href=\"https:\/\/gedeonapartman.hu\/de\/accommodation\/gedeon-apartamanhaz-2-emelet-jobb-oldal-7\/\"><img loading=\"lazy\" decoding=\"async\" width=\"480\" height=\"640\" src=\"https:\/\/gedeonapartman.hu\/wp-content\/uploads\/2023\/10\/Apartman-Horvatorszag-10.jpg\" class=\"attachment-large size-large\" alt=\"Sz\u00e1ll\u00e1shely Horv\u00e1torsz\u00e1g Gedeon Apartmanh\u00e1z Vir sziget\u00e9n\" \/><\/a>\n\t\t\t<\/span><\/li><li class='gallery-item'><span class='gallery-icon portrait'>\n\t\t\t\t<a href=\"https:\/\/gedeonapartman.hu\/de\/accommodation\/gedeon-apartamanhaz-2-emelet-jobb-oldal-7\/\"><img loading=\"lazy\" decoding=\"async\" width=\"480\" height=\"640\" src=\"https:\/\/gedeonapartman.hu\/wp-content\/uploads\/2023\/10\/Apartman-Horvatorszag-9.jpg\" class=\"attachment-large size-large\" alt=\"Sz\u00e1ll\u00e1shely Horv\u00e1torsz\u00e1g Gedeon Apartmanh\u00e1z Vir sziget\u00e9n\" \/><\/a>\n\t\t\t<\/span><\/li><li class='gallery-item'><span class='gallery-icon landscape'>\n\t\t\t\t<a href=\"https:\/\/gedeonapartman.hu\/de\/accommodation\/gedeon-apartamanhaz-2-emelet-jobb-oldal-7\/\"><img loading=\"lazy\" decoding=\"async\" width=\"800\" height=\"600\" src=\"https:\/\/gedeonapartman.hu\/wp-content\/uploads\/2023\/10\/Apartman-Horvatorszag-8.jpg\" class=\"attachment-large size-large\" alt=\"Sz\u00e1ll\u00e1shely Horv\u00e1torsz\u00e1g Gedeon Apartmanh\u00e1z Vir sziget\u00e9n\" srcset=\"https:\/\/gedeonapartman.hu\/wp-content\/uploads\/2023\/10\/Apartman-Horvatorszag-8.jpg 853w, https:\/\/gedeonapartman.hu\/wp-content\/uploads\/2023\/10\/Apartman-Horvatorszag-8-700x525.jpg 700w, https:\/\/gedeonapartman.hu\/wp-content\/uploads\/2023\/10\/Apartman-Horvatorszag-8-768x576.jpg 768w, https:\/\/gedeonapartman.hu\/wp-content\/uploads\/2023\/10\/Apartman-Horvatorszag-8-600x450.jpg 600w\" sizes=\"(max-width: 800px) 100vw, 800px\" \/><\/a>\n\t\t\t<\/span><\/li><li class='gallery-item'><span class='gallery-icon portrait'>\n\t\t\t\t<a href=\"https:\/\/gedeonapartman.hu\/de\/accommodation\/gedeon-apartamanhaz-2-emelet-jobb-oldal-7\/\"><img loading=\"lazy\" decoding=\"async\" width=\"480\" height=\"640\" src=\"https:\/\/gedeonapartman.hu\/wp-content\/uploads\/2023\/10\/Apartman-Horvatorszag-7.jpg\" class=\"attachment-large size-large\" alt=\"Sz\u00e1ll\u00e1shely Horv\u00e1torsz\u00e1g Gedeon Apartmanh\u00e1z Vir sziget\u00e9n\" \/><\/a>\n\t\t\t<\/span><\/li><li class='gallery-item'><span class='gallery-icon landscape'>\n\t\t\t\t<a href=\"https:\/\/gedeonapartman.hu\/de\/accommodation\/gedeon-apartamanhaz-2-emelet-jobb-oldal-7\/\"><img loading=\"lazy\" decoding=\"async\" width=\"800\" height=\"600\" src=\"https:\/\/gedeonapartman.hu\/wp-content\/uploads\/2023\/10\/Apartman-Horvatorszag-6.jpg\" class=\"attachment-large size-large\" alt=\"Sz\u00e1ll\u00e1shely Horv\u00e1torsz\u00e1g Gedeon Apartmanh\u00e1z Vir sziget\u00e9n\" srcset=\"https:\/\/gedeonapartman.hu\/wp-content\/uploads\/2023\/10\/Apartman-Horvatorszag-6.jpg 853w, https:\/\/gedeonapartman.hu\/wp-content\/uploads\/2023\/10\/Apartman-Horvatorszag-6-700x525.jpg 700w, https:\/\/gedeonapartman.hu\/wp-content\/uploads\/2023\/10\/Apartman-Horvatorszag-6-768x576.jpg 768w, https:\/\/gedeonapartman.hu\/wp-content\/uploads\/2023\/10\/Apartman-Horvatorszag-6-600x450.jpg 600w\" sizes=\"(max-width: 800px) 100vw, 800px\" \/><\/a>\n\t\t\t<\/span><\/li><li class='gallery-item'><span class='gallery-icon landscape'>\n\t\t\t\t<a href=\"https:\/\/gedeonapartman.hu\/de\/accommodation\/gedeon-apartamanhaz-2-emelet-jobb-oldal-7\/\"><img loading=\"lazy\" decoding=\"async\" width=\"800\" height=\"600\" src=\"https:\/\/gedeonapartman.hu\/wp-content\/uploads\/2023\/10\/Apartman-Horvatorszag-5.jpg\" class=\"attachment-large size-large\" alt=\"Sz\u00e1ll\u00e1shely Horv\u00e1torsz\u00e1g Gedeon Apartmanh\u00e1z Vir sziget\u00e9n\" srcset=\"https:\/\/gedeonapartman.hu\/wp-content\/uploads\/2023\/10\/Apartman-Horvatorszag-5.jpg 853w, https:\/\/gedeonapartman.hu\/wp-content\/uploads\/2023\/10\/Apartman-Horvatorszag-5-700x525.jpg 700w, https:\/\/gedeonapartman.hu\/wp-content\/uploads\/2023\/10\/Apartman-Horvatorszag-5-768x576.jpg 768w, https:\/\/gedeonapartman.hu\/wp-content\/uploads\/2023\/10\/Apartman-Horvatorszag-5-600x450.jpg 600w\" sizes=\"(max-width: 800px) 100vw, 800px\" \/><\/a>\n\t\t\t<\/span><\/li><li class='gallery-item'><span class='gallery-icon portrait'>\n\t\t\t\t<a href=\"https:\/\/gedeonapartman.hu\/de\/accommodation\/gedeon-apartamanhaz-2-emelet-jobb-oldal-7\/\"><img loading=\"lazy\" decoding=\"async\" width=\"480\" height=\"640\" src=\"https:\/\/gedeonapartman.hu\/wp-content\/uploads\/2023\/10\/Apartman-Horvatorszag-4.jpg\" class=\"attachment-large size-large\" alt=\"Sz\u00e1ll\u00e1shely Horv\u00e1torsz\u00e1g Gedeon Apartmanh\u00e1z Vir sziget\u00e9n\" \/><\/a>\n\t\t\t<\/span><\/li><li class='gallery-item'><span class='gallery-icon landscape'>\n\t\t\t\t<a href=\"https:\/\/gedeonapartman.hu\/de\/accommodation\/gedeon-apartamanhaz-2-emelet-jobb-oldal-7\/\"><img loading=\"lazy\" decoding=\"async\" width=\"800\" height=\"600\" src=\"https:\/\/gedeonapartman.hu\/wp-content\/uploads\/2023\/10\/Apartman-Horvatorszag-3.jpg\" class=\"attachment-large size-large\" alt=\"Sz\u00e1ll\u00e1shely Horv\u00e1torsz\u00e1g Gedeon Apartmanh\u00e1z Vir sziget\u00e9n\" srcset=\"https:\/\/gedeonapartman.hu\/wp-content\/uploads\/2023\/10\/Apartman-Horvatorszag-3.jpg 853w, https:\/\/gedeonapartman.hu\/wp-content\/uploads\/2023\/10\/Apartman-Horvatorszag-3-700x525.jpg 700w, https:\/\/gedeonapartman.hu\/wp-content\/uploads\/2023\/10\/Apartman-Horvatorszag-3-768x576.jpg 768w, https:\/\/gedeonapartman.hu\/wp-content\/uploads\/2023\/10\/Apartman-Horvatorszag-3-600x450.jpg 600w\" sizes=\"(max-width: 800px) 100vw, 800px\" \/><\/a>\n\t\t\t<\/span><\/li><li class='gallery-item'><span class='gallery-icon landscape'>\n\t\t\t\t<a href=\"https:\/\/gedeonapartman.hu\/de\/accommodation\/gedeon-apartamanhaz-2-emelet-jobb-oldal-7\/\"><img loading=\"lazy\" decoding=\"async\" width=\"800\" height=\"600\" src=\"https:\/\/gedeonapartman.hu\/wp-content\/uploads\/2023\/10\/Apartman-Horvatorszag-2.jpg\" class=\"attachment-large size-large\" alt=\"Sz\u00e1ll\u00e1shely Horv\u00e1torsz\u00e1g Gedeon Apartmanh\u00e1z Vir sziget\u00e9n\" srcset=\"https:\/\/gedeonapartman.hu\/wp-content\/uploads\/2023\/10\/Apartman-Horvatorszag-2.jpg 853w, https:\/\/gedeonapartman.hu\/wp-content\/uploads\/2023\/10\/Apartman-Horvatorszag-2-700x525.jpg 700w, https:\/\/gedeonapartman.hu\/wp-content\/uploads\/2023\/10\/Apartman-Horvatorszag-2-768x576.jpg 768w, https:\/\/gedeonapartman.hu\/wp-content\/uploads\/2023\/10\/Apartman-Horvatorszag-2-600x450.jpg 600w\" sizes=\"(max-width: 800px) 100vw, 800px\" \/><\/a>\n\t\t\t<\/span><\/li><li class='gallery-item'><span class='gallery-icon portrait'>\n\t\t\t\t<a href=\"https:\/\/gedeonapartman.hu\/de\/accommodation\/gedeon-apartamanhaz-2-emelet-jobb-oldal-7\/\"><img loading=\"lazy\" decoding=\"async\" width=\"480\" height=\"640\" src=\"https:\/\/gedeonapartman.hu\/wp-content\/uploads\/2023\/10\/Apartman-Horvatorszag-1.jpg\" class=\"attachment-large size-large\" alt=\"Sz\u00e1ll\u00e1shely Horv\u00e1torsz\u00e1g Gedeon Apartmanh\u00e1z Vir sziget\u00e9n\" \/><\/a>\n\t\t\t<\/span><\/li><\/ul>\n\t\t<\/div>\n<div id='mphb-flexslider-gallery-10' class='gallery-columns-4 gallery-size-thumbnail mphb-gallery-thumbnail-slider mphb-flexslider-gallery-wrapper mphb-room-type-gallery-wrapper mphb-gallery-thumbnail-slider-69ee7bd0e5a71' data-flexslider-atts='{\"animation\":\"slide\",\"controlNav\":false,\"animationLoop\":true,\"slideshow\":false,\"itemMargin\":5}' data-group='69ee7bd0e5a71'><ul class=\"slides\"><li class='gallery-item'><span class='gallery-icon landscape'>\n\t\t\t\t<a href='https:\/\/gedeonapartman.hu\/de\/home\/apartman-horvatorszag-12\/'><img loading=\"lazy\" decoding=\"async\" width=\"150\" height=\"150\" src=\"https:\/\/gedeonapartman.hu\/wp-content\/uploads\/2023\/10\/Apartman-Horvatorszag-12-150x150.jpg\" class=\"attachment-thumbnail size-thumbnail\" alt=\"Sz\u00e1ll\u00e1shely Horv\u00e1torsz\u00e1g Gedeon Apartmanh\u00e1z Vir sziget\u00e9n\" srcset=\"https:\/\/gedeonapartman.hu\/wp-content\/uploads\/2023\/10\/Apartman-Horvatorszag-12-150x150.jpg 150w, https:\/\/gedeonapartman.hu\/wp-content\/uploads\/2023\/10\/Apartman-Horvatorszag-12-300x300.jpg 300w, https:\/\/gedeonapartman.hu\/wp-content\/uploads\/2023\/10\/Apartman-Horvatorszag-12-100x100.jpg 100w\" sizes=\"(max-width: 150px) 100vw, 150px\" \/><\/a>\n\t\t\t<\/span><\/li><li class='gallery-item'><span class='gallery-icon landscape'>\n\t\t\t\t<a href='https:\/\/gedeonapartman.hu\/de\/home\/apartman-horvatorszag-11\/'><img loading=\"lazy\" decoding=\"async\" width=\"150\" height=\"150\" src=\"https:\/\/gedeonapartman.hu\/wp-content\/uploads\/2023\/10\/Apartman-Horvatorszag-11-150x150.jpg\" class=\"attachment-thumbnail size-thumbnail\" alt=\"Sz\u00e1ll\u00e1shely Horv\u00e1torsz\u00e1g Gedeon Apartmanh\u00e1z Vir sziget\u00e9n\" srcset=\"https:\/\/gedeonapartman.hu\/wp-content\/uploads\/2023\/10\/Apartman-Horvatorszag-11-150x150.jpg 150w, https:\/\/gedeonapartman.hu\/wp-content\/uploads\/2023\/10\/Apartman-Horvatorszag-11-300x300.jpg 300w, https:\/\/gedeonapartman.hu\/wp-content\/uploads\/2023\/10\/Apartman-Horvatorszag-11-100x100.jpg 100w\" sizes=\"(max-width: 150px) 100vw, 150px\" \/><\/a>\n\t\t\t<\/span><\/li><li class='gallery-item'><span class='gallery-icon portrait'>\n\t\t\t\t<a href='https:\/\/gedeonapartman.hu\/de\/home\/apartman-horvatorszag-10\/'><img loading=\"lazy\" decoding=\"async\" width=\"150\" height=\"150\" src=\"https:\/\/gedeonapartman.hu\/wp-content\/uploads\/2023\/10\/Apartman-Horvatorszag-10-150x150.jpg\" class=\"attachment-thumbnail size-thumbnail\" alt=\"Sz\u00e1ll\u00e1shely Horv\u00e1torsz\u00e1g Gedeon Apartmanh\u00e1z Vir sziget\u00e9n\" srcset=\"https:\/\/gedeonapartman.hu\/wp-content\/uploads\/2023\/10\/Apartman-Horvatorszag-10-150x150.jpg 150w, https:\/\/gedeonapartman.hu\/wp-content\/uploads\/2023\/10\/Apartman-Horvatorszag-10-300x300.jpg 300w, https:\/\/gedeonapartman.hu\/wp-content\/uploads\/2023\/10\/Apartman-Horvatorszag-10-100x100.jpg 100w\" sizes=\"(max-width: 150px) 100vw, 150px\" \/><\/a>\n\t\t\t<\/span><\/li><li class='gallery-item'><span class='gallery-icon portrait'>\n\t\t\t\t<a href='https:\/\/gedeonapartman.hu\/de\/home\/apartman-horvatorszag-9\/'><img loading=\"lazy\" decoding=\"async\" width=\"150\" height=\"150\" src=\"https:\/\/gedeonapartman.hu\/wp-content\/uploads\/2023\/10\/Apartman-Horvatorszag-9-150x150.jpg\" class=\"attachment-thumbnail size-thumbnail\" alt=\"Sz\u00e1ll\u00e1shely Horv\u00e1torsz\u00e1g Gedeon Apartmanh\u00e1z Vir sziget\u00e9n\" srcset=\"https:\/\/gedeonapartman.hu\/wp-content\/uploads\/2023\/10\/Apartman-Horvatorszag-9-150x150.jpg 150w, https:\/\/gedeonapartman.hu\/wp-content\/uploads\/2023\/10\/Apartman-Horvatorszag-9-300x300.jpg 300w, https:\/\/gedeonapartman.hu\/wp-content\/uploads\/2023\/10\/Apartman-Horvatorszag-9-100x100.jpg 100w\" sizes=\"(max-width: 150px) 100vw, 150px\" \/><\/a>\n\t\t\t<\/span><\/li><li class='gallery-item'><span class='gallery-icon landscape'>\n\t\t\t\t<a href='https:\/\/gedeonapartman.hu\/de\/home\/apartman-horvatorszag-8\/'><img loading=\"lazy\" decoding=\"async\" width=\"150\" height=\"150\" src=\"https:\/\/gedeonapartman.hu\/wp-content\/uploads\/2023\/10\/Apartman-Horvatorszag-8-150x150.jpg\" class=\"attachment-thumbnail size-thumbnail\" alt=\"Sz\u00e1ll\u00e1shely Horv\u00e1torsz\u00e1g Gedeon Apartmanh\u00e1z Vir sziget\u00e9n\" srcset=\"https:\/\/gedeonapartman.hu\/wp-content\/uploads\/2023\/10\/Apartman-Horvatorszag-8-150x150.jpg 150w, https:\/\/gedeonapartman.hu\/wp-content\/uploads\/2023\/10\/Apartman-Horvatorszag-8-300x300.jpg 300w, https:\/\/gedeonapartman.hu\/wp-content\/uploads\/2023\/10\/Apartman-Horvatorszag-8-100x100.jpg 100w\" sizes=\"(max-width: 150px) 100vw, 150px\" \/><\/a>\n\t\t\t<\/span><\/li><li class='gallery-item'><span class='gallery-icon portrait'>\n\t\t\t\t<a href='https:\/\/gedeonapartman.hu\/de\/home\/apartman-horvatorszag-7\/'><img loading=\"lazy\" decoding=\"async\" width=\"150\" height=\"150\" src=\"https:\/\/gedeonapartman.hu\/wp-content\/uploads\/2023\/10\/Apartman-Horvatorszag-7-150x150.jpg\" class=\"attachment-thumbnail size-thumbnail\" alt=\"Sz\u00e1ll\u00e1shely Horv\u00e1torsz\u00e1g Gedeon Apartmanh\u00e1z Vir sziget\u00e9n\" srcset=\"https:\/\/gedeonapartman.hu\/wp-content\/uploads\/2023\/10\/Apartman-Horvatorszag-7-150x150.jpg 150w, https:\/\/gedeonapartman.hu\/wp-content\/uploads\/2023\/10\/Apartman-Horvatorszag-7-300x300.jpg 300w, https:\/\/gedeonapartman.hu\/wp-content\/uploads\/2023\/10\/Apartman-Horvatorszag-7-100x100.jpg 100w\" sizes=\"(max-width: 150px) 100vw, 150px\" \/><\/a>\n\t\t\t<\/span><\/li><li class='gallery-item'><span class='gallery-icon landscape'>\n\t\t\t\t<a href='https:\/\/gedeonapartman.hu\/de\/home\/apartman-horvatorszag-6\/'><img loading=\"lazy\" decoding=\"async\" width=\"150\" height=\"150\" src=\"https:\/\/gedeonapartman.hu\/wp-content\/uploads\/2023\/10\/Apartman-Horvatorszag-6-150x150.jpg\" class=\"attachment-thumbnail size-thumbnail\" alt=\"Sz\u00e1ll\u00e1shely Horv\u00e1torsz\u00e1g Gedeon Apartmanh\u00e1z Vir sziget\u00e9n\" srcset=\"https:\/\/gedeonapartman.hu\/wp-content\/uploads\/2023\/10\/Apartman-Horvatorszag-6-150x150.jpg 150w, https:\/\/gedeonapartman.hu\/wp-content\/uploads\/2023\/10\/Apartman-Horvatorszag-6-300x300.jpg 300w, https:\/\/gedeonapartman.hu\/wp-content\/uploads\/2023\/10\/Apartman-Horvatorszag-6-100x100.jpg 100w\" sizes=\"(max-width: 150px) 100vw, 150px\" \/><\/a>\n\t\t\t<\/span><\/li><li class='gallery-item'><span class='gallery-icon landscape'>\n\t\t\t\t<a href='https:\/\/gedeonapartman.hu\/de\/home\/apartman-horvatorszag-5\/'><img loading=\"lazy\" decoding=\"async\" width=\"150\" height=\"150\" src=\"https:\/\/gedeonapartman.hu\/wp-content\/uploads\/2023\/10\/Apartman-Horvatorszag-5-150x150.jpg\" class=\"attachment-thumbnail size-thumbnail\" alt=\"Sz\u00e1ll\u00e1shely Horv\u00e1torsz\u00e1g Gedeon Apartmanh\u00e1z Vir sziget\u00e9n\" srcset=\"https:\/\/gedeonapartman.hu\/wp-content\/uploads\/2023\/10\/Apartman-Horvatorszag-5-150x150.jpg 150w, https:\/\/gedeonapartman.hu\/wp-content\/uploads\/2023\/10\/Apartman-Horvatorszag-5-300x300.jpg 300w, https:\/\/gedeonapartman.hu\/wp-content\/uploads\/2023\/10\/Apartman-Horvatorszag-5-100x100.jpg 100w\" sizes=\"(max-width: 150px) 100vw, 150px\" \/><\/a>\n\t\t\t<\/span><\/li><li class='gallery-item'><span class='gallery-icon portrait'>\n\t\t\t\t<a href='https:\/\/gedeonapartman.hu\/de\/home\/apartman-horvatorszag-4\/'><img loading=\"lazy\" decoding=\"async\" width=\"150\" height=\"150\" src=\"https:\/\/gedeonapartman.hu\/wp-content\/uploads\/2023\/10\/Apartman-Horvatorszag-4-150x150.jpg\" class=\"attachment-thumbnail size-thumbnail\" alt=\"Sz\u00e1ll\u00e1shely Horv\u00e1torsz\u00e1g Gedeon Apartmanh\u00e1z Vir sziget\u00e9n\" srcset=\"https:\/\/gedeonapartman.hu\/wp-content\/uploads\/2023\/10\/Apartman-Horvatorszag-4-150x150.jpg 150w, https:\/\/gedeonapartman.hu\/wp-content\/uploads\/2023\/10\/Apartman-Horvatorszag-4-300x300.jpg 300w, https:\/\/gedeonapartman.hu\/wp-content\/uploads\/2023\/10\/Apartman-Horvatorszag-4-100x100.jpg 100w\" sizes=\"(max-width: 150px) 100vw, 150px\" \/><\/a>\n\t\t\t<\/span><\/li><li class='gallery-item'><span class='gallery-icon landscape'>\n\t\t\t\t<a href='https:\/\/gedeonapartman.hu\/de\/home\/apartman-horvatorszag-3\/'><img loading=\"lazy\" decoding=\"async\" width=\"150\" height=\"150\" src=\"https:\/\/gedeonapartman.hu\/wp-content\/uploads\/2023\/10\/Apartman-Horvatorszag-3-150x150.jpg\" class=\"attachment-thumbnail size-thumbnail\" alt=\"Sz\u00e1ll\u00e1shely Horv\u00e1torsz\u00e1g Gedeon Apartmanh\u00e1z Vir sziget\u00e9n\" srcset=\"https:\/\/gedeonapartman.hu\/wp-content\/uploads\/2023\/10\/Apartman-Horvatorszag-3-150x150.jpg 150w, https:\/\/gedeonapartman.hu\/wp-content\/uploads\/2023\/10\/Apartman-Horvatorszag-3-300x300.jpg 300w, https:\/\/gedeonapartman.hu\/wp-content\/uploads\/2023\/10\/Apartman-Horvatorszag-3-100x100.jpg 100w\" sizes=\"(max-width: 150px) 100vw, 150px\" \/><\/a>\n\t\t\t<\/span><\/li><li class='gallery-item'><span class='gallery-icon landscape'>\n\t\t\t\t<a href='https:\/\/gedeonapartman.hu\/de\/home\/apartman-horvatorszag-2\/'><img loading=\"lazy\" decoding=\"async\" width=\"150\" height=\"150\" src=\"https:\/\/gedeonapartman.hu\/wp-content\/uploads\/2023\/10\/Apartman-Horvatorszag-2-150x150.jpg\" class=\"attachment-thumbnail size-thumbnail\" alt=\"Sz\u00e1ll\u00e1shely Horv\u00e1torsz\u00e1g Gedeon Apartmanh\u00e1z Vir sziget\u00e9n\" srcset=\"https:\/\/gedeonapartman.hu\/wp-content\/uploads\/2023\/10\/Apartman-Horvatorszag-2-150x150.jpg 150w, https:\/\/gedeonapartman.hu\/wp-content\/uploads\/2023\/10\/Apartman-Horvatorszag-2-300x300.jpg 300w, https:\/\/gedeonapartman.hu\/wp-content\/uploads\/2023\/10\/Apartman-Horvatorszag-2-100x100.jpg 100w\" sizes=\"(max-width: 150px) 100vw, 150px\" \/><\/a>\n\t\t\t<\/span><\/li><li class='gallery-item'><span class='gallery-icon portrait'>\n\t\t\t\t<a href='https:\/\/gedeonapartman.hu\/de\/home\/apartman-horvatorszag-1\/'><img loading=\"lazy\" decoding=\"async\" width=\"150\" height=\"150\" src=\"https:\/\/gedeonapartman.hu\/wp-content\/uploads\/2023\/10\/Apartman-Horvatorszag-1-150x150.jpg\" class=\"attachment-thumbnail size-thumbnail\" alt=\"Sz\u00e1ll\u00e1shely Horv\u00e1torsz\u00e1g Gedeon Apartmanh\u00e1z Vir sziget\u00e9n\" srcset=\"https:\/\/gedeonapartman.hu\/wp-content\/uploads\/2023\/10\/Apartman-Horvatorszag-1-150x150.jpg 150w, https:\/\/gedeonapartman.hu\/wp-content\/uploads\/2023\/10\/Apartman-Horvatorszag-1-300x300.jpg 300w, https:\/\/gedeonapartman.hu\/wp-content\/uploads\/2023\/10\/Apartman-Horvatorszag-1-100x100.jpg 100w\" sizes=\"(max-width: 150px) 100vw, 150px\" \/><\/a>\n\t\t\t<\/span><\/li><\/ul>\n\t\t<\/div>\n\n\t<\/div>\n\t\n<h2 class=\"mphb-room-type-title entry-title\">\n\n<a class=\"mphb-room-type-title\" href=\"https:\/\/gedeonapartman.hu\/de\/accommodation\/gedeon-apartamanhaz-2-emelet-jobb-oldal-7\/\">Gedeon Apartmanh\u00e1z #2 Emelet Jobb oldal #7<\/a>\n\n<\/h2>\n\n<p>Apartman 1-4 ig (f\u00f6ldszinten kett\u0151 \u00e9s az emeletten is kett\u0151). Mind a n\u00e9gy teljesen egyforma sz\u00e1ll\u00e1shely. K\u00fcl\u00f6n-k\u00fcl\u00f6n is foglalhat\u00f3. K\u00e9t k\u00fcl\u00f6n szoba + amerikai konyh\u00e1s nappali \u00e9s zuhanykabinos f\u00fcrd\u0151szoba.<\/p>\n\n\n<h3 class=\"mphb-room-type-details-title\">Details<\/h3><ul class=\"mphb-loop-room-type-attributes\">\n\t<li class=\"mphb-room-type-total-capacity\"><span class=\"mphb-attribute-title mphb-total-capacity-title\">G\u00e4ste:<\/span><span class=\"mphb-attribute-value\">\n\t6\n\t<\/span><\/li>\t\n\n\n\n\n\n\n\n\t<li class=\"mphb-room-type-size\"><span class=\"mphb-attribute-title mphb-size-title\">Gr\u00f6\u00dfe:<\/span><span class=\"mphb-attribute-value\">\n\t40m\u00b2\n\t<\/span><\/li>\n\t\n\n\n\n\t<li class=\"mphb-room-type-categories\"><span class=\"mphb-attribute-title mphb-categories-title\">Kategorien:<\/span><span class=\"mphb-attribute-value\"> <span class=\"category-apartman-2\"><a href=\"https:\/\/gedeonapartman.hu\/de\/accommodation-category\/apartman-2\/\">Apartman #2<\/a><\/span><\/span><\/li>\n\t\n<\/ul>\n\n\t<p class=\"mphb-regular-price\"><strong>Preis von:<\/strong>\n\t<span class=\"mphb-price\">480&nbsp;<span class=\"mphb-currency\">&euro;<\/span><\/span> <span class=\"mphb-price-period\" title=\"W\u00e4hlen Sie Daten, um relevante Preise zu sehen\">f\u00fcr 4 N\u00e4chte<\/span><span class=\"mphb-tax-information taxes-included\"> (+Steuern und Geb\u00fchren)<\/span>\n\t<\/p>\n\t\n<p class=\"mphb-view-details-button-wrapper\">\n<a class=\"button mphb-view-details-button\" href=\"https:\/\/gedeonapartman.hu\/de\/accommodation\/gedeon-apartamanhaz-2-emelet-jobb-oldal-7\/\" >Details ansehen<\/a>\n<\/p>\n<div class=\"mphb-to-book-btn-wrapper\">\n<form action=\"https:\/\/gedeonapartman.hu\/de\/accommodation\/gedeon-apartamanhaz-2-emelet-jobb-oldal-7\/#booking-form-24107\" method=\"get\" data-trp-original-action=\"https:\/\/gedeonapartman.hu\/de\/accommodation\/gedeon-apartamanhaz-2-emelet-jobb-oldal-7\/#booking-form-24107\" ><button type=\"submit\" class=\"button mphb-book-button\" >Buchen<\/button><input type=\"hidden\" name=\"trp-form-language\" value=\"de\"\/><\/form>\n<br\/><\/div>\n\t\n<\/div>\n\n<div class=\"mphb-room-type post-24083 mphb_room_type type-mphb_room_type status-publish has-post-thumbnail mphb_room_type_category-apartman-2 mphb-room-type-adults-6 mphb-room-type-children-5 has-taxes-and-fees\">\n\n\t\n\t\n\n\t<div class=\"mphb-room-type-images\">\n\t<div id='mphb-flexslider-gallery-11' class='gallery-columns-1 gallery-size-large mphb-gallery-main-slider mphb-flexslider-gallery-wrapper mphb-room-type-gallery-wrapper mphb-gallery-main-slider-69ee7bd0e70a8' data-flexslider-atts='{\"animation\":\"slide\",\"controlNav\":false,\"animationLoop\":true,\"smoothHeight\":true,\"slideshow\":false}' data-group='69ee7bd0e70a8'><ul class=\"slides\"><li class='gallery-item'><span class='gallery-icon landscape'>\n\t\t\t\t<a href=\"https:\/\/gedeonapartman.hu\/de\/accommodation\/gedeon-apartamanhaz-2-foldszint-bal-oldal-4\/\"><img loading=\"lazy\" decoding=\"async\" width=\"800\" height=\"600\" src=\"https:\/\/gedeonapartman.hu\/wp-content\/uploads\/2023\/10\/Apartman-Horvatorszag-12.jpg\" class=\"attachment-large size-large\" alt=\"Sz\u00e1ll\u00e1shely Horv\u00e1torsz\u00e1g Gedeon Apartmanh\u00e1z Vir sziget\u00e9n\" srcset=\"https:\/\/gedeonapartman.hu\/wp-content\/uploads\/2023\/10\/Apartman-Horvatorszag-12.jpg 853w, https:\/\/gedeonapartman.hu\/wp-content\/uploads\/2023\/10\/Apartman-Horvatorszag-12-700x525.jpg 700w, https:\/\/gedeonapartman.hu\/wp-content\/uploads\/2023\/10\/Apartman-Horvatorszag-12-768x576.jpg 768w, https:\/\/gedeonapartman.hu\/wp-content\/uploads\/2023\/10\/Apartman-Horvatorszag-12-600x450.jpg 600w\" sizes=\"(max-width: 800px) 100vw, 800px\" \/><\/a>\n\t\t\t<\/span><\/li><li class='gallery-item'><span class='gallery-icon landscape'>\n\t\t\t\t<a href=\"https:\/\/gedeonapartman.hu\/de\/accommodation\/gedeon-apartamanhaz-2-foldszint-bal-oldal-4\/\"><img loading=\"lazy\" decoding=\"async\" width=\"800\" height=\"600\" src=\"https:\/\/gedeonapartman.hu\/wp-content\/uploads\/2023\/10\/Apartman-Horvatorszag-11.jpg\" class=\"attachment-large size-large\" alt=\"Sz\u00e1ll\u00e1shely Horv\u00e1torsz\u00e1g Gedeon Apartmanh\u00e1z Vir sziget\u00e9n\" srcset=\"https:\/\/gedeonapartman.hu\/wp-content\/uploads\/2023\/10\/Apartman-Horvatorszag-11.jpg 853w, https:\/\/gedeonapartman.hu\/wp-content\/uploads\/2023\/10\/Apartman-Horvatorszag-11-700x525.jpg 700w, https:\/\/gedeonapartman.hu\/wp-content\/uploads\/2023\/10\/Apartman-Horvatorszag-11-768x576.jpg 768w, https:\/\/gedeonapartman.hu\/wp-content\/uploads\/2023\/10\/Apartman-Horvatorszag-11-600x450.jpg 600w\" sizes=\"(max-width: 800px) 100vw, 800px\" \/><\/a>\n\t\t\t<\/span><\/li><li class='gallery-item'><span class='gallery-icon landscape'>\n\t\t\t\t<a href=\"https:\/\/gedeonapartman.hu\/de\/accommodation\/gedeon-apartamanhaz-2-foldszint-bal-oldal-4\/\"><img loading=\"lazy\" decoding=\"async\" width=\"800\" height=\"600\" src=\"https:\/\/gedeonapartman.hu\/wp-content\/uploads\/2023\/10\/Apartman-Horvatorszag-2.jpg\" class=\"attachment-large size-large\" alt=\"Sz\u00e1ll\u00e1shely Horv\u00e1torsz\u00e1g Gedeon Apartmanh\u00e1z Vir sziget\u00e9n\" srcset=\"https:\/\/gedeonapartman.hu\/wp-content\/uploads\/2023\/10\/Apartman-Horvatorszag-2.jpg 853w, https:\/\/gedeonapartman.hu\/wp-content\/uploads\/2023\/10\/Apartman-Horvatorszag-2-700x525.jpg 700w, https:\/\/gedeonapartman.hu\/wp-content\/uploads\/2023\/10\/Apartman-Horvatorszag-2-768x576.jpg 768w, https:\/\/gedeonapartman.hu\/wp-content\/uploads\/2023\/10\/Apartman-Horvatorszag-2-600x450.jpg 600w\" sizes=\"(max-width: 800px) 100vw, 800px\" \/><\/a>\n\t\t\t<\/span><\/li><li class='gallery-item'><span class='gallery-icon portrait'>\n\t\t\t\t<a href=\"https:\/\/gedeonapartman.hu\/de\/accommodation\/gedeon-apartamanhaz-2-foldszint-bal-oldal-4\/\"><img loading=\"lazy\" decoding=\"async\" width=\"480\" height=\"640\" src=\"https:\/\/gedeonapartman.hu\/wp-content\/uploads\/2023\/10\/Apartman-Horvatorszag-1.jpg\" class=\"attachment-large size-large\" alt=\"Sz\u00e1ll\u00e1shely Horv\u00e1torsz\u00e1g Gedeon Apartmanh\u00e1z Vir sziget\u00e9n\" \/><\/a>\n\t\t\t<\/span><\/li><li class='gallery-item'><span class='gallery-icon landscape'>\n\t\t\t\t<a href=\"https:\/\/gedeonapartman.hu\/de\/accommodation\/gedeon-apartamanhaz-2-foldszint-bal-oldal-4\/\"><img loading=\"lazy\" decoding=\"async\" width=\"800\" height=\"600\" src=\"https:\/\/gedeonapartman.hu\/wp-content\/uploads\/2023\/10\/Apartman-Horvatorszag-8.jpg\" class=\"attachment-large size-large\" alt=\"Sz\u00e1ll\u00e1shely Horv\u00e1torsz\u00e1g Gedeon Apartmanh\u00e1z Vir sziget\u00e9n\" srcset=\"https:\/\/gedeonapartman.hu\/wp-content\/uploads\/2023\/10\/Apartman-Horvatorszag-8.jpg 853w, https:\/\/gedeonapartman.hu\/wp-content\/uploads\/2023\/10\/Apartman-Horvatorszag-8-700x525.jpg 700w, https:\/\/gedeonapartman.hu\/wp-content\/uploads\/2023\/10\/Apartman-Horvatorszag-8-768x576.jpg 768w, https:\/\/gedeonapartman.hu\/wp-content\/uploads\/2023\/10\/Apartman-Horvatorszag-8-600x450.jpg 600w\" sizes=\"(max-width: 800px) 100vw, 800px\" \/><\/a>\n\t\t\t<\/span><\/li><li class='gallery-item'><span class='gallery-icon portrait'>\n\t\t\t\t<a href=\"https:\/\/gedeonapartman.hu\/de\/accommodation\/gedeon-apartamanhaz-2-foldszint-bal-oldal-4\/\"><img loading=\"lazy\" decoding=\"async\" width=\"480\" height=\"640\" src=\"https:\/\/gedeonapartman.hu\/wp-content\/uploads\/2023\/10\/Apartman-Horvatorszag-7.jpg\" class=\"attachment-large size-large\" alt=\"Sz\u00e1ll\u00e1shely Horv\u00e1torsz\u00e1g Gedeon Apartmanh\u00e1z Vir sziget\u00e9n\" \/><\/a>\n\t\t\t<\/span><\/li><li class='gallery-item'><span class='gallery-icon landscape'>\n\t\t\t\t<a href=\"https:\/\/gedeonapartman.hu\/de\/accommodation\/gedeon-apartamanhaz-2-foldszint-bal-oldal-4\/\"><img loading=\"lazy\" decoding=\"async\" width=\"800\" height=\"600\" src=\"https:\/\/gedeonapartman.hu\/wp-content\/uploads\/2023\/10\/Apartman-Horvatorszag-6.jpg\" class=\"attachment-large size-large\" alt=\"Sz\u00e1ll\u00e1shely Horv\u00e1torsz\u00e1g Gedeon Apartmanh\u00e1z Vir sziget\u00e9n\" srcset=\"https:\/\/gedeonapartman.hu\/wp-content\/uploads\/2023\/10\/Apartman-Horvatorszag-6.jpg 853w, https:\/\/gedeonapartman.hu\/wp-content\/uploads\/2023\/10\/Apartman-Horvatorszag-6-700x525.jpg 700w, https:\/\/gedeonapartman.hu\/wp-content\/uploads\/2023\/10\/Apartman-Horvatorszag-6-768x576.jpg 768w, https:\/\/gedeonapartman.hu\/wp-content\/uploads\/2023\/10\/Apartman-Horvatorszag-6-600x450.jpg 600w\" sizes=\"(max-width: 800px) 100vw, 800px\" \/><\/a>\n\t\t\t<\/span><\/li><li class='gallery-item'><span class='gallery-icon landscape'>\n\t\t\t\t<a href=\"https:\/\/gedeonapartman.hu\/de\/accommodation\/gedeon-apartamanhaz-2-foldszint-bal-oldal-4\/\"><img loading=\"lazy\" decoding=\"async\" width=\"800\" height=\"600\" src=\"https:\/\/gedeonapartman.hu\/wp-content\/uploads\/2023\/10\/Apartman-Horvatorszag-5.jpg\" class=\"attachment-large size-large\" alt=\"Sz\u00e1ll\u00e1shely Horv\u00e1torsz\u00e1g Gedeon Apartmanh\u00e1z Vir sziget\u00e9n\" srcset=\"https:\/\/gedeonapartman.hu\/wp-content\/uploads\/2023\/10\/Apartman-Horvatorszag-5.jpg 853w, https:\/\/gedeonapartman.hu\/wp-content\/uploads\/2023\/10\/Apartman-Horvatorszag-5-700x525.jpg 700w, https:\/\/gedeonapartman.hu\/wp-content\/uploads\/2023\/10\/Apartman-Horvatorszag-5-768x576.jpg 768w, https:\/\/gedeonapartman.hu\/wp-content\/uploads\/2023\/10\/Apartman-Horvatorszag-5-600x450.jpg 600w\" sizes=\"(max-width: 800px) 100vw, 800px\" \/><\/a>\n\t\t\t<\/span><\/li><li class='gallery-item'><span class='gallery-icon portrait'>\n\t\t\t\t<a href=\"https:\/\/gedeonapartman.hu\/de\/accommodation\/gedeon-apartamanhaz-2-foldszint-bal-oldal-4\/\"><img loading=\"lazy\" decoding=\"async\" width=\"480\" height=\"640\" src=\"https:\/\/gedeonapartman.hu\/wp-content\/uploads\/2023\/10\/Apartman-Horvatorszag-4.jpg\" class=\"attachment-large size-large\" alt=\"Sz\u00e1ll\u00e1shely Horv\u00e1torsz\u00e1g Gedeon Apartmanh\u00e1z Vir sziget\u00e9n\" \/><\/a>\n\t\t\t<\/span><\/li><li class='gallery-item'><span class='gallery-icon landscape'>\n\t\t\t\t<a href=\"https:\/\/gedeonapartman.hu\/de\/accommodation\/gedeon-apartamanhaz-2-foldszint-bal-oldal-4\/\"><img loading=\"lazy\" decoding=\"async\" width=\"800\" height=\"600\" src=\"https:\/\/gedeonapartman.hu\/wp-content\/uploads\/2023\/10\/Apartman-Horvatorszag-3.jpg\" class=\"attachment-large size-large\" alt=\"Sz\u00e1ll\u00e1shely Horv\u00e1torsz\u00e1g Gedeon Apartmanh\u00e1z Vir sziget\u00e9n\" srcset=\"https:\/\/gedeonapartman.hu\/wp-content\/uploads\/2023\/10\/Apartman-Horvatorszag-3.jpg 853w, https:\/\/gedeonapartman.hu\/wp-content\/uploads\/2023\/10\/Apartman-Horvatorszag-3-700x525.jpg 700w, https:\/\/gedeonapartman.hu\/wp-content\/uploads\/2023\/10\/Apartman-Horvatorszag-3-768x576.jpg 768w, https:\/\/gedeonapartman.hu\/wp-content\/uploads\/2023\/10\/Apartman-Horvatorszag-3-600x450.jpg 600w\" sizes=\"(max-width: 800px) 100vw, 800px\" \/><\/a>\n\t\t\t<\/span><\/li><li class='gallery-item'><span class='gallery-icon portrait'>\n\t\t\t\t<a href=\"https:\/\/gedeonapartman.hu\/de\/accommodation\/gedeon-apartamanhaz-2-foldszint-bal-oldal-4\/\"><img loading=\"lazy\" decoding=\"async\" width=\"480\" height=\"640\" src=\"https:\/\/gedeonapartman.hu\/wp-content\/uploads\/2023\/10\/Apartman-Horvatorszag-9.jpg\" class=\"attachment-large size-large\" alt=\"Sz\u00e1ll\u00e1shely Horv\u00e1torsz\u00e1g Gedeon Apartmanh\u00e1z Vir sziget\u00e9n\" \/><\/a>\n\t\t\t<\/span><\/li><li class='gallery-item'><span class='gallery-icon portrait'>\n\t\t\t\t<a href=\"https:\/\/gedeonapartman.hu\/de\/accommodation\/gedeon-apartamanhaz-2-foldszint-bal-oldal-4\/\"><img loading=\"lazy\" decoding=\"async\" width=\"480\" height=\"640\" src=\"https:\/\/gedeonapartman.hu\/wp-content\/uploads\/2023\/10\/Apartman-Horvatorszag-10.jpg\" class=\"attachment-large size-large\" alt=\"Sz\u00e1ll\u00e1shely Horv\u00e1torsz\u00e1g Gedeon Apartmanh\u00e1z Vir sziget\u00e9n\" \/><\/a>\n\t\t\t<\/span><\/li><\/ul>\n\t\t<\/div>\n<div id='mphb-flexslider-gallery-12' class='gallery-columns-4 gallery-size-thumbnail mphb-gallery-thumbnail-slider mphb-flexslider-gallery-wrapper mphb-room-type-gallery-wrapper mphb-gallery-thumbnail-slider-69ee7bd0e70a8' data-flexslider-atts='{\"animation\":\"slide\",\"controlNav\":false,\"animationLoop\":true,\"slideshow\":false,\"itemMargin\":5}' data-group='69ee7bd0e70a8'><ul class=\"slides\"><li class='gallery-item'><span class='gallery-icon landscape'>\n\t\t\t\t<a href='https:\/\/gedeonapartman.hu\/de\/home\/apartman-horvatorszag-12\/'><img loading=\"lazy\" decoding=\"async\" width=\"150\" height=\"150\" src=\"https:\/\/gedeonapartman.hu\/wp-content\/uploads\/2023\/10\/Apartman-Horvatorszag-12-150x150.jpg\" class=\"attachment-thumbnail size-thumbnail\" alt=\"Sz\u00e1ll\u00e1shely Horv\u00e1torsz\u00e1g Gedeon Apartmanh\u00e1z Vir sziget\u00e9n\" srcset=\"https:\/\/gedeonapartman.hu\/wp-content\/uploads\/2023\/10\/Apartman-Horvatorszag-12-150x150.jpg 150w, https:\/\/gedeonapartman.hu\/wp-content\/uploads\/2023\/10\/Apartman-Horvatorszag-12-300x300.jpg 300w, https:\/\/gedeonapartman.hu\/wp-content\/uploads\/2023\/10\/Apartman-Horvatorszag-12-100x100.jpg 100w\" sizes=\"(max-width: 150px) 100vw, 150px\" \/><\/a>\n\t\t\t<\/span><\/li><li class='gallery-item'><span class='gallery-icon landscape'>\n\t\t\t\t<a href='https:\/\/gedeonapartman.hu\/de\/home\/apartman-horvatorszag-11\/'><img loading=\"lazy\" decoding=\"async\" width=\"150\" height=\"150\" src=\"https:\/\/gedeonapartman.hu\/wp-content\/uploads\/2023\/10\/Apartman-Horvatorszag-11-150x150.jpg\" class=\"attachment-thumbnail size-thumbnail\" alt=\"Sz\u00e1ll\u00e1shely Horv\u00e1torsz\u00e1g Gedeon Apartmanh\u00e1z Vir sziget\u00e9n\" srcset=\"https:\/\/gedeonapartman.hu\/wp-content\/uploads\/2023\/10\/Apartman-Horvatorszag-11-150x150.jpg 150w, https:\/\/gedeonapartman.hu\/wp-content\/uploads\/2023\/10\/Apartman-Horvatorszag-11-300x300.jpg 300w, https:\/\/gedeonapartman.hu\/wp-content\/uploads\/2023\/10\/Apartman-Horvatorszag-11-100x100.jpg 100w\" sizes=\"(max-width: 150px) 100vw, 150px\" \/><\/a>\n\t\t\t<\/span><\/li><li class='gallery-item'><span class='gallery-icon landscape'>\n\t\t\t\t<a href='https:\/\/gedeonapartman.hu\/de\/home\/apartman-horvatorszag-2\/'><img loading=\"lazy\" decoding=\"async\" width=\"150\" height=\"150\" src=\"https:\/\/gedeonapartman.hu\/wp-content\/uploads\/2023\/10\/Apartman-Horvatorszag-2-150x150.jpg\" class=\"attachment-thumbnail size-thumbnail\" alt=\"Sz\u00e1ll\u00e1shely Horv\u00e1torsz\u00e1g Gedeon Apartmanh\u00e1z Vir sziget\u00e9n\" srcset=\"https:\/\/gedeonapartman.hu\/wp-content\/uploads\/2023\/10\/Apartman-Horvatorszag-2-150x150.jpg 150w, https:\/\/gedeonapartman.hu\/wp-content\/uploads\/2023\/10\/Apartman-Horvatorszag-2-300x300.jpg 300w, https:\/\/gedeonapartman.hu\/wp-content\/uploads\/2023\/10\/Apartman-Horvatorszag-2-100x100.jpg 100w\" sizes=\"(max-width: 150px) 100vw, 150px\" \/><\/a>\n\t\t\t<\/span><\/li><li class='gallery-item'><span class='gallery-icon portrait'>\n\t\t\t\t<a href='https:\/\/gedeonapartman.hu\/de\/home\/apartman-horvatorszag-1\/'><img loading=\"lazy\" decoding=\"async\" width=\"150\" height=\"150\" src=\"https:\/\/gedeonapartman.hu\/wp-content\/uploads\/2023\/10\/Apartman-Horvatorszag-1-150x150.jpg\" class=\"attachment-thumbnail size-thumbnail\" alt=\"Sz\u00e1ll\u00e1shely Horv\u00e1torsz\u00e1g Gedeon Apartmanh\u00e1z Vir sziget\u00e9n\" srcset=\"https:\/\/gedeonapartman.hu\/wp-content\/uploads\/2023\/10\/Apartman-Horvatorszag-1-150x150.jpg 150w, https:\/\/gedeonapartman.hu\/wp-content\/uploads\/2023\/10\/Apartman-Horvatorszag-1-300x300.jpg 300w, https:\/\/gedeonapartman.hu\/wp-content\/uploads\/2023\/10\/Apartman-Horvatorszag-1-100x100.jpg 100w\" sizes=\"(max-width: 150px) 100vw, 150px\" \/><\/a>\n\t\t\t<\/span><\/li><li class='gallery-item'><span class='gallery-icon landscape'>\n\t\t\t\t<a href='https:\/\/gedeonapartman.hu\/de\/home\/apartman-horvatorszag-8\/'><img loading=\"lazy\" decoding=\"async\" width=\"150\" height=\"150\" src=\"https:\/\/gedeonapartman.hu\/wp-content\/uploads\/2023\/10\/Apartman-Horvatorszag-8-150x150.jpg\" class=\"attachment-thumbnail size-thumbnail\" alt=\"Sz\u00e1ll\u00e1shely Horv\u00e1torsz\u00e1g Gedeon Apartmanh\u00e1z Vir sziget\u00e9n\" srcset=\"https:\/\/gedeonapartman.hu\/wp-content\/uploads\/2023\/10\/Apartman-Horvatorszag-8-150x150.jpg 150w, https:\/\/gedeonapartman.hu\/wp-content\/uploads\/2023\/10\/Apartman-Horvatorszag-8-300x300.jpg 300w, https:\/\/gedeonapartman.hu\/wp-content\/uploads\/2023\/10\/Apartman-Horvatorszag-8-100x100.jpg 100w\" sizes=\"(max-width: 150px) 100vw, 150px\" \/><\/a>\n\t\t\t<\/span><\/li><li class='gallery-item'><span class='gallery-icon portrait'>\n\t\t\t\t<a href='https:\/\/gedeonapartman.hu\/de\/home\/apartman-horvatorszag-7\/'><img loading=\"lazy\" decoding=\"async\" width=\"150\" height=\"150\" src=\"https:\/\/gedeonapartman.hu\/wp-content\/uploads\/2023\/10\/Apartman-Horvatorszag-7-150x150.jpg\" class=\"attachment-thumbnail size-thumbnail\" alt=\"Sz\u00e1ll\u00e1shely Horv\u00e1torsz\u00e1g Gedeon Apartmanh\u00e1z Vir sziget\u00e9n\" srcset=\"https:\/\/gedeonapartman.hu\/wp-content\/uploads\/2023\/10\/Apartman-Horvatorszag-7-150x150.jpg 150w, https:\/\/gedeonapartman.hu\/wp-content\/uploads\/2023\/10\/Apartman-Horvatorszag-7-300x300.jpg 300w, https:\/\/gedeonapartman.hu\/wp-content\/uploads\/2023\/10\/Apartman-Horvatorszag-7-100x100.jpg 100w\" sizes=\"(max-width: 150px) 100vw, 150px\" \/><\/a>\n\t\t\t<\/span><\/li><li class='gallery-item'><span class='gallery-icon landscape'>\n\t\t\t\t<a href='https:\/\/gedeonapartman.hu\/de\/home\/apartman-horvatorszag-6\/'><img loading=\"lazy\" decoding=\"async\" width=\"150\" height=\"150\" src=\"https:\/\/gedeonapartman.hu\/wp-content\/uploads\/2023\/10\/Apartman-Horvatorszag-6-150x150.jpg\" class=\"attachment-thumbnail size-thumbnail\" alt=\"Sz\u00e1ll\u00e1shely Horv\u00e1torsz\u00e1g Gedeon Apartmanh\u00e1z Vir sziget\u00e9n\" srcset=\"https:\/\/gedeonapartman.hu\/wp-content\/uploads\/2023\/10\/Apartman-Horvatorszag-6-150x150.jpg 150w, https:\/\/gedeonapartman.hu\/wp-content\/uploads\/2023\/10\/Apartman-Horvatorszag-6-300x300.jpg 300w, https:\/\/gedeonapartman.hu\/wp-content\/uploads\/2023\/10\/Apartman-Horvatorszag-6-100x100.jpg 100w\" sizes=\"(max-width: 150px) 100vw, 150px\" \/><\/a>\n\t\t\t<\/span><\/li><li class='gallery-item'><span class='gallery-icon landscape'>\n\t\t\t\t<a href='https:\/\/gedeonapartman.hu\/de\/home\/apartman-horvatorszag-5\/'><img loading=\"lazy\" decoding=\"async\" width=\"150\" height=\"150\" src=\"https:\/\/gedeonapartman.hu\/wp-content\/uploads\/2023\/10\/Apartman-Horvatorszag-5-150x150.jpg\" class=\"attachment-thumbnail size-thumbnail\" alt=\"Sz\u00e1ll\u00e1shely Horv\u00e1torsz\u00e1g Gedeon Apartmanh\u00e1z Vir sziget\u00e9n\" srcset=\"https:\/\/gedeonapartman.hu\/wp-content\/uploads\/2023\/10\/Apartman-Horvatorszag-5-150x150.jpg 150w, https:\/\/gedeonapartman.hu\/wp-content\/uploads\/2023\/10\/Apartman-Horvatorszag-5-300x300.jpg 300w, https:\/\/gedeonapartman.hu\/wp-content\/uploads\/2023\/10\/Apartman-Horvatorszag-5-100x100.jpg 100w\" sizes=\"(max-width: 150px) 100vw, 150px\" \/><\/a>\n\t\t\t<\/span><\/li><li class='gallery-item'><span class='gallery-icon portrait'>\n\t\t\t\t<a href='https:\/\/gedeonapartman.hu\/de\/home\/apartman-horvatorszag-4\/'><img loading=\"lazy\" decoding=\"async\" width=\"150\" height=\"150\" src=\"https:\/\/gedeonapartman.hu\/wp-content\/uploads\/2023\/10\/Apartman-Horvatorszag-4-150x150.jpg\" class=\"attachment-thumbnail size-thumbnail\" alt=\"Sz\u00e1ll\u00e1shely Horv\u00e1torsz\u00e1g Gedeon Apartmanh\u00e1z Vir sziget\u00e9n\" srcset=\"https:\/\/gedeonapartman.hu\/wp-content\/uploads\/2023\/10\/Apartman-Horvatorszag-4-150x150.jpg 150w, https:\/\/gedeonapartman.hu\/wp-content\/uploads\/2023\/10\/Apartman-Horvatorszag-4-300x300.jpg 300w, https:\/\/gedeonapartman.hu\/wp-content\/uploads\/2023\/10\/Apartman-Horvatorszag-4-100x100.jpg 100w\" sizes=\"(max-width: 150px) 100vw, 150px\" \/><\/a>\n\t\t\t<\/span><\/li><li class='gallery-item'><span class='gallery-icon landscape'>\n\t\t\t\t<a href='https:\/\/gedeonapartman.hu\/de\/home\/apartman-horvatorszag-3\/'><img loading=\"lazy\" decoding=\"async\" width=\"150\" height=\"150\" src=\"https:\/\/gedeonapartman.hu\/wp-content\/uploads\/2023\/10\/Apartman-Horvatorszag-3-150x150.jpg\" class=\"attachment-thumbnail size-thumbnail\" alt=\"Sz\u00e1ll\u00e1shely Horv\u00e1torsz\u00e1g Gedeon Apartmanh\u00e1z Vir sziget\u00e9n\" srcset=\"https:\/\/gedeonapartman.hu\/wp-content\/uploads\/2023\/10\/Apartman-Horvatorszag-3-150x150.jpg 150w, https:\/\/gedeonapartman.hu\/wp-content\/uploads\/2023\/10\/Apartman-Horvatorszag-3-300x300.jpg 300w, https:\/\/gedeonapartman.hu\/wp-content\/uploads\/2023\/10\/Apartman-Horvatorszag-3-100x100.jpg 100w\" sizes=\"(max-width: 150px) 100vw, 150px\" \/><\/a>\n\t\t\t<\/span><\/li><li class='gallery-item'><span class='gallery-icon portrait'>\n\t\t\t\t<a href='https:\/\/gedeonapartman.hu\/de\/home\/apartman-horvatorszag-9\/'><img loading=\"lazy\" decoding=\"async\" width=\"150\" height=\"150\" src=\"https:\/\/gedeonapartman.hu\/wp-content\/uploads\/2023\/10\/Apartman-Horvatorszag-9-150x150.jpg\" class=\"attachment-thumbnail size-thumbnail\" alt=\"Sz\u00e1ll\u00e1shely Horv\u00e1torsz\u00e1g Gedeon Apartmanh\u00e1z Vir sziget\u00e9n\" srcset=\"https:\/\/gedeonapartman.hu\/wp-content\/uploads\/2023\/10\/Apartman-Horvatorszag-9-150x150.jpg 150w, https:\/\/gedeonapartman.hu\/wp-content\/uploads\/2023\/10\/Apartman-Horvatorszag-9-300x300.jpg 300w, https:\/\/gedeonapartman.hu\/wp-content\/uploads\/2023\/10\/Apartman-Horvatorszag-9-100x100.jpg 100w\" sizes=\"(max-width: 150px) 100vw, 150px\" \/><\/a>\n\t\t\t<\/span><\/li><li class='gallery-item'><span class='gallery-icon portrait'>\n\t\t\t\t<a href='https:\/\/gedeonapartman.hu\/de\/home\/apartman-horvatorszag-10\/'><img loading=\"lazy\" decoding=\"async\" width=\"150\" height=\"150\" src=\"https:\/\/gedeonapartman.hu\/wp-content\/uploads\/2023\/10\/Apartman-Horvatorszag-10-150x150.jpg\" class=\"attachment-thumbnail size-thumbnail\" alt=\"Sz\u00e1ll\u00e1shely Horv\u00e1torsz\u00e1g Gedeon Apartmanh\u00e1z Vir sziget\u00e9n\" srcset=\"https:\/\/gedeonapartman.hu\/wp-content\/uploads\/2023\/10\/Apartman-Horvatorszag-10-150x150.jpg 150w, https:\/\/gedeonapartman.hu\/wp-content\/uploads\/2023\/10\/Apartman-Horvatorszag-10-300x300.jpg 300w, https:\/\/gedeonapartman.hu\/wp-content\/uploads\/2023\/10\/Apartman-Horvatorszag-10-100x100.jpg 100w\" sizes=\"(max-width: 150px) 100vw, 150px\" \/><\/a>\n\t\t\t<\/span><\/li><\/ul>\n\t\t<\/div>\n\n\t<\/div>\n\t\n<h2 class=\"mphb-room-type-title entry-title\">\n\n<a class=\"mphb-room-type-title\" href=\"https:\/\/gedeonapartman.hu\/de\/accommodation\/gedeon-apartamanhaz-2-foldszint-bal-oldal-4\/\">Gedeon Apartmanh\u00e1z #2 F\u00f6ldszint bal oldal #4<\/a>\n\n<\/h2>\n\n<p>Apartman 1-4 ig (f\u00f6ldszinten kett\u0151 \u00e9s az emeletten is kett\u0151). Mind a n\u00e9gy teljesen egyforma sz\u00e1ll\u00e1shely. K\u00fcl\u00f6n-k\u00fcl\u00f6n is foglalhat\u00f3. K\u00e9t k\u00fcl\u00f6n szoba + amerikai konyh\u00e1s nappali \u00e9s zuhanykabinos f\u00fcrd\u0151szoba.<\/p>\n\n\n<h3 class=\"mphb-room-type-details-title\">Details<\/h3><ul class=\"mphb-loop-room-type-attributes\">\n\t<li class=\"mphb-room-type-total-capacity\"><span class=\"mphb-attribute-title mphb-total-capacity-title\">G\u00e4ste:<\/span><span class=\"mphb-attribute-value\">\n\t6\n\t<\/span><\/li>\t\n\n\n\n\n\n\n\n\t<li class=\"mphb-room-type-size\"><span class=\"mphb-attribute-title mphb-size-title\">Gr\u00f6\u00dfe:<\/span><span class=\"mphb-attribute-value\">\n\t40m\u00b2\n\t<\/span><\/li>\n\t\n\n\n\n\t<li class=\"mphb-room-type-categories\"><span class=\"mphb-attribute-title mphb-categories-title\">Kategorien:<\/span><span class=\"mphb-attribute-value\"> <span class=\"category-apartman-2\"><a href=\"https:\/\/gedeonapartman.hu\/de\/accommodation-category\/apartman-2\/\">Apartman #2<\/a><\/span><\/span><\/li>\n\t\n<\/ul>\n\n\t<p class=\"mphb-regular-price\"><strong>Preis von:<\/strong>\n\t<span class=\"mphb-price\">480&nbsp;<span class=\"mphb-currency\">&euro;<\/span><\/span> <span class=\"mphb-price-period\" title=\"W\u00e4hlen Sie Daten, um relevante Preise zu sehen\">f\u00fcr 4 N\u00e4chte<\/span><span class=\"mphb-tax-information taxes-included\"> (+Steuern und Geb\u00fchren)<\/span>\n\t<\/p>\n\t\n<p class=\"mphb-view-details-button-wrapper\">\n<a class=\"button mphb-view-details-button\" href=\"https:\/\/gedeonapartman.hu\/de\/accommodation\/gedeon-apartamanhaz-2-foldszint-bal-oldal-4\/\" >Details ansehen<\/a>\n<\/p>\n<div class=\"mphb-to-book-btn-wrapper\">\n<form action=\"https:\/\/gedeonapartman.hu\/de\/accommodation\/gedeon-apartamanhaz-2-foldszint-bal-oldal-4\/#booking-form-24083\" method=\"get\" data-trp-original-action=\"https:\/\/gedeonapartman.hu\/de\/accommodation\/gedeon-apartamanhaz-2-foldszint-bal-oldal-4\/#booking-form-24083\" ><button type=\"submit\" class=\"button mphb-book-button\" >Buchen<\/button><input type=\"hidden\" name=\"trp-form-language\" value=\"de\"\/><\/form>\n<br\/><\/div>\n\t\n<\/div>\n\n<div class=\"mphb-room-type post-23363 mphb_room_type type-mphb_room_type status-publish has-post-thumbnail mphb_room_type_category-apartman-1 mphb-room-type-adults-6 mphb-room-type-children-5 has-taxes-and-fees\">\n\n\t\n\t\n\n\t<div class=\"mphb-room-type-images\">\n\t<div id='mphb-flexslider-gallery-13' class='gallery-columns-1 gallery-size-large mphb-gallery-main-slider mphb-flexslider-gallery-wrapper mphb-room-type-gallery-wrapper mphb-gallery-main-slider-69ee7bd0e86d6' data-flexslider-atts='{\"animation\":\"slide\",\"controlNav\":false,\"animationLoop\":true,\"smoothHeight\":true,\"slideshow\":false}' data-group='69ee7bd0e86d6'><ul class=\"slides\"><li class='gallery-item'><span class='gallery-icon landscape'>\n\t\t\t\t<a href=\"https:\/\/gedeonapartman.hu\/de\/accommodation\/gedeon-apartmanhaz-1-emeleti-apartman-3\/\"><img loading=\"lazy\" decoding=\"async\" width=\"800\" height=\"600\" src=\"https:\/\/gedeonapartman.hu\/wp-content\/uploads\/2023\/10\/Szallashely-Horvatorszag-Gedeon-egyes-apartmahaz-emeleti-15.jpg\" class=\"attachment-large size-large\" alt=\"Sz\u00e1ll\u00e1shely Horv\u00e1torsz\u00e1g Gedeon egyes apartmah\u00e1z emeleti\" srcset=\"https:\/\/gedeonapartman.hu\/wp-content\/uploads\/2023\/10\/Szallashely-Horvatorszag-Gedeon-egyes-apartmahaz-emeleti-15.jpg 853w, https:\/\/gedeonapartman.hu\/wp-content\/uploads\/2023\/10\/Szallashely-Horvatorszag-Gedeon-egyes-apartmahaz-emeleti-15-700x525.jpg 700w, https:\/\/gedeonapartman.hu\/wp-content\/uploads\/2023\/10\/Szallashely-Horvatorszag-Gedeon-egyes-apartmahaz-emeleti-15-768x576.jpg 768w, https:\/\/gedeonapartman.hu\/wp-content\/uploads\/2023\/10\/Szallashely-Horvatorszag-Gedeon-egyes-apartmahaz-emeleti-15-16x12.jpg 16w, https:\/\/gedeonapartman.hu\/wp-content\/uploads\/2023\/10\/Szallashely-Horvatorszag-Gedeon-egyes-apartmahaz-emeleti-15-600x450.jpg 600w\" sizes=\"(max-width: 800px) 100vw, 800px\" \/><\/a>\n\t\t\t<\/span><\/li><li class='gallery-item'><span class='gallery-icon portrait'>\n\t\t\t\t<a href=\"https:\/\/gedeonapartman.hu\/de\/accommodation\/gedeon-apartmanhaz-1-emeleti-apartman-3\/\"><img loading=\"lazy\" decoding=\"async\" width=\"480\" height=\"640\" src=\"https:\/\/gedeonapartman.hu\/wp-content\/uploads\/2023\/10\/Szallashely-Horvatorszag-Gedeon-egyes-apartmahaz-emeleti-14.jpg\" class=\"attachment-large size-large\" alt=\"Sz\u00e1ll\u00e1shely Horv\u00e1torsz\u00e1g Gedeon egyes apartmah\u00e1z emeleti\" srcset=\"https:\/\/gedeonapartman.hu\/wp-content\/uploads\/2023\/10\/Szallashely-Horvatorszag-Gedeon-egyes-apartmahaz-emeleti-14.jpg 480w, https:\/\/gedeonapartman.hu\/wp-content\/uploads\/2023\/10\/Szallashely-Horvatorszag-Gedeon-egyes-apartmahaz-emeleti-14-9x12.jpg 9w\" sizes=\"(max-width: 480px) 100vw, 480px\" \/><\/a>\n\t\t\t<\/span><\/li><li class='gallery-item'><span class='gallery-icon landscape'>\n\t\t\t\t<a href=\"https:\/\/gedeonapartman.hu\/de\/accommodation\/gedeon-apartmanhaz-1-emeleti-apartman-3\/\"><img loading=\"lazy\" decoding=\"async\" width=\"800\" height=\"600\" src=\"https:\/\/gedeonapartman.hu\/wp-content\/uploads\/2023\/10\/Szallashely-Horvatorszag-Gedeon-egyes-apartmahaz-emeleti-11.jpg\" class=\"attachment-large size-large\" alt=\"Sz\u00e1ll\u00e1shely Horv\u00e1torsz\u00e1g Gedeon egyes apartmah\u00e1z emeleti\" srcset=\"https:\/\/gedeonapartman.hu\/wp-content\/uploads\/2023\/10\/Szallashely-Horvatorszag-Gedeon-egyes-apartmahaz-emeleti-11.jpg 853w, https:\/\/gedeonapartman.hu\/wp-content\/uploads\/2023\/10\/Szallashely-Horvatorszag-Gedeon-egyes-apartmahaz-emeleti-11-700x525.jpg 700w, https:\/\/gedeonapartman.hu\/wp-content\/uploads\/2023\/10\/Szallashely-Horvatorszag-Gedeon-egyes-apartmahaz-emeleti-11-768x576.jpg 768w, https:\/\/gedeonapartman.hu\/wp-content\/uploads\/2023\/10\/Szallashely-Horvatorszag-Gedeon-egyes-apartmahaz-emeleti-11-16x12.jpg 16w, https:\/\/gedeonapartman.hu\/wp-content\/uploads\/2023\/10\/Szallashely-Horvatorszag-Gedeon-egyes-apartmahaz-emeleti-11-600x450.jpg 600w\" sizes=\"(max-width: 800px) 100vw, 800px\" \/><\/a>\n\t\t\t<\/span><\/li><li class='gallery-item'><span class='gallery-icon portrait'>\n\t\t\t\t<a href=\"https:\/\/gedeonapartman.hu\/de\/accommodation\/gedeon-apartmanhaz-1-emeleti-apartman-3\/\"><img loading=\"lazy\" decoding=\"async\" width=\"480\" height=\"640\" src=\"https:\/\/gedeonapartman.hu\/wp-content\/uploads\/2023\/10\/Szallashely-Horvatorszag-Gedeon-egyes-apartmahaz-emeleti-6.jpg\" class=\"attachment-large size-large\" alt=\"Sz\u00e1ll\u00e1shely Horv\u00e1torsz\u00e1g Gedeon egyes apartmah\u00e1z emeleti\" srcset=\"https:\/\/gedeonapartman.hu\/wp-content\/uploads\/2023\/10\/Szallashely-Horvatorszag-Gedeon-egyes-apartmahaz-emeleti-6.jpg 480w, https:\/\/gedeonapartman.hu\/wp-content\/uploads\/2023\/10\/Szallashely-Horvatorszag-Gedeon-egyes-apartmahaz-emeleti-6-9x12.jpg 9w\" sizes=\"(max-width: 480px) 100vw, 480px\" \/><\/a>\n\t\t\t<\/span><\/li><li class='gallery-item'><span class='gallery-icon landscape'>\n\t\t\t\t<a href=\"https:\/\/gedeonapartman.hu\/de\/accommodation\/gedeon-apartmanhaz-1-emeleti-apartman-3\/\"><img loading=\"lazy\" decoding=\"async\" width=\"800\" height=\"600\" src=\"https:\/\/gedeonapartman.hu\/wp-content\/uploads\/2023\/10\/Szallashely-Horvatorszag-Gedeon-egyes-apartmahaz-emeleti-7.jpg\" class=\"attachment-large size-large\" alt=\"Sz\u00e1ll\u00e1shely Horv\u00e1torsz\u00e1g Gedeon egyes apartmah\u00e1z emeleti\" srcset=\"https:\/\/gedeonapartman.hu\/wp-content\/uploads\/2023\/10\/Szallashely-Horvatorszag-Gedeon-egyes-apartmahaz-emeleti-7.jpg 853w, https:\/\/gedeonapartman.hu\/wp-content\/uploads\/2023\/10\/Szallashely-Horvatorszag-Gedeon-egyes-apartmahaz-emeleti-7-700x525.jpg 700w, https:\/\/gedeonapartman.hu\/wp-content\/uploads\/2023\/10\/Szallashely-Horvatorszag-Gedeon-egyes-apartmahaz-emeleti-7-768x576.jpg 768w, https:\/\/gedeonapartman.hu\/wp-content\/uploads\/2023\/10\/Szallashely-Horvatorszag-Gedeon-egyes-apartmahaz-emeleti-7-16x12.jpg 16w, https:\/\/gedeonapartman.hu\/wp-content\/uploads\/2023\/10\/Szallashely-Horvatorszag-Gedeon-egyes-apartmahaz-emeleti-7-600x450.jpg 600w\" sizes=\"(max-width: 800px) 100vw, 800px\" \/><\/a>\n\t\t\t<\/span><\/li><li class='gallery-item'><span class='gallery-icon portrait'>\n\t\t\t\t<a href=\"https:\/\/gedeonapartman.hu\/de\/accommodation\/gedeon-apartmanhaz-1-emeleti-apartman-3\/\"><img loading=\"lazy\" decoding=\"async\" width=\"480\" height=\"640\" src=\"https:\/\/gedeonapartman.hu\/wp-content\/uploads\/2023\/10\/Szallashely-Horvatorszag-Gedeon-egyes-apartmahaz-emeleti-8.jpg\" class=\"attachment-large size-large\" alt=\"Sz\u00e1ll\u00e1shely Horv\u00e1torsz\u00e1g Gedeon egyes apartmah\u00e1z emeleti\" srcset=\"https:\/\/gedeonapartman.hu\/wp-content\/uploads\/2023\/10\/Szallashely-Horvatorszag-Gedeon-egyes-apartmahaz-emeleti-8.jpg 480w, https:\/\/gedeonapartman.hu\/wp-content\/uploads\/2023\/10\/Szallashely-Horvatorszag-Gedeon-egyes-apartmahaz-emeleti-8-9x12.jpg 9w\" sizes=\"(max-width: 480px) 100vw, 480px\" \/><\/a>\n\t\t\t<\/span><\/li><li class='gallery-item'><span class='gallery-icon portrait'>\n\t\t\t\t<a href=\"https:\/\/gedeonapartman.hu\/de\/accommodation\/gedeon-apartmanhaz-1-emeleti-apartman-3\/\"><img loading=\"lazy\" decoding=\"async\" width=\"480\" height=\"640\" src=\"https:\/\/gedeonapartman.hu\/wp-content\/uploads\/2023\/10\/Szallashely-Horvatorszag-Gedeon-egyes-apartmahaz-emeleti-9.jpg\" class=\"attachment-large size-large\" alt=\"Sz\u00e1ll\u00e1shely Horv\u00e1torsz\u00e1g Gedeon egyes apartmah\u00e1z emeleti\" srcset=\"https:\/\/gedeonapartman.hu\/wp-content\/uploads\/2023\/10\/Szallashely-Horvatorszag-Gedeon-egyes-apartmahaz-emeleti-9.jpg 480w, https:\/\/gedeonapartman.hu\/wp-content\/uploads\/2023\/10\/Szallashely-Horvatorszag-Gedeon-egyes-apartmahaz-emeleti-9-9x12.jpg 9w\" sizes=\"(max-width: 480px) 100vw, 480px\" \/><\/a>\n\t\t\t<\/span><\/li><li class='gallery-item'><span class='gallery-icon portrait'>\n\t\t\t\t<a href=\"https:\/\/gedeonapartman.hu\/de\/accommodation\/gedeon-apartmanhaz-1-emeleti-apartman-3\/\"><img loading=\"lazy\" decoding=\"async\" width=\"480\" height=\"640\" src=\"https:\/\/gedeonapartman.hu\/wp-content\/uploads\/2023\/10\/Szallashely-Horvatorszag-Gedeon-egyes-apartmahaz-emeleti-10.jpg\" class=\"attachment-large size-large\" alt=\"Sz\u00e1ll\u00e1shely Horv\u00e1torsz\u00e1g Gedeon egyes apartmah\u00e1z emeleti\" srcset=\"https:\/\/gedeonapartman.hu\/wp-content\/uploads\/2023\/10\/Szallashely-Horvatorszag-Gedeon-egyes-apartmahaz-emeleti-10.jpg 480w, https:\/\/gedeonapartman.hu\/wp-content\/uploads\/2023\/10\/Szallashely-Horvatorszag-Gedeon-egyes-apartmahaz-emeleti-10-9x12.jpg 9w\" sizes=\"(max-width: 480px) 100vw, 480px\" \/><\/a>\n\t\t\t<\/span><\/li><li class='gallery-item'><span class='gallery-icon landscape'>\n\t\t\t\t<a href=\"https:\/\/gedeonapartman.hu\/de\/accommodation\/gedeon-apartmanhaz-1-emeleti-apartman-3\/\"><img loading=\"lazy\" decoding=\"async\" width=\"800\" height=\"600\" src=\"https:\/\/gedeonapartman.hu\/wp-content\/uploads\/2023\/10\/Szallashely-Horvatorszag-Gedeon-egyes-apartmahaz-emeleti-12.jpg\" class=\"attachment-large size-large\" alt=\"Sz\u00e1ll\u00e1shely Horv\u00e1torsz\u00e1g Gedeon egyes apartmah\u00e1z emeleti\" srcset=\"https:\/\/gedeonapartman.hu\/wp-content\/uploads\/2023\/10\/Szallashely-Horvatorszag-Gedeon-egyes-apartmahaz-emeleti-12.jpg 853w, https:\/\/gedeonapartman.hu\/wp-content\/uploads\/2023\/10\/Szallashely-Horvatorszag-Gedeon-egyes-apartmahaz-emeleti-12-700x525.jpg 700w, https:\/\/gedeonapartman.hu\/wp-content\/uploads\/2023\/10\/Szallashely-Horvatorszag-Gedeon-egyes-apartmahaz-emeleti-12-768x576.jpg 768w, https:\/\/gedeonapartman.hu\/wp-content\/uploads\/2023\/10\/Szallashely-Horvatorszag-Gedeon-egyes-apartmahaz-emeleti-12-16x12.jpg 16w, https:\/\/gedeonapartman.hu\/wp-content\/uploads\/2023\/10\/Szallashely-Horvatorszag-Gedeon-egyes-apartmahaz-emeleti-12-600x450.jpg 600w\" sizes=\"(max-width: 800px) 100vw, 800px\" \/><\/a>\n\t\t\t<\/span><\/li><li class='gallery-item'><span class='gallery-icon landscape'>\n\t\t\t\t<a href=\"https:\/\/gedeonapartman.hu\/de\/accommodation\/gedeon-apartmanhaz-1-emeleti-apartman-3\/\"><img loading=\"lazy\" decoding=\"async\" width=\"800\" height=\"600\" src=\"https:\/\/gedeonapartman.hu\/wp-content\/uploads\/2023\/10\/Szallashely-Horvatorszag-Gedeon-egyes-apartmahaz-emeleti-13.jpg\" class=\"attachment-large size-large\" alt=\"Sz\u00e1ll\u00e1shely Horv\u00e1torsz\u00e1g Gedeon egyes apartmah\u00e1z emeleti\" srcset=\"https:\/\/gedeonapartman.hu\/wp-content\/uploads\/2023\/10\/Szallashely-Horvatorszag-Gedeon-egyes-apartmahaz-emeleti-13.jpg 853w, https:\/\/gedeonapartman.hu\/wp-content\/uploads\/2023\/10\/Szallashely-Horvatorszag-Gedeon-egyes-apartmahaz-emeleti-13-700x525.jpg 700w, https:\/\/gedeonapartman.hu\/wp-content\/uploads\/2023\/10\/Szallashely-Horvatorszag-Gedeon-egyes-apartmahaz-emeleti-13-768x576.jpg 768w, https:\/\/gedeonapartman.hu\/wp-content\/uploads\/2023\/10\/Szallashely-Horvatorszag-Gedeon-egyes-apartmahaz-emeleti-13-16x12.jpg 16w, https:\/\/gedeonapartman.hu\/wp-content\/uploads\/2023\/10\/Szallashely-Horvatorszag-Gedeon-egyes-apartmahaz-emeleti-13-600x450.jpg 600w\" sizes=\"(max-width: 800px) 100vw, 800px\" \/><\/a>\n\t\t\t<\/span><\/li><li class='gallery-item'><span class='gallery-icon landscape'>\n\t\t\t\t<a href=\"https:\/\/gedeonapartman.hu\/de\/accommodation\/gedeon-apartmanhaz-1-emeleti-apartman-3\/\"><img loading=\"lazy\" decoding=\"async\" width=\"800\" height=\"600\" src=\"https:\/\/gedeonapartman.hu\/wp-content\/uploads\/2023\/10\/Szallashely-Horvatorszag-Gedeon-egyes-apartmahaz-emeleti-5.jpg\" class=\"attachment-large size-large\" alt=\"Sz\u00e1ll\u00e1shely Horv\u00e1torsz\u00e1g Gedeon egyes apartmah\u00e1z emeleti\" srcset=\"https:\/\/gedeonapartman.hu\/wp-content\/uploads\/2023\/10\/Szallashely-Horvatorszag-Gedeon-egyes-apartmahaz-emeleti-5.jpg 853w, https:\/\/gedeonapartman.hu\/wp-content\/uploads\/2023\/10\/Szallashely-Horvatorszag-Gedeon-egyes-apartmahaz-emeleti-5-700x525.jpg 700w, https:\/\/gedeonapartman.hu\/wp-content\/uploads\/2023\/10\/Szallashely-Horvatorszag-Gedeon-egyes-apartmahaz-emeleti-5-768x576.jpg 768w, https:\/\/gedeonapartman.hu\/wp-content\/uploads\/2023\/10\/Szallashely-Horvatorszag-Gedeon-egyes-apartmahaz-emeleti-5-16x12.jpg 16w, https:\/\/gedeonapartman.hu\/wp-content\/uploads\/2023\/10\/Szallashely-Horvatorszag-Gedeon-egyes-apartmahaz-emeleti-5-600x450.jpg 600w\" sizes=\"(max-width: 800px) 100vw, 800px\" \/><\/a>\n\t\t\t<\/span><\/li><li class='gallery-item'><span class='gallery-icon portrait'>\n\t\t\t\t<a href=\"https:\/\/gedeonapartman.hu\/de\/accommodation\/gedeon-apartmanhaz-1-emeleti-apartman-3\/\"><img loading=\"lazy\" decoding=\"async\" width=\"480\" height=\"640\" src=\"https:\/\/gedeonapartman.hu\/wp-content\/uploads\/2023\/10\/Szallashely-Horvatorszag-Gedeon-egyes-apartmahaz-emeleti-4.jpg\" class=\"attachment-large size-large\" alt=\"Sz\u00e1ll\u00e1shely Horv\u00e1torsz\u00e1g Gedeon egyes apartmah\u00e1z emeleti\" srcset=\"https:\/\/gedeonapartman.hu\/wp-content\/uploads\/2023\/10\/Szallashely-Horvatorszag-Gedeon-egyes-apartmahaz-emeleti-4.jpg 480w, https:\/\/gedeonapartman.hu\/wp-content\/uploads\/2023\/10\/Szallashely-Horvatorszag-Gedeon-egyes-apartmahaz-emeleti-4-9x12.jpg 9w\" sizes=\"(max-width: 480px) 100vw, 480px\" \/><\/a>\n\t\t\t<\/span><\/li><li class='gallery-item'><span class='gallery-icon landscape'>\n\t\t\t\t<a href=\"https:\/\/gedeonapartman.hu\/de\/accommodation\/gedeon-apartmanhaz-1-emeleti-apartman-3\/\"><img loading=\"lazy\" decoding=\"async\" width=\"800\" height=\"600\" src=\"https:\/\/gedeonapartman.hu\/wp-content\/uploads\/2023\/10\/Szallashely-Horvatorszag-Gedeon-egyes-apartmahaz-emeleti-3.jpg\" class=\"attachment-large size-large\" alt=\"Sz\u00e1ll\u00e1shely Horv\u00e1torsz\u00e1g Gedeon egyes apartmah\u00e1z emeleti\" srcset=\"https:\/\/gedeonapartman.hu\/wp-content\/uploads\/2023\/10\/Szallashely-Horvatorszag-Gedeon-egyes-apartmahaz-emeleti-3.jpg 853w, https:\/\/gedeonapartman.hu\/wp-content\/uploads\/2023\/10\/Szallashely-Horvatorszag-Gedeon-egyes-apartmahaz-emeleti-3-700x525.jpg 700w, https:\/\/gedeonapartman.hu\/wp-content\/uploads\/2023\/10\/Szallashely-Horvatorszag-Gedeon-egyes-apartmahaz-emeleti-3-768x576.jpg 768w, https:\/\/gedeonapartman.hu\/wp-content\/uploads\/2023\/10\/Szallashely-Horvatorszag-Gedeon-egyes-apartmahaz-emeleti-3-16x12.jpg 16w, https:\/\/gedeonapartman.hu\/wp-content\/uploads\/2023\/10\/Szallashely-Horvatorszag-Gedeon-egyes-apartmahaz-emeleti-3-600x450.jpg 600w\" sizes=\"(max-width: 800px) 100vw, 800px\" \/><\/a>\n\t\t\t<\/span><\/li><li class='gallery-item'><span class='gallery-icon landscape'>\n\t\t\t\t<a href=\"https:\/\/gedeonapartman.hu\/de\/accommodation\/gedeon-apartmanhaz-1-emeleti-apartman-3\/\"><img loading=\"lazy\" decoding=\"async\" width=\"800\" height=\"600\" src=\"https:\/\/gedeonapartman.hu\/wp-content\/uploads\/2023\/10\/Szallashely-Horvatorszag-Gedeon-egyes-apartmahaz-emeleti-2.jpg\" class=\"attachment-large size-large\" alt=\"Sz\u00e1ll\u00e1shely Horv\u00e1torsz\u00e1g Gedeon egyes apartmah\u00e1z emeleti\" srcset=\"https:\/\/gedeonapartman.hu\/wp-content\/uploads\/2023\/10\/Szallashely-Horvatorszag-Gedeon-egyes-apartmahaz-emeleti-2.jpg 853w, https:\/\/gedeonapartman.hu\/wp-content\/uploads\/2023\/10\/Szallashely-Horvatorszag-Gedeon-egyes-apartmahaz-emeleti-2-700x525.jpg 700w, https:\/\/gedeonapartman.hu\/wp-content\/uploads\/2023\/10\/Szallashely-Horvatorszag-Gedeon-egyes-apartmahaz-emeleti-2-768x576.jpg 768w, https:\/\/gedeonapartman.hu\/wp-content\/uploads\/2023\/10\/Szallashely-Horvatorszag-Gedeon-egyes-apartmahaz-emeleti-2-16x12.jpg 16w, https:\/\/gedeonapartman.hu\/wp-content\/uploads\/2023\/10\/Szallashely-Horvatorszag-Gedeon-egyes-apartmahaz-emeleti-2-600x450.jpg 600w\" sizes=\"(max-width: 800px) 100vw, 800px\" \/><\/a>\n\t\t\t<\/span><\/li><li class='gallery-item'><span class='gallery-icon landscape'>\n\t\t\t\t<a href=\"https:\/\/gedeonapartman.hu\/de\/accommodation\/gedeon-apartmanhaz-1-emeleti-apartman-3\/\"><img loading=\"lazy\" decoding=\"async\" width=\"800\" height=\"600\" src=\"https:\/\/gedeonapartman.hu\/wp-content\/uploads\/2023\/10\/Szallashely-Horvatorszag-Gedeon-egyes-apartmahaz-emeleti-1.jpg\" class=\"attachment-large size-large\" alt=\"Sz\u00e1ll\u00e1shely Horv\u00e1torsz\u00e1g Gedeon egyes apartmah\u00e1z emeleti\" srcset=\"https:\/\/gedeonapartman.hu\/wp-content\/uploads\/2023\/10\/Szallashely-Horvatorszag-Gedeon-egyes-apartmahaz-emeleti-1.jpg 853w, https:\/\/gedeonapartman.hu\/wp-content\/uploads\/2023\/10\/Szallashely-Horvatorszag-Gedeon-egyes-apartmahaz-emeleti-1-700x525.jpg 700w, https:\/\/gedeonapartman.hu\/wp-content\/uploads\/2023\/10\/Szallashely-Horvatorszag-Gedeon-egyes-apartmahaz-emeleti-1-768x576.jpg 768w, https:\/\/gedeonapartman.hu\/wp-content\/uploads\/2023\/10\/Szallashely-Horvatorszag-Gedeon-egyes-apartmahaz-emeleti-1-16x12.jpg 16w, https:\/\/gedeonapartman.hu\/wp-content\/uploads\/2023\/10\/Szallashely-Horvatorszag-Gedeon-egyes-apartmahaz-emeleti-1-600x450.jpg 600w\" sizes=\"(max-width: 800px) 100vw, 800px\" \/><\/a>\n\t\t\t<\/span><\/li><\/ul>\n\t\t<\/div>\n<div id='mphb-flexslider-gallery-14' class='gallery-columns-4 gallery-size-thumbnail mphb-gallery-thumbnail-slider mphb-flexslider-gallery-wrapper mphb-room-type-gallery-wrapper mphb-gallery-thumbnail-slider-69ee7bd0e86d6' data-flexslider-atts='{\"animation\":\"slide\",\"controlNav\":false,\"animationLoop\":true,\"slideshow\":false,\"itemMargin\":5}' data-group='69ee7bd0e86d6'><ul class=\"slides\"><li class='gallery-item'><span class='gallery-icon landscape'>\n\t\t\t\t<a href='https:\/\/gedeonapartman.hu\/de\/accommodation\/gedeon-apartmanhaz-1-emeleti-apartman-3\/szallashely-horvatorszag-gedeon-egyes-apartmahaz-emeleti-15\/'><img loading=\"lazy\" decoding=\"async\" width=\"150\" height=\"150\" src=\"https:\/\/gedeonapartman.hu\/wp-content\/uploads\/2023\/10\/Szallashely-Horvatorszag-Gedeon-egyes-apartmahaz-emeleti-15-150x150.jpg\" class=\"attachment-thumbnail size-thumbnail\" alt=\"Sz\u00e1ll\u00e1shely Horv\u00e1torsz\u00e1g Gedeon egyes apartmah\u00e1z emeleti\" srcset=\"https:\/\/gedeonapartman.hu\/wp-content\/uploads\/2023\/10\/Szallashely-Horvatorszag-Gedeon-egyes-apartmahaz-emeleti-15-150x150.jpg 150w, https:\/\/gedeonapartman.hu\/wp-content\/uploads\/2023\/10\/Szallashely-Horvatorszag-Gedeon-egyes-apartmahaz-emeleti-15-300x300.jpg 300w, https:\/\/gedeonapartman.hu\/wp-content\/uploads\/2023\/10\/Szallashely-Horvatorszag-Gedeon-egyes-apartmahaz-emeleti-15-100x100.jpg 100w\" sizes=\"(max-width: 150px) 100vw, 150px\" \/><\/a>\n\t\t\t<\/span><\/li><li class='gallery-item'><span class='gallery-icon portrait'>\n\t\t\t\t<a href='https:\/\/gedeonapartman.hu\/de\/accommodation\/gedeon-apartmanhaz-1-emeleti-apartman-3\/szallashely-horvatorszag-gedeon-egyes-apartmahaz-emeleti-14\/'><img loading=\"lazy\" decoding=\"async\" width=\"150\" height=\"150\" src=\"https:\/\/gedeonapartman.hu\/wp-content\/uploads\/2023\/10\/Szallashely-Horvatorszag-Gedeon-egyes-apartmahaz-emeleti-14-150x150.jpg\" class=\"attachment-thumbnail size-thumbnail\" alt=\"Sz\u00e1ll\u00e1shely Horv\u00e1torsz\u00e1g Gedeon egyes apartmah\u00e1z emeleti\" srcset=\"https:\/\/gedeonapartman.hu\/wp-content\/uploads\/2023\/10\/Szallashely-Horvatorszag-Gedeon-egyes-apartmahaz-emeleti-14-150x150.jpg 150w, https:\/\/gedeonapartman.hu\/wp-content\/uploads\/2023\/10\/Szallashely-Horvatorszag-Gedeon-egyes-apartmahaz-emeleti-14-300x300.jpg 300w, https:\/\/gedeonapartman.hu\/wp-content\/uploads\/2023\/10\/Szallashely-Horvatorszag-Gedeon-egyes-apartmahaz-emeleti-14-100x100.jpg 100w\" sizes=\"(max-width: 150px) 100vw, 150px\" \/><\/a>\n\t\t\t<\/span><\/li><li class='gallery-item'><span class='gallery-icon landscape'>\n\t\t\t\t<a href='https:\/\/gedeonapartman.hu\/de\/accommodation\/gedeon-apartmanhaz-1-emeleti-apartman-3\/szallashely-horvatorszag-gedeon-egyes-apartmahaz-emeleti-11\/'><img loading=\"lazy\" decoding=\"async\" width=\"150\" height=\"150\" src=\"https:\/\/gedeonapartman.hu\/wp-content\/uploads\/2023\/10\/Szallashely-Horvatorszag-Gedeon-egyes-apartmahaz-emeleti-11-150x150.jpg\" class=\"attachment-thumbnail size-thumbnail\" alt=\"Sz\u00e1ll\u00e1shely Horv\u00e1torsz\u00e1g Gedeon egyes apartmah\u00e1z emeleti\" srcset=\"https:\/\/gedeonapartman.hu\/wp-content\/uploads\/2023\/10\/Szallashely-Horvatorszag-Gedeon-egyes-apartmahaz-emeleti-11-150x150.jpg 150w, https:\/\/gedeonapartman.hu\/wp-content\/uploads\/2023\/10\/Szallashely-Horvatorszag-Gedeon-egyes-apartmahaz-emeleti-11-300x300.jpg 300w, https:\/\/gedeonapartman.hu\/wp-content\/uploads\/2023\/10\/Szallashely-Horvatorszag-Gedeon-egyes-apartmahaz-emeleti-11-100x100.jpg 100w\" sizes=\"(max-width: 150px) 100vw, 150px\" \/><\/a>\n\t\t\t<\/span><\/li><li class='gallery-item'><span class='gallery-icon portrait'>\n\t\t\t\t<a href='https:\/\/gedeonapartman.hu\/de\/accommodation\/gedeon-apartmanhaz-1-emeleti-apartman-3\/szallashely-horvatorszag-gedeon-egyes-apartmahaz-emeleti-6\/'><img loading=\"lazy\" decoding=\"async\" width=\"150\" height=\"150\" src=\"https:\/\/gedeonapartman.hu\/wp-content\/uploads\/2023\/10\/Szallashely-Horvatorszag-Gedeon-egyes-apartmahaz-emeleti-6-150x150.jpg\" class=\"attachment-thumbnail size-thumbnail\" alt=\"Sz\u00e1ll\u00e1shely Horv\u00e1torsz\u00e1g Gedeon egyes apartmah\u00e1z emeleti\" srcset=\"https:\/\/gedeonapartman.hu\/wp-content\/uploads\/2023\/10\/Szallashely-Horvatorszag-Gedeon-egyes-apartmahaz-emeleti-6-150x150.jpg 150w, https:\/\/gedeonapartman.hu\/wp-content\/uploads\/2023\/10\/Szallashely-Horvatorszag-Gedeon-egyes-apartmahaz-emeleti-6-300x300.jpg 300w, https:\/\/gedeonapartman.hu\/wp-content\/uploads\/2023\/10\/Szallashely-Horvatorszag-Gedeon-egyes-apartmahaz-emeleti-6-100x100.jpg 100w\" sizes=\"(max-width: 150px) 100vw, 150px\" \/><\/a>\n\t\t\t<\/span><\/li><li class='gallery-item'><span class='gallery-icon landscape'>\n\t\t\t\t<a href='https:\/\/gedeonapartman.hu\/de\/accommodation\/gedeon-apartmanhaz-1-emeleti-apartman-3\/szallashely-horvatorszag-gedeon-egyes-apartmahaz-emeleti-7\/'><img loading=\"lazy\" decoding=\"async\" width=\"150\" height=\"150\" src=\"https:\/\/gedeonapartman.hu\/wp-content\/uploads\/2023\/10\/Szallashely-Horvatorszag-Gedeon-egyes-apartmahaz-emeleti-7-150x150.jpg\" class=\"attachment-thumbnail size-thumbnail\" alt=\"Sz\u00e1ll\u00e1shely Horv\u00e1torsz\u00e1g Gedeon egyes apartmah\u00e1z emeleti\" srcset=\"https:\/\/gedeonapartman.hu\/wp-content\/uploads\/2023\/10\/Szallashely-Horvatorszag-Gedeon-egyes-apartmahaz-emeleti-7-150x150.jpg 150w, https:\/\/gedeonapartman.hu\/wp-content\/uploads\/2023\/10\/Szallashely-Horvatorszag-Gedeon-egyes-apartmahaz-emeleti-7-300x300.jpg 300w, https:\/\/gedeonapartman.hu\/wp-content\/uploads\/2023\/10\/Szallashely-Horvatorszag-Gedeon-egyes-apartmahaz-emeleti-7-100x100.jpg 100w\" sizes=\"(max-width: 150px) 100vw, 150px\" \/><\/a>\n\t\t\t<\/span><\/li><li class='gallery-item'><span class='gallery-icon portrait'>\n\t\t\t\t<a href='https:\/\/gedeonapartman.hu\/de\/accommodation\/gedeon-apartmanhaz-1-emeleti-apartman-3\/szallashely-horvatorszag-gedeon-egyes-apartmahaz-emeleti-8\/'><img loading=\"lazy\" decoding=\"async\" width=\"150\" height=\"150\" src=\"https:\/\/gedeonapartman.hu\/wp-content\/uploads\/2023\/10\/Szallashely-Horvatorszag-Gedeon-egyes-apartmahaz-emeleti-8-150x150.jpg\" class=\"attachment-thumbnail size-thumbnail\" alt=\"Sz\u00e1ll\u00e1shely Horv\u00e1torsz\u00e1g Gedeon egyes apartmah\u00e1z emeleti\" srcset=\"https:\/\/gedeonapartman.hu\/wp-content\/uploads\/2023\/10\/Szallashely-Horvatorszag-Gedeon-egyes-apartmahaz-emeleti-8-150x150.jpg 150w, https:\/\/gedeonapartman.hu\/wp-content\/uploads\/2023\/10\/Szallashely-Horvatorszag-Gedeon-egyes-apartmahaz-emeleti-8-300x300.jpg 300w, https:\/\/gedeonapartman.hu\/wp-content\/uploads\/2023\/10\/Szallashely-Horvatorszag-Gedeon-egyes-apartmahaz-emeleti-8-100x100.jpg 100w\" sizes=\"(max-width: 150px) 100vw, 150px\" \/><\/a>\n\t\t\t<\/span><\/li><li class='gallery-item'><span class='gallery-icon portrait'>\n\t\t\t\t<a href='https:\/\/gedeonapartman.hu\/de\/accommodation\/gedeon-apartmanhaz-1-emeleti-apartman-3\/szallashely-horvatorszag-gedeon-egyes-apartmahaz-emeleti-9\/'><img loading=\"lazy\" decoding=\"async\" width=\"150\" height=\"150\" src=\"https:\/\/gedeonapartman.hu\/wp-content\/uploads\/2023\/10\/Szallashely-Horvatorszag-Gedeon-egyes-apartmahaz-emeleti-9-150x150.jpg\" class=\"attachment-thumbnail size-thumbnail\" alt=\"Sz\u00e1ll\u00e1shely Horv\u00e1torsz\u00e1g Gedeon egyes apartmah\u00e1z emeleti\" srcset=\"https:\/\/gedeonapartman.hu\/wp-content\/uploads\/2023\/10\/Szallashely-Horvatorszag-Gedeon-egyes-apartmahaz-emeleti-9-150x150.jpg 150w, https:\/\/gedeonapartman.hu\/wp-content\/uploads\/2023\/10\/Szallashely-Horvatorszag-Gedeon-egyes-apartmahaz-emeleti-9-300x300.jpg 300w, https:\/\/gedeonapartman.hu\/wp-content\/uploads\/2023\/10\/Szallashely-Horvatorszag-Gedeon-egyes-apartmahaz-emeleti-9-100x100.jpg 100w\" sizes=\"(max-width: 150px) 100vw, 150px\" \/><\/a>\n\t\t\t<\/span><\/li><li class='gallery-item'><span class='gallery-icon portrait'>\n\t\t\t\t<a href='https:\/\/gedeonapartman.hu\/de\/accommodation\/gedeon-apartmanhaz-1-emeleti-apartman-3\/szallashely-horvatorszag-gedeon-egyes-apartmahaz-emeleti-10\/'><img loading=\"lazy\" decoding=\"async\" width=\"150\" height=\"150\" src=\"https:\/\/gedeonapartman.hu\/wp-content\/uploads\/2023\/10\/Szallashely-Horvatorszag-Gedeon-egyes-apartmahaz-emeleti-10-150x150.jpg\" class=\"attachment-thumbnail size-thumbnail\" alt=\"Sz\u00e1ll\u00e1shely Horv\u00e1torsz\u00e1g Gedeon egyes apartmah\u00e1z emeleti\" srcset=\"https:\/\/gedeonapartman.hu\/wp-content\/uploads\/2023\/10\/Szallashely-Horvatorszag-Gedeon-egyes-apartmahaz-emeleti-10-150x150.jpg 150w, https:\/\/gedeonapartman.hu\/wp-content\/uploads\/2023\/10\/Szallashely-Horvatorszag-Gedeon-egyes-apartmahaz-emeleti-10-300x300.jpg 300w, https:\/\/gedeonapartman.hu\/wp-content\/uploads\/2023\/10\/Szallashely-Horvatorszag-Gedeon-egyes-apartmahaz-emeleti-10-100x100.jpg 100w\" sizes=\"(max-width: 150px) 100vw, 150px\" \/><\/a>\n\t\t\t<\/span><\/li><li class='gallery-item'><span class='gallery-icon landscape'>\n\t\t\t\t<a href='https:\/\/gedeonapartman.hu\/de\/accommodation\/gedeon-apartmanhaz-1-emeleti-apartman-3\/szallashely-horvatorszag-gedeon-egyes-apartmahaz-emeleti-12\/'><img loading=\"lazy\" decoding=\"async\" width=\"150\" height=\"150\" src=\"https:\/\/gedeonapartman.hu\/wp-content\/uploads\/2023\/10\/Szallashely-Horvatorszag-Gedeon-egyes-apartmahaz-emeleti-12-150x150.jpg\" class=\"attachment-thumbnail size-thumbnail\" alt=\"Sz\u00e1ll\u00e1shely Horv\u00e1torsz\u00e1g Gedeon egyes apartmah\u00e1z emeleti\" srcset=\"https:\/\/gedeonapartman.hu\/wp-content\/uploads\/2023\/10\/Szallashely-Horvatorszag-Gedeon-egyes-apartmahaz-emeleti-12-150x150.jpg 150w, https:\/\/gedeonapartman.hu\/wp-content\/uploads\/2023\/10\/Szallashely-Horvatorszag-Gedeon-egyes-apartmahaz-emeleti-12-300x300.jpg 300w, https:\/\/gedeonapartman.hu\/wp-content\/uploads\/2023\/10\/Szallashely-Horvatorszag-Gedeon-egyes-apartmahaz-emeleti-12-100x100.jpg 100w\" sizes=\"(max-width: 150px) 100vw, 150px\" \/><\/a>\n\t\t\t<\/span><\/li><li class='gallery-item'><span class='gallery-icon landscape'>\n\t\t\t\t<a href='https:\/\/gedeonapartman.hu\/de\/accommodation\/gedeon-apartmanhaz-1-emeleti-apartman-3\/szallashely-horvatorszag-gedeon-egyes-apartmahaz-emeleti-13\/'><img loading=\"lazy\" decoding=\"async\" width=\"150\" height=\"150\" src=\"https:\/\/gedeonapartman.hu\/wp-content\/uploads\/2023\/10\/Szallashely-Horvatorszag-Gedeon-egyes-apartmahaz-emeleti-13-150x150.jpg\" class=\"attachment-thumbnail size-thumbnail\" alt=\"Sz\u00e1ll\u00e1shely Horv\u00e1torsz\u00e1g Gedeon egyes apartmah\u00e1z emeleti\" srcset=\"https:\/\/gedeonapartman.hu\/wp-content\/uploads\/2023\/10\/Szallashely-Horvatorszag-Gedeon-egyes-apartmahaz-emeleti-13-150x150.jpg 150w, https:\/\/gedeonapartman.hu\/wp-content\/uploads\/2023\/10\/Szallashely-Horvatorszag-Gedeon-egyes-apartmahaz-emeleti-13-300x300.jpg 300w, https:\/\/gedeonapartman.hu\/wp-content\/uploads\/2023\/10\/Szallashely-Horvatorszag-Gedeon-egyes-apartmahaz-emeleti-13-100x100.jpg 100w\" sizes=\"(max-width: 150px) 100vw, 150px\" \/><\/a>\n\t\t\t<\/span><\/li><li class='gallery-item'><span class='gallery-icon landscape'>\n\t\t\t\t<a href='https:\/\/gedeonapartman.hu\/de\/accommodation\/gedeon-apartmanhaz-1-emeleti-apartman-3\/szallashely-horvatorszag-gedeon-egyes-apartmahaz-emeleti-5\/'><img loading=\"lazy\" decoding=\"async\" width=\"150\" height=\"150\" src=\"https:\/\/gedeonapartman.hu\/wp-content\/uploads\/2023\/10\/Szallashely-Horvatorszag-Gedeon-egyes-apartmahaz-emeleti-5-150x150.jpg\" class=\"attachment-thumbnail size-thumbnail\" alt=\"Sz\u00e1ll\u00e1shely Horv\u00e1torsz\u00e1g Gedeon egyes apartmah\u00e1z emeleti\" srcset=\"https:\/\/gedeonapartman.hu\/wp-content\/uploads\/2023\/10\/Szallashely-Horvatorszag-Gedeon-egyes-apartmahaz-emeleti-5-150x150.jpg 150w, https:\/\/gedeonapartman.hu\/wp-content\/uploads\/2023\/10\/Szallashely-Horvatorszag-Gedeon-egyes-apartmahaz-emeleti-5-300x300.jpg 300w, https:\/\/gedeonapartman.hu\/wp-content\/uploads\/2023\/10\/Szallashely-Horvatorszag-Gedeon-egyes-apartmahaz-emeleti-5-100x100.jpg 100w\" sizes=\"(max-width: 150px) 100vw, 150px\" \/><\/a>\n\t\t\t<\/span><\/li><li class='gallery-item'><span class='gallery-icon portrait'>\n\t\t\t\t<a href='https:\/\/gedeonapartman.hu\/de\/accommodation\/gedeon-apartmanhaz-1-emeleti-apartman-3\/szallashely-horvatorszag-gedeon-egyes-apartmahaz-emeleti-4\/'><img loading=\"lazy\" decoding=\"async\" width=\"150\" height=\"150\" src=\"https:\/\/gedeonapartman.hu\/wp-content\/uploads\/2023\/10\/Szallashely-Horvatorszag-Gedeon-egyes-apartmahaz-emeleti-4-150x150.jpg\" class=\"attachment-thumbnail size-thumbnail\" alt=\"Sz\u00e1ll\u00e1shely Horv\u00e1torsz\u00e1g Gedeon egyes apartmah\u00e1z emeleti\" srcset=\"https:\/\/gedeonapartman.hu\/wp-content\/uploads\/2023\/10\/Szallashely-Horvatorszag-Gedeon-egyes-apartmahaz-emeleti-4-150x150.jpg 150w, https:\/\/gedeonapartman.hu\/wp-content\/uploads\/2023\/10\/Szallashely-Horvatorszag-Gedeon-egyes-apartmahaz-emeleti-4-300x300.jpg 300w, https:\/\/gedeonapartman.hu\/wp-content\/uploads\/2023\/10\/Szallashely-Horvatorszag-Gedeon-egyes-apartmahaz-emeleti-4-100x100.jpg 100w\" sizes=\"(max-width: 150px) 100vw, 150px\" \/><\/a>\n\t\t\t<\/span><\/li><li class='gallery-item'><span class='gallery-icon landscape'>\n\t\t\t\t<a href='https:\/\/gedeonapartman.hu\/de\/accommodation\/gedeon-apartmanhaz-1-emeleti-apartman-3\/szallashely-horvatorszag-gedeon-egyes-apartmahaz-emeleti-3\/'><img loading=\"lazy\" decoding=\"async\" width=\"150\" height=\"150\" src=\"https:\/\/gedeonapartman.hu\/wp-content\/uploads\/2023\/10\/Szallashely-Horvatorszag-Gedeon-egyes-apartmahaz-emeleti-3-150x150.jpg\" class=\"attachment-thumbnail size-thumbnail\" alt=\"Sz\u00e1ll\u00e1shely Horv\u00e1torsz\u00e1g Gedeon egyes apartmah\u00e1z emeleti\" srcset=\"https:\/\/gedeonapartman.hu\/wp-content\/uploads\/2023\/10\/Szallashely-Horvatorszag-Gedeon-egyes-apartmahaz-emeleti-3-150x150.jpg 150w, https:\/\/gedeonapartman.hu\/wp-content\/uploads\/2023\/10\/Szallashely-Horvatorszag-Gedeon-egyes-apartmahaz-emeleti-3-300x300.jpg 300w, https:\/\/gedeonapartman.hu\/wp-content\/uploads\/2023\/10\/Szallashely-Horvatorszag-Gedeon-egyes-apartmahaz-emeleti-3-100x100.jpg 100w\" sizes=\"(max-width: 150px) 100vw, 150px\" \/><\/a>\n\t\t\t<\/span><\/li><li class='gallery-item'><span class='gallery-icon landscape'>\n\t\t\t\t<a href='https:\/\/gedeonapartman.hu\/de\/accommodation\/gedeon-apartmanhaz-1-emeleti-apartman-3\/szallashely-horvatorszag-gedeon-egyes-apartmahaz-emeleti-2\/'><img loading=\"lazy\" decoding=\"async\" width=\"150\" height=\"150\" src=\"https:\/\/gedeonapartman.hu\/wp-content\/uploads\/2023\/10\/Szallashely-Horvatorszag-Gedeon-egyes-apartmahaz-emeleti-2-150x150.jpg\" class=\"attachment-thumbnail size-thumbnail\" alt=\"Sz\u00e1ll\u00e1shely Horv\u00e1torsz\u00e1g Gedeon egyes apartmah\u00e1z emeleti\" srcset=\"https:\/\/gedeonapartman.hu\/wp-content\/uploads\/2023\/10\/Szallashely-Horvatorszag-Gedeon-egyes-apartmahaz-emeleti-2-150x150.jpg 150w, https:\/\/gedeonapartman.hu\/wp-content\/uploads\/2023\/10\/Szallashely-Horvatorszag-Gedeon-egyes-apartmahaz-emeleti-2-300x300.jpg 300w, https:\/\/gedeonapartman.hu\/wp-content\/uploads\/2023\/10\/Szallashely-Horvatorszag-Gedeon-egyes-apartmahaz-emeleti-2-100x100.jpg 100w\" sizes=\"(max-width: 150px) 100vw, 150px\" \/><\/a>\n\t\t\t<\/span><\/li><li class='gallery-item'><span class='gallery-icon landscape'>\n\t\t\t\t<a href='https:\/\/gedeonapartman.hu\/de\/accommodation\/gedeon-apartmanhaz-1-emeleti-apartman-3\/szallashely-horvatorszag-gedeon-egyes-apartmahaz-emeleti-1\/'><img loading=\"lazy\" decoding=\"async\" width=\"150\" height=\"150\" src=\"https:\/\/gedeonapartman.hu\/wp-content\/uploads\/2023\/10\/Szallashely-Horvatorszag-Gedeon-egyes-apartmahaz-emeleti-1-150x150.jpg\" class=\"attachment-thumbnail size-thumbnail\" alt=\"Sz\u00e1ll\u00e1shely Horv\u00e1torsz\u00e1g Gedeon egyes apartmah\u00e1z emeleti\" srcset=\"https:\/\/gedeonapartman.hu\/wp-content\/uploads\/2023\/10\/Szallashely-Horvatorszag-Gedeon-egyes-apartmahaz-emeleti-1-150x150.jpg 150w, https:\/\/gedeonapartman.hu\/wp-content\/uploads\/2023\/10\/Szallashely-Horvatorszag-Gedeon-egyes-apartmahaz-emeleti-1-300x300.jpg 300w, https:\/\/gedeonapartman.hu\/wp-content\/uploads\/2023\/10\/Szallashely-Horvatorszag-Gedeon-egyes-apartmahaz-emeleti-1-100x100.jpg 100w\" sizes=\"(max-width: 150px) 100vw, 150px\" \/><\/a>\n\t\t\t<\/span><\/li><\/ul>\n\t\t<\/div>\n\n\t<\/div>\n\t\n<h2 class=\"mphb-room-type-title entry-title\">\n\n<a class=\"mphb-room-type-title\" href=\"https:\/\/gedeonapartman.hu\/de\/accommodation\/gedeon-apartmanhaz-1-emeleti-apartman-3\/\">Gedeon Apartmanh\u00e1z #1 Emeleti Apartman #3<\/a>\n\n<\/h2>\n\n<p>90 n\u00e9gyzetm\u00e9teres teraszos apartman. K\u00e9t k\u00fcl\u00f6n szoba konyh\u00e1s nappalival \u00e9s zuhanyzos f\u00fcrd\u0151szob\u00e1val.<\/p>\n\n\n<h3 class=\"mphb-room-type-details-title\">Details<\/h3><ul class=\"mphb-loop-room-type-attributes\">\n\t<li class=\"mphb-room-type-total-capacity\"><span class=\"mphb-attribute-title mphb-total-capacity-title\">G\u00e4ste:<\/span><span class=\"mphb-attribute-value\">\n\t6\n\t<\/span><\/li>\t\n\n\n\n\n\n\n\n\t<li class=\"mphb-room-type-size\"><span class=\"mphb-attribute-title mphb-size-title\">Gr\u00f6\u00dfe:<\/span><span class=\"mphb-attribute-value\">\n\t90m\u00b2\n\t<\/span><\/li>\n\t\n\n\n\n\t<li class=\"mphb-room-type-categories\"><span class=\"mphb-attribute-title mphb-categories-title\">Kategorien:<\/span><span class=\"mphb-attribute-value\"> <span class=\"category-apartman-1\"><a href=\"https:\/\/gedeonapartman.hu\/de\/accommodation-category\/apartman-1\/\">Apartman #1<\/a><\/span><\/span><\/li>\n\t\n<\/ul>\n\n\t<p class=\"mphb-regular-price\"><strong>Preis von:<\/strong>\n\t<span class=\"mphb-price\">480&nbsp;<span class=\"mphb-currency\">&euro;<\/span><\/span> <span class=\"mphb-price-period\" title=\"W\u00e4hlen Sie Daten, um relevante Preise zu sehen\">f\u00fcr 4 N\u00e4chte<\/span><span class=\"mphb-tax-information taxes-included\"> (+Steuern und Geb\u00fchren)<\/span>\n\t<\/p>\n\t\n<p class=\"mphb-view-details-button-wrapper\">\n<a class=\"button mphb-view-details-button\" href=\"https:\/\/gedeonapartman.hu\/de\/accommodation\/gedeon-apartmanhaz-1-emeleti-apartman-3\/\" >Details ansehen<\/a>\n<\/p>\n<div class=\"mphb-to-book-btn-wrapper\">\n<form action=\"https:\/\/gedeonapartman.hu\/de\/accommodation\/gedeon-apartmanhaz-1-emeleti-apartman-3\/#booking-form-23363\" method=\"get\" data-trp-original-action=\"https:\/\/gedeonapartman.hu\/de\/accommodation\/gedeon-apartmanhaz-1-emeleti-apartman-3\/#booking-form-23363\" ><button type=\"submit\" class=\"button mphb-book-button\" >Buchen<\/button><input type=\"hidden\" name=\"trp-form-language\" value=\"de\"\/><\/form>\n<br\/><\/div>\n\t\n<\/div>\n\n<div class=\"mphb-room-type post-23295 mphb_room_type type-mphb_room_type status-publish has-post-thumbnail mphb_room_type_category-apartman-1 mphb-room-type-adults-6 mphb-room-type-children-5 has-taxes-and-fees\">\n\n\t\n\t\n\n\t<div class=\"mphb-room-type-images\">\n\t<div id='mphb-flexslider-gallery-15' class='gallery-columns-1 gallery-size-large mphb-gallery-main-slider mphb-flexslider-gallery-wrapper mphb-room-type-gallery-wrapper mphb-gallery-main-slider-69ee7bd0ea234' data-flexslider-atts='{\"animation\":\"slide\",\"controlNav\":false,\"animationLoop\":true,\"smoothHeight\":true,\"slideshow\":false}' data-group='69ee7bd0ea234'><ul class=\"slides\"><li class='gallery-item'><span class='gallery-icon landscape'>\n\t\t\t\t<a href=\"https:\/\/gedeonapartman.hu\/de\/accommodation\/gedeon-apartmanhaz-1-emeleti-apartman2\/\"><img loading=\"lazy\" decoding=\"async\" width=\"800\" height=\"600\" src=\"https:\/\/gedeonapartman.hu\/wp-content\/uploads\/2023\/10\/Gedeon-egyes-Apartmanhaz-emeleti-szallashely-Horvatorszag-1.jpg\" class=\"attachment-large size-large\" alt=\"Gedeon egyes Apartmanh\u00e1z emeleti sz\u00e1ll\u00e1shely Horv\u00e1torsz\u00e1g\" srcset=\"https:\/\/gedeonapartman.hu\/wp-content\/uploads\/2023\/10\/Gedeon-egyes-Apartmanhaz-emeleti-szallashely-Horvatorszag-1.jpg 853w, https:\/\/gedeonapartman.hu\/wp-content\/uploads\/2023\/10\/Gedeon-egyes-Apartmanhaz-emeleti-szallashely-Horvatorszag-1-700x525.jpg 700w, https:\/\/gedeonapartman.hu\/wp-content\/uploads\/2023\/10\/Gedeon-egyes-Apartmanhaz-emeleti-szallashely-Horvatorszag-1-768x576.jpg 768w, https:\/\/gedeonapartman.hu\/wp-content\/uploads\/2023\/10\/Gedeon-egyes-Apartmanhaz-emeleti-szallashely-Horvatorszag-1-16x12.jpg 16w, https:\/\/gedeonapartman.hu\/wp-content\/uploads\/2023\/10\/Gedeon-egyes-Apartmanhaz-emeleti-szallashely-Horvatorszag-1-600x450.jpg 600w\" sizes=\"(max-width: 800px) 100vw, 800px\" \/><\/a>\n\t\t\t<\/span><\/li><li class='gallery-item'><span class='gallery-icon portrait'>\n\t\t\t\t<a href=\"https:\/\/gedeonapartman.hu\/de\/accommodation\/gedeon-apartmanhaz-1-emeleti-apartman2\/\"><img loading=\"lazy\" decoding=\"async\" width=\"480\" height=\"640\" src=\"https:\/\/gedeonapartman.hu\/wp-content\/uploads\/2023\/10\/Gedeon-egyes-Apartmanhaz-emeleti-szallashely-Horvatorszag-2.jpg\" class=\"attachment-large size-large\" alt=\"Gedeon egyes Apartmanh\u00e1z emeleti sz\u00e1ll\u00e1shely Horv\u00e1torsz\u00e1g\" srcset=\"https:\/\/gedeonapartman.hu\/wp-content\/uploads\/2023\/10\/Gedeon-egyes-Apartmanhaz-emeleti-szallashely-Horvatorszag-2.jpg 480w, https:\/\/gedeonapartman.hu\/wp-content\/uploads\/2023\/10\/Gedeon-egyes-Apartmanhaz-emeleti-szallashely-Horvatorszag-2-9x12.jpg 9w\" sizes=\"(max-width: 480px) 100vw, 480px\" \/><\/a>\n\t\t\t<\/span><\/li><li class='gallery-item'><span class='gallery-icon portrait'>\n\t\t\t\t<a href=\"https:\/\/gedeonapartman.hu\/de\/accommodation\/gedeon-apartmanhaz-1-emeleti-apartman2\/\"><img loading=\"lazy\" decoding=\"async\" width=\"480\" height=\"640\" src=\"https:\/\/gedeonapartman.hu\/wp-content\/uploads\/2023\/10\/Gedeon-egyes-Apartmanhaz-emeleti-szallashely-Horvatorszag-3.jpg\" class=\"attachment-large size-large\" alt=\"Gedeon egyes Apartmanh\u00e1z emeleti sz\u00e1ll\u00e1shely Horv\u00e1torsz\u00e1g\" srcset=\"https:\/\/gedeonapartman.hu\/wp-content\/uploads\/2023\/10\/Gedeon-egyes-Apartmanhaz-emeleti-szallashely-Horvatorszag-3.jpg 480w, https:\/\/gedeonapartman.hu\/wp-content\/uploads\/2023\/10\/Gedeon-egyes-Apartmanhaz-emeleti-szallashely-Horvatorszag-3-9x12.jpg 9w\" sizes=\"(max-width: 480px) 100vw, 480px\" \/><\/a>\n\t\t\t<\/span><\/li><li class='gallery-item'><span class='gallery-icon landscape'>\n\t\t\t\t<a href=\"https:\/\/gedeonapartman.hu\/de\/accommodation\/gedeon-apartmanhaz-1-emeleti-apartman2\/\"><img loading=\"lazy\" decoding=\"async\" width=\"800\" height=\"600\" src=\"https:\/\/gedeonapartman.hu\/wp-content\/uploads\/2023\/10\/Gedeon-egyes-Apartmanhaz-emeleti-szallashely-Horvatorszag-4.jpg\" class=\"attachment-large size-large\" alt=\"Gedeon egyes Apartmanh\u00e1z emeleti sz\u00e1ll\u00e1shely Horv\u00e1torsz\u00e1g\" srcset=\"https:\/\/gedeonapartman.hu\/wp-content\/uploads\/2023\/10\/Gedeon-egyes-Apartmanhaz-emeleti-szallashely-Horvatorszag-4.jpg 853w, https:\/\/gedeonapartman.hu\/wp-content\/uploads\/2023\/10\/Gedeon-egyes-Apartmanhaz-emeleti-szallashely-Horvatorszag-4-700x525.jpg 700w, https:\/\/gedeonapartman.hu\/wp-content\/uploads\/2023\/10\/Gedeon-egyes-Apartmanhaz-emeleti-szallashely-Horvatorszag-4-768x576.jpg 768w, https:\/\/gedeonapartman.hu\/wp-content\/uploads\/2023\/10\/Gedeon-egyes-Apartmanhaz-emeleti-szallashely-Horvatorszag-4-16x12.jpg 16w, https:\/\/gedeonapartman.hu\/wp-content\/uploads\/2023\/10\/Gedeon-egyes-Apartmanhaz-emeleti-szallashely-Horvatorszag-4-600x450.jpg 600w\" sizes=\"(max-width: 800px) 100vw, 800px\" \/><\/a>\n\t\t\t<\/span><\/li><li class='gallery-item'><span class='gallery-icon landscape'>\n\t\t\t\t<a href=\"https:\/\/gedeonapartman.hu\/de\/accommodation\/gedeon-apartmanhaz-1-emeleti-apartman2\/\"><img loading=\"lazy\" decoding=\"async\" width=\"800\" height=\"600\" src=\"https:\/\/gedeonapartman.hu\/wp-content\/uploads\/2023\/10\/Gedeon-egyes-Apartmanhaz-emeleti-szallashely-Horvatorszag-5.jpg\" class=\"attachment-large size-large\" alt=\"Gedeon egyes Apartmanh\u00e1z emeleti sz\u00e1ll\u00e1shely Horv\u00e1torsz\u00e1g\" srcset=\"https:\/\/gedeonapartman.hu\/wp-content\/uploads\/2023\/10\/Gedeon-egyes-Apartmanhaz-emeleti-szallashely-Horvatorszag-5.jpg 853w, https:\/\/gedeonapartman.hu\/wp-content\/uploads\/2023\/10\/Gedeon-egyes-Apartmanhaz-emeleti-szallashely-Horvatorszag-5-700x525.jpg 700w, https:\/\/gedeonapartman.hu\/wp-content\/uploads\/2023\/10\/Gedeon-egyes-Apartmanhaz-emeleti-szallashely-Horvatorszag-5-768x576.jpg 768w, https:\/\/gedeonapartman.hu\/wp-content\/uploads\/2023\/10\/Gedeon-egyes-Apartmanhaz-emeleti-szallashely-Horvatorszag-5-16x12.jpg 16w, https:\/\/gedeonapartman.hu\/wp-content\/uploads\/2023\/10\/Gedeon-egyes-Apartmanhaz-emeleti-szallashely-Horvatorszag-5-600x450.jpg 600w\" sizes=\"(max-width: 800px) 100vw, 800px\" \/><\/a>\n\t\t\t<\/span><\/li><li class='gallery-item'><span class='gallery-icon landscape'>\n\t\t\t\t<a href=\"https:\/\/gedeonapartman.hu\/de\/accommodation\/gedeon-apartmanhaz-1-emeleti-apartman2\/\"><img loading=\"lazy\" decoding=\"async\" width=\"800\" height=\"600\" src=\"https:\/\/gedeonapartman.hu\/wp-content\/uploads\/2023\/10\/Gedeon-egyes-Apartmanhaz-emeleti-szallashely-Horvatorszag-6.jpg\" class=\"attachment-large size-large\" alt=\"Gedeon egyes Apartmanh\u00e1z emeleti sz\u00e1ll\u00e1shely Horv\u00e1torsz\u00e1g\" srcset=\"https:\/\/gedeonapartman.hu\/wp-content\/uploads\/2023\/10\/Gedeon-egyes-Apartmanhaz-emeleti-szallashely-Horvatorszag-6.jpg 853w, https:\/\/gedeonapartman.hu\/wp-content\/uploads\/2023\/10\/Gedeon-egyes-Apartmanhaz-emeleti-szallashely-Horvatorszag-6-700x525.jpg 700w, https:\/\/gedeonapartman.hu\/wp-content\/uploads\/2023\/10\/Gedeon-egyes-Apartmanhaz-emeleti-szallashely-Horvatorszag-6-768x576.jpg 768w, https:\/\/gedeonapartman.hu\/wp-content\/uploads\/2023\/10\/Gedeon-egyes-Apartmanhaz-emeleti-szallashely-Horvatorszag-6-16x12.jpg 16w, https:\/\/gedeonapartman.hu\/wp-content\/uploads\/2023\/10\/Gedeon-egyes-Apartmanhaz-emeleti-szallashely-Horvatorszag-6-600x450.jpg 600w\" sizes=\"(max-width: 800px) 100vw, 800px\" \/><\/a>\n\t\t\t<\/span><\/li><li class='gallery-item'><span class='gallery-icon portrait'>\n\t\t\t\t<a href=\"https:\/\/gedeonapartman.hu\/de\/accommodation\/gedeon-apartmanhaz-1-emeleti-apartman2\/\"><img loading=\"lazy\" decoding=\"async\" width=\"480\" height=\"640\" src=\"https:\/\/gedeonapartman.hu\/wp-content\/uploads\/2023\/10\/Gedeon-egyes-Apartmanhaz-emeleti-szallashely-Horvatorszag-7.jpg\" class=\"attachment-large size-large\" alt=\"Gedeon egyes Apartmanh\u00e1z emeleti sz\u00e1ll\u00e1shely Horv\u00e1torsz\u00e1g\" srcset=\"https:\/\/gedeonapartman.hu\/wp-content\/uploads\/2023\/10\/Gedeon-egyes-Apartmanhaz-emeleti-szallashely-Horvatorszag-7.jpg 480w, https:\/\/gedeonapartman.hu\/wp-content\/uploads\/2023\/10\/Gedeon-egyes-Apartmanhaz-emeleti-szallashely-Horvatorszag-7-9x12.jpg 9w\" sizes=\"(max-width: 480px) 100vw, 480px\" \/><\/a>\n\t\t\t<\/span><\/li><li class='gallery-item'><span class='gallery-icon portrait'>\n\t\t\t\t<a href=\"https:\/\/gedeonapartman.hu\/de\/accommodation\/gedeon-apartmanhaz-1-emeleti-apartman2\/\"><img loading=\"lazy\" decoding=\"async\" width=\"480\" height=\"640\" src=\"https:\/\/gedeonapartman.hu\/wp-content\/uploads\/2023\/10\/Gedeon-egyes-Apartmanhaz-emeleti-szallashely-Horvatorszag-8.jpg\" class=\"attachment-large size-large\" alt=\"Gedeon egyes Apartmanh\u00e1z emeleti sz\u00e1ll\u00e1shely Horv\u00e1torsz\u00e1g\" srcset=\"https:\/\/gedeonapartman.hu\/wp-content\/uploads\/2023\/10\/Gedeon-egyes-Apartmanhaz-emeleti-szallashely-Horvatorszag-8.jpg 480w, https:\/\/gedeonapartman.hu\/wp-content\/uploads\/2023\/10\/Gedeon-egyes-Apartmanhaz-emeleti-szallashely-Horvatorszag-8-9x12.jpg 9w\" sizes=\"(max-width: 480px) 100vw, 480px\" \/><\/a>\n\t\t\t<\/span><\/li><li class='gallery-item'><span class='gallery-icon landscape'>\n\t\t\t\t<a href=\"https:\/\/gedeonapartman.hu\/de\/accommodation\/gedeon-apartmanhaz-1-emeleti-apartman2\/\"><img loading=\"lazy\" decoding=\"async\" width=\"800\" height=\"600\" src=\"https:\/\/gedeonapartman.hu\/wp-content\/uploads\/2023\/10\/Gedeon-egyes-Apartmanhaz-emeleti-szallashely-Horvatorszag-9.jpg\" class=\"attachment-large size-large\" alt=\"Gedeon egyes Apartmanh\u00e1z emeleti sz\u00e1ll\u00e1shely Horv\u00e1torsz\u00e1g\" srcset=\"https:\/\/gedeonapartman.hu\/wp-content\/uploads\/2023\/10\/Gedeon-egyes-Apartmanhaz-emeleti-szallashely-Horvatorszag-9.jpg 853w, https:\/\/gedeonapartman.hu\/wp-content\/uploads\/2023\/10\/Gedeon-egyes-Apartmanhaz-emeleti-szallashely-Horvatorszag-9-700x525.jpg 700w, https:\/\/gedeonapartman.hu\/wp-content\/uploads\/2023\/10\/Gedeon-egyes-Apartmanhaz-emeleti-szallashely-Horvatorszag-9-768x576.jpg 768w, https:\/\/gedeonapartman.hu\/wp-content\/uploads\/2023\/10\/Gedeon-egyes-Apartmanhaz-emeleti-szallashely-Horvatorszag-9-16x12.jpg 16w, https:\/\/gedeonapartman.hu\/wp-content\/uploads\/2023\/10\/Gedeon-egyes-Apartmanhaz-emeleti-szallashely-Horvatorszag-9-600x450.jpg 600w\" sizes=\"(max-width: 800px) 100vw, 800px\" \/><\/a>\n\t\t\t<\/span><\/li><li class='gallery-item'><span class='gallery-icon landscape'>\n\t\t\t\t<a href=\"https:\/\/gedeonapartman.hu\/de\/accommodation\/gedeon-apartmanhaz-1-emeleti-apartman2\/\"><img loading=\"lazy\" decoding=\"async\" width=\"800\" height=\"600\" src=\"https:\/\/gedeonapartman.hu\/wp-content\/uploads\/2023\/10\/Gedeon-egyes-Apartmanhaz-emeleti-szallashely-Horvatorszag-10.jpg\" class=\"attachment-large size-large\" alt=\"Gedeon egyes Apartmanh\u00e1z emeleti sz\u00e1ll\u00e1shely Horv\u00e1torsz\u00e1g\" srcset=\"https:\/\/gedeonapartman.hu\/wp-content\/uploads\/2023\/10\/Gedeon-egyes-Apartmanhaz-emeleti-szallashely-Horvatorszag-10.jpg 853w, https:\/\/gedeonapartman.hu\/wp-content\/uploads\/2023\/10\/Gedeon-egyes-Apartmanhaz-emeleti-szallashely-Horvatorszag-10-700x525.jpg 700w, https:\/\/gedeonapartman.hu\/wp-content\/uploads\/2023\/10\/Gedeon-egyes-Apartmanhaz-emeleti-szallashely-Horvatorszag-10-768x576.jpg 768w, https:\/\/gedeonapartman.hu\/wp-content\/uploads\/2023\/10\/Gedeon-egyes-Apartmanhaz-emeleti-szallashely-Horvatorszag-10-16x12.jpg 16w, https:\/\/gedeonapartman.hu\/wp-content\/uploads\/2023\/10\/Gedeon-egyes-Apartmanhaz-emeleti-szallashely-Horvatorszag-10-600x450.jpg 600w\" sizes=\"(max-width: 800px) 100vw, 800px\" \/><\/a>\n\t\t\t<\/span><\/li><li class='gallery-item'><span class='gallery-icon landscape'>\n\t\t\t\t<a href=\"https:\/\/gedeonapartman.hu\/de\/accommodation\/gedeon-apartmanhaz-1-emeleti-apartman2\/\"><img loading=\"lazy\" decoding=\"async\" width=\"800\" height=\"600\" src=\"https:\/\/gedeonapartman.hu\/wp-content\/uploads\/2023\/10\/Gedeon-egyes-Apartmanhaz-emeleti-szallashely-Horvatorszag-11.jpg\" class=\"attachment-large size-large\" alt=\"Gedeon egyes Apartmanh\u00e1z emeleti sz\u00e1ll\u00e1shely Horv\u00e1torsz\u00e1g\" srcset=\"https:\/\/gedeonapartman.hu\/wp-content\/uploads\/2023\/10\/Gedeon-egyes-Apartmanhaz-emeleti-szallashely-Horvatorszag-11.jpg 853w, https:\/\/gedeonapartman.hu\/wp-content\/uploads\/2023\/10\/Gedeon-egyes-Apartmanhaz-emeleti-szallashely-Horvatorszag-11-700x525.jpg 700w, https:\/\/gedeonapartman.hu\/wp-content\/uploads\/2023\/10\/Gedeon-egyes-Apartmanhaz-emeleti-szallashely-Horvatorszag-11-768x576.jpg 768w, https:\/\/gedeonapartman.hu\/wp-content\/uploads\/2023\/10\/Gedeon-egyes-Apartmanhaz-emeleti-szallashely-Horvatorszag-11-16x12.jpg 16w, https:\/\/gedeonapartman.hu\/wp-content\/uploads\/2023\/10\/Gedeon-egyes-Apartmanhaz-emeleti-szallashely-Horvatorszag-11-600x450.jpg 600w\" sizes=\"(max-width: 800px) 100vw, 800px\" \/><\/a>\n\t\t\t<\/span><\/li><\/ul>\n\t\t<\/div>\n<div id='mphb-flexslider-gallery-16' class='gallery-columns-4 gallery-size-thumbnail mphb-gallery-thumbnail-slider mphb-flexslider-gallery-wrapper mphb-room-type-gallery-wrapper mphb-gallery-thumbnail-slider-69ee7bd0ea234' data-flexslider-atts='{\"animation\":\"slide\",\"controlNav\":false,\"animationLoop\":true,\"slideshow\":false,\"itemMargin\":5}' data-group='69ee7bd0ea234'><ul class=\"slides\"><li class='gallery-item'><span class='gallery-icon landscape'>\n\t\t\t\t<a href='https:\/\/gedeonapartman.hu\/de\/accommodation\/gedeon-apartmanhaz-1-emeleti-apartman2\/gedeon-egyes-apartmanhaz-emeleti-szallashely-horvatorszag-1\/'><img loading=\"lazy\" decoding=\"async\" width=\"150\" height=\"150\" src=\"https:\/\/gedeonapartman.hu\/wp-content\/uploads\/2023\/10\/Gedeon-egyes-Apartmanhaz-emeleti-szallashely-Horvatorszag-1-150x150.jpg\" class=\"attachment-thumbnail size-thumbnail\" alt=\"Gedeon egyes Apartmanh\u00e1z emeleti sz\u00e1ll\u00e1shely Horv\u00e1torsz\u00e1g\" srcset=\"https:\/\/gedeonapartman.hu\/wp-content\/uploads\/2023\/10\/Gedeon-egyes-Apartmanhaz-emeleti-szallashely-Horvatorszag-1-150x150.jpg 150w, https:\/\/gedeonapartman.hu\/wp-content\/uploads\/2023\/10\/Gedeon-egyes-Apartmanhaz-emeleti-szallashely-Horvatorszag-1-300x300.jpg 300w, https:\/\/gedeonapartman.hu\/wp-content\/uploads\/2023\/10\/Gedeon-egyes-Apartmanhaz-emeleti-szallashely-Horvatorszag-1-100x100.jpg 100w\" sizes=\"(max-width: 150px) 100vw, 150px\" \/><\/a>\n\t\t\t<\/span><\/li><li class='gallery-item'><span class='gallery-icon portrait'>\n\t\t\t\t<a href='https:\/\/gedeonapartman.hu\/de\/accommodation\/gedeon-apartmanhaz-1-emeleti-apartman2\/gedeon-egyes-apartmanhaz-emeleti-szallashely-horvatorszag-2\/'><img loading=\"lazy\" decoding=\"async\" width=\"150\" height=\"150\" src=\"https:\/\/gedeonapartman.hu\/wp-content\/uploads\/2023\/10\/Gedeon-egyes-Apartmanhaz-emeleti-szallashely-Horvatorszag-2-150x150.jpg\" class=\"attachment-thumbnail size-thumbnail\" alt=\"Gedeon egyes Apartmanh\u00e1z emeleti sz\u00e1ll\u00e1shely Horv\u00e1torsz\u00e1g\" srcset=\"https:\/\/gedeonapartman.hu\/wp-content\/uploads\/2023\/10\/Gedeon-egyes-Apartmanhaz-emeleti-szallashely-Horvatorszag-2-150x150.jpg 150w, https:\/\/gedeonapartman.hu\/wp-content\/uploads\/2023\/10\/Gedeon-egyes-Apartmanhaz-emeleti-szallashely-Horvatorszag-2-300x300.jpg 300w, https:\/\/gedeonapartman.hu\/wp-content\/uploads\/2023\/10\/Gedeon-egyes-Apartmanhaz-emeleti-szallashely-Horvatorszag-2-100x100.jpg 100w\" sizes=\"(max-width: 150px) 100vw, 150px\" \/><\/a>\n\t\t\t<\/span><\/li><li class='gallery-item'><span class='gallery-icon portrait'>\n\t\t\t\t<a href='https:\/\/gedeonapartman.hu\/de\/accommodation\/gedeon-apartmanhaz-1-emeleti-apartman2\/gedeon-egyes-apartmanhaz-emeleti-szallashely-horvatorszag-3\/'><img loading=\"lazy\" decoding=\"async\" width=\"150\" height=\"150\" src=\"https:\/\/gedeonapartman.hu\/wp-content\/uploads\/2023\/10\/Gedeon-egyes-Apartmanhaz-emeleti-szallashely-Horvatorszag-3-150x150.jpg\" class=\"attachment-thumbnail size-thumbnail\" alt=\"Gedeon egyes Apartmanh\u00e1z emeleti sz\u00e1ll\u00e1shely Horv\u00e1torsz\u00e1g\" srcset=\"https:\/\/gedeonapartman.hu\/wp-content\/uploads\/2023\/10\/Gedeon-egyes-Apartmanhaz-emeleti-szallashely-Horvatorszag-3-150x150.jpg 150w, https:\/\/gedeonapartman.hu\/wp-content\/uploads\/2023\/10\/Gedeon-egyes-Apartmanhaz-emeleti-szallashely-Horvatorszag-3-300x300.jpg 300w, https:\/\/gedeonapartman.hu\/wp-content\/uploads\/2023\/10\/Gedeon-egyes-Apartmanhaz-emeleti-szallashely-Horvatorszag-3-100x100.jpg 100w\" sizes=\"(max-width: 150px) 100vw, 150px\" \/><\/a>\n\t\t\t<\/span><\/li><li class='gallery-item'><span class='gallery-icon landscape'>\n\t\t\t\t<a href='https:\/\/gedeonapartman.hu\/de\/accommodation\/gedeon-apartmanhaz-1-emeleti-apartman2\/gedeon-egyes-apartmanhaz-emeleti-szallashely-horvatorszag-4\/'><img loading=\"lazy\" decoding=\"async\" width=\"150\" height=\"150\" src=\"https:\/\/gedeonapartman.hu\/wp-content\/uploads\/2023\/10\/Gedeon-egyes-Apartmanhaz-emeleti-szallashely-Horvatorszag-4-150x150.jpg\" class=\"attachment-thumbnail size-thumbnail\" alt=\"Gedeon egyes Apartmanh\u00e1z emeleti sz\u00e1ll\u00e1shely Horv\u00e1torsz\u00e1g\" srcset=\"https:\/\/gedeonapartman.hu\/wp-content\/uploads\/2023\/10\/Gedeon-egyes-Apartmanhaz-emeleti-szallashely-Horvatorszag-4-150x150.jpg 150w, https:\/\/gedeonapartman.hu\/wp-content\/uploads\/2023\/10\/Gedeon-egyes-Apartmanhaz-emeleti-szallashely-Horvatorszag-4-300x300.jpg 300w, https:\/\/gedeonapartman.hu\/wp-content\/uploads\/2023\/10\/Gedeon-egyes-Apartmanhaz-emeleti-szallashely-Horvatorszag-4-100x100.jpg 100w\" sizes=\"(max-width: 150px) 100vw, 150px\" \/><\/a>\n\t\t\t<\/span><\/li><li class='gallery-item'><span class='gallery-icon landscape'>\n\t\t\t\t<a href='https:\/\/gedeonapartman.hu\/de\/accommodation\/gedeon-apartmanhaz-1-emeleti-apartman2\/gedeon-egyes-apartmanhaz-emeleti-szallashely-horvatorszag-5\/'><img loading=\"lazy\" decoding=\"async\" width=\"150\" height=\"150\" src=\"https:\/\/gedeonapartman.hu\/wp-content\/uploads\/2023\/10\/Gedeon-egyes-Apartmanhaz-emeleti-szallashely-Horvatorszag-5-150x150.jpg\" class=\"attachment-thumbnail size-thumbnail\" alt=\"Gedeon egyes Apartmanh\u00e1z emeleti sz\u00e1ll\u00e1shely Horv\u00e1torsz\u00e1g\" srcset=\"https:\/\/gedeonapartman.hu\/wp-content\/uploads\/2023\/10\/Gedeon-egyes-Apartmanhaz-emeleti-szallashely-Horvatorszag-5-150x150.jpg 150w, https:\/\/gedeonapartman.hu\/wp-content\/uploads\/2023\/10\/Gedeon-egyes-Apartmanhaz-emeleti-szallashely-Horvatorszag-5-300x300.jpg 300w, https:\/\/gedeonapartman.hu\/wp-content\/uploads\/2023\/10\/Gedeon-egyes-Apartmanhaz-emeleti-szallashely-Horvatorszag-5-100x100.jpg 100w\" sizes=\"(max-width: 150px) 100vw, 150px\" \/><\/a>\n\t\t\t<\/span><\/li><li class='gallery-item'><span class='gallery-icon landscape'>\n\t\t\t\t<a href='https:\/\/gedeonapartman.hu\/de\/accommodation\/gedeon-apartmanhaz-1-emeleti-apartman2\/gedeon-egyes-apartmanhaz-emeleti-szallashely-horvatorszag-6\/'><img loading=\"lazy\" decoding=\"async\" width=\"150\" height=\"150\" src=\"https:\/\/gedeonapartman.hu\/wp-content\/uploads\/2023\/10\/Gedeon-egyes-Apartmanhaz-emeleti-szallashely-Horvatorszag-6-150x150.jpg\" class=\"attachment-thumbnail size-thumbnail\" alt=\"Gedeon egyes Apartmanh\u00e1z emeleti sz\u00e1ll\u00e1shely Horv\u00e1torsz\u00e1g\" srcset=\"https:\/\/gedeonapartman.hu\/wp-content\/uploads\/2023\/10\/Gedeon-egyes-Apartmanhaz-emeleti-szallashely-Horvatorszag-6-150x150.jpg 150w, https:\/\/gedeonapartman.hu\/wp-content\/uploads\/2023\/10\/Gedeon-egyes-Apartmanhaz-emeleti-szallashely-Horvatorszag-6-300x300.jpg 300w, https:\/\/gedeonapartman.hu\/wp-content\/uploads\/2023\/10\/Gedeon-egyes-Apartmanhaz-emeleti-szallashely-Horvatorszag-6-100x100.jpg 100w\" sizes=\"(max-width: 150px) 100vw, 150px\" \/><\/a>\n\t\t\t<\/span><\/li><li class='gallery-item'><span class='gallery-icon portrait'>\n\t\t\t\t<a href='https:\/\/gedeonapartman.hu\/de\/accommodation\/gedeon-apartmanhaz-1-emeleti-apartman2\/gedeon-egyes-apartmanhaz-emeleti-szallashely-horvatorszag-7\/'><img loading=\"lazy\" decoding=\"async\" width=\"150\" height=\"150\" src=\"https:\/\/gedeonapartman.hu\/wp-content\/uploads\/2023\/10\/Gedeon-egyes-Apartmanhaz-emeleti-szallashely-Horvatorszag-7-150x150.jpg\" class=\"attachment-thumbnail size-thumbnail\" alt=\"Gedeon egyes Apartmanh\u00e1z emeleti sz\u00e1ll\u00e1shely Horv\u00e1torsz\u00e1g\" srcset=\"https:\/\/gedeonapartman.hu\/wp-content\/uploads\/2023\/10\/Gedeon-egyes-Apartmanhaz-emeleti-szallashely-Horvatorszag-7-150x150.jpg 150w, https:\/\/gedeonapartman.hu\/wp-content\/uploads\/2023\/10\/Gedeon-egyes-Apartmanhaz-emeleti-szallashely-Horvatorszag-7-300x300.jpg 300w, https:\/\/gedeonapartman.hu\/wp-content\/uploads\/2023\/10\/Gedeon-egyes-Apartmanhaz-emeleti-szallashely-Horvatorszag-7-100x100.jpg 100w\" sizes=\"(max-width: 150px) 100vw, 150px\" \/><\/a>\n\t\t\t<\/span><\/li><li class='gallery-item'><span class='gallery-icon portrait'>\n\t\t\t\t<a href='https:\/\/gedeonapartman.hu\/de\/accommodation\/gedeon-apartmanhaz-1-emeleti-apartman2\/gedeon-egyes-apartmanhaz-emeleti-szallashely-horvatorszag-8\/'><img loading=\"lazy\" decoding=\"async\" width=\"150\" height=\"150\" src=\"https:\/\/gedeonapartman.hu\/wp-content\/uploads\/2023\/10\/Gedeon-egyes-Apartmanhaz-emeleti-szallashely-Horvatorszag-8-150x150.jpg\" class=\"attachment-thumbnail size-thumbnail\" alt=\"Gedeon egyes Apartmanh\u00e1z emeleti sz\u00e1ll\u00e1shely Horv\u00e1torsz\u00e1g\" srcset=\"https:\/\/gedeonapartman.hu\/wp-content\/uploads\/2023\/10\/Gedeon-egyes-Apartmanhaz-emeleti-szallashely-Horvatorszag-8-150x150.jpg 150w, https:\/\/gedeonapartman.hu\/wp-content\/uploads\/2023\/10\/Gedeon-egyes-Apartmanhaz-emeleti-szallashely-Horvatorszag-8-300x300.jpg 300w, https:\/\/gedeonapartman.hu\/wp-content\/uploads\/2023\/10\/Gedeon-egyes-Apartmanhaz-emeleti-szallashely-Horvatorszag-8-100x100.jpg 100w\" sizes=\"(max-width: 150px) 100vw, 150px\" \/><\/a>\n\t\t\t<\/span><\/li><li class='gallery-item'><span class='gallery-icon landscape'>\n\t\t\t\t<a href='https:\/\/gedeonapartman.hu\/de\/accommodation\/gedeon-apartmanhaz-1-emeleti-apartman2\/gedeon-egyes-apartmanhaz-emeleti-szallashely-horvatorszag-9\/'><img loading=\"lazy\" decoding=\"async\" width=\"150\" height=\"150\" src=\"https:\/\/gedeonapartman.hu\/wp-content\/uploads\/2023\/10\/Gedeon-egyes-Apartmanhaz-emeleti-szallashely-Horvatorszag-9-150x150.jpg\" class=\"attachment-thumbnail size-thumbnail\" alt=\"Gedeon egyes Apartmanh\u00e1z emeleti sz\u00e1ll\u00e1shely Horv\u00e1torsz\u00e1g\" srcset=\"https:\/\/gedeonapartman.hu\/wp-content\/uploads\/2023\/10\/Gedeon-egyes-Apartmanhaz-emeleti-szallashely-Horvatorszag-9-150x150.jpg 150w, https:\/\/gedeonapartman.hu\/wp-content\/uploads\/2023\/10\/Gedeon-egyes-Apartmanhaz-emeleti-szallashely-Horvatorszag-9-300x300.jpg 300w, https:\/\/gedeonapartman.hu\/wp-content\/uploads\/2023\/10\/Gedeon-egyes-Apartmanhaz-emeleti-szallashely-Horvatorszag-9-100x100.jpg 100w\" sizes=\"(max-width: 150px) 100vw, 150px\" \/><\/a>\n\t\t\t<\/span><\/li><li class='gallery-item'><span class='gallery-icon landscape'>\n\t\t\t\t<a href='https:\/\/gedeonapartman.hu\/de\/accommodation\/gedeon-apartmanhaz-1-emeleti-apartman2\/gedeon-egyes-apartmanhaz-emeleti-szallashely-horvatorszag-10\/'><img loading=\"lazy\" decoding=\"async\" width=\"150\" height=\"150\" src=\"https:\/\/gedeonapartman.hu\/wp-content\/uploads\/2023\/10\/Gedeon-egyes-Apartmanhaz-emeleti-szallashely-Horvatorszag-10-150x150.jpg\" class=\"attachment-thumbnail size-thumbnail\" alt=\"Gedeon egyes Apartmanh\u00e1z emeleti sz\u00e1ll\u00e1shely Horv\u00e1torsz\u00e1g\" srcset=\"https:\/\/gedeonapartman.hu\/wp-content\/uploads\/2023\/10\/Gedeon-egyes-Apartmanhaz-emeleti-szallashely-Horvatorszag-10-150x150.jpg 150w, https:\/\/gedeonapartman.hu\/wp-content\/uploads\/2023\/10\/Gedeon-egyes-Apartmanhaz-emeleti-szallashely-Horvatorszag-10-300x300.jpg 300w, https:\/\/gedeonapartman.hu\/wp-content\/uploads\/2023\/10\/Gedeon-egyes-Apartmanhaz-emeleti-szallashely-Horvatorszag-10-100x100.jpg 100w\" sizes=\"(max-width: 150px) 100vw, 150px\" \/><\/a>\n\t\t\t<\/span><\/li><li class='gallery-item'><span class='gallery-icon landscape'>\n\t\t\t\t<a href='https:\/\/gedeonapartman.hu\/de\/accommodation\/gedeon-apartmanhaz-1-emeleti-apartman2\/gedeon-egyes-apartmanhaz-emeleti-szallashely-horvatorszag-11\/'><img loading=\"lazy\" decoding=\"async\" width=\"150\" height=\"150\" src=\"https:\/\/gedeonapartman.hu\/wp-content\/uploads\/2023\/10\/Gedeon-egyes-Apartmanhaz-emeleti-szallashely-Horvatorszag-11-150x150.jpg\" class=\"attachment-thumbnail size-thumbnail\" alt=\"Gedeon egyes Apartmanh\u00e1z emeleti sz\u00e1ll\u00e1shely Horv\u00e1torsz\u00e1g\" srcset=\"https:\/\/gedeonapartman.hu\/wp-content\/uploads\/2023\/10\/Gedeon-egyes-Apartmanhaz-emeleti-szallashely-Horvatorszag-11-150x150.jpg 150w, https:\/\/gedeonapartman.hu\/wp-content\/uploads\/2023\/10\/Gedeon-egyes-Apartmanhaz-emeleti-szallashely-Horvatorszag-11-300x300.jpg 300w, https:\/\/gedeonapartman.hu\/wp-content\/uploads\/2023\/10\/Gedeon-egyes-Apartmanhaz-emeleti-szallashely-Horvatorszag-11-100x100.jpg 100w\" sizes=\"(max-width: 150px) 100vw, 150px\" \/><\/a>\n\t\t\t<\/span><\/li><\/ul>\n\t\t<\/div>\n\n\t<\/div>\n\t\n<h2 class=\"mphb-room-type-title entry-title\">\n\n<a class=\"mphb-room-type-title\" href=\"https:\/\/gedeonapartman.hu\/de\/accommodation\/gedeon-apartmanhaz-1-emeleti-apartman2\/\">Gedeon Apartmanh\u00e1z #1 Emeleti Apartman #2<\/a>\n\n<\/h2>\n\n<p>90 n\u00e9gyzetm\u00e9teres teraszos apartman. K\u00e9t k\u00fcl\u00f6n szoba konyh\u00e1s nappalival \u00e9s zuhanyzos f\u00fcrd\u0151szob\u00e1val.<\/p>\n\n\n<h3 class=\"mphb-room-type-details-title\">Details<\/h3><ul class=\"mphb-loop-room-type-attributes\">\n\t<li class=\"mphb-room-type-total-capacity\"><span class=\"mphb-attribute-title mphb-total-capacity-title\">G\u00e4ste:<\/span><span class=\"mphb-attribute-value\">\n\t6\n\t<\/span><\/li>\t\n\n\n\n\n\n\n\n\t<li class=\"mphb-room-type-size\"><span class=\"mphb-attribute-title mphb-size-title\">Gr\u00f6\u00dfe:<\/span><span class=\"mphb-attribute-value\">\n\t90m\u00b2\n\t<\/span><\/li>\n\t\n\n\n\n\t<li class=\"mphb-room-type-categories\"><span class=\"mphb-attribute-title mphb-categories-title\">Kategorien:<\/span><span class=\"mphb-attribute-value\"> <span class=\"category-apartman-1\"><a href=\"https:\/\/gedeonapartman.hu\/de\/accommodation-category\/apartman-1\/\">Apartman #1<\/a><\/span><\/span><\/li>\n\t\n<\/ul>\n\n\t<p class=\"mphb-regular-price\"><strong>Preis von:<\/strong>\n\t<span class=\"mphb-price\">480&nbsp;<span class=\"mphb-currency\">&euro;<\/span><\/span> <span class=\"mphb-price-period\" title=\"W\u00e4hlen Sie Daten, um relevante Preise zu sehen\">f\u00fcr 4 N\u00e4chte<\/span><span class=\"mphb-tax-information taxes-included\"> (+Steuern und Geb\u00fchren)<\/span>\n\t<\/p>\n\t\n<p class=\"mphb-view-details-button-wrapper\">\n<a class=\"button mphb-view-details-button\" href=\"https:\/\/gedeonapartman.hu\/de\/accommodation\/gedeon-apartmanhaz-1-emeleti-apartman2\/\" >Details ansehen<\/a>\n<\/p>\n<div class=\"mphb-to-book-btn-wrapper\">\n<form action=\"https:\/\/gedeonapartman.hu\/de\/accommodation\/gedeon-apartmanhaz-1-emeleti-apartman2\/#booking-form-23295\" method=\"get\" data-trp-original-action=\"https:\/\/gedeonapartman.hu\/de\/accommodation\/gedeon-apartmanhaz-1-emeleti-apartman2\/#booking-form-23295\" ><button type=\"submit\" class=\"button mphb-book-button\" >Buchen<\/button><input type=\"hidden\" name=\"trp-form-language\" value=\"de\"\/><\/form>\n<br\/><\/div>\n\t\n<\/div>\n\n\t\t\t<nav class=\"navigation mphb-pagination pagination\" role=\"navigation\">\n\t\t\t\t<h2 class=\"screen-reader-text\">Paginierung von Unterkunft<\/h2>\n\t\t\t\t<div class=\"nav-links\"><span aria-current=\"page\" class=\"page-numbers current\">1<\/span>\n<a class=\"page-numbers\" href=\"https:\/\/gedeonapartman.hu\/de\/wp-json\/wp\/v2\/pages\/8\/page\/2\/\">2<\/a>\n<a class=\"next page-numbers\" href=\"https:\/\/gedeonapartman.hu\/de\/wp-json\/wp\/v2\/pages\/8\/page\/2\/\">Weiter &raquo;<\/a><\/div>\n\t\t\t<\/nav><\/div><\/div>\n\t\t\t\t<\/div>\n\t\t\t\t<\/div>\n\t\t\t\t\t<\/div>\n\t\t<\/div>\n\t\t\t\t\t<\/div>\n\t\t<\/section>\n\t\t\t\t<section class=\"elementor-section elementor-top-section elementor-element elementor-element-ae35a8f elementor-section-boxed elementor-section-height-default elementor-section-height-default\" data-id=\"ae35a8f\" data-element_type=\"section\" data-settings=\"{&quot;background_background&quot;:&quot;classic&quot;}\">\n\t\t\t\t\t\t\t<div class=\"elementor-background-overlay\"><\/div>\n\t\t\t\t\t\t\t<div class=\"elementor-container elementor-column-gap-default\">\n\t\t\t\t\t<div class=\"elementor-column elementor-col-16 elementor-top-column elementor-element elementor-element-145ce43\" data-id=\"145ce43\" data-element_type=\"column\">\n\t\t\t<div class=\"elementor-widget-wrap\">\n\t\t\t\t\t\t\t<\/div>\n\t\t<\/div>\n\t\t\t\t<div class=\"elementor-column elementor-col-66 elementor-top-column elementor-element elementor-element-92b9825\" data-id=\"92b9825\" data-element_type=\"column\" data-settings=\"{&quot;background_background&quot;:&quot;classic&quot;}\">\n\t\t\t<div class=\"elementor-widget-wrap elementor-element-populated\">\n\t\t\t\t\t\t<div class=\"elementor-element elementor-element-7581508 elementor-align-center elementor-mobile-align-center elementor-tablet-align-center elementor-icon-list--layout-inline elementor-list-item-link-full_width elementor-widget elementor-widget-icon-list\" data-id=\"7581508\" data-element_type=\"widget\" data-widget_type=\"icon-list.default\">\n\t\t\t\t<div class=\"elementor-widget-container\">\n\t\t\t\t\t<ul class=\"elementor-icon-list-items elementor-inline-items\">\n\t\t\t\t\t\t\t<li class=\"elementor-icon-list-item elementor-inline-item\">\n\t\t\t\t\t\t\t\t\t\t\t<span class=\"elementor-icon-list-icon\">\n\t\t\t\t\t\t\t\t\t\t\t\t\t<\/span>\n\t\t\t\t\t\t\t\t\t\t<span class=\"elementor-icon-list-text\"><\/span>\n\t\t\t\t\t\t\t\t\t<\/li>\n\t\t\t\t\t\t<\/ul>\n\t\t\t\t<\/div>\n\t\t\t\t<\/div>\n\t\t\t\t\t<\/div>\n\t\t<\/div>\n\t\t\t\t<div class=\"elementor-column elementor-col-16 elementor-top-column elementor-element elementor-element-7264ba4\" data-id=\"7264ba4\" data-element_type=\"column\">\n\t\t\t<div class=\"elementor-widget-wrap\">\n\t\t\t\t\t\t\t<\/div>\n\t\t<\/div>\n\t\t\t\t\t<\/div>\n\t\t<\/section>\n\t\t\t\t<\/div>","protected":false},"excerpt":{"rendered":"","protected":false},"author":1,"featured_media":0,"parent":0,"menu_order":0,"comment_status":"closed","ping_status":"closed","template":"","meta":{"_seopress_robots_primary_cat":"","_seopress_titles_title":"","_seopress_titles_desc":"","_seopress_robots_index":"","footnotes":""},"class_list":["post-8","page","type-page","status-publish","hentry"],"_links":{"self":[{"href":"https:\/\/gedeonapartman.hu\/de\/wp-json\/wp\/v2\/pages\/8","targetHints":{"allow":["GET"]}}],"collection":[{"href":"https:\/\/gedeonapartman.hu\/de\/wp-json\/wp\/v2\/pages"}],"about":[{"href":"https:\/\/gedeonapartman.hu\/de\/wp-json\/wp\/v2\/types\/page"}],"author":[{"embeddable":true,"href":"https:\/\/gedeonapartman.hu\/de\/wp-json\/wp\/v2\/users\/1"}],"replies":[{"embeddable":true,"href":"https:\/\/gedeonapartman.hu\/de\/wp-json\/wp\/v2\/comments?post=8"}],"version-history":[{"count":27,"href":"https:\/\/gedeonapartman.hu\/de\/wp-json\/wp\/v2\/pages\/8\/revisions"}],"predecessor-version":[{"id":24606,"href":"https:\/\/gedeonapartman.hu\/de\/wp-json\/wp\/v2\/pages\/8\/revisions\/24606"}],"wp:attachment":[{"href":"https:\/\/gedeonapartman.hu\/de\/wp-json\/wp\/v2\/media?parent=8"}],"curies":[{"name":"wp","href":"https:\/\/api.w.org\/{rel}","templated":true}]}}