{"id":23363,"date":"2023-10-27T14:57:06","date_gmt":"2023-10-27T14:57:06","guid":{"rendered":"https:\/\/gedeonapartman.hu\/?post_type=mphb_room_type&#038;p=23363"},"modified":"2024-06-25T18:13:20","modified_gmt":"2024-06-25T18:13:20","slug":"gedeon-apartmanhaz-1-emeleti-apartman-3","status":"publish","type":"mphb_room_type","link":"https:\/\/gedeonapartman.hu\/en\/accommodation\/gedeon-apartmanhaz-1-emeleti-apartman-3\/","title":{"rendered":"Gedeon Apartmanh\u00e1z #1 Emeleti Apartman #3"},"content":{"rendered":"<div data-elementor-type=\"wp-post\" data-elementor-id=\"23363\" class=\"elementor elementor-23363\" data-elementor-post-type=\"mphb_room_type\">\n\t\t\t\t\t\t<section class=\"elementor-section elementor-top-section elementor-element elementor-element-8d39a03 elementor-hidden-mobile elementor-section-boxed elementor-section-height-default elementor-section-height-default\" data-id=\"8d39a03\" data-element_type=\"section\" data-settings=\"{&quot;background_background&quot;:&quot;gradient&quot;}\">\n\t\t\t\t\t\t\t<div class=\"elementor-background-overlay\"><\/div>\n\t\t\t\t\t\t\t<div class=\"elementor-container elementor-column-gap-default\">\n\t\t\t\t\t<div class=\"elementor-column elementor-col-50 elementor-top-column elementor-element elementor-element-ba0a84e\" data-id=\"ba0a84e\" data-element_type=\"column\" data-settings=\"{&quot;background_background&quot;:&quot;classic&quot;}\">\n\t\t\t<div class=\"elementor-widget-wrap elementor-element-populated\">\n\t\t\t\t\t\t<div class=\"elementor-element elementor-element-a2b29d2 elementor-widget__width-initial bdt-navbar-parent-indicator-yes elementor-widget elementor-widget-bdt-navbar\" data-id=\"a2b29d2\" data-element_type=\"widget\" data-widget_type=\"bdt-navbar.default\">\n\t\t\t\t<div class=\"elementor-widget-container\">\n\t\t\t\t\t<div class=\"bdt-navbar-wrapper\">\n\t\t\t<nav class=\"bdt-navbar-container bdt-navbar bdt-navbar-transparent\" data-bdt-navbar=\"{&quot;align&quot;:&quot;left&quot;,&quot;delay-hide&quot;:800,&quot;duration&quot;:200}\">\n\t\t\t\t<ul class=\"bdt-navbar-nav\"><li style=\"\" data-id=\"23854\" class=\"bdt-parent\"><a href=\"#\"  class=\"bdt-parent seperator\" data-type=\"separator-text\">V\u00e1laszthat\u00f3 Sz\u00e1ll\u00e1shelyeink<\/a><div class=\"bdt-navbar-dropdown\"><ul class=\"bdt-nav bdt-navbar-dropdown-nav\"><li style=\"\" data-id=\"23855\"><a href=\"https:\/\/gedeonapartman.hu\/en\/accommodation\/gedeon-apartmanhaz-1-foldszint-apartman-1\/\">Gedeon Apartmanh\u00e1z #1<\/a><\/li><li style=\"\" data-id=\"23856\"><a href=\"https:\/\/gedeonapartman.hu\/en\/accommodation\/gedeon-apartmanhaz-2\/\">Gedeon Apartamanh\u00e1z #2<\/a><\/li><\/ul><\/div><\/li><\/ul>\t\t\t<\/nav>\n\t\t<\/div>\n\t\t\t\t<\/div>\n\t\t\t\t<\/div>\n\t\t\t\t\t<\/div>\n\t\t<\/div>\n\t\t\t\t<div class=\"elementor-column elementor-col-50 elementor-top-column elementor-element elementor-element-34f99e5\" data-id=\"34f99e5\" data-element_type=\"column\" data-settings=\"{&quot;background_background&quot;:&quot;classic&quot;}\">\n\t\t\t<div class=\"elementor-widget-wrap elementor-element-populated\">\n\t\t\t\t\t\t<div class=\"elementor-element elementor-element-e9b704f elementor-widget__width-initial bdt-navbar-parent-indicator-yes elementor-widget elementor-widget-bdt-navbar\" data-id=\"e9b704f\" data-element_type=\"widget\" data-widget_type=\"bdt-navbar.default\">\n\t\t\t\t<div class=\"elementor-widget-container\">\n\t\t\t\t\t<div class=\"bdt-navbar-wrapper\">\n\t\t\t<nav class=\"bdt-navbar-container bdt-navbar bdt-navbar-transparent\" data-bdt-navbar=\"{&quot;align&quot;:&quot;left&quot;,&quot;delay-hide&quot;:800,&quot;duration&quot;:200}\">\n\t\t\t\t<ul class=\"bdt-navbar-nav\"><li style=\"\" data-id=\"23781\" class=\"bdt-parent\"><a href=\"#\"  class=\"bdt-parent seperator\" data-type=\"separator-text\">V\u00e1laszthat\u00f3 Apartmanok<\/a><div class=\"bdt-navbar-dropdown\"><ul class=\"bdt-nav bdt-navbar-dropdown-nav\"><li style=\"\" data-id=\"23784\"><a href=\"https:\/\/gedeonapartman.hu\/en\/accommodation\/gedeon-apartmanhaz-1-foldszint-apartman-1\/\">F\u00f6ldszint Apartman #1<\/a><\/li><li style=\"\" data-id=\"23783\"><a href=\"https:\/\/gedeonapartman.hu\/en\/accommodation\/gedeon-apartmanhaz-1-emeleti-apartman2\/\">Emeleti Apartman #2<\/a><\/li><li style=\"\" data-id=\"23782\"><a href=\"https:\/\/gedeonapartman.hu\/en\/accommodation\/gedeon-apartmanhaz-1-emeleti-apartman-3\/\">Emeleti Apartman #3<\/a><\/li><\/ul><\/div><\/li><\/ul>\t\t\t<\/nav>\n\t\t<\/div>\n\t\t\t\t<\/div>\n\t\t\t\t<\/div>\n\t\t\t\t\t<\/div>\n\t\t<\/div>\n\t\t\t\t\t<\/div>\n\t\t<\/section>\n\t\t\t\t<section class=\"elementor-section elementor-top-section elementor-element elementor-element-5109f2a1 elementor-section-boxed elementor-section-height-default elementor-section-height-default\" data-id=\"5109f2a1\" data-element_type=\"section\" data-settings=\"{&quot;background_background&quot;:&quot;gradient&quot;,&quot;animation_mobile&quot;:&quot;none&quot;}\">\n\t\t\t\t\t\t\t<div class=\"elementor-background-overlay\"><\/div>\n\t\t\t\t\t\t\t<div class=\"elementor-container elementor-column-gap-default\">\n\t\t\t\t\t<div class=\"elementor-column elementor-col-50 elementor-top-column elementor-element elementor-element-608c5859\" data-id=\"608c5859\" data-element_type=\"column\">\n\t\t\t<div class=\"elementor-widget-wrap elementor-element-populated\">\n\t\t\t\t\t\t<div class=\"elementor-element elementor-element-4ffde297 elementor-widget elementor-widget-bdt-advanced-heading\" data-id=\"4ffde297\" data-element_type=\"widget\" data-widget_type=\"bdt-advanced-heading.default\">\n\t\t\t\t<div class=\"elementor-widget-container\">\n\t\t\t<div id =\"4ffde297\" class=\"bdt-ep-advanced-heading\" data-settings=\"{&quot;titleMultiColor&quot;:&quot;no&quot;}\"><div class=\"bdt-ep-advanced-heading-sub-title\"><div class=\"bdt-ep-advanced-heading-sub-title-content\">emeleti apartman #3<\/div><div class=\"line bdt-button-icon-align-left\"><\/div><div class=\"line bdt-button-icon-align-right\"><\/div><\/div> <h2 class=\"bdt-ep-advanced-heading-title\"><span class=\"bdt-ep-advanced-heading-main-title\"><span class=\"bdt-ep-advanced-heading-main-title-inner\">Gedeon Apartman #1 <\/span><\/span><\/h2><\/div>\t\t<\/div>\n\t\t\t\t<\/div>\n\t\t\t\t<div class=\"elementor-element elementor-element-75771f97 elementor-star-rating--align-left elementor--star-style-star_fontawesome elementor-widget elementor-widget-star-rating\" data-id=\"75771f97\" data-element_type=\"widget\" data-widget_type=\"star-rating.default\">\n\t\t\t\t<div class=\"elementor-widget-container\">\n\t\t\t\n\t\t<div class=\"elementor-star-rating__wrapper\">\n\t\t\t\t\t\t<div class=\"elementor-star-rating\" title=\"4.5\/5\" itemtype=\"http:\/\/schema.org\/Rating\" itemscope=\"\" itemprop=\"reviewRating\"><i class=\"elementor-star-full\">&#xE934;<\/i><i class=\"elementor-star-full\">&#xE934;<\/i><i class=\"elementor-star-full\">&#xE934;<\/i><i class=\"elementor-star-full\">&#xE934;<\/i><i class=\"elementor-star-5\">&#xE934;<\/i> <span itemprop=\"ratingValue\" class=\"elementor-screen-only\">4.5\/5<\/span><\/div>\t\t<\/div>\n\t\t\t\t<\/div>\n\t\t\t\t<\/div>\n\t\t\t\t<div class=\"elementor-element elementor-element-6f0b964 elementor-widget__width-initial bdt-navbar-parent-indicator-yes elementor-hidden-desktop elementor-hidden-tablet elementor-widget elementor-widget-bdt-navbar\" data-id=\"6f0b964\" data-element_type=\"widget\" data-widget_type=\"bdt-navbar.default\">\n\t\t\t\t<div class=\"elementor-widget-container\">\n\t\t\t\t\t<div class=\"bdt-navbar-wrapper\">\n\t\t\t<nav class=\"bdt-navbar-container bdt-navbar bdt-navbar-transparent\" data-bdt-navbar=\"{&quot;align&quot;:&quot;left&quot;,&quot;delay-hide&quot;:800,&quot;duration&quot;:200}\">\n\t\t\t\t<ul class=\"bdt-navbar-nav\"><li style=\"\" data-id=\"23781\" class=\"bdt-parent\"><a href=\"#\"  class=\"bdt-parent seperator\" data-type=\"separator-text\">V\u00e1laszthat\u00f3 Apartmanok<\/a><div class=\"bdt-navbar-dropdown\"><ul class=\"bdt-nav bdt-navbar-dropdown-nav\"><li style=\"\" data-id=\"23784\"><a href=\"https:\/\/gedeonapartman.hu\/en\/accommodation\/gedeon-apartmanhaz-1-foldszint-apartman-1\/\">F\u00f6ldszint Apartman #1<\/a><\/li><li style=\"\" data-id=\"23783\"><a href=\"https:\/\/gedeonapartman.hu\/en\/accommodation\/gedeon-apartmanhaz-1-emeleti-apartman2\/\">Emeleti Apartman #2<\/a><\/li><li style=\"\" data-id=\"23782\"><a href=\"https:\/\/gedeonapartman.hu\/en\/accommodation\/gedeon-apartmanhaz-1-emeleti-apartman-3\/\">Emeleti Apartman #3<\/a><\/li><\/ul><\/div><\/li><\/ul>\t\t\t<\/nav>\n\t\t<\/div>\n\t\t\t\t<\/div>\n\t\t\t\t<\/div>\n\t\t\t\t<div class=\"elementor-element elementor-element-c63a4c4 elementor-widget elementor-widget-video\" data-id=\"c63a4c4\" data-element_type=\"widget\" data-settings=\"{&quot;youtube_url&quot;:&quot;https:\\\/\\\/www.youtube.com\\\/watch?v=dQRlgBNNxT0&quot;,&quot;autoplay&quot;:&quot;yes&quot;,&quot;video_type&quot;:&quot;youtube&quot;,&quot;controls&quot;:&quot;yes&quot;}\" data-widget_type=\"video.default\">\n\t\t\t\t<div class=\"elementor-widget-container\">\n\t\t\t\t\t<div class=\"elementor-wrapper elementor-open-inline\">\n\t\t\t<div class=\"elementor-video\"><\/div>\t\t<\/div>\n\t\t\t\t<\/div>\n\t\t\t\t<\/div>\n\t\t\t\t<div class=\"elementor-element elementor-element-1a778f42 elementor-widget elementor-widget-text-editor\" data-id=\"1a778f42\" data-element_type=\"widget\" data-widget_type=\"text-editor.default\">\n\t\t\t\t<div class=\"elementor-widget-container\">\n\t\t\t\t\t\t\t<p>T\u00e1gas, teraszos apartman.<\/p><p>K\u00e9t k\u00fcl\u00f6n szoba konyh\u00e1s nappali \u00e9s zuhanyz\u00f3s f\u00fcrd\u0151szob\u00e1val.<\/p><p>A <strong>konyh\u00e1k felszerel\u00e9se<\/strong>: g\u00e1zt\u0171zhellyel, mikrohull\u00e1m\u00fa s\u00fct\u0151vel, v\u00edzforral\u00f3val, k\u00e1v\u00e9 f\u0151z\u0151vel, fagyaszt\u00f3s h\u0171t\u0151szekr\u00e9nnyel \u00e9s \u00e9tk\u00e9szlettel (poharak, t\u00e1ny\u00e9rok, \u00e9tk\u00e9szlet, fakan\u00e1l, szed\u0151kan\u00e1l, stb).<\/p><p>Priv\u00e1t parkol\u00f3hely az apartman el\u0151tt (szabadt\u00e9ri).<\/p>\t\t\t\t\t\t<\/div>\n\t\t\t\t<\/div>\n\t\t\t\t<section class=\"elementor-section elementor-inner-section elementor-element elementor-element-25cb2eb5 elementor-section-boxed elementor-section-height-default elementor-section-height-default\" data-id=\"25cb2eb5\" data-element_type=\"section\">\n\t\t\t\t\t\t<div class=\"elementor-container elementor-column-gap-default\">\n\t\t\t\t\t<div class=\"elementor-column elementor-col-50 elementor-inner-column elementor-element elementor-element-3228444a\" data-id=\"3228444a\" data-element_type=\"column\">\n\t\t\t<div class=\"elementor-widget-wrap elementor-element-populated\">\n\t\t\t\t\t\t<div class=\"elementor-element elementor-element-694d3f97 elementor-align-left elementor-list-item-link-full_width elementor-widget elementor-widget-icon-list\" data-id=\"694d3f97\" data-element_type=\"widget\" data-widget_type=\"icon-list.default\">\n\t\t\t\t<div class=\"elementor-widget-container\">\n\t\t\t\t\t<ul class=\"elementor-icon-list-items\">\n\t\t\t\t\t\t\t<li class=\"elementor-icon-list-item\">\n\t\t\t\t\t\t\t\t\t\t\t<span class=\"elementor-icon-list-icon\">\n\t\t\t\t\t\t\t<i aria-hidden=\"true\" class=\"fas fa-bed\"><\/i>\t\t\t\t\t\t<\/span>\n\t\t\t\t\t\t\t\t\t\t<span class=\"elementor-icon-list-text\">4 + 2 szem\u00e9lyes<\/span>\n\t\t\t\t\t\t\t\t\t<\/li>\n\t\t\t\t\t\t\t\t<li class=\"elementor-icon-list-item\">\n\t\t\t\t\t\t\t\t\t\t\t<span class=\"elementor-icon-list-icon\">\n\t\t\t\t\t\t\t<i aria-hidden=\"true\" class=\"fas fa-wifi\"><\/i>\t\t\t\t\t\t<\/span>\n\t\t\t\t\t\t\t\t\t\t<span class=\"elementor-icon-list-text\">ingyenes Wifi<\/span>\n\t\t\t\t\t\t\t\t\t<\/li>\n\t\t\t\t\t\t\t\t<li class=\"elementor-icon-list-item\">\n\t\t\t\t\t\t\t\t\t\t\t<span class=\"elementor-icon-list-icon\">\n\t\t\t\t\t\t\t<i aria-hidden=\"true\" class=\"far fa-snowflake\"><\/i>\t\t\t\t\t\t<\/span>\n\t\t\t\t\t\t\t\t\t\t<span class=\"elementor-icon-list-text\">klimatiz\u00e1lt<\/span>\n\t\t\t\t\t\t\t\t\t<\/li>\n\t\t\t\t\t\t\t\t<li class=\"elementor-icon-list-item\">\n\t\t\t\t\t\t\t\t\t\t\t<span class=\"elementor-icon-list-icon\">\n\t\t\t\t\t\t\t<i aria-hidden=\"true\" class=\"far fa-moon\"><\/i>\t\t\t\t\t\t<\/span>\n\t\t\t\t\t\t\t\t\t\t<span class=\"elementor-icon-list-text\">terasz<\/span>\n\t\t\t\t\t\t\t\t\t<\/li>\n\t\t\t\t\t\t<\/ul>\n\t\t\t\t<\/div>\n\t\t\t\t<\/div>\n\t\t\t\t\t<\/div>\n\t\t<\/div>\n\t\t\t\t<div class=\"elementor-column elementor-col-50 elementor-inner-column elementor-element elementor-element-5d5c7f7c\" data-id=\"5d5c7f7c\" data-element_type=\"column\">\n\t\t\t<div class=\"elementor-widget-wrap elementor-element-populated\">\n\t\t\t\t\t\t<div class=\"elementor-element elementor-element-5612f4e7 elementor-align-left elementor-list-item-link-full_width elementor-widget elementor-widget-icon-list\" data-id=\"5612f4e7\" data-element_type=\"widget\" data-widget_type=\"icon-list.default\">\n\t\t\t\t<div class=\"elementor-widget-container\">\n\t\t\t\t\t<ul class=\"elementor-icon-list-items\">\n\t\t\t\t\t\t\t<li class=\"elementor-icon-list-item\">\n\t\t\t\t\t\t\t\t\t\t\t<span class=\"elementor-icon-list-icon\">\n\t\t\t\t\t\t\t<i aria-hidden=\"true\" class=\"fas fa-tv\"><\/i>\t\t\t\t\t\t<\/span>\n\t\t\t\t\t\t\t\t\t\t<span class=\"elementor-icon-list-text\">Magyar TV csatorn\u00e1k<\/span>\n\t\t\t\t\t\t\t\t\t<\/li>\n\t\t\t\t\t\t\t\t<li class=\"elementor-icon-list-item\">\n\t\t\t\t\t\t\t\t\t\t\t<span class=\"elementor-icon-list-icon\">\n\t\t\t\t\t\t\t<i aria-hidden=\"true\" class=\"fas fa-pepper-hot\"><\/i>\t\t\t\t\t\t<\/span>\n\t\t\t\t\t\t\t\t\t\t<span class=\"elementor-icon-list-text\">grillez\u00e9si lehet\u0151s\u00e9g<\/span>\n\t\t\t\t\t\t\t\t\t<\/li>\n\t\t\t\t\t\t\t\t<li class=\"elementor-icon-list-item\">\n\t\t\t\t\t\t\t\t\t\t\t<span class=\"elementor-icon-list-icon\">\n\t\t\t\t\t\t\t<i aria-hidden=\"true\" class=\"fas fa-chair\"><\/i>\t\t\t\t\t\t<\/span>\n\t\t\t\t\t\t\t\t\t\t<span class=\"elementor-icon-list-text\">kerti b\u00fatorok<\/span>\n\t\t\t\t\t\t\t\t\t<\/li>\n\t\t\t\t\t\t<\/ul>\n\t\t\t\t<\/div>\n\t\t\t\t<\/div>\n\t\t\t\t\t<\/div>\n\t\t<\/div>\n\t\t\t\t\t<\/div>\n\t\t<\/section>\n\t\t\t\t<div class=\"elementor-element elementor-element-236c3d8a elementor-align-left elementor-widget elementor-widget-bdt-advanced-button\" data-id=\"236c3d8a\" data-element_type=\"widget\" data-widget_type=\"bdt-advanced-button.default\">\n\t\t\t\t<div class=\"elementor-widget-container\">\n\t\t\t\t\t<div class=\"bdt-ep-button-wrapper\">\n\t\t\t<a href=\"#arkalkulacio\" class=\"bdt-ep-button bdt-ep-button-effect-d bdt-ep-button-size-md\">\n\t\t\t\t\t\t<div class=\"bdt-ep-button-content-wrapper bdt-flex bdt-flex-middle bdt-flex-center\" data-text=\"\u00c1raj\u00e1nlatot k\u00e9rek\">\n\t\t\t\t\t\t\t<div class=\"bdt-ep-button-icon bdt-flex-center bdt-flex-align-right\">\n\t\t\t\t\t<div class=\"bdt-ep-button-icon-inner\">\n\n\t\t\t\t\t<i aria-hidden=\"true\" class=\"fa-fw fas fa-arrow-right\"><\/i>\n\t\t\t\t\t<\/div>\n\t\t\t\t<\/div>\n\t\t\t\n\t\t\t<div class=\"bdt-ep-button-text\">\n\n                <span class=\"avdbtn-text\">Ask for price<\/span>\n\n\t\t\t\t            <\/div>\n\n\t\t\t\n\t\t<\/div>\n\t\t\t\t\t<\/a>\n\t\t<\/div>\n\t\t\t\t<\/div>\n\t\t\t\t<\/div>\n\t\t\t\t\t<\/div>\n\t\t<\/div>\n\t\t\t\t<div class=\"elementor-column elementor-col-50 elementor-top-column elementor-element elementor-element-106288\" data-id=\"106288\" data-element_type=\"column\" data-settings=\"{&quot;background_background&quot;:&quot;classic&quot;,&quot;animation_mobile&quot;:&quot;none&quot;}\">\n\t\t\t<div class=\"elementor-widget-wrap elementor-element-populated\">\n\t\t\t\t\t\t<div class=\"elementor-element elementor-element-2d80d1b1 elementor-widget elementor-widget-bdt-advanced-image-gallery\" data-id=\"2d80d1b1\" data-element_type=\"widget\" data-widget_type=\"bdt-advanced-image-gallery.default\">\n\t\t\t\t<div class=\"elementor-widget-container\">\n\t\t\t\t\t<div id=\"bdt-avdg-2d80d1b1\" class=\"bdt-ep-advanced-image-gallery bdt-ep-advanced-image-gallery-skin-default bdt-grid bdt-grid-small bdt-child-width-1-3 bdt-child-width-1-5@s bdt-child-width-1-3@m\" data-bdt-grid=\" masonry: true\" data-bdt-lightbox=\"animation: slide;\" data-settings=\"{&quot;id&quot;:&quot;#bdt-avdg-2d80d1b1&quot;,&quot;tiltShow&quot;:false}\">\n\t\t\t\n\t\t\t\t<div class=\"bdt-ep-advanced-image-gallery-item bdt-transition-toggle\">\n\t\t\t\t\t<div class=\"bdt-ep-advanced-image-gallery-inner bdt-image-mask\">\n\t\t\t\t\t\t<div class=\"bdt-ep-advanced-image-gallery-thumbnail bdt-transition-toggle\"><img fetchpriority=\"high\" decoding=\"async\" width=\"853\" height=\"640\" src=\"https:\/\/gedeonapartman.hu\/wp-content\/uploads\/2023\/10\/Gedeon-Apartmanhaz-egyes-szallashelye-VIR-Horvatorszag-14.jpg\" class=\"jgalleryImage\" alt=\"Gedeon Apartmanh\u00e1z egyes sz\u00e1ll\u00e1shelye VIR Horv\u00e1torsz\u00e1g\" srcset=\"https:\/\/gedeonapartman.hu\/wp-content\/uploads\/2023\/10\/Gedeon-Apartmanhaz-egyes-szallashelye-VIR-Horvatorszag-14.jpg 853w, https:\/\/gedeonapartman.hu\/wp-content\/uploads\/2023\/10\/Gedeon-Apartmanhaz-egyes-szallashelye-VIR-Horvatorszag-14-700x525.jpg 700w, https:\/\/gedeonapartman.hu\/wp-content\/uploads\/2023\/10\/Gedeon-Apartmanhaz-egyes-szallashelye-VIR-Horvatorszag-14-768x576.jpg 768w, https:\/\/gedeonapartman.hu\/wp-content\/uploads\/2023\/10\/Gedeon-Apartmanhaz-egyes-szallashelye-VIR-Horvatorszag-14-16x12.jpg 16w, https:\/\/gedeonapartman.hu\/wp-content\/uploads\/2023\/10\/Gedeon-Apartmanhaz-egyes-szallashelye-VIR-Horvatorszag-14-600x450.jpg 600w\" sizes=\"(max-width: 853px) 100vw, 853px\" \/><\/div>\t\t<div class=\"bdt-position-cover bdt-overlay bdt-overlay-default bdt-transition-fade\">\n\t\t\t<div class=\"bdt-ep-advanced-image-gallery-content\">\n\t\t\t\t<div class=\"bdt-ep-advanced-image-gallery-content-inner\">\n\n\t\t\t\t\t\t\t\t\t\t\t\t\t\t\t\t<div class=\"bdt-flex-inline bdt-ep-advanced-image-gallery-item-link-wrapper\">\n\t\t\t\t\t\t\t<a class=\"bdt-ep-advanced-image-gallery-item-link elementor-clickable icon-type-icon\" data-elementor-open-lightbox=\"no\" data-caption=\"\" href=\"https:\/\/gedeonapartman.hu\/wp-content\/uploads\/2023\/10\/Gedeon-Apartmanhaz-egyes-szallashelye-VIR-Horvatorszag-14.jpg\">\n\t\t\t\t\t\t\t\t\n\t\t\t\t\t\t\t\t\t\t\t\t\t\t\t\t\t\t\t<span>\n\t\t\t\t\t\t\t\t\t\t\t<i class=\"ep-icon-plus-2\"><\/i>\n\t\t\t\t\t\t\t\t\t\t<\/span>\n\t\t\t\t\t\t\t\t\t\n\t\t\t\t\t\t\t\t\t\t\t\t\t\t\t<\/a>\n\t\t\t\t\t\t<\/div>\n\t\t\t\t\t\n\t\t\t\t\t\t\t\t\t<\/div>\n\t\t\t<\/div>\n\t\t<\/div>\n\t\t\t\t\t<\/div>\n\t\t\t\t\t\t\t\t\t<\/div>\n\n\t\t\t\n\t\t\t\t<div class=\"bdt-ep-advanced-image-gallery-item bdt-transition-toggle\">\n\t\t\t\t\t<div class=\"bdt-ep-advanced-image-gallery-inner bdt-image-mask\">\n\t\t\t\t\t\t<div class=\"bdt-ep-advanced-image-gallery-thumbnail bdt-transition-toggle\"><img decoding=\"async\" width=\"853\" height=\"640\" src=\"https:\/\/gedeonapartman.hu\/wp-content\/uploads\/2023\/10\/Szallashely-Horvatorszag-Gedeon-egyes-apartmahaz-emeleti-11.jpg\" class=\"jgalleryImage\" alt=\"Sz\u00e1ll\u00e1shely Horv\u00e1torsz\u00e1g Gedeon egyes apartmah\u00e1z emeleti\" srcset=\"https:\/\/gedeonapartman.hu\/wp-content\/uploads\/2023\/10\/Szallashely-Horvatorszag-Gedeon-egyes-apartmahaz-emeleti-11.jpg 853w, https:\/\/gedeonapartman.hu\/wp-content\/uploads\/2023\/10\/Szallashely-Horvatorszag-Gedeon-egyes-apartmahaz-emeleti-11-700x525.jpg 700w, https:\/\/gedeonapartman.hu\/wp-content\/uploads\/2023\/10\/Szallashely-Horvatorszag-Gedeon-egyes-apartmahaz-emeleti-11-768x576.jpg 768w, https:\/\/gedeonapartman.hu\/wp-content\/uploads\/2023\/10\/Szallashely-Horvatorszag-Gedeon-egyes-apartmahaz-emeleti-11-16x12.jpg 16w, https:\/\/gedeonapartman.hu\/wp-content\/uploads\/2023\/10\/Szallashely-Horvatorszag-Gedeon-egyes-apartmahaz-emeleti-11-600x450.jpg 600w\" sizes=\"(max-width: 853px) 100vw, 853px\" \/><\/div>\t\t<div class=\"bdt-position-cover bdt-overlay bdt-overlay-default bdt-transition-fade\">\n\t\t\t<div class=\"bdt-ep-advanced-image-gallery-content\">\n\t\t\t\t<div class=\"bdt-ep-advanced-image-gallery-content-inner\">\n\n\t\t\t\t\t\t\t\t\t\t\t\t\t\t\t\t<div class=\"bdt-flex-inline bdt-ep-advanced-image-gallery-item-link-wrapper\">\n\t\t\t\t\t\t\t<a class=\"bdt-ep-advanced-image-gallery-item-link elementor-clickable icon-type-icon\" data-elementor-open-lightbox=\"no\" data-caption=\"\" href=\"https:\/\/gedeonapartman.hu\/wp-content\/uploads\/2023\/10\/Szallashely-Horvatorszag-Gedeon-egyes-apartmahaz-emeleti-11.jpg\">\n\t\t\t\t\t\t\t\t\n\t\t\t\t\t\t\t\t\t\t\t\t\t\t\t\t\t\t\t<span>\n\t\t\t\t\t\t\t\t\t\t\t<i class=\"ep-icon-plus-2\"><\/i>\n\t\t\t\t\t\t\t\t\t\t<\/span>\n\t\t\t\t\t\t\t\t\t\n\t\t\t\t\t\t\t\t\t\t\t\t\t\t\t<\/a>\n\t\t\t\t\t\t<\/div>\n\t\t\t\t\t\n\t\t\t\t\t\t\t\t\t<\/div>\n\t\t\t<\/div>\n\t\t<\/div>\n\t\t\t\t\t<\/div>\n\t\t\t\t\t\t\t\t\t<\/div>\n\n\t\t\t\n\t\t\t\t<div class=\"bdt-ep-advanced-image-gallery-item bdt-transition-toggle\">\n\t\t\t\t\t<div class=\"bdt-ep-advanced-image-gallery-inner bdt-image-mask\">\n\t\t\t\t\t\t<div class=\"bdt-ep-advanced-image-gallery-thumbnail bdt-transition-toggle\"><img decoding=\"async\" width=\"480\" height=\"640\" src=\"https:\/\/gedeonapartman.hu\/wp-content\/uploads\/2023\/10\/Szallashely-Horvatorszag-Gedeon-egyes-apartmahaz-emeleti-10.jpg\" class=\"jgalleryImage\" alt=\"Sz\u00e1ll\u00e1shely Horv\u00e1torsz\u00e1g Gedeon egyes apartmah\u00e1z emeleti\" srcset=\"https:\/\/gedeonapartman.hu\/wp-content\/uploads\/2023\/10\/Szallashely-Horvatorszag-Gedeon-egyes-apartmahaz-emeleti-10.jpg 480w, https:\/\/gedeonapartman.hu\/wp-content\/uploads\/2023\/10\/Szallashely-Horvatorszag-Gedeon-egyes-apartmahaz-emeleti-10-9x12.jpg 9w\" sizes=\"(max-width: 480px) 100vw, 480px\" \/><\/div>\t\t<div class=\"bdt-position-cover bdt-overlay bdt-overlay-default bdt-transition-fade\">\n\t\t\t<div class=\"bdt-ep-advanced-image-gallery-content\">\n\t\t\t\t<div class=\"bdt-ep-advanced-image-gallery-content-inner\">\n\n\t\t\t\t\t\t\t\t\t\t\t\t\t\t\t\t<div class=\"bdt-flex-inline bdt-ep-advanced-image-gallery-item-link-wrapper\">\n\t\t\t\t\t\t\t<a class=\"bdt-ep-advanced-image-gallery-item-link elementor-clickable icon-type-icon\" data-elementor-open-lightbox=\"no\" data-caption=\"\" href=\"https:\/\/gedeonapartman.hu\/wp-content\/uploads\/2023\/10\/Szallashely-Horvatorszag-Gedeon-egyes-apartmahaz-emeleti-10.jpg\">\n\t\t\t\t\t\t\t\t\n\t\t\t\t\t\t\t\t\t\t\t\t\t\t\t\t\t\t\t<span>\n\t\t\t\t\t\t\t\t\t\t\t<i class=\"ep-icon-plus-2\"><\/i>\n\t\t\t\t\t\t\t\t\t\t<\/span>\n\t\t\t\t\t\t\t\t\t\n\t\t\t\t\t\t\t\t\t\t\t\t\t\t\t<\/a>\n\t\t\t\t\t\t<\/div>\n\t\t\t\t\t\n\t\t\t\t\t\t\t\t\t<\/div>\n\t\t\t<\/div>\n\t\t<\/div>\n\t\t\t\t\t<\/div>\n\t\t\t\t\t\t\t\t\t<\/div>\n\n\t\t\t\n\t\t\t\t<div class=\"bdt-ep-advanced-image-gallery-item bdt-transition-toggle\">\n\t\t\t\t\t<div class=\"bdt-ep-advanced-image-gallery-inner bdt-image-mask\">\n\t\t\t\t\t\t<div class=\"bdt-ep-advanced-image-gallery-thumbnail bdt-transition-toggle\"><img loading=\"lazy\" decoding=\"async\" width=\"853\" height=\"640\" src=\"https:\/\/gedeonapartman.hu\/wp-content\/uploads\/2023\/10\/Szallashely-Horvatorszag-Gedeon-egyes-apartmahaz-emeleti-7.jpg\" class=\"jgalleryImage\" alt=\"Sz\u00e1ll\u00e1shely Horv\u00e1torsz\u00e1g Gedeon egyes apartmah\u00e1z emeleti\" srcset=\"https:\/\/gedeonapartman.hu\/wp-content\/uploads\/2023\/10\/Szallashely-Horvatorszag-Gedeon-egyes-apartmahaz-emeleti-7.jpg 853w, https:\/\/gedeonapartman.hu\/wp-content\/uploads\/2023\/10\/Szallashely-Horvatorszag-Gedeon-egyes-apartmahaz-emeleti-7-700x525.jpg 700w, https:\/\/gedeonapartman.hu\/wp-content\/uploads\/2023\/10\/Szallashely-Horvatorszag-Gedeon-egyes-apartmahaz-emeleti-7-768x576.jpg 768w, https:\/\/gedeonapartman.hu\/wp-content\/uploads\/2023\/10\/Szallashely-Horvatorszag-Gedeon-egyes-apartmahaz-emeleti-7-16x12.jpg 16w, https:\/\/gedeonapartman.hu\/wp-content\/uploads\/2023\/10\/Szallashely-Horvatorszag-Gedeon-egyes-apartmahaz-emeleti-7-600x450.jpg 600w\" sizes=\"(max-width: 853px) 100vw, 853px\" \/><\/div>\t\t<div class=\"bdt-position-cover bdt-overlay bdt-overlay-default bdt-transition-fade\">\n\t\t\t<div class=\"bdt-ep-advanced-image-gallery-content\">\n\t\t\t\t<div class=\"bdt-ep-advanced-image-gallery-content-inner\">\n\n\t\t\t\t\t\t\t\t\t\t\t\t\t\t\t\t<div class=\"bdt-flex-inline bdt-ep-advanced-image-gallery-item-link-wrapper\">\n\t\t\t\t\t\t\t<a class=\"bdt-ep-advanced-image-gallery-item-link elementor-clickable icon-type-icon\" data-elementor-open-lightbox=\"no\" data-caption=\"\" href=\"https:\/\/gedeonapartman.hu\/wp-content\/uploads\/2023\/10\/Szallashely-Horvatorszag-Gedeon-egyes-apartmahaz-emeleti-7.jpg\">\n\t\t\t\t\t\t\t\t\n\t\t\t\t\t\t\t\t\t\t\t\t\t\t\t\t\t\t\t<span>\n\t\t\t\t\t\t\t\t\t\t\t<i class=\"ep-icon-plus-2\"><\/i>\n\t\t\t\t\t\t\t\t\t\t<\/span>\n\t\t\t\t\t\t\t\t\t\n\t\t\t\t\t\t\t\t\t\t\t\t\t\t\t<\/a>\n\t\t\t\t\t\t<\/div>\n\t\t\t\t\t\n\t\t\t\t\t\t\t\t\t<\/div>\n\t\t\t<\/div>\n\t\t<\/div>\n\t\t\t\t\t<\/div>\n\t\t\t\t\t\t\t\t\t<\/div>\n\n\t\t\t\n\t\t\t\t<div class=\"bdt-ep-advanced-image-gallery-item bdt-transition-toggle\">\n\t\t\t\t\t<div class=\"bdt-ep-advanced-image-gallery-inner bdt-image-mask\">\n\t\t\t\t\t\t<div class=\"bdt-ep-advanced-image-gallery-thumbnail bdt-transition-toggle\"><img loading=\"lazy\" decoding=\"async\" width=\"853\" height=\"640\" src=\"https:\/\/gedeonapartman.hu\/wp-content\/uploads\/2023\/10\/Szallashely-Horvatorszag-Gedeon-egyes-apartmahaz-emeleti-5.jpg\" class=\"jgalleryImage\" alt=\"Sz\u00e1ll\u00e1shely Horv\u00e1torsz\u00e1g Gedeon egyes apartmah\u00e1z emeleti\" srcset=\"https:\/\/gedeonapartman.hu\/wp-content\/uploads\/2023\/10\/Szallashely-Horvatorszag-Gedeon-egyes-apartmahaz-emeleti-5.jpg 853w, https:\/\/gedeonapartman.hu\/wp-content\/uploads\/2023\/10\/Szallashely-Horvatorszag-Gedeon-egyes-apartmahaz-emeleti-5-700x525.jpg 700w, https:\/\/gedeonapartman.hu\/wp-content\/uploads\/2023\/10\/Szallashely-Horvatorszag-Gedeon-egyes-apartmahaz-emeleti-5-768x576.jpg 768w, https:\/\/gedeonapartman.hu\/wp-content\/uploads\/2023\/10\/Szallashely-Horvatorszag-Gedeon-egyes-apartmahaz-emeleti-5-16x12.jpg 16w, https:\/\/gedeonapartman.hu\/wp-content\/uploads\/2023\/10\/Szallashely-Horvatorszag-Gedeon-egyes-apartmahaz-emeleti-5-600x450.jpg 600w\" sizes=\"(max-width: 853px) 100vw, 853px\" \/><\/div>\t\t<div class=\"bdt-position-cover bdt-overlay bdt-overlay-default bdt-transition-fade\">\n\t\t\t<div class=\"bdt-ep-advanced-image-gallery-content\">\n\t\t\t\t<div class=\"bdt-ep-advanced-image-gallery-content-inner\">\n\n\t\t\t\t\t\t\t\t\t\t\t\t\t\t\t\t<div class=\"bdt-flex-inline bdt-ep-advanced-image-gallery-item-link-wrapper\">\n\t\t\t\t\t\t\t<a class=\"bdt-ep-advanced-image-gallery-item-link elementor-clickable icon-type-icon\" data-elementor-open-lightbox=\"no\" data-caption=\"\" href=\"https:\/\/gedeonapartman.hu\/wp-content\/uploads\/2023\/10\/Szallashely-Horvatorszag-Gedeon-egyes-apartmahaz-emeleti-5.jpg\">\n\t\t\t\t\t\t\t\t\n\t\t\t\t\t\t\t\t\t\t\t\t\t\t\t\t\t\t\t<span>\n\t\t\t\t\t\t\t\t\t\t\t<i class=\"ep-icon-plus-2\"><\/i>\n\t\t\t\t\t\t\t\t\t\t<\/span>\n\t\t\t\t\t\t\t\t\t\n\t\t\t\t\t\t\t\t\t\t\t\t\t\t\t<\/a>\n\t\t\t\t\t\t<\/div>\n\t\t\t\t\t\n\t\t\t\t\t\t\t\t\t<\/div>\n\t\t\t<\/div>\n\t\t<\/div>\n\t\t\t\t\t<\/div>\n\t\t\t\t\t\t\t\t\t<\/div>\n\n\t\t\t\n\t\t\t\t<div class=\"bdt-ep-advanced-image-gallery-item bdt-transition-toggle\">\n\t\t\t\t\t<div class=\"bdt-ep-advanced-image-gallery-inner bdt-image-mask\">\n\t\t\t\t\t\t<div class=\"bdt-ep-advanced-image-gallery-thumbnail bdt-transition-toggle\"><img loading=\"lazy\" decoding=\"async\" width=\"853\" height=\"640\" src=\"https:\/\/gedeonapartman.hu\/wp-content\/uploads\/2023\/10\/Szallashely-Horvatorszag-Gedeon-egyes-apartmahaz-emeleti-15.jpg\" class=\"jgalleryImage\" alt=\"Sz\u00e1ll\u00e1shely Horv\u00e1torsz\u00e1g Gedeon egyes apartmah\u00e1z emeleti\" srcset=\"https:\/\/gedeonapartman.hu\/wp-content\/uploads\/2023\/10\/Szallashely-Horvatorszag-Gedeon-egyes-apartmahaz-emeleti-15.jpg 853w, https:\/\/gedeonapartman.hu\/wp-content\/uploads\/2023\/10\/Szallashely-Horvatorszag-Gedeon-egyes-apartmahaz-emeleti-15-700x525.jpg 700w, https:\/\/gedeonapartman.hu\/wp-content\/uploads\/2023\/10\/Szallashely-Horvatorszag-Gedeon-egyes-apartmahaz-emeleti-15-768x576.jpg 768w, https:\/\/gedeonapartman.hu\/wp-content\/uploads\/2023\/10\/Szallashely-Horvatorszag-Gedeon-egyes-apartmahaz-emeleti-15-16x12.jpg 16w, https:\/\/gedeonapartman.hu\/wp-content\/uploads\/2023\/10\/Szallashely-Horvatorszag-Gedeon-egyes-apartmahaz-emeleti-15-600x450.jpg 600w\" sizes=\"(max-width: 853px) 100vw, 853px\" \/><\/div>\t\t<div class=\"bdt-position-cover bdt-overlay bdt-overlay-default bdt-transition-fade\">\n\t\t\t<div class=\"bdt-ep-advanced-image-gallery-content\">\n\t\t\t\t<div class=\"bdt-ep-advanced-image-gallery-content-inner\">\n\n\t\t\t\t\t\t\t\t\t\t\t\t\t\t\t\t<div class=\"bdt-flex-inline bdt-ep-advanced-image-gallery-item-link-wrapper\">\n\t\t\t\t\t\t\t<a class=\"bdt-ep-advanced-image-gallery-item-link elementor-clickable icon-type-icon\" data-elementor-open-lightbox=\"no\" data-caption=\"\" href=\"https:\/\/gedeonapartman.hu\/wp-content\/uploads\/2023\/10\/Szallashely-Horvatorszag-Gedeon-egyes-apartmahaz-emeleti-15.jpg\">\n\t\t\t\t\t\t\t\t\n\t\t\t\t\t\t\t\t\t\t\t\t\t\t\t\t\t\t\t<span>\n\t\t\t\t\t\t\t\t\t\t\t<i class=\"ep-icon-plus-2\"><\/i>\n\t\t\t\t\t\t\t\t\t\t<\/span>\n\t\t\t\t\t\t\t\t\t\n\t\t\t\t\t\t\t\t\t\t\t\t\t\t\t<\/a>\n\t\t\t\t\t\t<\/div>\n\t\t\t\t\t\n\t\t\t\t\t\t\t\t\t<\/div>\n\t\t\t<\/div>\n\t\t<\/div>\n\t\t\t\t\t<\/div>\n\t\t\t\t\t\t\t\t\t<\/div>\n\n\t\t\t\n\t\t\t\t<div class=\"bdt-ep-advanced-image-gallery-item bdt-transition-toggle\">\n\t\t\t\t\t<div class=\"bdt-ep-advanced-image-gallery-inner bdt-image-mask\">\n\t\t\t\t\t\t<div class=\"bdt-ep-advanced-image-gallery-thumbnail bdt-transition-toggle\"><img loading=\"lazy\" decoding=\"async\" width=\"480\" height=\"640\" src=\"https:\/\/gedeonapartman.hu\/wp-content\/uploads\/2023\/10\/Szallashely-Horvatorszag-Gedeon-egyes-apartmahaz-emeleti-4.jpg\" class=\"jgalleryImage\" alt=\"Sz\u00e1ll\u00e1shely Horv\u00e1torsz\u00e1g Gedeon egyes apartmah\u00e1z emeleti\" srcset=\"https:\/\/gedeonapartman.hu\/wp-content\/uploads\/2023\/10\/Szallashely-Horvatorszag-Gedeon-egyes-apartmahaz-emeleti-4.jpg 480w, https:\/\/gedeonapartman.hu\/wp-content\/uploads\/2023\/10\/Szallashely-Horvatorszag-Gedeon-egyes-apartmahaz-emeleti-4-9x12.jpg 9w\" sizes=\"(max-width: 480px) 100vw, 480px\" \/><\/div>\t\t<div class=\"bdt-position-cover bdt-overlay bdt-overlay-default bdt-transition-fade\">\n\t\t\t<div class=\"bdt-ep-advanced-image-gallery-content\">\n\t\t\t\t<div class=\"bdt-ep-advanced-image-gallery-content-inner\">\n\n\t\t\t\t\t\t\t\t\t\t\t\t\t\t\t\t<div class=\"bdt-flex-inline bdt-ep-advanced-image-gallery-item-link-wrapper\">\n\t\t\t\t\t\t\t<a class=\"bdt-ep-advanced-image-gallery-item-link elementor-clickable icon-type-icon\" data-elementor-open-lightbox=\"no\" data-caption=\"\" href=\"https:\/\/gedeonapartman.hu\/wp-content\/uploads\/2023\/10\/Szallashely-Horvatorszag-Gedeon-egyes-apartmahaz-emeleti-4.jpg\">\n\t\t\t\t\t\t\t\t\n\t\t\t\t\t\t\t\t\t\t\t\t\t\t\t\t\t\t\t<span>\n\t\t\t\t\t\t\t\t\t\t\t<i class=\"ep-icon-plus-2\"><\/i>\n\t\t\t\t\t\t\t\t\t\t<\/span>\n\t\t\t\t\t\t\t\t\t\n\t\t\t\t\t\t\t\t\t\t\t\t\t\t\t<\/a>\n\t\t\t\t\t\t<\/div>\n\t\t\t\t\t\n\t\t\t\t\t\t\t\t\t<\/div>\n\t\t\t<\/div>\n\t\t<\/div>\n\t\t\t\t\t<\/div>\n\t\t\t\t\t\t\t\t\t<\/div>\n\n\t\t\t\n\t\t\t\t<div class=\"bdt-ep-advanced-image-gallery-item bdt-transition-toggle\">\n\t\t\t\t\t<div class=\"bdt-ep-advanced-image-gallery-inner bdt-image-mask\">\n\t\t\t\t\t\t<div class=\"bdt-ep-advanced-image-gallery-thumbnail bdt-transition-toggle\"><img loading=\"lazy\" decoding=\"async\" width=\"480\" height=\"640\" src=\"https:\/\/gedeonapartman.hu\/wp-content\/uploads\/2023\/10\/Szallashely-Horvatorszag-Gedeon-egyes-apartmahaz-emeleti-14.jpg\" class=\"jgalleryImage\" alt=\"Sz\u00e1ll\u00e1shely Horv\u00e1torsz\u00e1g Gedeon egyes apartmah\u00e1z emeleti\" srcset=\"https:\/\/gedeonapartman.hu\/wp-content\/uploads\/2023\/10\/Szallashely-Horvatorszag-Gedeon-egyes-apartmahaz-emeleti-14.jpg 480w, https:\/\/gedeonapartman.hu\/wp-content\/uploads\/2023\/10\/Szallashely-Horvatorszag-Gedeon-egyes-apartmahaz-emeleti-14-9x12.jpg 9w\" sizes=\"(max-width: 480px) 100vw, 480px\" \/><\/div>\t\t<div class=\"bdt-position-cover bdt-overlay bdt-overlay-default bdt-transition-fade\">\n\t\t\t<div class=\"bdt-ep-advanced-image-gallery-content\">\n\t\t\t\t<div class=\"bdt-ep-advanced-image-gallery-content-inner\">\n\n\t\t\t\t\t\t\t\t\t\t\t\t\t\t\t\t<div class=\"bdt-flex-inline bdt-ep-advanced-image-gallery-item-link-wrapper\">\n\t\t\t\t\t\t\t<a class=\"bdt-ep-advanced-image-gallery-item-link elementor-clickable icon-type-icon\" data-elementor-open-lightbox=\"no\" data-caption=\"\" href=\"https:\/\/gedeonapartman.hu\/wp-content\/uploads\/2023\/10\/Szallashely-Horvatorszag-Gedeon-egyes-apartmahaz-emeleti-14.jpg\">\n\t\t\t\t\t\t\t\t\n\t\t\t\t\t\t\t\t\t\t\t\t\t\t\t\t\t\t\t<span>\n\t\t\t\t\t\t\t\t\t\t\t<i class=\"ep-icon-plus-2\"><\/i>\n\t\t\t\t\t\t\t\t\t\t<\/span>\n\t\t\t\t\t\t\t\t\t\n\t\t\t\t\t\t\t\t\t\t\t\t\t\t\t<\/a>\n\t\t\t\t\t\t<\/div>\n\t\t\t\t\t\n\t\t\t\t\t\t\t\t\t<\/div>\n\t\t\t<\/div>\n\t\t<\/div>\n\t\t\t\t\t<\/div>\n\t\t\t\t\t\t\t\t\t<\/div>\n\n\t\t\t\n\t\t\t\t<div class=\"bdt-ep-advanced-image-gallery-item bdt-transition-toggle\">\n\t\t\t\t\t<div class=\"bdt-ep-advanced-image-gallery-inner bdt-image-mask\">\n\t\t\t\t\t\t<div class=\"bdt-ep-advanced-image-gallery-thumbnail bdt-transition-toggle\"><img loading=\"lazy\" decoding=\"async\" width=\"853\" height=\"640\" src=\"https:\/\/gedeonapartman.hu\/wp-content\/uploads\/2023\/10\/Szallashely-Horvatorszag-Gedeon-egyes-apartmahaz-emeleti-13.jpg\" class=\"jgalleryImage\" alt=\"Sz\u00e1ll\u00e1shely Horv\u00e1torsz\u00e1g Gedeon egyes apartmah\u00e1z emeleti\" srcset=\"https:\/\/gedeonapartman.hu\/wp-content\/uploads\/2023\/10\/Szallashely-Horvatorszag-Gedeon-egyes-apartmahaz-emeleti-13.jpg 853w, https:\/\/gedeonapartman.hu\/wp-content\/uploads\/2023\/10\/Szallashely-Horvatorszag-Gedeon-egyes-apartmahaz-emeleti-13-700x525.jpg 700w, https:\/\/gedeonapartman.hu\/wp-content\/uploads\/2023\/10\/Szallashely-Horvatorszag-Gedeon-egyes-apartmahaz-emeleti-13-768x576.jpg 768w, https:\/\/gedeonapartman.hu\/wp-content\/uploads\/2023\/10\/Szallashely-Horvatorszag-Gedeon-egyes-apartmahaz-emeleti-13-16x12.jpg 16w, https:\/\/gedeonapartman.hu\/wp-content\/uploads\/2023\/10\/Szallashely-Horvatorszag-Gedeon-egyes-apartmahaz-emeleti-13-600x450.jpg 600w\" sizes=\"(max-width: 853px) 100vw, 853px\" \/><\/div>\t\t<div class=\"bdt-position-cover bdt-overlay bdt-overlay-default bdt-transition-fade\">\n\t\t\t<div class=\"bdt-ep-advanced-image-gallery-content\">\n\t\t\t\t<div class=\"bdt-ep-advanced-image-gallery-content-inner\">\n\n\t\t\t\t\t\t\t\t\t\t\t\t\t\t\t\t<div class=\"bdt-flex-inline bdt-ep-advanced-image-gallery-item-link-wrapper\">\n\t\t\t\t\t\t\t<a class=\"bdt-ep-advanced-image-gallery-item-link elementor-clickable icon-type-icon\" data-elementor-open-lightbox=\"no\" data-caption=\"\" href=\"https:\/\/gedeonapartman.hu\/wp-content\/uploads\/2023\/10\/Szallashely-Horvatorszag-Gedeon-egyes-apartmahaz-emeleti-13.jpg\">\n\t\t\t\t\t\t\t\t\n\t\t\t\t\t\t\t\t\t\t\t\t\t\t\t\t\t\t\t<span>\n\t\t\t\t\t\t\t\t\t\t\t<i class=\"ep-icon-plus-2\"><\/i>\n\t\t\t\t\t\t\t\t\t\t<\/span>\n\t\t\t\t\t\t\t\t\t\n\t\t\t\t\t\t\t\t\t\t\t\t\t\t\t<\/a>\n\t\t\t\t\t\t<\/div>\n\t\t\t\t\t\n\t\t\t\t\t\t\t\t\t<\/div>\n\t\t\t<\/div>\n\t\t<\/div>\n\t\t\t\t\t<\/div>\n\t\t\t\t\t\t\t\t\t<\/div>\n\n\t\t\t\n\t\t\t\t<div class=\"bdt-ep-advanced-image-gallery-item bdt-transition-toggle\">\n\t\t\t\t\t<div class=\"bdt-ep-advanced-image-gallery-inner bdt-image-mask\">\n\t\t\t\t\t\t<div class=\"bdt-ep-advanced-image-gallery-thumbnail bdt-transition-toggle\"><img loading=\"lazy\" decoding=\"async\" width=\"853\" height=\"640\" src=\"https:\/\/gedeonapartman.hu\/wp-content\/uploads\/2023\/10\/Szallashely-Horvatorszag-Gedeon-egyes-apartmahaz-emeleti-12.jpg\" class=\"jgalleryImage\" alt=\"Sz\u00e1ll\u00e1shely Horv\u00e1torsz\u00e1g Gedeon egyes apartmah\u00e1z emeleti\" srcset=\"https:\/\/gedeonapartman.hu\/wp-content\/uploads\/2023\/10\/Szallashely-Horvatorszag-Gedeon-egyes-apartmahaz-emeleti-12.jpg 853w, https:\/\/gedeonapartman.hu\/wp-content\/uploads\/2023\/10\/Szallashely-Horvatorszag-Gedeon-egyes-apartmahaz-emeleti-12-700x525.jpg 700w, https:\/\/gedeonapartman.hu\/wp-content\/uploads\/2023\/10\/Szallashely-Horvatorszag-Gedeon-egyes-apartmahaz-emeleti-12-768x576.jpg 768w, https:\/\/gedeonapartman.hu\/wp-content\/uploads\/2023\/10\/Szallashely-Horvatorszag-Gedeon-egyes-apartmahaz-emeleti-12-16x12.jpg 16w, https:\/\/gedeonapartman.hu\/wp-content\/uploads\/2023\/10\/Szallashely-Horvatorszag-Gedeon-egyes-apartmahaz-emeleti-12-600x450.jpg 600w\" sizes=\"(max-width: 853px) 100vw, 853px\" \/><\/div>\t\t<div class=\"bdt-position-cover bdt-overlay bdt-overlay-default bdt-transition-fade\">\n\t\t\t<div class=\"bdt-ep-advanced-image-gallery-content\">\n\t\t\t\t<div class=\"bdt-ep-advanced-image-gallery-content-inner\">\n\n\t\t\t\t\t\t\t\t\t\t\t\t\t\t\t\t<div class=\"bdt-flex-inline bdt-ep-advanced-image-gallery-item-link-wrapper\">\n\t\t\t\t\t\t\t<a class=\"bdt-ep-advanced-image-gallery-item-link elementor-clickable icon-type-icon\" data-elementor-open-lightbox=\"no\" data-caption=\"\" href=\"https:\/\/gedeonapartman.hu\/wp-content\/uploads\/2023\/10\/Szallashely-Horvatorszag-Gedeon-egyes-apartmahaz-emeleti-12.jpg\">\n\t\t\t\t\t\t\t\t\n\t\t\t\t\t\t\t\t\t\t\t\t\t\t\t\t\t\t\t<span>\n\t\t\t\t\t\t\t\t\t\t\t<i class=\"ep-icon-plus-2\"><\/i>\n\t\t\t\t\t\t\t\t\t\t<\/span>\n\t\t\t\t\t\t\t\t\t\n\t\t\t\t\t\t\t\t\t\t\t\t\t\t\t<\/a>\n\t\t\t\t\t\t<\/div>\n\t\t\t\t\t\n\t\t\t\t\t\t\t\t\t<\/div>\n\t\t\t<\/div>\n\t\t<\/div>\n\t\t\t\t\t<\/div>\n\t\t\t\t\t\t\t\t\t<\/div>\n\n\t\t\t\n\t\t\t\t<div class=\"bdt-ep-advanced-image-gallery-item bdt-transition-toggle\">\n\t\t\t\t\t<div class=\"bdt-ep-advanced-image-gallery-inner bdt-image-mask\">\n\t\t\t\t\t\t<div class=\"bdt-ep-advanced-image-gallery-thumbnail bdt-transition-toggle\"><img loading=\"lazy\" decoding=\"async\" width=\"480\" height=\"640\" src=\"https:\/\/gedeonapartman.hu\/wp-content\/uploads\/2023\/10\/Szallashely-Horvatorszag-Gedeon-egyes-apartmahaz-emeleti-9.jpg\" class=\"jgalleryImage\" alt=\"Sz\u00e1ll\u00e1shely Horv\u00e1torsz\u00e1g Gedeon egyes apartmah\u00e1z emeleti\" srcset=\"https:\/\/gedeonapartman.hu\/wp-content\/uploads\/2023\/10\/Szallashely-Horvatorszag-Gedeon-egyes-apartmahaz-emeleti-9.jpg 480w, https:\/\/gedeonapartman.hu\/wp-content\/uploads\/2023\/10\/Szallashely-Horvatorszag-Gedeon-egyes-apartmahaz-emeleti-9-9x12.jpg 9w\" sizes=\"(max-width: 480px) 100vw, 480px\" \/><\/div>\t\t<div class=\"bdt-position-cover bdt-overlay bdt-overlay-default bdt-transition-fade\">\n\t\t\t<div class=\"bdt-ep-advanced-image-gallery-content\">\n\t\t\t\t<div class=\"bdt-ep-advanced-image-gallery-content-inner\">\n\n\t\t\t\t\t\t\t\t\t\t\t\t\t\t\t\t<div class=\"bdt-flex-inline bdt-ep-advanced-image-gallery-item-link-wrapper\">\n\t\t\t\t\t\t\t<a class=\"bdt-ep-advanced-image-gallery-item-link elementor-clickable icon-type-icon\" data-elementor-open-lightbox=\"no\" data-caption=\"\" href=\"https:\/\/gedeonapartman.hu\/wp-content\/uploads\/2023\/10\/Szallashely-Horvatorszag-Gedeon-egyes-apartmahaz-emeleti-9.jpg\">\n\t\t\t\t\t\t\t\t\n\t\t\t\t\t\t\t\t\t\t\t\t\t\t\t\t\t\t\t<span>\n\t\t\t\t\t\t\t\t\t\t\t<i class=\"ep-icon-plus-2\"><\/i>\n\t\t\t\t\t\t\t\t\t\t<\/span>\n\t\t\t\t\t\t\t\t\t\n\t\t\t\t\t\t\t\t\t\t\t\t\t\t\t<\/a>\n\t\t\t\t\t\t<\/div>\n\t\t\t\t\t\n\t\t\t\t\t\t\t\t\t<\/div>\n\t\t\t<\/div>\n\t\t<\/div>\n\t\t\t\t\t<\/div>\n\t\t\t\t\t\t\t\t\t<\/div>\n\n\t\t\t\n\t\t\t\t<div class=\"bdt-ep-advanced-image-gallery-item bdt-transition-toggle\">\n\t\t\t\t\t<div class=\"bdt-ep-advanced-image-gallery-inner bdt-image-mask\">\n\t\t\t\t\t\t<div class=\"bdt-ep-advanced-image-gallery-thumbnail bdt-transition-toggle\"><img loading=\"lazy\" decoding=\"async\" width=\"480\" height=\"640\" src=\"https:\/\/gedeonapartman.hu\/wp-content\/uploads\/2023\/10\/Szallashely-Horvatorszag-Gedeon-egyes-apartmahaz-emeleti-8.jpg\" class=\"jgalleryImage\" alt=\"Sz\u00e1ll\u00e1shely Horv\u00e1torsz\u00e1g Gedeon egyes apartmah\u00e1z emeleti\" srcset=\"https:\/\/gedeonapartman.hu\/wp-content\/uploads\/2023\/10\/Szallashely-Horvatorszag-Gedeon-egyes-apartmahaz-emeleti-8.jpg 480w, https:\/\/gedeonapartman.hu\/wp-content\/uploads\/2023\/10\/Szallashely-Horvatorszag-Gedeon-egyes-apartmahaz-emeleti-8-9x12.jpg 9w\" sizes=\"(max-width: 480px) 100vw, 480px\" \/><\/div>\t\t<div class=\"bdt-position-cover bdt-overlay bdt-overlay-default bdt-transition-fade\">\n\t\t\t<div class=\"bdt-ep-advanced-image-gallery-content\">\n\t\t\t\t<div class=\"bdt-ep-advanced-image-gallery-content-inner\">\n\n\t\t\t\t\t\t\t\t\t\t\t\t\t\t\t\t<div class=\"bdt-flex-inline bdt-ep-advanced-image-gallery-item-link-wrapper\">\n\t\t\t\t\t\t\t<a class=\"bdt-ep-advanced-image-gallery-item-link elementor-clickable icon-type-icon\" data-elementor-open-lightbox=\"no\" data-caption=\"\" href=\"https:\/\/gedeonapartman.hu\/wp-content\/uploads\/2023\/10\/Szallashely-Horvatorszag-Gedeon-egyes-apartmahaz-emeleti-8.jpg\">\n\t\t\t\t\t\t\t\t\n\t\t\t\t\t\t\t\t\t\t\t\t\t\t\t\t\t\t\t<span>\n\t\t\t\t\t\t\t\t\t\t\t<i class=\"ep-icon-plus-2\"><\/i>\n\t\t\t\t\t\t\t\t\t\t<\/span>\n\t\t\t\t\t\t\t\t\t\n\t\t\t\t\t\t\t\t\t\t\t\t\t\t\t<\/a>\n\t\t\t\t\t\t<\/div>\n\t\t\t\t\t\n\t\t\t\t\t\t\t\t\t<\/div>\n\t\t\t<\/div>\n\t\t<\/div>\n\t\t\t\t\t<\/div>\n\t\t\t\t\t\t\t\t\t<\/div>\n\n\t\t\t\n\t\t\t\t<div class=\"bdt-ep-advanced-image-gallery-item bdt-transition-toggle\">\n\t\t\t\t\t<div class=\"bdt-ep-advanced-image-gallery-inner bdt-image-mask\">\n\t\t\t\t\t\t<div class=\"bdt-ep-advanced-image-gallery-thumbnail bdt-transition-toggle\"><img loading=\"lazy\" decoding=\"async\" width=\"480\" height=\"640\" src=\"https:\/\/gedeonapartman.hu\/wp-content\/uploads\/2023\/10\/Szallashely-Horvatorszag-Gedeon-egyes-apartmahaz-emeleti-6.jpg\" class=\"jgalleryImage\" alt=\"Sz\u00e1ll\u00e1shely Horv\u00e1torsz\u00e1g Gedeon egyes apartmah\u00e1z emeleti\" srcset=\"https:\/\/gedeonapartman.hu\/wp-content\/uploads\/2023\/10\/Szallashely-Horvatorszag-Gedeon-egyes-apartmahaz-emeleti-6.jpg 480w, https:\/\/gedeonapartman.hu\/wp-content\/uploads\/2023\/10\/Szallashely-Horvatorszag-Gedeon-egyes-apartmahaz-emeleti-6-9x12.jpg 9w\" sizes=\"(max-width: 480px) 100vw, 480px\" \/><\/div>\t\t<div class=\"bdt-position-cover bdt-overlay bdt-overlay-default bdt-transition-fade\">\n\t\t\t<div class=\"bdt-ep-advanced-image-gallery-content\">\n\t\t\t\t<div class=\"bdt-ep-advanced-image-gallery-content-inner\">\n\n\t\t\t\t\t\t\t\t\t\t\t\t\t\t\t\t<div class=\"bdt-flex-inline bdt-ep-advanced-image-gallery-item-link-wrapper\">\n\t\t\t\t\t\t\t<a class=\"bdt-ep-advanced-image-gallery-item-link elementor-clickable icon-type-icon\" data-elementor-open-lightbox=\"no\" data-caption=\"\" href=\"https:\/\/gedeonapartman.hu\/wp-content\/uploads\/2023\/10\/Szallashely-Horvatorszag-Gedeon-egyes-apartmahaz-emeleti-6.jpg\">\n\t\t\t\t\t\t\t\t\n\t\t\t\t\t\t\t\t\t\t\t\t\t\t\t\t\t\t\t<span>\n\t\t\t\t\t\t\t\t\t\t\t<i class=\"ep-icon-plus-2\"><\/i>\n\t\t\t\t\t\t\t\t\t\t<\/span>\n\t\t\t\t\t\t\t\t\t\n\t\t\t\t\t\t\t\t\t\t\t\t\t\t\t<\/a>\n\t\t\t\t\t\t<\/div>\n\t\t\t\t\t\n\t\t\t\t\t\t\t\t\t<\/div>\n\t\t\t<\/div>\n\t\t<\/div>\n\t\t\t\t\t<\/div>\n\t\t\t\t\t\t\t\t\t<\/div>\n\n\t\t\t\n\t\t\t\t<div class=\"bdt-ep-advanced-image-gallery-item bdt-transition-toggle\">\n\t\t\t\t\t<div class=\"bdt-ep-advanced-image-gallery-inner bdt-image-mask\">\n\t\t\t\t\t\t<div class=\"bdt-ep-advanced-image-gallery-thumbnail bdt-transition-toggle\"><img loading=\"lazy\" decoding=\"async\" width=\"853\" height=\"640\" src=\"https:\/\/gedeonapartman.hu\/wp-content\/uploads\/2023\/10\/Szallashely-Horvatorszag-Gedeon-egyes-apartmahaz-emeleti-3.jpg\" class=\"jgalleryImage\" alt=\"Sz\u00e1ll\u00e1shely Horv\u00e1torsz\u00e1g Gedeon egyes apartmah\u00e1z emeleti\" srcset=\"https:\/\/gedeonapartman.hu\/wp-content\/uploads\/2023\/10\/Szallashely-Horvatorszag-Gedeon-egyes-apartmahaz-emeleti-3.jpg 853w, https:\/\/gedeonapartman.hu\/wp-content\/uploads\/2023\/10\/Szallashely-Horvatorszag-Gedeon-egyes-apartmahaz-emeleti-3-700x525.jpg 700w, https:\/\/gedeonapartman.hu\/wp-content\/uploads\/2023\/10\/Szallashely-Horvatorszag-Gedeon-egyes-apartmahaz-emeleti-3-768x576.jpg 768w, https:\/\/gedeonapartman.hu\/wp-content\/uploads\/2023\/10\/Szallashely-Horvatorszag-Gedeon-egyes-apartmahaz-emeleti-3-16x12.jpg 16w, https:\/\/gedeonapartman.hu\/wp-content\/uploads\/2023\/10\/Szallashely-Horvatorszag-Gedeon-egyes-apartmahaz-emeleti-3-600x450.jpg 600w\" sizes=\"(max-width: 853px) 100vw, 853px\" \/><\/div>\t\t<div class=\"bdt-position-cover bdt-overlay bdt-overlay-default bdt-transition-fade\">\n\t\t\t<div class=\"bdt-ep-advanced-image-gallery-content\">\n\t\t\t\t<div class=\"bdt-ep-advanced-image-gallery-content-inner\">\n\n\t\t\t\t\t\t\t\t\t\t\t\t\t\t\t\t<div class=\"bdt-flex-inline bdt-ep-advanced-image-gallery-item-link-wrapper\">\n\t\t\t\t\t\t\t<a class=\"bdt-ep-advanced-image-gallery-item-link elementor-clickable icon-type-icon\" data-elementor-open-lightbox=\"no\" data-caption=\"\" href=\"https:\/\/gedeonapartman.hu\/wp-content\/uploads\/2023\/10\/Szallashely-Horvatorszag-Gedeon-egyes-apartmahaz-emeleti-3.jpg\">\n\t\t\t\t\t\t\t\t\n\t\t\t\t\t\t\t\t\t\t\t\t\t\t\t\t\t\t\t<span>\n\t\t\t\t\t\t\t\t\t\t\t<i class=\"ep-icon-plus-2\"><\/i>\n\t\t\t\t\t\t\t\t\t\t<\/span>\n\t\t\t\t\t\t\t\t\t\n\t\t\t\t\t\t\t\t\t\t\t\t\t\t\t<\/a>\n\t\t\t\t\t\t<\/div>\n\t\t\t\t\t\n\t\t\t\t\t\t\t\t\t<\/div>\n\t\t\t<\/div>\n\t\t<\/div>\n\t\t\t\t\t<\/div>\n\t\t\t\t\t\t\t\t\t<\/div>\n\n\t\t\t\t\t<\/div>\n\t\t\t<\/div>\n\t\t\t\t<\/div>\n\t\t\t\t\t<\/div>\n\t\t<\/div>\n\t\t\t\t\t<\/div>\n\t\t<\/section>\n\t\t\t\t<section class=\"elementor-section elementor-top-section elementor-element elementor-element-5081254 elementor-section-boxed elementor-section-height-default elementor-section-height-default\" data-id=\"5081254\" data-element_type=\"section\">\n\t\t\t\t\t\t<div class=\"elementor-container elementor-column-gap-default\">\n\t\t\t\t\t<div class=\"elementor-column elementor-col-100 elementor-top-column elementor-element elementor-element-1c67d47\" data-id=\"1c67d47\" data-element_type=\"column\">\n\t\t\t<div class=\"elementor-widget-wrap elementor-element-populated\">\n\t\t\t\t\t\t<div class=\"elementor-element elementor-element-3829485 elementor-widget elementor-widget-google_maps\" data-id=\"3829485\" data-element_type=\"widget\" data-widget_type=\"google_maps.default\">\n\t\t\t\t<div class=\"elementor-widget-container\">\n\t\t\t\t\t<div class=\"elementor-custom-embed\">\n\t\t\t<iframe loading=\"lazy\"\n\t\t\t\t\tsrc=\"https:\/\/maps.google.com\/maps?q=Ulica%20Viri%C4%87%20III%2010%2C%20Vir%2C%20Horv%C3%A1torsz%C3%A1g&#038;t=m&#038;z=13&#038;output=embed&#038;iwloc=near\"\n\t\t\t\t\ttitle=\"Ulica Viri\u0107 III 10, Vir, Horv\u00e1torsz\u00e1g\"\n\t\t\t\t\taria-label=\"Ulica Viri\u0107 III 10, Vir, Horv\u00e1torsz\u00e1g\"\n\t\t\t><\/iframe>\n\t\t<\/div>\n\t\t\t\t<\/div>\n\t\t\t\t<\/div>\n\t\t\t\t\t<\/div>\n\t\t<\/div>\n\t\t\t\t\t<\/div>\n\t\t<\/section>\n\t\t\t\t<section class=\"elementor-section elementor-top-section elementor-element elementor-element-4cd64b57 elementor-section-boxed elementor-section-height-default elementor-section-height-default\" data-id=\"4cd64b57\" data-element_type=\"section\" data-settings=\"{&quot;background_background&quot;:&quot;gradient&quot;}\">\n\t\t\t\t\t\t<div class=\"elementor-container elementor-column-gap-default\">\n\t\t\t\t\t<div class=\"elementor-column elementor-col-100 elementor-top-column elementor-element elementor-element-f17b54 elementor-invisible\" data-id=\"f17b54\" data-element_type=\"column\" data-settings=\"{&quot;background_background&quot;:&quot;classic&quot;,&quot;animation&quot;:&quot;fadeInUp&quot;}\">\n\t\t\t<div class=\"elementor-widget-wrap elementor-element-populated\">\n\t\t\t\t\t\t<div class=\"elementor-element elementor-element-67c8238a elementor-widget elementor-widget-heading\" data-id=\"67c8238a\" data-element_type=\"widget\" data-widget_type=\"heading.default\">\n\t\t\t\t<div class=\"elementor-widget-container\">\n\t\t\t<h2 class=\"elementor-heading-title elementor-size-default\">\u00c1rkalkul\u00e1ci\u00f3:<\/h2>\t\t<\/div>\n\t\t\t\t<\/div>\n\t\t\t\t<section class=\"elementor-section elementor-inner-section elementor-element elementor-element-285311dc elementor-section-boxed elementor-section-height-default elementor-section-height-default\" data-id=\"285311dc\" data-element_type=\"section\">\n\t\t\t\t\t\t<div class=\"elementor-container elementor-column-gap-default\">\n\t\t\t\t\t<div class=\"elementor-column elementor-col-50 elementor-inner-column elementor-element elementor-element-51c06169\" data-id=\"51c06169\" data-element_type=\"column\">\n\t\t\t<div class=\"elementor-widget-wrap elementor-element-populated\">\n\t\t\t\t\t\t<div class=\"elementor-element elementor-element-1c84aec1 elementor-widget elementor-widget-mphbe-availability-calendar\" data-id=\"1c84aec1\" data-element_type=\"widget\" data-widget_type=\"mphbe-availability-calendar.default\">\n\t\t\t\t<div class=\"elementor-widget-container\">\n\t\t\t<div class=\"mphb_sc_availability_calendar-wrapper\">\t<div class=\"mphb-calendar mphb-datepick inlinePicker mphb-calendar--direct-booking\" data-room-type-id=\"23363\" data-monthstoshow=\"2\" data-is_show_prices=\"0\" data-is_truncate_prices=\"0\" data-is_show_prices_currency=\"0\" data-first_available_check_in_date=\"2026-04-26\"><\/div>\n\t<\/div>\t\t<\/div>\n\t\t\t\t<\/div>\n\t\t\t\t\t<\/div>\n\t\t<\/div>\n\t\t\t\t<div class=\"elementor-column elementor-col-50 elementor-inner-column elementor-element elementor-element-4a887a74\" data-id=\"4a887a74\" data-element_type=\"column\" data-settings=\"{&quot;background_background&quot;:&quot;classic&quot;}\">\n\t\t\t<div class=\"elementor-widget-wrap elementor-element-populated\">\n\t\t\t\t\t\t<div class=\"elementor-element elementor-element-74281448 elementor-widget__width-initial elementor-widget elementor-widget-mphbe-availability\" data-id=\"74281448\" data-element_type=\"widget\" id=\"arkalkulacio\" data-settings=\"{&quot;hide_tips&quot;:&quot;yes&quot;}\" data-widget_type=\"mphbe-availability.default\">\n\t\t\t\t<div class=\"elementor-widget-container\">\n\t\t\t<div class=\"mphb_sc_booking_form-wrapper is-direct-booking is-style-default mphbs-hide-rf-tip\">\t<form method=\"POST\" action=\"https:\/\/gedeonapartman.hu\/en\/foglalas-megerositese\/\" class=\"mphb-booking-form mphb-booking-form--direct-booking\" id=\"booking-form-23363\" data-first_available_check_in_date=\"2026-04-26\" data-trp-original-action=\"https:\/\/gedeonapartman.hu\/en\/foglalas-megerositese\/\">\n\n\t\t<p class=\"mphb-required-fields-tip\"><small>Required fields are followed by <abbr title=\"required\">*<\/abbr><\/small><\/p>\n\t\t<input type=\"hidden\" id=\"mphb-checkout-nonce\" name=\"mphb-checkout-nonce\" value=\"e5303a3c20\" \/><input type=\"hidden\" name=\"_wp_http_referer\" value=\"\/en\/wp-json\/wp\/v2\/mphb_room_type\/23363\" \/>\t\t\t\t<input type=\"hidden\" name=\"mphb_room_type_id\" value=\"23363\" \/>\n\t\t<p class=\"mphb-check-in-date-wrapper\">\n\t\t\t<label for=\"mphb_check_in_date-69eea15729459\">\n\t\t\t\tCheck-in Date\t\t\t\t<abbr title=\"Formatted as yyyy-mm-dd\">*<\/abbr>\n\t\t\t<\/label>\n\t\t\t<br \/>\n\t\t\t<input id=\"mphb_check_in_date-69eea15729459\" type=\"text\" class=\"mphb-datepick\" value=\"\" required=\"required\" autocomplete=\"off\" placeholder=\"Check-in Date\" inputmode=\"none\" \/>\n\t\t\t<input id=\"mphb_check_in_date-69eea15729459-hidden\" type=\"hidden\" name=\"mphb_check_in_date\" value=\"\" \/>\n\t\t<\/p>\n\t\t<p class=\"mphb-check-out-date-wrapper\">\n\t\t\t<label for=\"mphb_check_out_date-69eea15729459\">\n\t\t\t\tCheck-out Date\t\t\t\t<abbr title=\"Formatted as yyyy-mm-dd\">*<\/abbr>\n\t\t\t<\/label>\n\t\t\t<br \/>\n\t\t\t<input id=\"mphb_check_out_date-69eea15729459\" type=\"text\" class=\"mphb-datepick\" value=\"\" required=\"required\" autocomplete=\"off\" placeholder=\"Check-out Date\" inputmode=\"none\" \/>\n\t\t\t<input id=\"mphb_check_out_date-69eea15729459-hidden\" type=\"hidden\" name=\"mphb_check_out_date\" value=\"\" \/>\n\t\t<\/p>\n\t\t\t\t\t\t\t<div class=\"mphb-reserve-room-section mphb-hide\">\n\t\t\t\t<p class=\"mphb-rooms-quantity-wrapper mphb-rooms-quantity-multiple mphb-hide\">\n\t\t\t\tReserve <select class=\"mphb-rooms-quantity\" id=\"mphb-rooms-quantity-23363\" name=\"mphb_rooms_details[23363]\"><option value=\"1\" selected=\"selected\">1<\/option><\/select> of <span class=\"mphb-available-rooms-count\">1<\/span> available accommodations.\t\t\t\t<\/p>\n\t\t\t\t<p class=\"mphb-rooms-quantity-wrapper mphb-rooms-quantity-single mphb-hide\">\n\t\t\t\t\tGedeon Apartmanh\u00e1z #1 Emeleti Apartman #3 is available for selected dates.\t\t\t\t<\/p>\n\t\t\t\t\t\t\t\t\t<p class=\"mphb-period-price mphb-regular-price mphb-hide\">\n\t\t\t\t\t\t<strong>Prices start at:<\/strong>\n\t\t\t\t\t<\/p>\n\t\t\t\t\t\t\t\t<input type=\"hidden\" name=\"mphb_is_direct_booking\" value=\"1\" \/>\n\t\t\t\t<input class=\"button mphb-button mphb-confirm-reservation\" type=\"submit\" value=\"Confirm Reservation\" \/>\n\t\t\t<\/div>\n\t\t\n\t\t<div class=\"mphb-errors-wrapper mphb-hide\"><\/div>\n\t\t<p class=\"mphb-reserve-btn-wrapper\">\n\t\t\t<input class=\"mphb-reserve-btn button\" type=\"submit\" value=\"Check Availability\" \/>\n\t\t<\/p>\n\t<input type=\"hidden\" name=\"trp-form-language\" value=\"en\"\/><\/form>\n\t<\/div>\t\t<\/div>\n\t\t\t\t<\/div>\n\t\t\t\t\t<\/div>\n\t\t<\/div>\n\t\t\t\t\t<\/div>\n\t\t<\/section>\n\t\t\t\t\t<\/div>\n\t\t<\/div>\n\t\t\t\t\t<\/div>\n\t\t<\/section>\n\t\t\t\t<section class=\"elementor-section elementor-top-section elementor-element elementor-element-16487e4b elementor-hidden-phone elementor-section-boxed elementor-section-height-default elementor-section-height-default\" data-id=\"16487e4b\" data-element_type=\"section\" data-settings=\"{&quot;background_background&quot;:&quot;classic&quot;}\">\n\t\t\t\t\t\t<div class=\"elementor-container elementor-column-gap-default\">\n\t\t\t\t\t<div class=\"elementor-column elementor-col-33 elementor-top-column elementor-element elementor-element-1ca024fc\" data-id=\"1ca024fc\" data-element_type=\"column\">\n\t\t\t<div class=\"elementor-widget-wrap elementor-element-populated\">\n\t\t\t\t\t\t<div class=\"elementor-element elementor-element-75af9ec8 elementor-view-stacked elementor-shape-circle elementor-position-top elementor-mobile-position-top elementor-widget elementor-widget-icon-box\" data-id=\"75af9ec8\" data-element_type=\"widget\" data-widget_type=\"icon-box.default\">\n\t\t\t\t<div class=\"elementor-widget-container\">\n\t\t\t\t\t<div class=\"elementor-icon-box-wrapper\">\n\n\t\t\t\t\t\t<div class=\"elementor-icon-box-icon\">\n\t\t\t\t<span  class=\"elementor-icon elementor-animation-\">\n\t\t\t\t<i aria-hidden=\"true\" class=\"fas fa-mail-bulk\"><\/i>\t\t\t\t<\/span>\n\t\t\t<\/div>\n\t\t\t\n\t\t\t\t\t\t<div class=\"elementor-icon-box-content\">\n\n\t\t\t\t\t\t\t\t\t<p class=\"elementor-icon-box-title\">\n\t\t\t\t\t\t<span  >\n\t\t\t\t\t\t\tSeg\u00edts\u00e9gny\u00fajt\u00e1s\t\t\t\t\t\t<\/span>\n\t\t\t\t\t<\/p>\n\t\t\t\t\n\t\t\t\t\t\t\t\t\t<p class=\"elementor-icon-box-description\">\n\t\t\t\t\t\tinfo@gedeonapartman.hu\t\t\t\t\t<\/p>\n\t\t\t\t\n\t\t\t<\/div>\n\t\t\t\n\t\t<\/div>\n\t\t\t\t<\/div>\n\t\t\t\t<\/div>\n\t\t\t\t\t<\/div>\n\t\t<\/div>\n\t\t\t\t<div class=\"elementor-column elementor-col-33 elementor-top-column elementor-element elementor-element-7abeab29\" data-id=\"7abeab29\" data-element_type=\"column\">\n\t\t\t<div class=\"elementor-widget-wrap elementor-element-populated\">\n\t\t\t\t\t\t<div class=\"elementor-element elementor-element-1c709602 elementor-view-stacked elementor-shape-circle elementor-position-top elementor-mobile-position-top elementor-widget elementor-widget-icon-box\" data-id=\"1c709602\" data-element_type=\"widget\" data-widget_type=\"icon-box.default\">\n\t\t\t\t<div class=\"elementor-widget-container\">\n\t\t\t\t\t<div class=\"elementor-icon-box-wrapper\">\n\n\t\t\t\t\t\t<div class=\"elementor-icon-box-icon\">\n\t\t\t\t<span  class=\"elementor-icon elementor-animation-\">\n\t\t\t\t<i aria-hidden=\"true\" class=\"far fa-credit-card\"><\/i>\t\t\t\t<\/span>\n\t\t\t<\/div>\n\t\t\t\n\t\t\t\t\t\t<div class=\"elementor-icon-box-content\">\n\n\t\t\t\t\t\t\t\t\t<p class=\"elementor-icon-box-title\">\n\t\t\t\t\t\t<span  >\n\t\t\t\t\t\t\tK\u00e1rtya elfogad\u00e1s\t\t\t\t\t\t<\/span>\n\t\t\t\t\t<\/p>\n\t\t\t\t\n\t\t\t\t\t\t\t\t\t<p class=\"elementor-icon-box-description\">\n\t\t\t\t\t\thamarosan...\t\t\t\t\t<\/p>\n\t\t\t\t\n\t\t\t<\/div>\n\t\t\t\n\t\t<\/div>\n\t\t\t\t<\/div>\n\t\t\t\t<\/div>\n\t\t\t\t\t<\/div>\n\t\t<\/div>\n\t\t\t\t<div class=\"elementor-column elementor-col-33 elementor-top-column elementor-element elementor-element-5c5374d6 elementor-hidden-tablet elementor-hidden-phone\" data-id=\"5c5374d6\" data-element_type=\"column\">\n\t\t\t<div class=\"elementor-widget-wrap elementor-element-populated\">\n\t\t\t\t\t\t<div class=\"elementor-element elementor-element-1451e938 elementor-view-stacked elementor-shape-circle elementor-position-top elementor-mobile-position-top elementor-widget elementor-widget-icon-box\" data-id=\"1451e938\" data-element_type=\"widget\" data-widget_type=\"icon-box.default\">\n\t\t\t\t<div class=\"elementor-widget-container\">\n\t\t\t\t\t<div class=\"elementor-icon-box-wrapper\">\n\n\t\t\t\t\t\t<div class=\"elementor-icon-box-icon\">\n\t\t\t\t<span  class=\"elementor-icon elementor-animation-\">\n\t\t\t\t<i aria-hidden=\"true\" class=\"far fa-star\"><\/i>\t\t\t\t<\/span>\n\t\t\t<\/div>\n\t\t\t\n\t\t\t\t\t\t<div class=\"elementor-icon-box-content\">\n\n\t\t\t\t\t\t\t\t\t<p class=\"elementor-icon-box-title\">\n\t\t\t\t\t\t<span  >\n\t\t\t\t\t\t\tGoogle \u00e9rt\u00e9kel\u00e9s 4,5\t\t\t\t\t\t<\/span>\n\t\t\t\t\t<\/p>\n\t\t\t\t\n\t\t\t\t\n\t\t\t<\/div>\n\t\t\t\n\t\t<\/div>\n\t\t\t\t<\/div>\n\t\t\t\t<\/div>\n\t\t\t\t\t<\/div>\n\t\t<\/div>\n\t\t\t\t\t<\/div>\n\t\t<\/section>\n\t\t\t\t<\/div>","protected":false},"excerpt":{"rendered":"<p>90 n\u00e9gyzetm\u00e9teres teraszos apartman. K\u00e9t k\u00fcl\u00f6n szoba konyh\u00e1s nappalival \u00e9s zuhanyzos f\u00fcrd\u0151szob\u00e1val.<\/p>","protected":false},"featured_media":23389,"menu_order":3,"comment_status":"closed","ping_status":"closed","template":"elementor_header_footer","mphb_room_type_category":[51],"mphb_room_type_tag":[],"mphb_room_type_facility":[],"class_list":["post-23363","mphb_room_type","type-mphb_room_type","status-publish","has-post-thumbnail","hentry","mphb_room_type_category-apartman-1","mphb-room-type-adults-6","mphb-room-type-children-5","has-taxes-and-fees"],"_links":{"self":[{"href":"https:\/\/gedeonapartman.hu\/en\/wp-json\/wp\/v2\/mphb_room_type\/23363","targetHints":{"allow":["GET"]}}],"collection":[{"href":"https:\/\/gedeonapartman.hu\/en\/wp-json\/wp\/v2\/mphb_room_type"}],"about":[{"href":"https:\/\/gedeonapartman.hu\/en\/wp-json\/wp\/v2\/types\/mphb_room_type"}],"replies":[{"embeddable":true,"href":"https:\/\/gedeonapartman.hu\/en\/wp-json\/wp\/v2\/comments?post=23363"}],"version-history":[{"count":60,"href":"https:\/\/gedeonapartman.hu\/en\/wp-json\/wp\/v2\/mphb_room_type\/23363\/revisions"}],"predecessor-version":[{"id":25135,"href":"https:\/\/gedeonapartman.hu\/en\/wp-json\/wp\/v2\/mphb_room_type\/23363\/revisions\/25135"}],"wp:featuredmedia":[{"embeddable":true,"href":"https:\/\/gedeonapartman.hu\/en\/wp-json\/wp\/v2\/media\/23389"}],"wp:attachment":[{"href":"https:\/\/gedeonapartman.hu\/en\/wp-json\/wp\/v2\/media?parent=23363"}],"wp:term":[{"taxonomy":"mphb_room_type_category","embeddable":true,"href":"https:\/\/gedeonapartman.hu\/en\/wp-json\/wp\/v2\/mphb_room_type_category?post=23363"},{"taxonomy":"mphb_room_type_tag","embeddable":true,"href":"https:\/\/gedeonapartman.hu\/en\/wp-json\/wp\/v2\/mphb_room_type_tag?post=23363"},{"taxonomy":"mphb_room_type_facility","embeddable":true,"href":"https:\/\/gedeonapartman.hu\/en\/wp-json\/wp\/v2\/mphb_room_type_facility?post=23363"}],"curies":[{"name":"wp","href":"https:\/\/api.w.org\/{rel}","templated":true}]}}